{"id":11947,"date":"2015-08-01T17:18:42","date_gmt":"2015-08-01T17:18:42","guid":{"rendered":"http:\/\/www.acebucheteatro.com\/portal\/?page_id=11947"},"modified":"2019-08-08T13:05:44","modified_gmt":"2019-08-08T11:05:44","slug":"esparranco","status":"publish","type":"page","link":"https:\/\/www.acebucheteatro.com\/portal\/esparranco\/","title":{"rendered":"Esparranco"},"content":{"rendered":"<div class=\"fusion-fullwidth fullwidth-box fusion-builder-row-1 hundred-percent-fullwidth non-hundred-percent-height-scrolling\" style=\"--awb-border-radius-top-left:0px;--awb-border-radius-top-right:0px;--awb-border-radius-bottom-right:0px;--awb-border-radius-bottom-left:0px;--awb-overflow:visible;--awb-flex-wrap:wrap;\" ><div class=\"fusion-builder-row fusion-row\"><div class=\"fusion-layout-column fusion_builder_column fusion-builder-column-0 fusion_builder_column_2_5 2_5 fusion-two-fifth fusion-column-first\" style=\"--awb-bg-size:cover;width:37.6%; margin-right: 4%;\"><div class=\"fusion-column-wrapper fusion-flex-column-wrapper-legacy\"><div class=\"fusion-image-element fusion-image-align-center in-legacy-container\" style=\"text-align:center;--awb-bottom-shadow-color:rgba(0,0,0,0.4);--awb-caption-title-font-family:var(--h2_typography-font-family);--awb-caption-title-font-weight:var(--h2_typography-font-weight);--awb-caption-title-font-style:var(--h2_typography-font-style);--awb-caption-title-size:var(--h2_typography-font-size);--awb-caption-title-transform:var(--h2_typography-text-transform);--awb-caption-title-line-height:var(--h2_typography-line-height);--awb-caption-title-letter-spacing:var(--h2_typography-letter-spacing);\"><div class=\"imageframe-align-center\"><div class=\"awb-image-frame awb-image-frame-1 imageframe-liftup awb-bottomshadow\"><span class=\" fusion-imageframe imageframe-bottomshadow imageframe-1\"><img decoding=\"async\" src=\"http:\/\/www.acebucheteatro.com\/portal\/wp-content\/uploads\/2015\/08\/cartel-ESPARRANCO.jpg\" alt class=\"img-responsive\"\/><\/span><svg xmlns=\"http:\/\/www.w3.org\/2000\/svg\" version=\"1.1\" width=\"100%\" viewBox=\"0 0 600 28\" preserveAspectRatio=\"none\"><g clip-path=\"url(#a)\"><mask id=\"b\" style=\"mask-type:luminance\" maskUnits=\"userSpaceOnUse\" x=\"0\" y=\"0\" width=\"600\" height=\"28\"><path d=\"M0 0h600v28H0V0Z\" fill=\"#fff\"\/><\/mask><g filter=\"url(#c)\" mask=\"url(#b)\"><path d=\"M16.439-18.667h567.123v30.8S438.961-8.4 300-8.4C161.04-8.4 16.438 12.133 16.438 12.133v-30.8Z\" fill=\"#000\"\/><\/g><\/g><defs><clipPath id=\"a\"><path fill=\"#fff\" d=\"M0 0h600v28H0z\"\/><\/clipPath><filter id=\"c\" x=\"5.438\" y=\"-29.667\" width=\"589.123\" height=\"52.8\" filterUnits=\"userSpaceOnUse\" color-interpolation-filters=\"sRGB\"><feFlood flood-opacity=\"0\" result=\"BackgroundImageFix\"\/><feBlend in=\"SourceGraphic\" in2=\"BackgroundImageFix\" result=\"shape\"\/><feGaussianBlur stdDeviation=\"5.5\" result=\"effect1_foregroundBlur_3983_183\"\/><\/filter><\/defs><\/svg><\/div><\/div><\/div><div class=\"fusion-clearfix\"><\/div><\/div><\/div><div class=\"fusion-layout-column fusion_builder_column fusion-builder-column-1 fusion_builder_column_3_5 3_5 fusion-three-fifth fusion-column-last\" style=\"--awb-bg-size:cover;width:58.4%;\"><div class=\"fusion-column-wrapper fusion-flex-column-wrapper-legacy\"><div class=\"fusion-tabs fusion-tabs-1 classic nav-is-justified horizontal-tabs icon-position-left mobile-mode-accordion\" style=\"--awb-title-border-radius-top-left:0px;--awb-title-border-radius-top-right:0px;--awb-title-border-radius-bottom-right:0px;--awb-title-border-radius-bottom-left:0px;--awb-inactive-color:#f1f2f2;--awb-background-color:#ffffff;--awb-border-color:#ebeaea;--awb-active-border-color:#1a80b6;\"><div class=\"nav\"><ul class=\"nav-tabs nav-justified\" role=\"tablist\" aria-orientation=\"horizontal\"><li class=\"active\" role=\"presentation\"><a class=\"tab-link\" data-toggle=\"tab\" role=\"tab\" aria-controls=\"tab-a7738dcd1b8e99fcd16\" aria-selected=\"true\" tabindex=\"0\" id=\"fusion-tab-a7738dcd1b8e99fcd16\" href=\"#tab-a7738dcd1b8e99fcd16\"><h4 class=\"fusion-tab-heading\"><i class=\"fontawesome-icon fa-file-alt far\" aria-hidden=\"true\" style=\"font-size:13px;\"><\/i>Sinopsis<\/h4><\/a><\/li><li  role=\"presentation\"><a class=\"tab-link\" data-toggle=\"tab\" role=\"tab\" aria-controls=\"tab-333a85b283209048ff5\" aria-selected=\"false\" tabindex=\"-1\" id=\"fusion-tab-333a85b283209048ff5\" href=\"#tab-333a85b283209048ff5\"><h4 class=\"fusion-tab-heading\"><i class=\"fontawesome-icon fa fa-user\" aria-hidden=\"true\" style=\"font-size:13px;\"><\/i>Palabras del Director<\/h4><\/a><\/li><li  role=\"presentation\"><a class=\"tab-link\" data-toggle=\"tab\" role=\"tab\" aria-controls=\"tab-1766276269524d51fe5\" aria-selected=\"false\" tabindex=\"-1\" id=\"fusion-tab-1766276269524d51fe5\" href=\"#tab-1766276269524d51fe5\"><h4 class=\"fusion-tab-heading\"><i class=\"fontawesome-icon fa-trophy fas\" aria-hidden=\"true\" style=\"font-size:13px;\"><\/i>Logros conseguidos<\/h4><\/a><\/li><\/ul><\/div><div class=\"tab-content\"><div class=\"nav fusion-mobile-tab-nav\"><ul class=\"nav-tabs nav-justified\" role=\"tablist\" aria-orientation=\"horizontal\"><li class=\"active\" role=\"presentation\"><a class=\"tab-link\" data-toggle=\"tab\" role=\"tab\" aria-controls=\"tab-a7738dcd1b8e99fcd16\" aria-selected=\"true\" tabindex=\"0\" id=\"mobile-fusion-tab-a7738dcd1b8e99fcd16\" href=\"#tab-a7738dcd1b8e99fcd16\"><h4 class=\"fusion-tab-heading\"><i class=\"fontawesome-icon fa-file-alt far\" aria-hidden=\"true\" style=\"font-size:13px;\"><\/i>Sinopsis<\/h4><\/a><\/li><\/ul><\/div><div class=\"tab-pane fade fusion-clearfix in active\" role=\"tabpanel\" tabindex=\"0\" aria-labelledby=\"fusion-tab-a7738dcd1b8e99fcd16\" id=\"tab-a7738dcd1b8e99fcd16\">\n<p>Farsa divertida. Tegemaneje con situaciones continuas de agudeza y gracejo. Un montaje con sabor popular, expresivo, espont\u00e1neo.<\/p>\n<p>Sal y pimienta en la palabra y el gesto. Amores imposibles, trapicheo carnal, borracher\u00eda, codicia, ternura, trago dram\u00e1tico.<\/p>\n<p>Somos peleles en manos de otros peleles manipulados por m\u00e1s peleles. Los salvadores del tri\u00e1ngulo ofrecen achicoria, descarr\u00edo. \u00bfQui\u00e9n es el Gran Pelele? La <em>\u00abEspa-\u00f1a-arranco\u00bb<\/em>, el <em>\u00abEsparranco\u00bb<\/em> de la realidad espa\u00f1ola.<\/p>\n<div class=\"fusion-button-wrapper fusion-alignleft\"><a class=\"fusion-button button-flat fusion-button-default-size button-default fusion-button-default button-1 fusion-button-default-span fusion-button-default-type\" target=\"_blank\" rel=\"noopener noreferrer\" href=\"https:\/\/www.acebucheteatro.com\/programas_de_mano\/programa_de_mano_ESPARRANCO.pdf\"><span class=\"fusion-button-text awb-button__text awb-button__text--default\">Programa de mano<\/span><\/a><\/div>\n<\/div><div class=\"nav fusion-mobile-tab-nav\"><ul class=\"nav-tabs nav-justified\" role=\"tablist\" aria-orientation=\"horizontal\"><li  role=\"presentation\"><a class=\"tab-link\" data-toggle=\"tab\" role=\"tab\" aria-controls=\"tab-333a85b283209048ff5\" aria-selected=\"false\" tabindex=\"-1\" id=\"mobile-fusion-tab-333a85b283209048ff5\" href=\"#tab-333a85b283209048ff5\"><h4 class=\"fusion-tab-heading\"><i class=\"fontawesome-icon fa fa-user\" aria-hidden=\"true\" style=\"font-size:13px;\"><\/i>Palabras del Director<\/h4><\/a><\/li><\/ul><\/div><div class=\"tab-pane fade fusion-clearfix\" role=\"tabpanel\" tabindex=\"0\" aria-labelledby=\"fusion-tab-333a85b283209048ff5\" id=\"tab-333a85b283209048ff5\">\n<p style=\"text-align: right;\"><img decoding=\"async\" class=\"alignright wp-image-11887 size-thumbnail\" src=\"http:\/\/www.acebucheteatro.com\/portal\/wp-content\/uploads\/2013\/05\/AntonioRodr--guez-150x150.png\" alt=\"AntonioRodr\u00edguez\" width=\"150\" height=\"150\" \/><\/p>\n<blockquote>\n<p style=\"text-align: right;\"><em>En una \u00e9poca donde nos domina el miedo y donde la soledad y el desamparo campan a sus anchas, necesitamos la defensa de nuestros derechos y asentar la esencia de los deberes.<\/em><\/p>\n<\/blockquote>\n<p style=\"text-align: left;\"><strong>\u00a0 \u00a0 \u00a0Esparranco<\/strong> es un tejemaneje esc\u00e9nico empapado de gracejo y desvar\u00edo, borracher\u00eda, trapicheo carnal, usura: el ruedo ib\u00e9rico en el albero de la realidad espa\u00f1ola deformada. <strong>Esparanco<\/strong> se desdobla en dos aguafuertes remedados que nos acercan a la enga\u00f1ifa y a la certeza, a re\u00edrnos y llorarnos de nosotros mismos, a mostrar el enjuague de la <em>Espa-\u00f1-arranco<\/em>.<\/p>\n<p style=\"text-align: left;\">\u00a0 \u00a0 \u00a0Un montaje esc\u00e9nico que huye del folklore rancio y crea un ambiente de enso\u00f1aci\u00f3n y de farsa macabra. Llave inspirada en remedos del expresionismo alem\u00e1n, el tenebrismo y la mascarada tr\u00e1gica del pintor Solana, espantajos de Incl\u00e1n. Espejo te\u00f1ido de grito doloroso, violencia emocional. Espejo manchado de ignorancia y miseria, de ternura salvaje, donde se nos muestra aquello que -a veces- el arte pretende simular y la sociedad esconder [la fealdad, el adefesio, lo grotesco, la extravagancia]. Espejo pintarrajeado con la brocha de la pantomima, el hazmerre\u00edr de la ventolera. Espantajo burlesco, trueque picaresco, brocazo grotesco-lloroso.<\/p>\n<p style=\"text-align: left;\">\u00a0 \u00a0 \u00a0En la <em>Espa-\u00f1-arranco<\/em> est\u00e1n quienes no saben y aquellos que no quieren saber. Y est\u00e1n los que odian el saber y los que sufren porque no saben. Y quienes aparentan que saben y triunfan sin saber. Y los que viven gracias a que otros no sabe saben.<\/p>\n<p style=\"text-align: left;\">\u00a0 \u00a0 \u00a0Inmersos en la <em>Espa-\u00f1-arranco<\/em> de charanga y pandereta, erigimos un retablo donde la verdad y la mentira -hechas un puelme- trastocan las aguas del bien y las aguas del mal. Somos peleles en manos de otros peleles manipulados por m\u00e1s peleles. Y, mientras, los salvadores del tinglado ofrecen achicoria, relativismo, descarr\u00edo, escarrancho.<\/p>\n<p style=\"text-align: left;\"><em>\u00a1A bebee\u00e9&#8230;!<\/em><\/p>\n<p style=\"text-align: right;\">Antonio Rodr\u00edguez Gord\u00f3n<\/p>\n<\/div><div class=\"nav fusion-mobile-tab-nav\"><ul class=\"nav-tabs nav-justified\" role=\"tablist\" aria-orientation=\"horizontal\"><li  role=\"presentation\"><a class=\"tab-link\" data-toggle=\"tab\" role=\"tab\" aria-controls=\"tab-1766276269524d51fe5\" aria-selected=\"false\" tabindex=\"-1\" id=\"mobile-fusion-tab-1766276269524d51fe5\" href=\"#tab-1766276269524d51fe5\"><h4 class=\"fusion-tab-heading\"><i class=\"fontawesome-icon fa-trophy fas\" aria-hidden=\"true\" style=\"font-size:13px;\"><\/i>Logros conseguidos<\/h4><\/a><\/li><\/ul><\/div><div class=\"tab-pane fade fusion-clearfix\" role=\"tabpanel\" tabindex=\"0\" aria-labelledby=\"fusion-tab-1766276269524d51fe5\" id=\"tab-1766276269524d51fe5\">\n<h3>IX CERTAMEN NACIONAL DE TEATRO \u00abLAGASCA\u00bb (El Barco de \u00c1vila &#8211; 2015)<\/h3>\n<ul>\n<li>1er Premio al <strong>mejor Grupo<\/strong> del Certamen.<\/li>\n<li>Premio a la <strong>Mejor Direcci\u00f3n<\/strong> para Antonio Rodr\u00edguez Gord\u00f3n.<\/li>\n<li>Premio al <strong>Mejor actor protagonista<\/strong> para Domingo Gonz\u00e1lez Cort\u00e9s.<\/li>\n<li>Premio al <strong>Mejor montaje esc\u00e9nico<\/strong>.<\/li>\n<li>Premio a la <strong>Mejor actriz\u00a0de Reparto<\/strong> para Mar\u00eda Rodr\u00edguez Velasco.<\/li>\n<li>Premio al <strong>Mejor actor de Reparto<\/strong> para Bartolom\u00e9 Garc\u00eda Garc\u00eda.<\/li>\n<li>Nominaci\u00f3n a la <strong>Mejor actriz protagonista<\/strong> para Obduli Rodr\u00edguez Moreno.<\/li>\n<\/ul>\n<h3>IX FESTIVAL NACIONAL DE TEATRO AFICIONADO \u00abFERN\u00c1N CABALLERO\u00bb de Dos Hermanas (Sevilla &#8211; 2015)<\/h3>\n<ul>\n<li>1er Premio a la <strong>Mejor Obra<\/strong> del Certamen.<\/li>\n<li>Premio a la <strong>Mejor actriz\u00a0de Reparto<\/strong> para Mar\u00eda Rodr\u00edguez Velasco.<\/li>\n<\/ul>\n<h3>XIX CERTAMEN NACIONAL DE TEATRO \u00abVILLA DE JARANDILLA\u00bb (Jarandilla &#8211; 2015)<\/h3>\n<ul>\n<li>Premio al <strong>Mejor montaje esc\u00e9nico.<\/strong><\/li>\n<li>Premio al <strong>Mejor Vestuario y Caracterizaci\u00f3n.<\/strong><\/li>\n<li>3er Premio.<\/li>\n<li>Nominaci\u00f3n al a la <strong>Mejor Direcci\u00f3n<\/strong> para Antonio Rodr\u00edguez Gord\u00f3n.<\/li>\n<li>Nominaci\u00f3n a la\u00a0<strong>Mejor actriz protagonista<\/strong> para Mar\u00eda Soledad Rodr\u00edguez Velasco.<\/li>\n<\/ul>\n<h3>XXV CERTAMEN NACIONAL DE TEATRO AFICIONADO \u00abCIUDAD DE BENAVENTE\u00bb (Benavente &#8211; 2016)<\/h3>\n<ul>\n<li>Premio al <strong>Mejor Vestuario y Caracterizaci\u00f3n.<\/strong><\/li>\n<li>Premio a la <strong>Mejor Ambientaci\u00f3n y Escenograf\u00eda.<\/strong><\/li>\n<li>3er Premio.<\/li>\n<li>Premio al\u00a0<strong>Mejor actor protagonista<\/strong> para Domingo Gonz\u00e1lez Cort\u00e9s.<\/li>\n<li>Nominaci\u00f3n a la\u00a0<strong>Mejor actriz protagonista<\/strong> para Mar\u00eda Soledad Rodr\u00edguez Velasco.<\/li>\n<\/ul>\n<h3>XXVI CERTAMEN NACIONAL DE TEATRO AFICIONADO \u00abNAVALMORAL DE LA MATA\u00bb (Navalmoral de la Mata &#8211; 2016)<\/h3>\n<ul>\n<li>1er Premio al <strong>mejor Grupo<\/strong> del Certamen.<\/li>\n<li>Premio al <strong>Mejor montaje esc\u00e9nico<\/strong>.<\/li>\n<li>Premio a la <strong>Mejor Direcci\u00f3n<\/strong> para Antonio Rodr\u00edguez Gord\u00f3n.<\/li>\n<li>Premio al <strong>Mejor actor principal<\/strong> para Domingo Gonz\u00e1lez Cort\u00e9s.<\/li>\n<li>Premio a la <strong>Mejor actriz\u00a0de Reparto<\/strong> para Mar\u00eda Rodr\u00edguez Velasco y Blanca Barrantes P\u00e9rez.<\/li>\n<li>Premio al <strong>Mejor actor de Reparto<\/strong> para Bartolom\u00e9 Garc\u00eda Garc\u00eda.<\/li>\n<\/ul>\n<h3>XXIII CERTAMEN NACIONAL DE TEATRO AFICIONADO \u00abCALAMONTE JOVEN\u00bb (Calamonte &#8211; 2016)<\/h3>\n<ul>\n<li>1er Premio al <strong>mejor Grupo<\/strong> del Certamen.<\/li>\n<li>Premio a la\u00a0<strong>Mejor escenograf\u00eda<\/strong>.<\/li>\n<li>Premio a la <strong>Mejor Direcci\u00f3n<\/strong> para Antonio Rodr\u00edguez Gord\u00f3n.<\/li>\n<li>Premio a la <strong>Mejor actriz\u00a0de Reparto<\/strong> para Mar\u00eda Rodr\u00edguez Velasco.<\/li>\n<li>Nominaci\u00f3n al\u00a0<strong>Mejor actor principal<\/strong> para Domingo Gonz\u00e1lez Cort\u00e9s.<\/li>\n<li>Nominaci\u00f3n a la\u00a0<strong>Mejor actriz principal<\/strong> para Obduli Rodr\u00edguez Moreno.<\/li>\n<li>Nominaci\u00f3n al <strong>Mejor actor de Reparto<\/strong> para Bartolom\u00e9 Garc\u00eda Garc\u00eda.<\/li>\n<li>Nominaci\u00f3n al <strong>Mejor Montaje<\/strong>.<\/li>\n<li>Nominaci\u00f3n al <strong>Mejor Vestuario<\/strong>.<\/li>\n<\/ul>\n<h3>IV MUESTRA DE TEATRO AMATEUR DE LEGAN\u00c9S (Legan\u00e9s &#8211; 2017)<\/h3>\n<ul>\n<li>Premio a la\u00a0<strong>Mejor actriz principal<\/strong> para Obduli Rodr\u00edguez Moreno.<\/li>\n<li>Premio a la\u00a0<strong>Mejor acttriz de Reparto<\/strong> para Blanca Barrantes P\u00e9rez.<\/li>\n<li>Nominaci\u00f3n al\u00a0<strong>Mejor actor principal<\/strong> para Domingo Gonz\u00e1lez Cort\u00e9s.<\/li>\n<li>Nominaci\u00f3n al <strong>Mejor actor de Reparto<\/strong> para Antonio Rodr\u00edguez Gord\u00f3n.<\/li>\n<li>Nominaci\u00f3n al <strong>Mejor Vestuario<\/strong>.<\/li>\n<\/ul>\n<\/div><\/div><\/div><div class=\"fusion-image-carousel fusion-image-carousel-auto fusion-image-carousel-1 lightbox-enabled fusion-carousel-border\"><div class=\"awb-carousel awb-swiper awb-swiper-carousel awb-carousel--carousel awb-swiper-dots-position-bottom\" data-layout=\"carousel\" data-autoplay=\"yes\" data-autoplayspeed=\"2500\" data-autoplaypause=\"no\" data-loop=\"yes\" data-columns=\"5\" data-columnsmedium=\"1\" data-columnssmall=\"1\" data-itemmargin=\"13\" data-itemwidth=\"180\" data-touchscroll=\"no\" data-freemode=\"no\" data-imagesize=\"auto\" data-scrollitems=\"0\" data-centeredslides=\"no\" data-rotationangle=\"50\" data-depth=\"100\" data-speed=\"500\" data-shadow=\"no\" data-pagination=\"bullets\" style=\"--awb-border-width:1px;--awb-border-color:#e9eaee;\"><div class=\"swiper-wrapper awb-image-carousel-wrapper fusion-flex-align-items-center\"><div class=\"swiper-slide\"><div class=\"fusion-carousel-item-wrapper\"><div class=\"fusion-image-wrapper hover-type-zoomin\"><a data-rel=\"iLightbox[image_carousel_1]\" href=\"http:\/\/www.acebucheteatro.com\/portal\/wp-content\/uploads\/2015\/08\/Esparranco-2.jpg\" target=\"_self\"><img decoding=\"async\" src=\"http:\/\/www.acebucheteatro.com\/portal\/wp-content\/uploads\/2015\/08\/Esparranco-2.jpg\" alt=\"\"\/><\/a><\/div><\/div><\/div><div class=\"swiper-slide\"><div class=\"fusion-carousel-item-wrapper\"><div class=\"fusion-image-wrapper hover-type-zoomin\"><a data-rel=\"iLightbox[image_carousel_1]\" href=\"http:\/\/www.acebucheteatro.com\/portal\/wp-content\/uploads\/2015\/08\/Esparranco-9.jpg\" target=\"_self\"><img decoding=\"async\" src=\"http:\/\/www.acebucheteatro.com\/portal\/wp-content\/uploads\/2015\/08\/Esparranco-9.jpg\" alt=\"\"\/><\/a><\/div><\/div><\/div><div class=\"swiper-slide\"><div class=\"fusion-carousel-item-wrapper\"><div class=\"fusion-image-wrapper hover-type-zoomin\"><a data-rel=\"iLightbox[image_carousel_1]\" href=\"http:\/\/www.acebucheteatro.com\/portal\/wp-content\/uploads\/2015\/08\/Esparranco-11.jpg\" target=\"_self\"><img decoding=\"async\" src=\"http:\/\/www.acebucheteatro.com\/portal\/wp-content\/uploads\/2015\/08\/Esparranco-11.jpg\" alt=\"\"\/><\/a><\/div><\/div><\/div><div class=\"swiper-slide\"><div class=\"fusion-carousel-item-wrapper\"><div class=\"fusion-image-wrapper hover-type-zoomin\"><a data-rel=\"iLightbox[image_carousel_1]\" href=\"http:\/\/www.acebucheteatro.com\/portal\/wp-content\/uploads\/2015\/08\/Esparranco-10.jpg\" target=\"_self\"><img decoding=\"async\" src=\"http:\/\/www.acebucheteatro.com\/portal\/wp-content\/uploads\/2015\/08\/Esparranco-10.jpg\" alt=\"\"\/><\/a><\/div><\/div><\/div><div class=\"swiper-slide\"><div class=\"fusion-carousel-item-wrapper\"><div class=\"fusion-image-wrapper hover-type-zoomin\"><a data-rel=\"iLightbox[image_carousel_1]\" href=\"http:\/\/www.acebucheteatro.com\/portal\/wp-content\/uploads\/2015\/08\/Esparranco-8.jpg\" target=\"_self\"><img decoding=\"async\" src=\"http:\/\/www.acebucheteatro.com\/portal\/wp-content\/uploads\/2015\/08\/Esparranco-8.jpg\" alt=\"\"\/><\/a><\/div><\/div><\/div><div class=\"swiper-slide\"><div class=\"fusion-carousel-item-wrapper\"><div class=\"fusion-image-wrapper hover-type-zoomin\"><a data-rel=\"iLightbox[image_carousel_1]\" href=\"http:\/\/www.acebucheteatro.com\/portal\/wp-content\/uploads\/2015\/08\/Esparranco-7.jpg\" target=\"_self\"><img decoding=\"async\" src=\"http:\/\/www.acebucheteatro.com\/portal\/wp-content\/uploads\/2015\/08\/Esparranco-7.jpg\" alt=\"\"\/><\/a><\/div><\/div><\/div><div class=\"swiper-slide\"><div class=\"fusion-carousel-item-wrapper\"><div class=\"fusion-image-wrapper hover-type-zoomin\"><a data-rel=\"iLightbox[image_carousel_1]\" href=\"http:\/\/www.acebucheteatro.com\/portal\/wp-content\/uploads\/2015\/08\/Esparranco-6.jpg\" target=\"_self\"><img decoding=\"async\" src=\"http:\/\/www.acebucheteatro.com\/portal\/wp-content\/uploads\/2015\/08\/Esparranco-6.jpg\" alt=\"\"\/><\/a><\/div><\/div><\/div><div class=\"swiper-slide\"><div class=\"fusion-carousel-item-wrapper\"><div class=\"fusion-image-wrapper hover-type-zoomin\"><a data-rel=\"iLightbox[image_carousel_1]\" href=\"http:\/\/www.acebucheteatro.com\/portal\/wp-content\/uploads\/2015\/08\/Esparranco-5.jpg\" target=\"_self\"><img decoding=\"async\" src=\"http:\/\/www.acebucheteatro.com\/portal\/wp-content\/uploads\/2015\/08\/Esparranco-5.jpg\" alt=\"\"\/><\/a><\/div><\/div><\/div><div class=\"swiper-slide\"><div class=\"fusion-carousel-item-wrapper\"><div class=\"fusion-image-wrapper hover-type-zoomin\"><a data-rel=\"iLightbox[image_carousel_1]\" href=\"http:\/\/www.acebucheteatro.com\/portal\/wp-content\/uploads\/2015\/08\/Esparranco-4.jpg\" target=\"_self\"><img decoding=\"async\" src=\"http:\/\/www.acebucheteatro.com\/portal\/wp-content\/uploads\/2015\/08\/Esparranco-4.jpg\" alt=\"\"\/><\/a><\/div><\/div><\/div><div class=\"swiper-slide\"><div class=\"fusion-carousel-item-wrapper\"><div class=\"fusion-image-wrapper hover-type-zoomin\"><a data-rel=\"iLightbox[image_carousel_1]\" href=\"http:\/\/www.acebucheteatro.com\/portal\/wp-content\/uploads\/2015\/08\/Esparranco-3.jpg\" target=\"_self\"><img decoding=\"async\" src=\"http:\/\/www.acebucheteatro.com\/portal\/wp-content\/uploads\/2015\/08\/Esparranco-3.jpg\" alt=\"\"\/><\/a><\/div><\/div><\/div><div class=\"swiper-slide\"><div class=\"fusion-carousel-item-wrapper\"><div class=\"fusion-image-wrapper hover-type-zoomin\"><a data-rel=\"iLightbox[image_carousel_1]\" href=\"http:\/\/www.acebucheteatro.com\/portal\/wp-content\/uploads\/2015\/08\/Esparranco-1.jpg\" target=\"_self\"><img decoding=\"async\" src=\"http:\/\/www.acebucheteatro.com\/portal\/wp-content\/uploads\/2015\/08\/Esparranco-1.jpg\" alt=\"\"\/><\/a><\/div><\/div><\/div><\/div><div class=\"awb-swiper-button awb-swiper-button-prev\"><i class=\"awb-icon-angle-left\" aria-hidden=\"true\"><\/i><\/div><div class=\"awb-swiper-button awb-swiper-button-next\"><i class=\"awb-icon-angle-right\" aria-hidden=\"true\"><\/i><\/div><\/div><\/div><div class=\"fusion-clearfix\"><\/div><\/div><\/div><div class=\"fusion-layout-column fusion_builder_column fusion-builder-column-2 fusion_builder_column_1_1 1_1 fusion-one-full fusion-column-first fusion-column-last fusion-column-no-min-height\" style=\"--awb-bg-size:cover;--awb-margin-bottom:0px;\"><div class=\"fusion-column-wrapper fusion-flex-column-wrapper-legacy\"><div class=\"fusion-title title fusion-title-1 fusion-title-text fusion-title-size-two\" style=\"--awb-margin-top-small:0px;--awb-margin-right-small:0px;--awb-margin-bottom-small:20px;--awb-margin-left-small:0px;\"><h2 class=\"fusion-title-heading title-heading-left\" style=\"margin:0;\">V\u00eddeos destacados<\/h2><span class=\"awb-title-spacer\"><\/span><div class=\"title-sep-container\"><div class=\"title-sep sep- sep-solid\" style=\"border-color:#e0dede;\"><\/div><\/div><\/div><div class=\"fusion-clearfix\"><\/div><\/div><\/div><div class=\"fusion-layout-column fusion_builder_column fusion-builder-column-3 fusion_builder_column_1_3 1_3 fusion-one-third fusion-column-first\" style=\"--awb-bg-size:cover;width:30.6666%; margin-right: 4%;\"><div class=\"fusion-column-wrapper fusion-flex-column-wrapper-legacy\"><div class=\"fusion-video fusion-youtube\" style=\"--awb-max-width:600px;--awb-max-height:350px;\"><div class=\"video-shortcode\"><div class=\"fluid-width-video-wrapper\" style=\"padding-top:58.33%;\" ><iframe title=\"YouTube video player 1\" src=\"https:\/\/www.youtube.com\/embed\/lei0-9Cx2F8?wmode=transparent&autoplay=0&amp;rel=0\" width=\"600\" height=\"350\" allowfullscreen allow=\"autoplay; clipboard-write; encrypted-media; gyroscope; picture-in-picture;\"><\/iframe><\/div><\/div><\/div><div class=\"fusion-clearfix\"><\/div><\/div><\/div><div class=\"fusion-layout-column fusion_builder_column fusion-builder-column-4 fusion_builder_column_1_3 1_3 fusion-one-third\" style=\"--awb-bg-size:cover;width:30.6666%; margin-right: 4%;\"><div class=\"fusion-column-wrapper fusion-flex-column-wrapper-legacy\"><div class=\"fusion-video fusion-youtube\" style=\"--awb-max-width:600px;--awb-max-height:350px;\"><div class=\"video-shortcode\"><div class=\"fluid-width-video-wrapper\" style=\"padding-top:58.33%;\" ><iframe title=\"YouTube video player 2\" src=\"https:\/\/www.youtube.com\/embed\/dF0m7_qycFo?wmode=transparent&autoplay=0&amp;rel=0\" width=\"600\" height=\"350\" allowfullscreen allow=\"autoplay; clipboard-write; encrypted-media; gyroscope; picture-in-picture;\"><\/iframe><\/div><\/div><\/div><div class=\"fusion-clearfix\"><\/div><\/div><\/div><div class=\"fusion-layout-column fusion_builder_column fusion-builder-column-5 fusion_builder_column_1_1 1_1 fusion-one-full fusion-column-last fusion-column-no-min-height\" style=\"--awb-bg-size:cover;--awb-margin-bottom:0px;\"><div class=\"fusion-column-wrapper fusion-flex-column-wrapper-legacy\"><div class=\"fusion-sep-clear\"><\/div><div class=\"fusion-separator fusion-full-width-sep\" style=\"margin-left: auto;margin-right: auto;margin-top:10px;width:100%;\"><\/div><div class=\"fusion-sep-clear\"><\/div><div class=\"fusion-clearfix\"><\/div><\/div><\/div><div class=\"fusion-layout-column fusion_builder_column fusion-builder-column-6 fusion_builder_column_1_1 1_1 fusion-one-full fusion-column-first fusion-column-last\" style=\"--awb-bg-size:cover;\"><div class=\"fusion-column-wrapper fusion-flex-column-wrapper-legacy\"><div class=\"fusion-title title fusion-title-2 fusion-title-text fusion-title-size-two\" style=\"--awb-margin-top-small:0px;--awb-margin-right-small:0px;--awb-margin-bottom-small:20px;--awb-margin-left-small:0px;\"><h2 class=\"fusion-title-heading title-heading-left\" style=\"margin:0;\">Lea los\u00a0POST relacionados con ESPARRANCO<\/h2><span class=\"awb-title-spacer\"><\/span><div class=\"title-sep-container\"><div class=\"title-sep sep- sep-solid\" style=\"border-color:#e0dede;\"><\/div><\/div><\/div><div class=\"fusion-blog-shortcode fusion-blog-shortcode-1 fusion-blog-archive fusion-blog-layout-grid-wrapper fusion-blog-infinite\"><style type=\"text\/css\">.fusion-blog-shortcode-1 .fusion-blog-layout-grid .fusion-post-grid{padding:20px;}.fusion-blog-shortcode-1 .fusion-posts-container{margin-left: -20px !important; margin-right:-20px !important;}<\/style><div class=\"fusion-posts-container fusion-posts-container-infinite fusion-blog-rollover fusion-blog-layout-grid fusion-blog-layout-grid-3 isotope\" data-pages=\"12\" data-grid-col-space=\"40\" style=\"margin: -20px -20px 0;min-height:500px;\"><article id=\"blog-1-post-12438\" class=\"fusion-post-grid post-12438 post type-post status-publish format-standard has-post-thumbnail hentry category-esparranco\">\n<div class=\"fusion-post-wrapper\" style=\"background-color:rgba(255,255,255,0);border:1px solid #ebeaea;border-bottom-width:3px;\">\n\n\t\t\t<div class=\"fusion-flexslider flexslider fusion-flexslider-loading fusion-post-slideshow\" style=\"border-color:#ebeaea;\">\n\t\t<ul class=\"slides\">\n\t\t\t\n\t\t\t\t\t\t\t\t\t\t\t\t\t\t<li><div  class=\"fusion-image-wrapper\" aria-haspopup=\"true\">\n\t\t\t\t<img decoding=\"async\" width=\"1600\" height=\"1200\" src=\"https:\/\/www.acebucheteatro.com\/portal\/wp-content\/uploads\/2017\/03\/IMG-20170311-WA0005.jpg\" class=\"attachment-full size-full wp-post-image\" alt=\"\" srcset=\"https:\/\/www.acebucheteatro.com\/portal\/wp-content\/uploads\/2017\/03\/IMG-20170311-WA0005-600x450.jpg 600w, https:\/\/www.acebucheteatro.com\/portal\/wp-content\/uploads\/2017\/03\/IMG-20170311-WA0005.jpg 1600w\" sizes=\"(min-width: 2200px) 100vw, (min-width: 784px) 340px, (min-width: 712px) 510px, (min-width: 640px) 712px, \" \/><div class=\"fusion-rollover\">\n\t<div class=\"fusion-rollover-content\">\n\n\t\t\t\t\t\t\t\t\t\t\t\t\t\t<a class=\"fusion-rollover-link\" href=\"https:\/\/www.acebucheteatro.com\/portal\/gala-de-clausura-de-la-iv-muestra-de-teatro-amateur-de-leganes-2017\/\">Gala de Clausura de la IV Muestra de Teatro Amateur de Legan\u00e9s &#8211; 2017<\/a>\n\t\t\t\n\t\t\t\t\t\t\t\t\t\t\t\t\t\t\n\t\t\t\t\t\t\t\t\n\t\t\t\t\t\t\t\t\t\t\t\t\t<div class=\"fusion-rollover-sep\"><\/div>\n\t\t\t\t\n\t\t\t\t\t\t\t\t\t\t\t\t\t\t\t\t\t\t<a class=\"fusion-rollover-gallery\" href=\"https:\/\/www.acebucheteatro.com\/portal\/wp-content\/uploads\/2017\/03\/IMG-20170311-WA0005.jpg\" data-options=\"\" data-id=\"12438\" data-rel=\"iLightbox[gallery]\" data-title=\"IMG-20170311-WA0005\" data-caption=\"\">\n\t\t\t\t\t\tGaler\u00eda\t\t\t\t\t<\/a>\n\t\t\t\t\t\t\t\t\t\t\t\t\t\t\n\t\t\n\t\t\t\t\t\t\t\t\t\t\t\t<h4 class=\"fusion-rollover-title\">\n\t\t\t\t\t<a class=\"fusion-rollover-title-link\" href=\"https:\/\/www.acebucheteatro.com\/portal\/gala-de-clausura-de-la-iv-muestra-de-teatro-amateur-de-leganes-2017\/\">\n\t\t\t\t\t\tGala de Clausura de la IV Muestra de Teatro Amateur de Legan\u00e9s &#8211; 2017\t\t\t\t\t<\/a>\n\t\t\t\t<\/h4>\n\t\t\t\n\t\t\t\t\t\t\t\t\t\t<div class=\"fusion-rollover-categories\"><a href=\"https:\/\/www.acebucheteatro.com\/portal\/category\/esparranco\/\" rel=\"tag\">News - Esparranco<\/a><\/div>\t\t\t\t\t\n\t\t\n\t\t\t\t\t\t<a class=\"fusion-link-wrapper\" href=\"https:\/\/www.acebucheteatro.com\/portal\/gala-de-clausura-de-la-iv-muestra-de-teatro-amateur-de-leganes-2017\/\" aria-label=\"Gala de Clausura de la IV Muestra de Teatro Amateur de Legan\u00e9s &#8211; 2017\"><\/a>\n\t<\/div>\n<\/div>\n<\/div>\n<\/li>\n\t\t\t\n\t\t\t\n\t\t\t\t\t\t\t\t\t\t\t\n\t\t\t\t\t\n\t\t\t\t\t\t\t\t\t\t\t<li>\n\t\t\t\t\t\t\t<div class=\"fusion-image-wrapper\">\n\t\t\t\t\t\t\t\t<a href=\"https:\/\/www.acebucheteatro.com\/portal\/gala-de-clausura-de-la-iv-muestra-de-teatro-amateur-de-leganes-2017\/\" aria-label=\"Gala de Clausura de la IV Muestra de Teatro Amateur de Legan\u00e9s &#8211; 2017\">\n\t\t\t\t\t\t\t\t\t<img decoding=\"async\" width=\"1200\" height=\"1600\" src=\"https:\/\/www.acebucheteatro.com\/portal\/wp-content\/uploads\/2017\/03\/IMG-20170311-WA0011.jpg\" alt=\"\" class=\"wp-image-12440\" role=\"presentation\" srcset=\"https:\/\/www.acebucheteatro.com\/portal\/wp-content\/uploads\/2017\/03\/IMG-20170311-WA0011-600x800.jpg 600w, https:\/\/www.acebucheteatro.com\/portal\/wp-content\/uploads\/2017\/03\/IMG-20170311-WA0011.jpg 1200w\" sizes=\"(min-width: 2200px) 100vw, (min-width: 784px) 340px, (min-width: 712px) 510px, (min-width: 640px) 712px, \" \/>\t\t\t\t\t\t\t\t<\/a>\n\t\t\t\t\t\t\t\t<a style=\"display:none;\" href=\"https:\/\/www.acebucheteatro.com\/portal\/wp-content\/uploads\/2017\/03\/IMG-20170311-WA0011.jpg\" data-rel=\"iLightbox[gallery12438]\"  title=\"\" data-title=\"IMG-20170311-WA0011\" data-caption=\"\">\n\t\t\t\t\t\t\t\t\t\t\t\t\t\t\t\t\t<\/a>\n\t\t\t\t\t\t\t<\/div>\n\t\t\t\t\t\t<\/li>\n\t\t\t\t\t\t\t\t\t\t\t\t\t\t\t\t\t\t\t\t\t\t\t\t\n\t\t\t\t\t\n\t\t\t\t\t\t\t\t\t\t\t<li>\n\t\t\t\t\t\t\t<div class=\"fusion-image-wrapper\">\n\t\t\t\t\t\t\t\t<a href=\"https:\/\/www.acebucheteatro.com\/portal\/gala-de-clausura-de-la-iv-muestra-de-teatro-amateur-de-leganes-2017\/\" aria-label=\"Gala de Clausura de la IV Muestra de Teatro Amateur de Legan\u00e9s &#8211; 2017\">\n\t\t\t\t\t\t\t\t\t<img decoding=\"async\" width=\"1600\" height=\"1200\" src=\"https:\/\/www.acebucheteatro.com\/portal\/wp-content\/uploads\/2017\/03\/IMG-20170311-WA00142.jpg\" alt=\"\" class=\"wp-image-12443\" role=\"presentation\" srcset=\"https:\/\/www.acebucheteatro.com\/portal\/wp-content\/uploads\/2017\/03\/IMG-20170311-WA00142-600x450.jpg 600w, https:\/\/www.acebucheteatro.com\/portal\/wp-content\/uploads\/2017\/03\/IMG-20170311-WA00142.jpg 1600w\" sizes=\"(min-width: 2200px) 100vw, (min-width: 784px) 340px, (min-width: 712px) 510px, (min-width: 640px) 712px, \" \/>\t\t\t\t\t\t\t\t<\/a>\n\t\t\t\t\t\t\t\t<a style=\"display:none;\" href=\"https:\/\/www.acebucheteatro.com\/portal\/wp-content\/uploads\/2017\/03\/IMG-20170311-WA00142.jpg\" data-rel=\"iLightbox[gallery12438]\"  title=\"\" data-title=\"IMG-20170311-WA0014\" data-caption=\"\">\n\t\t\t\t\t\t\t\t\t\t\t\t\t\t\t\t\t<\/a>\n\t\t\t\t\t\t\t<\/div>\n\t\t\t\t\t\t<\/li>\n\t\t\t\t\t\t\t\t\t\t\t\t\t\t\t\t\t\t\t\t\t\t\t\t\n\t\t\t\t\t\n\t\t\t\t\t\t\t\t\t\t\t<li>\n\t\t\t\t\t\t\t<div class=\"fusion-image-wrapper\">\n\t\t\t\t\t\t\t\t<a href=\"https:\/\/www.acebucheteatro.com\/portal\/gala-de-clausura-de-la-iv-muestra-de-teatro-amateur-de-leganes-2017\/\" aria-label=\"Gala de Clausura de la IV Muestra de Teatro Amateur de Legan\u00e9s &#8211; 2017\">\n\t\t\t\t\t\t\t\t\t<img decoding=\"async\" width=\"1200\" height=\"1600\" src=\"https:\/\/www.acebucheteatro.com\/portal\/wp-content\/uploads\/2017\/03\/IMG-20170311-WA0009.jpg\" alt=\"\" class=\"wp-image-12444\" role=\"presentation\" srcset=\"https:\/\/www.acebucheteatro.com\/portal\/wp-content\/uploads\/2017\/03\/IMG-20170311-WA0009-600x800.jpg 600w, https:\/\/www.acebucheteatro.com\/portal\/wp-content\/uploads\/2017\/03\/IMG-20170311-WA0009.jpg 1200w\" sizes=\"(min-width: 2200px) 100vw, (min-width: 784px) 340px, (min-width: 712px) 510px, (min-width: 640px) 712px, \" \/>\t\t\t\t\t\t\t\t<\/a>\n\t\t\t\t\t\t\t\t<a style=\"display:none;\" href=\"https:\/\/www.acebucheteatro.com\/portal\/wp-content\/uploads\/2017\/03\/IMG-20170311-WA0009.jpg\" data-rel=\"iLightbox[gallery12438]\"  title=\"\" data-title=\"IMG-20170311-WA0009\" data-caption=\"\">\n\t\t\t\t\t\t\t\t\t\t\t\t\t\t\t\t\t<\/a>\n\t\t\t\t\t\t\t<\/div>\n\t\t\t\t\t\t<\/li>\n\t\t\t\t\t\t\t\t\t\t\t\t\t\t\t\t\t\t\t\t\t\t\t\t\t\t\t\t\t\t\t\t\t\t\t\t<\/ul>\n\t<\/div>\n\t<div class=\"fusion-post-content-wrapper\" style=\"padding:30px 25px 20px 25px;\"><div class=\"fusion-post-content post-content\"><h2 class=\"blog-shortcode-post-title entry-title\"><a href=\"https:\/\/www.acebucheteatro.com\/portal\/gala-de-clausura-de-la-iv-muestra-de-teatro-amateur-de-leganes-2017\/\">Gala de Clausura de la IV Muestra de Teatro Amateur de Legan\u00e9s &#8211; 2017<\/a><\/h2><p class=\"fusion-single-line-meta\">Por <span class=\"vcard\"><span class=\"fn\"><a href=\"https:\/\/www.acebucheteatro.com\/portal\/author\/maria\/\" title=\"Entradas de Mar\u00eda Rodr\u00edguez Velasco\" rel=\"author\">Mar\u00eda Rodr\u00edguez Velasco<\/a><\/span><\/span><span class=\"fusion-inline-sep\">|<\/span><span class=\"updated\" style=\"display:none;\">2017-03-19T22:52:16+01:00<\/span><span>19 de marzo de 2017<\/span><span class=\"fusion-inline-sep\">|<\/span>Categor\u00edas: <a href=\"https:\/\/www.acebucheteatro.com\/portal\/category\/esparranco\/\" rel=\"category tag\">News - Esparranco<\/a><span class=\"fusion-inline-sep\">|<\/span><\/p><div class=\"fusion-content-sep sep-double sep-solid\"><\/div><div class=\"fusion-post-content-container\"><p>El resultado de la IV Muestra de Teatro Amateur de Legan\u00e9s ha sido: - Premio a Mejor Actriz Principal: Obduli Rodriguez Moreno. -Premio a Mejor Actriz de Reparto: Blanca Barrantes. - Nominaci\u00f3n a Actor Principal:<a href=\"https:\/\/www.acebucheteatro.com\/portal\/gala-de-clausura-de-la-iv-muestra-de-teatro-amateur-de-leganes-2017\/\"> [...]<\/a><\/p><\/div><\/div><div class=\"fusion-meta-info\"><div class=\"fusion-alignleft\"><a class=\"fusion-read-more\" href=\"https:\/\/www.acebucheteatro.com\/portal\/gala-de-clausura-de-la-iv-muestra-de-teatro-amateur-de-leganes-2017\/\" aria-label=\"More on Gala de Clausura de la IV Muestra de Teatro Amateur de Legan\u00e9s &#8211; 2017\">Leer M\u00e1s<\/a><\/div><div class=\"fusion-alignright\"><a href=\"https:\/\/www.acebucheteatro.com\/portal\/gala-de-clausura-de-la-iv-muestra-de-teatro-amateur-de-leganes-2017\/#respond\"><i class=\"awb-icon-bubbles\" aria-hidden=\"true\"><\/i>&nbsp;0<\/a><\/div><\/div><\/div><div class=\"fusion-clearfix\"><\/div><\/div>\n<\/article>\n<article id=\"blog-1-post-12430\" class=\"fusion-post-grid post-12430 post type-post status-publish format-standard has-post-thumbnail hentry category-esparranco\">\n<div class=\"fusion-post-wrapper\" style=\"background-color:rgba(255,255,255,0);border:1px solid #ebeaea;border-bottom-width:3px;\">\n\n\t\t\t<div class=\"fusion-flexslider flexslider fusion-flexslider-loading fusion-post-slideshow\" style=\"border-color:#ebeaea;\">\n\t\t<ul class=\"slides\">\n\t\t\t\n\t\t\t\t\t\t\t\t\t\t\t\t\t\t<li><div  class=\"fusion-image-wrapper\" aria-haspopup=\"true\">\n\t\t\t\t<img decoding=\"async\" width=\"960\" height=\"713\" src=\"https:\/\/www.acebucheteatro.com\/portal\/wp-content\/uploads\/2017\/02\/16427679_10208536837435495_7933176178286782044_n.jpg\" class=\"attachment-full size-full wp-post-image\" alt=\"\" srcset=\"https:\/\/www.acebucheteatro.com\/portal\/wp-content\/uploads\/2017\/02\/16427679_10208536837435495_7933176178286782044_n-600x446.jpg 600w, https:\/\/www.acebucheteatro.com\/portal\/wp-content\/uploads\/2017\/02\/16427679_10208536837435495_7933176178286782044_n.jpg 960w\" sizes=\"(min-width: 2200px) 100vw, (min-width: 784px) 340px, (min-width: 712px) 510px, (min-width: 640px) 712px, \" \/><div class=\"fusion-rollover\">\n\t<div class=\"fusion-rollover-content\">\n\n\t\t\t\t\t\t\t\t\t\t\t\t\t\t<a class=\"fusion-rollover-link\" href=\"https:\/\/www.acebucheteatro.com\/portal\/actuacion-en-la-iv-muestra-de-teatro-amateur-de-leganes-2017\/\">Actuaci\u00f3n en la IV Muestra de Teatro Amateur de Legan\u00e9s &#8211; 2017<\/a>\n\t\t\t\n\t\t\t\t\t\t\t\t\t\t\t\t\t\t\n\t\t\t\t\t\t\t\t\n\t\t\t\t\t\t\t\t\t\t\t\t\t<div class=\"fusion-rollover-sep\"><\/div>\n\t\t\t\t\n\t\t\t\t\t\t\t\t\t\t\t\t\t\t\t\t\t\t<a class=\"fusion-rollover-gallery\" href=\"https:\/\/www.acebucheteatro.com\/portal\/wp-content\/uploads\/2017\/02\/16427679_10208536837435495_7933176178286782044_n.jpg\" data-options=\"\" data-id=\"12430\" data-rel=\"iLightbox[gallery]\" data-title=\"16427679_10208536837435495_7933176178286782044_n\" data-caption=\"\">\n\t\t\t\t\t\tGaler\u00eda\t\t\t\t\t<\/a>\n\t\t\t\t\t\t\t\t\t\t\t\t\t\t\n\t\t\n\t\t\t\t\t\t\t\t\t\t\t\t<h4 class=\"fusion-rollover-title\">\n\t\t\t\t\t<a class=\"fusion-rollover-title-link\" href=\"https:\/\/www.acebucheteatro.com\/portal\/actuacion-en-la-iv-muestra-de-teatro-amateur-de-leganes-2017\/\">\n\t\t\t\t\t\tActuaci\u00f3n en la IV Muestra de Teatro Amateur de Legan\u00e9s &#8211; 2017\t\t\t\t\t<\/a>\n\t\t\t\t<\/h4>\n\t\t\t\n\t\t\t\t\t\t\t\t\t\t<div class=\"fusion-rollover-categories\"><a href=\"https:\/\/www.acebucheteatro.com\/portal\/category\/esparranco\/\" rel=\"tag\">News - Esparranco<\/a><\/div>\t\t\t\t\t\n\t\t\n\t\t\t\t\t\t<a class=\"fusion-link-wrapper\" href=\"https:\/\/www.acebucheteatro.com\/portal\/actuacion-en-la-iv-muestra-de-teatro-amateur-de-leganes-2017\/\" aria-label=\"Actuaci\u00f3n en la IV Muestra de Teatro Amateur de Legan\u00e9s &#8211; 2017\"><\/a>\n\t<\/div>\n<\/div>\n<\/div>\n<\/li>\n\t\t\t\n\t\t\t\n\t\t\t\t\t\t\t\t\t\t\t\n\t\t\t\t\t\n\t\t\t\t\t\t\t\t\t\t\t<li>\n\t\t\t\t\t\t\t<div class=\"fusion-image-wrapper\">\n\t\t\t\t\t\t\t\t<a href=\"https:\/\/www.acebucheteatro.com\/portal\/actuacion-en-la-iv-muestra-de-teatro-amateur-de-leganes-2017\/\" aria-label=\"Actuaci\u00f3n en la IV Muestra de Teatro Amateur de Legan\u00e9s &#8211; 2017\">\n\t\t\t\t\t\t\t\t\t<img decoding=\"async\" width=\"1600\" height=\"1200\" src=\"https:\/\/www.acebucheteatro.com\/portal\/wp-content\/uploads\/2017\/02\/16486881_716497725198366_7950463479665151446_o.jpg\" alt=\"\" class=\"wp-image-12432\" role=\"presentation\" srcset=\"https:\/\/www.acebucheteatro.com\/portal\/wp-content\/uploads\/2017\/02\/16486881_716497725198366_7950463479665151446_o-600x450.jpg 600w, https:\/\/www.acebucheteatro.com\/portal\/wp-content\/uploads\/2017\/02\/16486881_716497725198366_7950463479665151446_o.jpg 1600w\" sizes=\"(min-width: 2200px) 100vw, (min-width: 784px) 340px, (min-width: 712px) 510px, (min-width: 640px) 712px, \" \/>\t\t\t\t\t\t\t\t<\/a>\n\t\t\t\t\t\t\t\t<a style=\"display:none;\" href=\"https:\/\/www.acebucheteatro.com\/portal\/wp-content\/uploads\/2017\/02\/16486881_716497725198366_7950463479665151446_o.jpg\" data-rel=\"iLightbox[gallery12430]\"  title=\"\" data-title=\"16486881_716497725198366_7950463479665151446_o\" data-caption=\"\">\n\t\t\t\t\t\t\t\t\t\t\t\t\t\t\t\t\t<\/a>\n\t\t\t\t\t\t\t<\/div>\n\t\t\t\t\t\t<\/li>\n\t\t\t\t\t\t\t\t\t\t\t\t\t\t\t\t\t\t\t\t\t\t\t\t\n\t\t\t\t\t\n\t\t\t\t\t\t\t\t\t\t\t<li>\n\t\t\t\t\t\t\t<div class=\"fusion-image-wrapper\">\n\t\t\t\t\t\t\t\t<a href=\"https:\/\/www.acebucheteatro.com\/portal\/actuacion-en-la-iv-muestra-de-teatro-amateur-de-leganes-2017\/\" aria-label=\"Actuaci\u00f3n en la IV Muestra de Teatro Amateur de Legan\u00e9s &#8211; 2017\">\n\t\t\t\t\t\t\t\t\t<img decoding=\"async\" width=\"713\" height=\"960\" src=\"https:\/\/www.acebucheteatro.com\/portal\/wp-content\/uploads\/2017\/02\/16473576_10208536837275491_9181899137686311839_n.jpg\" alt=\"\" class=\"wp-image-12433\" role=\"presentation\" srcset=\"https:\/\/www.acebucheteatro.com\/portal\/wp-content\/uploads\/2017\/02\/16473576_10208536837275491_9181899137686311839_n-600x808.jpg 600w, https:\/\/www.acebucheteatro.com\/portal\/wp-content\/uploads\/2017\/02\/16473576_10208536837275491_9181899137686311839_n.jpg 713w\" sizes=\"(min-width: 2200px) 100vw, (min-width: 784px) 340px, (min-width: 712px) 510px, (min-width: 640px) 712px, \" \/>\t\t\t\t\t\t\t\t<\/a>\n\t\t\t\t\t\t\t\t<a style=\"display:none;\" href=\"https:\/\/www.acebucheteatro.com\/portal\/wp-content\/uploads\/2017\/02\/16473576_10208536837275491_9181899137686311839_n.jpg\" data-rel=\"iLightbox[gallery12430]\"  title=\"\" data-title=\"16473576_10208536837275491_9181899137686311839_n\" data-caption=\"\">\n\t\t\t\t\t\t\t\t\t\t\t\t\t\t\t\t\t<\/a>\n\t\t\t\t\t\t\t<\/div>\n\t\t\t\t\t\t<\/li>\n\t\t\t\t\t\t\t\t\t\t\t\t\t\t\t\t\t\t\t\t\t\t\t\t\n\t\t\t\t\t\n\t\t\t\t\t\t\t\t\t\t\t<li>\n\t\t\t\t\t\t\t<div class=\"fusion-image-wrapper\">\n\t\t\t\t\t\t\t\t<a href=\"https:\/\/www.acebucheteatro.com\/portal\/actuacion-en-la-iv-muestra-de-teatro-amateur-de-leganes-2017\/\" aria-label=\"Actuaci\u00f3n en la IV Muestra de Teatro Amateur de Legan\u00e9s &#8211; 2017\">\n\t\t\t\t\t\t\t\t\t<img decoding=\"async\" width=\"1536\" height=\"2048\" src=\"https:\/\/www.acebucheteatro.com\/portal\/wp-content\/uploads\/2017\/02\/16487727_715626088618863_6380917045202180068_o.jpg\" alt=\"\" class=\"wp-image-12434\" role=\"presentation\" srcset=\"https:\/\/www.acebucheteatro.com\/portal\/wp-content\/uploads\/2017\/02\/16487727_715626088618863_6380917045202180068_o-600x800.jpg 600w, https:\/\/www.acebucheteatro.com\/portal\/wp-content\/uploads\/2017\/02\/16487727_715626088618863_6380917045202180068_o.jpg 1536w\" sizes=\"(min-width: 2200px) 100vw, (min-width: 784px) 340px, (min-width: 712px) 510px, (min-width: 640px) 712px, \" \/>\t\t\t\t\t\t\t\t<\/a>\n\t\t\t\t\t\t\t\t<a style=\"display:none;\" href=\"https:\/\/www.acebucheteatro.com\/portal\/wp-content\/uploads\/2017\/02\/16487727_715626088618863_6380917045202180068_o.jpg\" data-rel=\"iLightbox[gallery12430]\"  title=\"\" data-title=\"16487727_715626088618863_6380917045202180068_o\" data-caption=\"\">\n\t\t\t\t\t\t\t\t\t\t\t\t\t\t\t\t\t<\/a>\n\t\t\t\t\t\t\t<\/div>\n\t\t\t\t\t\t<\/li>\n\t\t\t\t\t\t\t\t\t\t\t\t\t\t\t\t\t\t\t\t\t\t\t\t\n\t\t\t\t\t\n\t\t\t\t\t\t\t\t\t\t\t<li>\n\t\t\t\t\t\t\t<div class=\"fusion-image-wrapper\">\n\t\t\t\t\t\t\t\t<a href=\"https:\/\/www.acebucheteatro.com\/portal\/actuacion-en-la-iv-muestra-de-teatro-amateur-de-leganes-2017\/\" aria-label=\"Actuaci\u00f3n en la IV Muestra de Teatro Amateur de Legan\u00e9s &#8211; 2017\">\n\t\t\t\t\t\t\t\t\t<img decoding=\"async\" width=\"1440\" height=\"1082\" src=\"https:\/\/www.acebucheteatro.com\/portal\/wp-content\/uploads\/2017\/02\/16463551_10154878667515097_8187922643844194033_o.jpg\" alt=\"\" class=\"wp-image-12435\" role=\"presentation\" srcset=\"https:\/\/www.acebucheteatro.com\/portal\/wp-content\/uploads\/2017\/02\/16463551_10154878667515097_8187922643844194033_o-600x451.jpg 600w, https:\/\/www.acebucheteatro.com\/portal\/wp-content\/uploads\/2017\/02\/16463551_10154878667515097_8187922643844194033_o.jpg 1440w\" sizes=\"(min-width: 2200px) 100vw, (min-width: 784px) 340px, (min-width: 712px) 510px, (min-width: 640px) 712px, \" \/>\t\t\t\t\t\t\t\t<\/a>\n\t\t\t\t\t\t\t\t<a style=\"display:none;\" href=\"https:\/\/www.acebucheteatro.com\/portal\/wp-content\/uploads\/2017\/02\/16463551_10154878667515097_8187922643844194033_o.jpg\" data-rel=\"iLightbox[gallery12430]\"  title=\"\" data-title=\"16463551_10154878667515097_8187922643844194033_o\" data-caption=\"\">\n\t\t\t\t\t\t\t\t\t\t\t\t\t\t\t\t\t<\/a>\n\t\t\t\t\t\t\t<\/div>\n\t\t\t\t\t\t<\/li>\n\t\t\t\t\t\t\t\t\t\t\t\t\t\t\t\t\t\t\t\t\t<\/ul>\n\t<\/div>\n\t<div class=\"fusion-post-content-wrapper\" style=\"padding:30px 25px 20px 25px;\"><div class=\"fusion-post-content post-content\"><h2 class=\"blog-shortcode-post-title entry-title\"><a href=\"https:\/\/www.acebucheteatro.com\/portal\/actuacion-en-la-iv-muestra-de-teatro-amateur-de-leganes-2017\/\">Actuaci\u00f3n en la IV Muestra de Teatro Amateur de Legan\u00e9s &#8211; 2017<\/a><\/h2><p class=\"fusion-single-line-meta\">Por <span class=\"vcard\"><span class=\"fn\"><a href=\"https:\/\/www.acebucheteatro.com\/portal\/author\/maria\/\" title=\"Entradas de Mar\u00eda Rodr\u00edguez Velasco\" rel=\"author\">Mar\u00eda Rodr\u00edguez Velasco<\/a><\/span><\/span><span class=\"fusion-inline-sep\">|<\/span><span class=\"updated\" style=\"display:none;\">2018-11-02T11:55:06+01:00<\/span><span>5 de febrero de 2017<\/span><span class=\"fusion-inline-sep\">|<\/span>Categor\u00edas: <a href=\"https:\/\/www.acebucheteatro.com\/portal\/category\/esparranco\/\" rel=\"category tag\">News - Esparranco<\/a><span class=\"fusion-inline-sep\">|<\/span><\/p><div class=\"fusion-content-sep sep-double sep-solid\"><\/div><div class=\"fusion-post-content-container\"><p>El d\u00eda amaneci\u00f3 bastante desapacible, con mucho viento y nubarrones; sin embargo, en Legan\u00e9s nos acogieron de maravilla. El aforo estaba completo y el p\u00fablico nos demostr\u00f3 su saber estar, su amor por el teatro<a href=\"https:\/\/www.acebucheteatro.com\/portal\/actuacion-en-la-iv-muestra-de-teatro-amateur-de-leganes-2017\/\"> [...]<\/a><\/p><\/div><\/div><div class=\"fusion-meta-info\"><div class=\"fusion-alignleft\"><a class=\"fusion-read-more\" href=\"https:\/\/www.acebucheteatro.com\/portal\/actuacion-en-la-iv-muestra-de-teatro-amateur-de-leganes-2017\/\" aria-label=\"More on Actuaci\u00f3n en la IV Muestra de Teatro Amateur de Legan\u00e9s &#8211; 2017\">Leer M\u00e1s<\/a><\/div><div class=\"fusion-alignright\"><a href=\"https:\/\/www.acebucheteatro.com\/portal\/actuacion-en-la-iv-muestra-de-teatro-amateur-de-leganes-2017\/#respond\"><i class=\"awb-icon-bubbles\" aria-hidden=\"true\"><\/i>&nbsp;0<\/a><\/div><\/div><\/div><div class=\"fusion-clearfix\"><\/div><\/div>\n<\/article>\n<article id=\"blog-1-post-12427\" class=\"fusion-post-grid post-12427 post type-post status-publish format-standard has-post-thumbnail hentry category-esparranco\">\n<div class=\"fusion-post-wrapper\" style=\"background-color:rgba(255,255,255,0);border:1px solid #ebeaea;border-bottom-width:3px;\">\n\n\t\t\t<div class=\"fusion-flexslider flexslider fusion-flexslider-loading fusion-post-slideshow\" style=\"border-color:#ebeaea;\">\n\t\t<ul class=\"slides\">\n\t\t\t\n\t\t\t\t\t\t\t\t\t\t\t\t\t\t<li><div  class=\"fusion-image-wrapper\" aria-haspopup=\"true\">\n\t\t\t\t<img decoding=\"async\" width=\"480\" height=\"687\" src=\"https:\/\/www.acebucheteatro.com\/portal\/wp-content\/uploads\/2017\/01\/FB_IMG_1485543824309.jpg\" class=\"attachment-full size-full wp-post-image\" alt=\"\" \/><div class=\"fusion-rollover\">\n\t<div class=\"fusion-rollover-content\">\n\n\t\t\t\t\t\t\t\t\t\t\t\t\t\t<a class=\"fusion-rollover-link\" href=\"https:\/\/www.acebucheteatro.com\/portal\/iv-muestra-de-teatro-amateur-de-leganes-2017\/\">\u00abIV MUESTRA DE TEATRO AMATEUR DE LEGAN\u00c9S (2017)\u00bb<\/a>\n\t\t\t\n\t\t\t\t\t\t\t\t\t\t\t\t\t\t\n\t\t\t\t\t\t\t\t\n\t\t\t\t\t\t\t\t\t\t\t\t\t<div class=\"fusion-rollover-sep\"><\/div>\n\t\t\t\t\n\t\t\t\t\t\t\t\t\t\t\t\t\t\t\t\t\t\t<a class=\"fusion-rollover-gallery\" href=\"https:\/\/www.acebucheteatro.com\/portal\/wp-content\/uploads\/2017\/01\/FB_IMG_1485543824309.jpg\" data-options=\"\" data-id=\"12427\" data-rel=\"iLightbox[gallery]\" data-title=\"FB_IMG_1485543824309\" data-caption=\"\">\n\t\t\t\t\t\tGaler\u00eda\t\t\t\t\t<\/a>\n\t\t\t\t\t\t\t\t\t\t\t\t\t\t\n\t\t\n\t\t\t\t\t\t\t\t\t\t\t\t<h4 class=\"fusion-rollover-title\">\n\t\t\t\t\t<a class=\"fusion-rollover-title-link\" href=\"https:\/\/www.acebucheteatro.com\/portal\/iv-muestra-de-teatro-amateur-de-leganes-2017\/\">\n\t\t\t\t\t\t\u00abIV MUESTRA DE TEATRO AMATEUR DE LEGAN\u00c9S (2017)\u00bb\t\t\t\t\t<\/a>\n\t\t\t\t<\/h4>\n\t\t\t\n\t\t\t\t\t\t\t\t\t\t<div class=\"fusion-rollover-categories\"><a href=\"https:\/\/www.acebucheteatro.com\/portal\/category\/esparranco\/\" rel=\"tag\">News - Esparranco<\/a><\/div>\t\t\t\t\t\n\t\t\n\t\t\t\t\t\t<a class=\"fusion-link-wrapper\" href=\"https:\/\/www.acebucheteatro.com\/portal\/iv-muestra-de-teatro-amateur-de-leganes-2017\/\" aria-label=\"\u00abIV MUESTRA DE TEATRO AMATEUR DE LEGAN\u00c9S (2017)\u00bb\"><\/a>\n\t<\/div>\n<\/div>\n<\/div>\n<\/li>\n\t\t\t\n\t\t\t\n\t\t\t\t\t\t\t\t\t\t\t\t\t\t\t\t\t\t\t\t\t\t\t\t\t\t\t\t\t\t\t\t\t\t\t\t\t\t\t\t\t\t\t\t\t\t\t\t\t\t\t\t\t\t\t\t\t\t\t\t\t\t\t\t\t\t\t\t<\/ul>\n\t<\/div>\n\t<div class=\"fusion-post-content-wrapper\" style=\"padding:30px 25px 20px 25px;\"><div class=\"fusion-post-content post-content\"><h2 class=\"blog-shortcode-post-title entry-title\"><a href=\"https:\/\/www.acebucheteatro.com\/portal\/iv-muestra-de-teatro-amateur-de-leganes-2017\/\">\u00abIV MUESTRA DE TEATRO AMATEUR DE LEGAN\u00c9S (2017)\u00bb<\/a><\/h2><p class=\"fusion-single-line-meta\">Por <span class=\"vcard\"><span class=\"fn\"><a href=\"https:\/\/www.acebucheteatro.com\/portal\/author\/maria\/\" title=\"Entradas de Mar\u00eda Rodr\u00edguez Velasco\" rel=\"author\">Mar\u00eda Rodr\u00edguez Velasco<\/a><\/span><\/span><span class=\"fusion-inline-sep\">|<\/span><span class=\"updated\" style=\"display:none;\">2017-01-30T22:33:16+01:00<\/span><span>30 de enero de 2017<\/span><span class=\"fusion-inline-sep\">|<\/span>Categor\u00edas: <a href=\"https:\/\/www.acebucheteatro.com\/portal\/category\/esparranco\/\" rel=\"category tag\">News - Esparranco<\/a><span class=\"fusion-inline-sep\">|<\/span><\/p><div class=\"fusion-content-sep sep-double sep-solid\"><\/div><div class=\"fusion-post-content-container\"><p>Como llev\u00e1bamos mucho tiempo en silencio y no podemos aguantarnos las ganas, os recordamos que este s\u00e1bado (4 de febrero) actuamos en la \"IV Muestra de Teatro Amateur de Legan\u00e9s (2017)\". Estamos deseando que llegue<a href=\"https:\/\/www.acebucheteatro.com\/portal\/iv-muestra-de-teatro-amateur-de-leganes-2017\/\"> [...]<\/a><\/p><\/div><\/div><div class=\"fusion-meta-info\"><div class=\"fusion-alignleft\"><a class=\"fusion-read-more\" href=\"https:\/\/www.acebucheteatro.com\/portal\/iv-muestra-de-teatro-amateur-de-leganes-2017\/\" aria-label=\"More on \u00abIV MUESTRA DE TEATRO AMATEUR DE LEGAN\u00c9S (2017)\u00bb\">Leer M\u00e1s<\/a><\/div><div class=\"fusion-alignright\"><a href=\"https:\/\/www.acebucheteatro.com\/portal\/iv-muestra-de-teatro-amateur-de-leganes-2017\/#respond\"><i class=\"awb-icon-bubbles\" aria-hidden=\"true\"><\/i>&nbsp;0<\/a><\/div><\/div><\/div><div class=\"fusion-clearfix\"><\/div><\/div>\n<\/article>\n<div class=\"fusion-clearfix\"><\/div><\/div><div class=\"fusion-infinite-scroll-trigger\"><\/div><div class=\"pagination infinite-scroll clearfix\" style=\"display:none;\"><span class=\"current\">1<\/span><a href=\"https:\/\/www.acebucheteatro.com\/portal\/wp-json\/wp\/v2\/pages\/11947\/page\/2\/\" class=\"inactive\">2<\/a><a class=\"pagination-next\" rel=\"next\" href=\"https:\/\/www.acebucheteatro.com\/portal\/wp-json\/wp\/v2\/pages\/11947\/page\/2\/\"><span class=\"page-text\">Siguiente<\/span><span class=\"page-next\"><\/span><\/a><\/div><div class=\"fusion-clearfix\"><\/div><\/div><div class=\"fusion-clearfix\"><\/div><\/div><\/div><\/div><\/div>\n","protected":false},"excerpt":{"rendered":"","protected":false},"author":1,"featured_media":11966,"parent":0,"menu_order":0,"comment_status":"open","ping_status":"open","template":"","meta":{"jetpack_post_was_ever_published":false,"footnotes":""},"class_list":["post-11947","page","type-page","status-publish","has-post-thumbnail","hentry"],"wppr_data":{"cwp_meta_box_check":"No","cwp_rev_product_name":"","cwp_rev_product_image":"","cwp_image_link":"image","cwp_rev_price":""},"jetpack_sharing_enabled":true,"jetpack_shortlink":"https:\/\/wp.me\/P6Bz4e-36H","_links":{"self":[{"href":"https:\/\/www.acebucheteatro.com\/portal\/wp-json\/wp\/v2\/pages\/11947","targetHints":{"allow":["GET"]}}],"collection":[{"href":"https:\/\/www.acebucheteatro.com\/portal\/wp-json\/wp\/v2\/pages"}],"about":[{"href":"https:\/\/www.acebucheteatro.com\/portal\/wp-json\/wp\/v2\/types\/page"}],"author":[{"embeddable":true,"href":"https:\/\/www.acebucheteatro.com\/portal\/wp-json\/wp\/v2\/users\/1"}],"replies":[{"embeddable":true,"href":"https:\/\/www.acebucheteatro.com\/portal\/wp-json\/wp\/v2\/comments?post=11947"}],"version-history":[{"count":0,"href":"https:\/\/www.acebucheteatro.com\/portal\/wp-json\/wp\/v2\/pages\/11947\/revisions"}],"wp:featuredmedia":[{"embeddable":true,"href":"https:\/\/www.acebucheteatro.com\/portal\/wp-json\/wp\/v2\/media\/11966"}],"wp:attachment":[{"href":"https:\/\/www.acebucheteatro.com\/portal\/wp-json\/wp\/v2\/media?parent=11947"}],"curies":[{"name":"wp","href":"https:\/\/api.w.org\/{rel}","templated":true}]}}