{"id":12057,"date":"2015-08-16T12:18:34","date_gmt":"2015-08-16T10:18:34","guid":{"rendered":"http:\/\/www.acebucheteatro.com\/portal\/?page_id=12057"},"modified":"2025-04-20T23:55:48","modified_gmt":"2025-04-20T21:55:48","slug":"30certamen","status":"publish","type":"page","link":"https:\/\/www.acebucheteatro.com\/portal\/certamen\/30certamen\/","title":{"rendered":"XXX Certamen Nacional de Teatro de Aceuchal"},"content":{"rendered":"<p><div class=\"fusion-fullwidth fullwidth-box fusion-builder-row-1 nonhundred-percent-fullwidth non-hundred-percent-height-scrolling\" style=\"--awb-border-radius-top-left:0px;--awb-border-radius-top-right:0px;--awb-border-radius-bottom-right:0px;--awb-border-radius-bottom-left:0px;--awb-flex-wrap:wrap;\" ><div class=\"fusion-builder-row fusion-row\"><div class=\"fusion-layout-column fusion_builder_column fusion-builder-column-0 fusion_builder_column_2_5 2_5 fusion-two-fifth fusion-column-first\" style=\"--awb-overflow:hidden;--awb-bg-size:cover;--awb-border-radius:10px 10px 10px 10px;width:37.6%; margin-right: 4%;\"><div class=\"fusion-column-wrapper fusion-column-has-shadow fusion-flex-column-wrapper-legacy\"><div class=\"fusion-post-slider fusion-flexslider fusion-flexslider-loading flexslider-posts\"><ul class=\"slides\"><li><a href=\"https:\/\/www.acebucheteatro.com\/portal\/presentacion-del-34-certamen-nacional-de-teatro-de-aceuchal\/\" aria-label=\"Presentaci\u00f3n del XXXIV Certamen Nacional de Teatro de Aceuchal\"><img decoding=\"async\" width=\"1129\" height=\"652\" class=\"wp-image-15222\" src=\"https:\/\/www.acebucheteatro.com\/portal\/wp-content\/uploads\/2024\/09\/Presentacion-33-Certamen-Diputacion.png\" alt=\"\" srcset=\"https:\/\/www.acebucheteatro.com\/portal\/wp-content\/uploads\/2024\/09\/Presentacion-33-Certamen-Diputacion-200x116.png 200w, https:\/\/www.acebucheteatro.com\/portal\/wp-content\/uploads\/2024\/09\/Presentacion-33-Certamen-Diputacion-400x231.png 400w, https:\/\/www.acebucheteatro.com\/portal\/wp-content\/uploads\/2024\/09\/Presentacion-33-Certamen-Diputacion-600x347.png 600w, https:\/\/www.acebucheteatro.com\/portal\/wp-content\/uploads\/2024\/09\/Presentacion-33-Certamen-Diputacion-800x462.png 800w, https:\/\/www.acebucheteatro.com\/portal\/wp-content\/uploads\/2024\/09\/Presentacion-33-Certamen-Diputacion.png 1129w\" sizes=\"(max-width: 800px) 100vw, 600px\" \/><\/a><div class=\"slide-excerpt\"><h2><a href=\"https:\/\/www.acebucheteatro.com\/portal\/presentacion-del-34-certamen-nacional-de-teatro-de-aceuchal\/\">Presentaci\u00f3n del XXXIV Certamen Nacional de Teatro de Aceuchal<\/a><\/h2><\/div><\/li><li><a href=\"https:\/\/www.acebucheteatro.com\/portal\/bases-formulario-34-certamen-teatro-aceuchal\/\" aria-label=\"Publicadas las BASES y FORMULARIO de INSCRIPCI\u00d3N para participar en el XXXIV Certamen Nacional de Teatro de Aceuchal &#8211; 2025\"><img decoding=\"async\" width=\"1441\" height=\"868\" class=\"wp-image-14865\" src=\"https:\/\/www.acebucheteatro.com\/portal\/wp-content\/uploads\/2022\/08\/banner31certamen.png\" alt=\"\" srcset=\"https:\/\/www.acebucheteatro.com\/portal\/wp-content\/uploads\/2022\/08\/banner31certamen-200x120.png 200w, https:\/\/www.acebucheteatro.com\/portal\/wp-content\/uploads\/2022\/08\/banner31certamen-400x241.png 400w, https:\/\/www.acebucheteatro.com\/portal\/wp-content\/uploads\/2022\/08\/banner31certamen-600x361.png 600w, https:\/\/www.acebucheteatro.com\/portal\/wp-content\/uploads\/2022\/08\/banner31certamen-800x482.png 800w, https:\/\/www.acebucheteatro.com\/portal\/wp-content\/uploads\/2022\/08\/banner31certamen-1200x723.png 1200w, https:\/\/www.acebucheteatro.com\/portal\/wp-content\/uploads\/2022\/08\/banner31certamen.png 1441w\" sizes=\"(max-width: 800px) 100vw, 600px\" \/><\/a><div class=\"slide-excerpt\"><h2><a href=\"https:\/\/www.acebucheteatro.com\/portal\/bases-formulario-34-certamen-teatro-aceuchal\/\">Publicadas las BASES y FORMULARIO de INSCRIPCI\u00d3N para participar en el XXXIV Certamen Nacional de Teatro de Aceuchal &#8211; 2025<\/a><\/h2><\/div><\/li><li><a href=\"https:\/\/www.acebucheteatro.com\/portal\/presentacion-33-certamen-teatro-aceuchal\/\" aria-label=\"Presentaci\u00f3n del XXXIII Certamen Nacional de Teatro de Aceuchal\"><img decoding=\"async\" width=\"1129\" height=\"652\" class=\"wp-image-15222\" src=\"https:\/\/www.acebucheteatro.com\/portal\/wp-content\/uploads\/2024\/09\/Presentacion-33-Certamen-Diputacion.png\" alt=\"\" srcset=\"https:\/\/www.acebucheteatro.com\/portal\/wp-content\/uploads\/2024\/09\/Presentacion-33-Certamen-Diputacion-200x116.png 200w, https:\/\/www.acebucheteatro.com\/portal\/wp-content\/uploads\/2024\/09\/Presentacion-33-Certamen-Diputacion-400x231.png 400w, https:\/\/www.acebucheteatro.com\/portal\/wp-content\/uploads\/2024\/09\/Presentacion-33-Certamen-Diputacion-600x347.png 600w, https:\/\/www.acebucheteatro.com\/portal\/wp-content\/uploads\/2024\/09\/Presentacion-33-Certamen-Diputacion-800x462.png 800w, https:\/\/www.acebucheteatro.com\/portal\/wp-content\/uploads\/2024\/09\/Presentacion-33-Certamen-Diputacion.png 1129w\" sizes=\"(max-width: 800px) 100vw, 600px\" \/><\/a><div class=\"slide-excerpt\"><h2><a href=\"https:\/\/www.acebucheteatro.com\/portal\/presentacion-33-certamen-teatro-aceuchal\/\">Presentaci\u00f3n del XXXIII Certamen Nacional de Teatro de Aceuchal<\/a><\/h2><\/div><\/li><li><a href=\"https:\/\/www.acebucheteatro.com\/portal\/bases33certamen\/\" aria-label=\"Publicadas las BASES y FORMULARIO de INSCRIPCI\u00d3N para participar en el XXXIII Certamen Nacional de Teatro de Aceuchal\"><img decoding=\"async\" width=\"1600\" height=\"1065\" class=\"wp-image-15161\" src=\"https:\/\/www.acebucheteatro.com\/portal\/wp-content\/uploads\/2024\/06\/npxxwgq33zq.jpg\" alt=\"person using MacBook Pro\" srcset=\"https:\/\/www.acebucheteatro.com\/portal\/wp-content\/uploads\/2024\/06\/npxxwgq33zq-200x133.jpg 200w, https:\/\/www.acebucheteatro.com\/portal\/wp-content\/uploads\/2024\/06\/npxxwgq33zq-400x266.jpg 400w, https:\/\/www.acebucheteatro.com\/portal\/wp-content\/uploads\/2024\/06\/npxxwgq33zq-600x399.jpg 600w, https:\/\/www.acebucheteatro.com\/portal\/wp-content\/uploads\/2024\/06\/npxxwgq33zq-800x533.jpg 800w, https:\/\/www.acebucheteatro.com\/portal\/wp-content\/uploads\/2024\/06\/npxxwgq33zq-1200x799.jpg 1200w, https:\/\/www.acebucheteatro.com\/portal\/wp-content\/uploads\/2024\/06\/npxxwgq33zq.jpg 1600w\" sizes=\"(max-width: 800px) 100vw, 600px\" \/><\/a><div class=\"slide-excerpt\"><h2><a href=\"https:\/\/www.acebucheteatro.com\/portal\/bases33certamen\/\">Publicadas las BASES y FORMULARIO de INSCRIPCI\u00d3N para participar en el XXXIII Certamen Nacional de Teatro de Aceuchal<\/a><\/h2><\/div><\/li><\/ul><\/div><div class=\"fusion-sep-clear\"><\/div><div class=\"fusion-separator fusion-full-width-sep\" style=\"margin-left: auto;margin-right: auto;margin-top:10px;width:100%;\"><\/div><div class=\"fusion-sep-clear\"><\/div><div class=\"fusion-text fusion-text-1\"><p><a href=\"https:\/\/www.acebucheteatro.com\/portal\/wp-content\/uploads\/2019\/08\/Programa-de-Actos-XXX-Certamen-Nacional-Teatro-Aceuchal-2019.pdf\" target=\"_blank\" rel=\"noopener noreferrer\"><i class=\"fb-icon-element-1 fb-icon-element fontawesome-icon fa-book-reader fas circle-yes fusion-text-flow\" style=\"--awb-circlebordersize:1px;--awb-font-size:28.16px;--awb-width:56.32px;--awb-height:56.32px;--awb-line-height:54.32px;--awb-margin-right:16px;\"><\/i> Pulsa aqu\u00ed para descargar el programa de mano del XXX Certamen Nacional de Teatro de Aceuchal<\/a><\/p>\n<\/div><div class=\"fusion-text fusion-text-2\"><p><img decoding=\"async\" class=\"wp-image-11518 alignleft\" src=\"https:\/\/www.acebucheteatro.com\/portal\/wp-content\/uploads\/layerslider\/Avada-Transparent-Header\/youtube-color.png\" alt=\"\" width=\"56\" height=\"56\" \/>Las emisiones en directo comenzar\u00e1n a las 21:50h del d\u00eda de la obra a representar a trav\u00e9s de nuestro canal en <strong>YouTube<\/strong>, as\u00ed como a trav\u00e9s del portal del Certamen.<\/p>\n<\/div><div class=\"fusion-clearfix\"><\/div><\/div><\/div><div class=\"fusion-layout-column fusion_builder_column fusion-builder-column-1 fusion_builder_column_3_5 3_5 fusion-three-fifth fusion-column-last\" style=\"--awb-overflow:hidden;--awb-bg-size:cover;--awb-border-radius:10px 10px 10px 10px;width:58.4%;\"><div class=\"fusion-column-wrapper fusion-column-has-shadow fusion-flex-column-wrapper-legacy\"><div class=\"fusion-tabs fusion-tabs-1 classic nav-is-justified horizontal-tabs icon-position-left mobile-mode-accordion\" style=\"--awb-title-border-radius-top-left:0px;--awb-title-border-radius-top-right:0px;--awb-title-border-radius-bottom-right:0px;--awb-title-border-radius-bottom-left:0px;--awb-inactive-color:#f1f2f2;--awb-background-color:#ffffff;--awb-border-color:#ebeaea;--awb-active-border-color:#1a80b6;\"><div class=\"nav\"><ul class=\"nav-tabs nav-justified\" role=\"tablist\" aria-orientation=\"horizontal\"><li class=\"active\" role=\"presentation\"><a class=\"tab-link\" data-toggle=\"tab\" role=\"tab\" aria-controls=\"tab-a5a18146304f47c1852\" aria-selected=\"true\" tabindex=\"0\" id=\"fusion-tab-a5a18146304f47c1852\" href=\"#tab-a5a18146304f47c1852\"><h4 class=\"fusion-tab-heading\"><i class=\"fontawesome-icon fa-youtube fab\" aria-hidden=\"true\" style=\"font-size:13px;\"><\/i>Retransmisi\u00f3n online<\/h4><\/a><\/li><li  role=\"presentation\"><a class=\"tab-link\" data-toggle=\"tab\" role=\"tab\" aria-controls=\"tab-e5f50da8de71b5651c3\" aria-selected=\"false\" tabindex=\"-1\" id=\"fusion-tab-e5f50da8de71b5651c3\" href=\"#tab-e5f50da8de71b5651c3\"><h4 class=\"fusion-tab-heading\"><i class=\"fontawesome-icon fa-video fas\" aria-hidden=\"true\" style=\"font-size:13px;\"><\/i>SPOT V\u00eddeo<\/h4><\/a><\/li><li  role=\"presentation\"><a class=\"tab-link\" data-toggle=\"tab\" role=\"tab\" aria-controls=\"tab-449cd5d07b6b82efa5c\" aria-selected=\"false\" tabindex=\"-1\" id=\"fusion-tab-449cd5d07b6b82efa5c\" href=\"#tab-449cd5d07b6b82efa5c\"><h4 class=\"fusion-tab-heading\"><i class=\"fontawesome-icon fa-clock fas\" aria-hidden=\"true\" style=\"font-size:13px;\"><\/i>Horarios<\/h4><\/a><\/li><li  role=\"presentation\"><a class=\"tab-link\" data-toggle=\"tab\" role=\"tab\" aria-controls=\"tab-ed7eda7c4ba19577775\" aria-selected=\"false\" tabindex=\"-1\" id=\"fusion-tab-ed7eda7c4ba19577775\" href=\"#tab-ed7eda7c4ba19577775\"><h4 class=\"fusion-tab-heading\"><i class=\"fontawesome-icon fa-info-circle fas\" aria-hidden=\"true\" style=\"font-size:13px;\"><\/i>Informaci\u00f3n \u00fatil<\/h4><\/a><\/li><\/ul><\/div><div class=\"tab-content\"><div class=\"nav fusion-mobile-tab-nav\"><ul class=\"nav-tabs nav-justified\" role=\"tablist\" aria-orientation=\"horizontal\"><li class=\"active\" role=\"presentation\"><a class=\"tab-link\" data-toggle=\"tab\" role=\"tab\" aria-controls=\"tab-a5a18146304f47c1852\" aria-selected=\"true\" tabindex=\"0\" id=\"mobile-fusion-tab-a5a18146304f47c1852\" href=\"#tab-a5a18146304f47c1852\"><h4 class=\"fusion-tab-heading\"><i class=\"fontawesome-icon fa-youtube fab\" aria-hidden=\"true\" style=\"font-size:13px;\"><\/i>Retransmisi\u00f3n online<\/h4><\/a><\/li><\/ul><\/div><div class=\"tab-pane fade fusion-clearfix in active\" role=\"tabpanel\" tabindex=\"0\" aria-labelledby=\"fusion-tab-a5a18146304f47c1852\" id=\"tab-a5a18146304f47c1852\">\n<p>Comience la reproducci\u00f3n en directo haciendo <span style=\"color: #ff0000;\"><strong>clic en el bot\u00f3n<\/strong><\/span> que aparece en la parte <span style=\"color: #ff0000;\"><strong>central<\/strong><\/span> de la emisi\u00f3n.<\/p>\n<div class=\"fusion-video fusion-youtube fusion-aligncenter\" style=\"--awb-max-width:600px;--awb-max-height:360px;--awb-width:100%;\"><div class=\"video-shortcode\"><div class=\"fluid-width-video-wrapper\" style=\"padding-top:60%;\" ><iframe title=\"YouTube video player 1\" src=\"https:\/\/www.youtube.com\/embed\/Ev9UIsUBy5Y?wmode=transparent&autoplay=0\" width=\"600\" height=\"360\" allowfullscreen allow=\"autoplay; clipboard-write; encrypted-media; gyroscope; picture-in-picture;\"><\/iframe><\/div><\/div><\/div>\n<\/div><div class=\"nav fusion-mobile-tab-nav\"><ul class=\"nav-tabs nav-justified\" role=\"tablist\" aria-orientation=\"horizontal\"><li  role=\"presentation\"><a class=\"tab-link\" data-toggle=\"tab\" role=\"tab\" aria-controls=\"tab-e5f50da8de71b5651c3\" aria-selected=\"false\" tabindex=\"-1\" id=\"mobile-fusion-tab-e5f50da8de71b5651c3\" href=\"#tab-e5f50da8de71b5651c3\"><h4 class=\"fusion-tab-heading\"><i class=\"fontawesome-icon fa-video fas\" aria-hidden=\"true\" style=\"font-size:13px;\"><\/i>SPOT V\u00eddeo<\/h4><\/a><\/li><\/ul><\/div><div class=\"tab-pane fade fusion-clearfix\" role=\"tabpanel\" tabindex=\"0\" aria-labelledby=\"fusion-tab-e5f50da8de71b5651c3\" id=\"tab-e5f50da8de71b5651c3\">\n<div class=\"fusion-video fusion-youtube fusion-aligncenter\" style=\"--awb-max-width:600px;--awb-max-height:360px;--awb-width:100%;\"><div class=\"video-shortcode\"><div class=\"fluid-width-video-wrapper\" style=\"padding-top:60%;\" ><iframe title=\"YouTube video player 2\" src=\"https:\/\/www.youtube.com\/embed\/nRlHWO1y-3k?wmode=transparent&autoplay=0&amp;rel=0\" width=\"600\" height=\"360\" allowfullscreen allow=\"autoplay; clipboard-write; encrypted-media; gyroscope; picture-in-picture;\"><\/iframe><\/div><\/div><\/div>\n<\/div><div class=\"nav fusion-mobile-tab-nav\"><ul class=\"nav-tabs nav-justified\" role=\"tablist\" aria-orientation=\"horizontal\"><li  role=\"presentation\"><a class=\"tab-link\" data-toggle=\"tab\" role=\"tab\" aria-controls=\"tab-449cd5d07b6b82efa5c\" aria-selected=\"false\" tabindex=\"-1\" id=\"mobile-fusion-tab-449cd5d07b6b82efa5c\" href=\"#tab-449cd5d07b6b82efa5c\"><h4 class=\"fusion-tab-heading\"><i class=\"fontawesome-icon fa-clock fas\" aria-hidden=\"true\" style=\"font-size:13px;\"><\/i>Horarios<\/h4><\/a><\/li><\/ul><\/div><div class=\"tab-pane fade fusion-clearfix\" role=\"tabpanel\" tabindex=\"0\" aria-labelledby=\"fusion-tab-449cd5d07b6b82efa5c\" id=\"tab-449cd5d07b6b82efa5c\">\n<h2><span style=\"color: #ff6600;\">HORARIO DE ESPECT\u00c1CULOS<\/span><\/h2>\n<p>22:00 horas<br \/>\nEl teatro abrir\u00e1 a las 21:30 horas.<\/p>\n<h2><span style=\"color: #ff6600;\">TAQUILLAS EN ACEUCHAL<\/span><\/h2>\n<p>Taquilla Casa de Cultura \u00abC\u00e1ndido Sanz Vera\u00bb.<br \/>\nC\/ Juan Carlos I, Aceuchal.<\/p>\n<p><strong>Horario de jueves a domingo:<\/strong><br \/>\nTardes de 21:00h-22:15h.<br \/>\n<strong>Lunes, martes y mi\u00e9rcoles cerrado.<\/strong><\/p>\n<\/div><div class=\"nav fusion-mobile-tab-nav\"><ul class=\"nav-tabs nav-justified\" role=\"tablist\" aria-orientation=\"horizontal\"><li  role=\"presentation\"><a class=\"tab-link\" data-toggle=\"tab\" role=\"tab\" aria-controls=\"tab-ed7eda7c4ba19577775\" aria-selected=\"false\" tabindex=\"-1\" id=\"mobile-fusion-tab-ed7eda7c4ba19577775\" href=\"#tab-ed7eda7c4ba19577775\"><h4 class=\"fusion-tab-heading\"><i class=\"fontawesome-icon fa-info-circle fas\" aria-hidden=\"true\" style=\"font-size:13px;\"><\/i>Informaci\u00f3n \u00fatil<\/h4><\/a><\/li><\/ul><\/div><div class=\"tab-pane fade fusion-clearfix\" role=\"tabpanel\" tabindex=\"0\" aria-labelledby=\"fusion-tab-ed7eda7c4ba19577775\" id=\"tab-ed7eda7c4ba19577775\">\n<h2><span style=\"color: #ff6600;\">CONDICIONES DE ENTRADA<\/span><\/h2>\n<ol>\n<li>No se admitir\u00e1n devoluciones o cambios de entradas. La adquisici\u00f3n de la misma se considera firme. La Organizaci\u00f3n no se responsabiliza de cualquier p\u00e9rdida de entradas por sus particulares.<\/li>\n<li>Es obligatorio conservar la entrada hasta el final del evento como documento que avale sus derechos.<\/li>\n<li>Toda entrada enmendada, rota o con indicios de falsificaci\u00f3n autorizar\u00e1 a la Organizaci\u00f3n a privar a su portador del acceso al recinto.<\/li>\n<li>Se reserva el derecho de admisi\u00f3n, condicionado al hecho de disponer de la entrada completa y en buenas condiciones y de que el portador asuma y se obligue a respetar las normas de la Organizaci\u00f3n y del recinto, as\u00ed como cualquier motivo exigible por razones de seguridad general.<\/li>\n<li>Se proh\u00edbe la entrada de animales al recinto a excepci\u00f3n de perros gu\u00edas.<\/li>\n<li>Una vez comenzada la representaci\u00f3n (a las 22:15h) no se permitir\u00e1 el acceso a la Sala.<\/li>\n<li>Al entrar al recinto, no se permitir\u00e1 la entrada de objetos que puedan ser considerados peligrosos por la Organizaci\u00f3n o est\u00e9n prohibidos por la normativa vigente.<\/li>\n<li>Queda prohibida cualquier filmaci\u00f3n, grabaci\u00f3n o reproducci\u00f3n en el interior del recinto, salvo fines informativos autorizados previamente por la Organizaci\u00f3n.<\/li>\n<li>Queda terminantemente prohibido realizar fotograf\u00edas con flash.<\/li>\n<li>Se proh\u00edbe fumar en todo el recinto.<\/li>\n<li>El horario del evento podr\u00e1 ser modificado por la Organizaci\u00f3n en el caso de considerarlo necesario.<\/li>\n<li>La Organizaci\u00f3n se reserva el derecho de modificar el reparto art\u00edstico de las obras programada en casos necesarios.<\/li>\n<\/ol>\n<\/div><\/div><\/div><div class=\"fusion-clearfix\"><\/div><\/div><\/div><\/div><\/div><div class=\"fusion-fullwidth fullwidth-box fusion-builder-row-2 nonhundred-percent-fullwidth non-hundred-percent-height-scrolling\" style=\"--awb-border-radius-top-left:0px;--awb-border-radius-top-right:0px;--awb-border-radius-bottom-right:0px;--awb-border-radius-bottom-left:0px;--awb-margin-bottom:30px;--awb-flex-wrap:wrap;\" ><div class=\"fusion-builder-row fusion-row\"><div class=\"fusion-layout-column fusion_builder_column fusion-builder-column-2 fusion_builder_column_1_3 1_3 fusion-one-third fusion-column-first\" style=\"--awb-overflow:hidden;--awb-bg-size:cover;--awb-border-color:#03a9f4;--awb-border-top:0;--awb-border-right:0;--awb-border-bottom:0;--awb-border-left:0;--awb-border-style:solid;--awb-border-radius:10px 10px 0px 0px;width:33.333333333333%;width:calc(33.333333333333% - ( ( 4% + 4% ) * 0.33333333333333 ) );margin-right: 4%;\"><div class=\"fusion-column-wrapper fusion-column-has-shadow fusion-flex-column-wrapper-legacy\"><div class=\"fusion-image-element in-legacy-container\" style=\"--awb-liftup-border-radius:0px;--awb-caption-title-font-family:var(--h2_typography-font-family);--awb-caption-title-font-weight:var(--h2_typography-font-weight);--awb-caption-title-font-style:var(--h2_typography-font-style);--awb-caption-title-size:var(--h2_typography-font-size);--awb-caption-title-transform:var(--h2_typography-text-transform);--awb-caption-title-line-height:var(--h2_typography-line-height);--awb-caption-title-letter-spacing:var(--h2_typography-letter-spacing);\"><div class=\"awb-image-frame awb-image-frame-1 imageframe-liftup\"><span class=\" fusion-imageframe imageframe-none imageframe-1\"><img decoding=\"async\" width=\"395\" height=\"240\" title=\"Marchena_certamen_2019\" src=\"https:\/\/www.acebucheteatro.com\/portal\/wp-content\/uploads\/2019\/08\/Marchena_certamen_2019-e1565277798249.jpg\" alt class=\"img-responsive wp-image-14226\" srcset=\"https:\/\/www.acebucheteatro.com\/portal\/wp-content\/uploads\/2019\/08\/Marchena_certamen_2019-e1565277798249-200x122.jpg 200w, https:\/\/www.acebucheteatro.com\/portal\/wp-content\/uploads\/2019\/08\/Marchena_certamen_2019-e1565277798249.jpg 395w\" sizes=\"(max-width: 800px) 100vw, 395px\" \/><\/span><\/div><\/div><div class=\"fusion-sep-clear\"><\/div><div class=\"fusion-separator fusion-full-width-sep\" style=\"margin-left: auto;margin-right: auto;margin-top:5px;margin-bottom:10px;width:100%;\"><\/div><div class=\"fusion-sep-clear\"><\/div><div class=\"fusion-text fusion-text-3\"><p style=\"line-height: 7px;\">15 de agosto de 2019<\/p>\n<h2 style=\"line-height: 10px;\"><strong>El contrabando<\/strong><\/h2>\n<p style=\"line-height: 3px;\">Marchena Teatro<\/p>\n<\/div><div class=\"fusion-modal modal fade modal-1 elcontrabando\" tabindex=\"-1\" role=\"dialog\" aria-labelledby=\"modal-heading-1\" aria-hidden=\"true\" style=\"--awb-border-color:#ebebeb;--awb-background:#f6f6f6;\"><div class=\"modal-dialog modal-lg\" role=\"document\"><div class=\"modal-content fusion-modal-content\"><div class=\"modal-header\"><button class=\"close\" type=\"button\" data-dismiss=\"modal\" aria-hidden=\"true\" aria-label=\"Close\">&times;<\/button><h3 class=\"modal-title\" id=\"modal-heading-1\" data-dismiss=\"modal\" aria-hidden=\"true\">EL CONTRABANDO<\/h3><\/div><div class=\"modal-body fusion-clearfix\">\n<p style=\"line-height: 7px;\"><strong>GRUPO:<\/strong> Marchena Teatro<\/p>\n<p style=\"line-height: 7px;\"><strong>Procedencia:<\/strong> Marchena (Sevilla)<\/p>\n<p style=\"line-height: 7px;\"><strong>Obra:<\/strong> El contrabando<\/p>\n<p style=\"line-height: 7px;\"><strong>Autor:<\/strong> Pedro Mu\u00f1oz Seca<\/p>\n<p style=\"line-height: 7px;\"><strong>G\u00e9nero:<\/strong> Comedia<\/p>\n<div class=\"fusion-section-separator section-separator triangle fusion-section-separator-1\" style=\"--awb-border-top:2px solid #03a9f4;--awb-spacer-height:2px;--awb-svg-margin-left:0;--awb-svg-margin-right:0;--awb-icon-color:#03a9f4;--awb-icon-top:-12px;\"><div class=\"fusion-section-separator-svg\"><div class=\"section-separator-icon icon fa-theater-masks fas\" aria-hidden=\"true\"><\/div><div class=\"divider-candy-arrow top\" style=\"bottom:2px;border-bottom-color: #f6f6f6;\"><\/div><div class=\"divider-candy top\" style=\"top:-22px;border-bottom:1px solid #03a9f4;border-left:1px solid #03a9f4;\"><\/div><\/div><div class=\"fusion-section-separator-spacer\"><div class=\"fusion-section-separator-spacer-height\"><\/div><\/div><\/div>\n<h2><strong><span style=\"color: #ff9900;\">SINOPSIS<\/span><\/strong><\/h2>\n<p>Comedia de Mu\u00f1oz Seca llena de enredos y escenas divertidas. Es aquel viejo contrabando del caf\u00e9 y del tabaco que se llevaba a cabo en los a\u00f1os cuarenta y cincuenta de nuestro pa\u00eds. Es un montaje con personajes muy costumbristas, pero que con la frescura que lo hacen los actores de Marchena Teatro conecta con el p\u00fablico de hoy.<\/p>\n<p>El argumento es sencillo: en una zapater\u00eda entran y salen los clientes, mientras el due\u00f1o y su ayudante -junto con su cu\u00f1ado- trapichean con la carga, entre imprevistos, bromas y la visita inesperada del cabo de la Guardia Civil, que no busca lo que ellos creen. Fiel al estilo del autor, movi\u00e9ndose en la caricatura y el ingenio sat\u00edrico, dicho montaje nos retrotrae al ambiente castizo y la realidad de una \u00e9poca que a\u00fan deja un poso perdurable en nuestra memoria grupal.<\/p>\n<\/div><\/div><\/div><\/div><a class=\"fusion-modal-text-link\" data-toggle=\"modal\" data-target=\".fusion-modal.elcontrabando\" href=\"#\"><span style=\"color: #ff9900;\">[+] Pulsa aqu\u00ed para leer la SINOPSIS<\/span><\/a><div class=\"fusion-sep-clear\"><\/div><div class=\"fusion-separator fusion-full-width-sep\" style=\"margin-left: auto;margin-right: auto;margin-top:0px;margin-bottom:5px;width:100%;\"><\/div><div class=\"fusion-sep-clear\"><\/div><div class=\"fusion-modal modal fade modal-2 v\u00eddeoelcontrabando\" tabindex=\"-1\" role=\"dialog\" aria-labelledby=\"modal-heading-2\" aria-hidden=\"true\" style=\"--awb-border-color:#ebebeb;--awb-background:#f6f6f6;\"><div class=\"modal-dialog modal-lg\" role=\"document\"><div class=\"modal-content fusion-modal-content\"><div class=\"modal-header\"><button class=\"close\" type=\"button\" data-dismiss=\"modal\" aria-hidden=\"true\" aria-label=\"Close\">&times;<\/button><h3 class=\"modal-title\" id=\"modal-heading-2\" data-dismiss=\"modal\" aria-hidden=\"true\">EL CONTRABANDO<\/h3><\/div><div class=\"modal-body fusion-clearfix\">\n<p style=\"text-align: left;\"><div class=\"fusion-video fusion-youtube fusion-aligncenter\" style=\"--awb-max-width:600px;--awb-max-height:360px;--awb-width:100%;\"><div class=\"video-shortcode\"><div class=\"fluid-width-video-wrapper\" style=\"padding-top:60%;\" ><iframe title=\"YouTube video player 3\" src=\"https:\/\/www.youtube.com\/embed\/EbIn9586UHY?wmode=transparent&autoplay=0&amp;rel=0\" width=\"600\" height=\"360\" allowfullscreen allow=\"autoplay; clipboard-write; encrypted-media; gyroscope; picture-in-picture;\"><\/iframe><\/div><\/div><\/div>\n<\/div><\/div><\/div><\/div><a class=\"fusion-modal-text-link\" data-toggle=\"modal\" data-target=\".fusion-modal.v\u00eddeoelcontrabando\" href=\"#\"><span style=\"color: #ff9900;\">[+] Pulsa aqu\u00ed para ver V\u00cdDEO<\/span><\/a><div class=\"fusion-sep-clear\"><\/div><div class=\"fusion-separator fusion-full-width-sep\" style=\"margin-left: auto;margin-right: auto;margin-top:0px;margin-bottom:0px;width:100%;\"><div class=\"fusion-separator-border sep-single sep-solid\" style=\"--awb-height:20px;--awb-amount:20px;border-color:#e0dede;border-top-width:1px;\"><\/div><\/div><div class=\"fusion-sep-clear\"><\/div><div class=\"fusion-clearfix\"><\/div><\/div><\/div><div class=\"fusion-layout-column fusion_builder_column fusion-builder-column-3 fusion_builder_column_1_3 1_3 fusion-one-third\" style=\"--awb-overflow:hidden;--awb-bg-size:cover;--awb-border-color:#03a9f4;--awb-border-top:0;--awb-border-right:0;--awb-border-bottom:0;--awb-border-left:0;--awb-border-style:solid;--awb-border-radius:10px 10px 0px 0px;width:33.333333333333%;width:calc(33.333333333333% - ( ( 4% + 4% ) * 0.33333333333333 ) );margin-right: 4%;\"><div class=\"fusion-column-wrapper fusion-column-has-shadow fusion-flex-column-wrapper-legacy\"><div class=\"fusion-image-element in-legacy-container\" style=\"--awb-liftup-border-radius:0px;--awb-caption-title-font-family:var(--h2_typography-font-family);--awb-caption-title-font-weight:var(--h2_typography-font-weight);--awb-caption-title-font-style:var(--h2_typography-font-style);--awb-caption-title-size:var(--h2_typography-font-size);--awb-caption-title-transform:var(--h2_typography-text-transform);--awb-caption-title-line-height:var(--h2_typography-line-height);--awb-caption-title-letter-spacing:var(--h2_typography-letter-spacing);\"><div class=\"awb-image-frame awb-image-frame-2 imageframe-liftup\"><span class=\" fusion-imageframe imageframe-none imageframe-2\"><img decoding=\"async\" width=\"395\" height=\"240\" title=\"Teadetro_certamen_2019\" src=\"https:\/\/www.acebucheteatro.com\/portal\/wp-content\/uploads\/2019\/08\/portada.jpg\" alt class=\"img-responsive wp-image-14217\" srcset=\"https:\/\/www.acebucheteatro.com\/portal\/wp-content\/uploads\/2019\/08\/portada-200x122.jpg 200w, https:\/\/www.acebucheteatro.com\/portal\/wp-content\/uploads\/2019\/08\/portada.jpg 395w\" sizes=\"(max-width: 800px) 100vw, 395px\" \/><\/span><\/div><\/div><div class=\"fusion-sep-clear\"><\/div><div class=\"fusion-separator fusion-full-width-sep\" style=\"margin-left: auto;margin-right: auto;margin-top:5px;margin-bottom:10px;width:100%;\"><\/div><div class=\"fusion-sep-clear\"><\/div><div class=\"fusion-text fusion-text-4\"><p style=\"line-height: 7px;\">16 de agosto de 2019<\/p>\n<h2 style=\"line-height: 10px;\"><strong>TRaVeS\u00edaS<\/strong><\/h2>\n<p style=\"line-height: 3px;\">Asociaci\u00f3n Teatral LaTEAdeTRO<\/p>\n<\/div><div class=\"fusion-modal modal fade modal-3 traves\u00edas\" tabindex=\"-1\" role=\"dialog\" aria-labelledby=\"modal-heading-3\" aria-hidden=\"true\" style=\"--awb-border-color:#ebebeb;--awb-background:#f6f6f6;\"><div class=\"modal-dialog modal-lg\" role=\"document\"><div class=\"modal-content fusion-modal-content\"><div class=\"modal-header\"><button class=\"close\" type=\"button\" data-dismiss=\"modal\" aria-hidden=\"true\" aria-label=\"Close\">&times;<\/button><h3 class=\"modal-title\" id=\"modal-heading-3\" data-dismiss=\"modal\" aria-hidden=\"true\">TRaVeS\u00edaS<\/h3><\/div><div class=\"modal-body fusion-clearfix\">\n<p style=\"line-height: 7px;\"><strong>GRUPO:<\/strong> LaTEAdeTRO<\/p>\n<p style=\"line-height: 7px;\"><strong>Procedencia:<\/strong> Rivas Vaciamadrid (Madrid)<\/p>\n<p style=\"line-height: 7px;\"><strong>Obra:<\/strong> TRaVeS\u00edaS<\/p>\n<p style=\"line-height: 7px;\"><strong>Autor:<\/strong> Creaci\u00f3n Colectiva<\/p>\n<p style=\"line-height: 7px;\"><strong>G\u00e9nero:<\/strong> Social<\/p>\n<div class=\"fusion-section-separator section-separator triangle fusion-section-separator-2\" style=\"--awb-border-top:2px solid #03a9f4;--awb-spacer-height:2px;--awb-svg-margin-left:0;--awb-svg-margin-right:0;--awb-icon-color:#03a9f4;--awb-icon-top:-12px;\"><div class=\"fusion-section-separator-svg\"><div class=\"section-separator-icon icon fa-theater-masks fas\" aria-hidden=\"true\"><\/div><div class=\"divider-candy-arrow top\" style=\"bottom:2px;border-bottom-color: #f6f6f6;\"><\/div><div class=\"divider-candy top\" style=\"top:-22px;border-bottom:1px solid #03a9f4;border-left:1px solid #03a9f4;\"><\/div><\/div><div class=\"fusion-section-separator-spacer\"><div class=\"fusion-section-separator-spacer-height\"><\/div><\/div><\/div>\n<h2><strong><span style=\"color: #ff9900;\">SINOPSIS<\/span><\/strong><\/h2>\n<p>Se repite la historia, emigraron nuestros abuelos y hoy emigran nuestros hijos.<\/p>\n<p>Al igual que nuestra propia sociedad est\u00e1 llena de expresividad y de sentimientos, en la que se plasma el drama social de la inmigraci\u00f3n, los actores y actrices se ponen en la piel de los distintos emigrantes que buscan una vida mejor, y reflejan sus vivencias y adversidades por las que pasan en ese camino, en esas TRAVES\u00cdAS.<\/p>\n<p>La obra cuenta la historia de unos personajes que tienen que emigrar.<\/p>\n<p>En esta historia no hay una causa com\u00fan para el viaje que quieren emprender. Nos encontramos con personajes que nos explican por qu\u00e9 emigran.<br \/>\nUnos huyen de sus pa\u00edses en guerra. Padres, madres e hijos buscan un futuro mejor. Mujeres que huyen de los malos tratos para tener libertad. Personas que buscan el amor. Hombres y mujeres que huyen de las crisis. J\u00f3venes con estudios y sin trabajo Y tambi\u00e9n, por qu\u00e9 no, para reencontrarse \u201csimplemente\u201d con sus familias a las que dejaron hace muchos a\u00f1os. En definitiva se embarcan para cumplir sus sue\u00f1os.<\/p>\n<p>Su \u00fanica compa\u00f1\u00eda es, su maleta<\/p>\n<p>Juntos viven situaciones dentro de ese barco: el desprecio de un polic\u00eda aduanero, el hambre, un naufragio\u2026 la solidaridad.<\/p>\n<p>Hasta que por fin llegan a tierra, donde poder empezar una nueva vida.<\/p>\n<p>Juntos se embarcan en un viaje con un destino com\u00fan, un viaje hacia la ESPERANZA.<\/p>\n<p>TRAVESIAS es una obra de creaci\u00f3n colectiva y actual en constante cambio.<\/p>\n<p style=\"text-align: center;\"><em>\u201cUn viaje a la esperanza que no te dejar\u00e1 indiferente\u201d<\/em><\/p>\n<\/div><\/div><\/div><\/div><a class=\"fusion-modal-text-link\" data-toggle=\"modal\" data-target=\".fusion-modal.traves\u00edas\" href=\"#\"><span style=\"color: #ff9900;\">[+] Pulsa aqu\u00ed para leer la SINOPSIS<\/span><\/a><div class=\"fusion-sep-clear\"><\/div><div class=\"fusion-separator fusion-full-width-sep\" style=\"margin-left: auto;margin-right: auto;margin-top:0px;margin-bottom:5px;width:100%;\"><\/div><div class=\"fusion-sep-clear\"><\/div><div class=\"fusion-modal modal fade modal-4 v\u00eddeotraves\u00edas\" tabindex=\"-1\" role=\"dialog\" aria-labelledby=\"modal-heading-4\" aria-hidden=\"true\" style=\"--awb-border-color:#ebebeb;--awb-background:#f6f6f6;\"><div class=\"modal-dialog modal-lg\" role=\"document\"><div class=\"modal-content fusion-modal-content\"><div class=\"modal-header\"><button class=\"close\" type=\"button\" data-dismiss=\"modal\" aria-hidden=\"true\" aria-label=\"Close\">&times;<\/button><h3 class=\"modal-title\" id=\"modal-heading-4\" data-dismiss=\"modal\" aria-hidden=\"true\">TRaVeS\u00edaS<\/h3><\/div><div class=\"modal-body fusion-clearfix\">\n<div class=\"fusion-video fusion-youtube fusion-aligncenter\" style=\"--awb-max-width:600px;--awb-max-height:360px;--awb-width:100%;\"><div class=\"video-shortcode\"><div class=\"fluid-width-video-wrapper\" style=\"padding-top:60%;\" ><iframe title=\"YouTube video player 4\" src=\"https:\/\/www.youtube.com\/embed\/OyJ9B3f4jWE?wmode=transparent&autoplay=0&amp;rel=0 \" width=\"600\" height=\"360\" allowfullscreen allow=\"autoplay; clipboard-write; encrypted-media; gyroscope; picture-in-picture;\"><\/iframe><\/div><\/div><\/div>\n<\/div><\/div><\/div><\/div><a class=\"fusion-modal-text-link\" data-toggle=\"modal\" data-target=\".fusion-modal.v\u00eddeotraves\u00edas\" href=\"#\"><span style=\"color: #ff9900;\">[+] Pulsa aqu\u00ed para ver V\u00cdDEO<\/span><\/a><div class=\"fusion-sep-clear\"><\/div><div class=\"fusion-separator fusion-full-width-sep\" style=\"margin-left: auto;margin-right: auto;margin-top:0px;margin-bottom:0px;width:100%;\"><div class=\"fusion-separator-border sep-single sep-solid\" style=\"--awb-height:20px;--awb-amount:20px;border-color:#e0dede;border-top-width:1px;\"><\/div><\/div><div class=\"fusion-sep-clear\"><\/div><div class=\"fusion-clearfix\"><\/div><\/div><\/div><div class=\"fusion-layout-column fusion_builder_column fusion-builder-column-4 fusion_builder_column_1_3 1_3 fusion-one-third fusion-column-last\" style=\"--awb-overflow:hidden;--awb-bg-size:cover;--awb-border-color:#03a9f4;--awb-border-top:0;--awb-border-right:0;--awb-border-bottom:0;--awb-border-left:0;--awb-border-style:solid;--awb-border-radius:10px 10px 0px 0px;width:33.333333333333%;width:calc(33.333333333333% - ( ( 4% + 4% ) * 0.33333333333333 ) );\"><div class=\"fusion-column-wrapper fusion-column-has-shadow fusion-flex-column-wrapper-legacy\"><div class=\"fusion-image-element in-legacy-container\" style=\"--awb-liftup-border-radius:0px;--awb-caption-title-font-family:var(--h2_typography-font-family);--awb-caption-title-font-weight:var(--h2_typography-font-weight);--awb-caption-title-font-style:var(--h2_typography-font-style);--awb-caption-title-size:var(--h2_typography-font-size);--awb-caption-title-transform:var(--h2_typography-text-transform);--awb-caption-title-line-height:var(--h2_typography-line-height);--awb-caption-title-letter-spacing:var(--h2_typography-letter-spacing);\"><div class=\"awb-image-frame awb-image-frame-3 imageframe-liftup\"><span class=\" fusion-imageframe imageframe-none imageframe-3\"><img decoding=\"async\" width=\"394\" height=\"240\" title=\"Paraskenia_Certamen_2019\" src=\"https:\/\/www.acebucheteatro.com\/portal\/wp-content\/uploads\/2019\/08\/paraskenia-e1565275015434.jpg\" alt class=\"img-responsive wp-image-14218\" srcset=\"https:\/\/www.acebucheteatro.com\/portal\/wp-content\/uploads\/2019\/08\/paraskenia-e1565275015434-200x122.jpg 200w, https:\/\/www.acebucheteatro.com\/portal\/wp-content\/uploads\/2019\/08\/paraskenia-e1565275015434.jpg 394w\" sizes=\"(max-width: 800px) 100vw, 394px\" \/><\/span><\/div><\/div><div class=\"fusion-sep-clear\"><\/div><div class=\"fusion-separator fusion-full-width-sep\" style=\"margin-left: auto;margin-right: auto;margin-top:5px;margin-bottom:10px;width:100%;\"><\/div><div class=\"fusion-sep-clear\"><\/div><div class=\"fusion-text fusion-text-5\"><p style=\"line-height: 7px;\">17 de agosto de 2019<\/p>\n<h2 style=\"line-height: 10px;\"><strong>La Vi\u00f1a<\/strong><\/h2>\n<p style=\"line-height: 3px;\">Paraskenia Teatro<\/p>\n<\/div><div class=\"fusion-modal modal fade modal-5 lavi\u00f1a\" tabindex=\"-1\" role=\"dialog\" aria-labelledby=\"modal-heading-5\" aria-hidden=\"true\" style=\"--awb-border-color:#ebebeb;--awb-background:#f6f6f6;\"><div class=\"modal-dialog modal-lg\" role=\"document\"><div class=\"modal-content fusion-modal-content\"><div class=\"modal-header\"><button class=\"close\" type=\"button\" data-dismiss=\"modal\" aria-hidden=\"true\" aria-label=\"Close\">&times;<\/button><h3 class=\"modal-title\" id=\"modal-heading-5\" data-dismiss=\"modal\" aria-hidden=\"true\">LA VI\u00d1A<\/h3><\/div><div class=\"modal-body fusion-clearfix\">\n<p style=\"line-height: 7px;\"><strong>GRUPO:<\/strong> Paraskenia Teatro<\/p>\n<p style=\"line-height: 7px;\"><strong>Procedencia:<\/strong> Talavera de la Reina (Toledo)<\/p>\n<p style=\"line-height: 7px;\"><strong>Obra:<\/strong> La Vi\u00f1a<\/p>\n<p style=\"line-height: 7px;\"><strong>Autor:<\/strong> Roberto Jifer<\/p>\n<p style=\"line-height: 7px;\"><strong>G\u00e9nero:<\/strong> Comedia<\/p>\n<div class=\"fusion-section-separator section-separator triangle fusion-section-separator-3\" style=\"--awb-border-top:2px solid #03a9f4;--awb-spacer-height:2px;--awb-svg-margin-left:0;--awb-svg-margin-right:0;--awb-icon-color:#03a9f4;--awb-icon-top:-12px;\"><div class=\"fusion-section-separator-svg\"><div class=\"section-separator-icon icon fa-theater-masks fas\" aria-hidden=\"true\"><\/div><div class=\"divider-candy-arrow top\" style=\"bottom:2px;border-bottom-color: #f6f6f6;\"><\/div><div class=\"divider-candy top\" style=\"top:-22px;border-bottom:1px solid #03a9f4;border-left:1px solid #03a9f4;\"><\/div><\/div><div class=\"fusion-section-separator-spacer\"><div class=\"fusion-section-separator-spacer-height\"><\/div><\/div><\/div>\n<h2><strong><span style=\"color: #ff9900;\">SINOPSIS<\/span><\/strong><\/h2>\n<p>LA VI\u00d1A, es la primera obra escrita y dirigida por ROBERTO JIFER y PRADO AMOR.<\/p>\n<p>Con una producci\u00f3n totalmente propia, intentamos superarnos con una puesta en escena arriesgada a trav\u00e9s de un texto ameno y emotivo.<\/p>\n<p>LA VI\u00d1A, nos sit\u00faa en un pueblo perdido de La Mancha, donde dos hermanos se reencuentran despu\u00e9s de muchos a\u00f1os sin mantener contacto.<\/p>\n<p>\u00bfEl motivo de ese encuentro?, su padre recientemente fallecido. Ambos desconocen la existencia de esta antigua finca que guarda un secreto familiar y donde los dos se encontrar\u00e1n con su pasado, se acercar\u00e1n a su presente y escribir\u00e1n su futuro.<\/p>\n<p>Un divertido texto escrito e interpretado por ROBERTO JIFER y PRADO AMOR que arrancar\u00e1 las carcajadas del p\u00fablico y despertar\u00e1 el lado m\u00e1s sensible de cada espectador.<\/p>\n<\/div><\/div><\/div><\/div><a class=\"fusion-modal-text-link\" data-toggle=\"modal\" data-target=\".fusion-modal.lavi\u00f1a\" href=\"#\"><span style=\"color: #ff9900;\">[+] Pulsa aqu\u00ed para leer la SINOPSIS<\/span><\/a><div class=\"fusion-sep-clear\"><\/div><div class=\"fusion-separator fusion-full-width-sep\" style=\"margin-left: auto;margin-right: auto;margin-top:0px;margin-bottom:5px;width:100%;\"><\/div><div class=\"fusion-sep-clear\"><\/div><div class=\"fusion-modal modal fade modal-6 v\u00eddeolavi\u00f1a\" tabindex=\"-1\" role=\"dialog\" aria-labelledby=\"modal-heading-6\" aria-hidden=\"true\" style=\"--awb-border-color:#ebebeb;--awb-background:#f6f6f6;\"><div class=\"modal-dialog modal-lg\" role=\"document\"><div class=\"modal-content fusion-modal-content\"><div class=\"modal-header\"><button class=\"close\" type=\"button\" data-dismiss=\"modal\" aria-hidden=\"true\" aria-label=\"Close\">&times;<\/button><h3 class=\"modal-title\" id=\"modal-heading-6\" data-dismiss=\"modal\" aria-hidden=\"true\">LA VI\u00d1A<\/h3><\/div><div class=\"modal-body fusion-clearfix\">\n<div class=\"fusion-video fusion-youtube fusion-aligncenter\" style=\"--awb-max-width:600px;--awb-max-height:360px;--awb-width:100%;\"><div class=\"video-shortcode\"><div class=\"fluid-width-video-wrapper\" style=\"padding-top:60%;\" ><iframe title=\"YouTube video player 5\" src=\"https:\/\/www.youtube.com\/embed\/1CI6viVjPRA?wmode=transparent&autoplay=0&amp;rel=0 \" width=\"600\" height=\"360\" allowfullscreen allow=\"autoplay; clipboard-write; encrypted-media; gyroscope; picture-in-picture;\"><\/iframe><\/div><\/div><\/div>\n<\/div><\/div><\/div><\/div><a class=\"fusion-modal-text-link\" data-toggle=\"modal\" data-target=\".fusion-modal.v\u00eddeolavi\u00f1a\" href=\"#\"><span style=\"color: #ff9900;\">[+] Pulsa aqu\u00ed para ver V\u00cdDEO<\/span><\/a><div class=\"fusion-sep-clear\"><\/div><div class=\"fusion-separator fusion-full-width-sep\" style=\"margin-left: auto;margin-right: auto;margin-top:0px;margin-bottom:0px;width:100%;\"><div class=\"fusion-separator-border sep-single sep-solid\" style=\"--awb-height:20px;--awb-amount:20px;border-color:#e0dede;border-top-width:1px;\"><\/div><\/div><div class=\"fusion-sep-clear\"><\/div><div class=\"fusion-clearfix\"><\/div><\/div><\/div><div class=\"fusion-layout-column fusion_builder_column fusion-builder-column-5 fusion_builder_column_1_3 1_3 fusion-one-third fusion-column-first\" style=\"--awb-overflow:hidden;--awb-bg-size:cover;--awb-border-color:#03a9f4;--awb-border-top:0;--awb-border-right:0;--awb-border-bottom:0;--awb-border-left:0;--awb-border-style:solid;--awb-border-radius:10px 10px 0px 0px;width:33.333333333333%;width:calc(33.333333333333% - ( ( 4% + 4% ) * 0.33333333333333 ) );margin-right: 4%;\"><div class=\"fusion-column-wrapper fusion-column-has-shadow fusion-flex-column-wrapper-legacy\"><div class=\"fusion-image-element in-legacy-container\" style=\"--awb-liftup-border-radius:0px;--awb-caption-title-font-family:var(--h2_typography-font-family);--awb-caption-title-font-weight:var(--h2_typography-font-weight);--awb-caption-title-font-style:var(--h2_typography-font-style);--awb-caption-title-size:var(--h2_typography-font-size);--awb-caption-title-transform:var(--h2_typography-text-transform);--awb-caption-title-line-height:var(--h2_typography-line-height);--awb-caption-title-letter-spacing:var(--h2_typography-letter-spacing);\"><div class=\"awb-image-frame awb-image-frame-4 imageframe-liftup\"><span class=\" fusion-imageframe imageframe-none imageframe-4\"><img decoding=\"async\" width=\"395\" height=\"240\" title=\"Lalenguateatro_certamen_2019\" src=\"https:\/\/www.acebucheteatro.com\/portal\/wp-content\/uploads\/2019\/08\/Lalenguateatro_certamen_2019-e1565278329301.jpg\" alt class=\"img-responsive wp-image-14227\" srcset=\"https:\/\/www.acebucheteatro.com\/portal\/wp-content\/uploads\/2019\/08\/Lalenguateatro_certamen_2019-e1565278329301-200x122.jpg 200w, https:\/\/www.acebucheteatro.com\/portal\/wp-content\/uploads\/2019\/08\/Lalenguateatro_certamen_2019-e1565278329301.jpg 395w\" sizes=\"(max-width: 800px) 100vw, 395px\" \/><\/span><\/div><\/div><div class=\"fusion-sep-clear\"><\/div><div class=\"fusion-separator fusion-full-width-sep\" style=\"margin-left: auto;margin-right: auto;margin-top:5px;margin-bottom:10px;width:100%;\"><\/div><div class=\"fusion-sep-clear\"><\/div><div class=\"fusion-text fusion-text-6\"><p style=\"line-height: 7px;\">18 de agosto de 2019<\/p>\n<h2 style=\"line-height: 10px;\"><strong>La Indagaci\u00f3n<\/strong><\/h2>\n<p style=\"line-height: 3px;\">La Lengua Teatro<\/p>\n<\/div><div class=\"fusion-modal modal fade modal-7 laindagaci\u00f3n\" tabindex=\"-1\" role=\"dialog\" aria-labelledby=\"modal-heading-7\" aria-hidden=\"true\" style=\"--awb-border-color:#ebebeb;--awb-background:#f6f6f6;\"><div class=\"modal-dialog modal-lg\" role=\"document\"><div class=\"modal-content fusion-modal-content\"><div class=\"modal-header\"><button class=\"close\" type=\"button\" data-dismiss=\"modal\" aria-hidden=\"true\" aria-label=\"Close\">&times;<\/button><h3 class=\"modal-title\" id=\"modal-heading-7\" data-dismiss=\"modal\" aria-hidden=\"true\">LA INDAGACI\u00d3N<\/h3><\/div><div class=\"modal-body fusion-clearfix\">\n<p style=\"line-height: 7px;\"><strong>GRUPO:<\/strong> La Lengua Teatro<\/p>\n<p style=\"line-height: 7px;\"><strong>Procedencia:<\/strong> Salamanca<\/p>\n<p style=\"line-height: 7px;\"><strong>Obra:<\/strong> La Indagaci\u00f3n<\/p>\n<p style=\"line-height: 7px;\"><strong>Autor:<\/strong> Peter Weiss<\/p>\n<p style=\"line-height: 7px;\"><strong>G\u00e9nero:<\/strong> Drama<\/p>\n<div class=\"fusion-section-separator section-separator triangle fusion-section-separator-4\" style=\"--awb-border-top:2px solid #03a9f4;--awb-spacer-height:2px;--awb-svg-margin-left:0;--awb-svg-margin-right:0;--awb-icon-color:#03a9f4;--awb-icon-top:-12px;\"><div class=\"fusion-section-separator-svg\"><div class=\"section-separator-icon icon fa-theater-masks fas\" aria-hidden=\"true\"><\/div><div class=\"divider-candy-arrow top\" style=\"bottom:2px;border-bottom-color: #f6f6f6;\"><\/div><div class=\"divider-candy top\" style=\"top:-22px;border-bottom:1px solid #03a9f4;border-left:1px solid #03a9f4;\"><\/div><\/div><div class=\"fusion-section-separator-spacer\"><div class=\"fusion-section-separator-spacer-height\"><\/div><\/div><\/div>\n<h2><strong><span style=\"color: #ff9900;\">SINOPSIS<\/span><\/strong><\/h2>\n<p>1963. Una sala en el Ayuntamiento de Frankfurt. Comienzan los juicios de Auschwitz.<\/p>\n<p>Europa ha olvidado el holocausto nazi, pero ahora, por vez primera desde el final de la guerra, los supervivientes del campo de exterminio volver\u00e1n a compartir el mismo espacio que sus torturadores, aunque esta vez en igualdad de condiciones. \u00bfO tal vez no?<\/p>\n<p>Para lograr justicia, aquellos hombres y mujeres deber\u00e1n revivir el mayor horror jam\u00e1s creado por el hombre, frente a frente, despu\u00e9s de veinte a\u00f1os de silencio, aunque no todos est\u00e9n dispuestos a romperlo. \u00bfEstar\u00e1n todos preparados a aceptar lo que fueron? \u00bfDe qu\u00e9 lado est\u00e1n quienes deben juzgar este proceso? \u00bfSer\u00e1n realmente capaces de afrontar la verdad o todo es una burla para lavar conciencias?<\/p>\n<p>La LENGUA TEATRO presenta LA INDAGACI\u00d3N, basada en el texto de Peter Weiss, una tragedia sin h\u00e9roes donde nadie puede estar seguro de su propio papel.<\/p>\n<p>Planteamos el montaje a partir de historias particulares y su relaci\u00f3n con conflictos entre lo individual y lo social, con roles intercambiables o no siempre definidos, con m\u00ednimos recursos esc\u00e9nicos, para que sea la propia humanidad de los personajes la que hable; con las fronteras esc\u00e9nicas voluntariamente borrosas, de manera que el p\u00fablico no vea el drama de <em>los otros<\/em> sino la tragedia del <em>nosotros<\/em> y, por \u00faltimo (no podr\u00eda ser menos), con la acci\u00f3n de la palabra, presentada con toda su fuerza liberadora, pero tambi\u00e9n como un severo aviso sobre su poder manipulador y destructor de las conciencias.<\/p>\n<p>\u00bfQui\u00e9n de entre los personajes podr\u00edamos haber sido nosotros? \u00bfHubi\u00e9ramos sido v\u00edctimas o verdugos? \u00bfQu\u00e9 decisiones hubi\u00e9ramos tomado? En esas prguntas nos est\u00e1 hablando el teatro cara a cara.<\/p>\n<\/div><\/div><\/div><\/div><a class=\"fusion-modal-text-link\" data-toggle=\"modal\" data-target=\".fusion-modal.laindagaci\u00f3n\" href=\"#\"><span style=\"color: #ff9900;\">[+] Pulsa aqu\u00ed para leer la SINOPSIS<\/span><\/a><div class=\"fusion-sep-clear\"><\/div><div class=\"fusion-separator fusion-full-width-sep\" style=\"margin-left: auto;margin-right: auto;margin-top:0px;margin-bottom:5px;width:100%;\"><\/div><div class=\"fusion-sep-clear\"><\/div><div class=\"fusion-modal modal fade modal-8 v\u00eddeolaindagaci\u00f3n\" tabindex=\"-1\" role=\"dialog\" aria-labelledby=\"modal-heading-8\" aria-hidden=\"true\" style=\"--awb-border-color:#ebebeb;--awb-background:#f6f6f6;\"><div class=\"modal-dialog modal-lg\" role=\"document\"><div class=\"modal-content fusion-modal-content\"><div class=\"modal-header\"><button class=\"close\" type=\"button\" data-dismiss=\"modal\" aria-hidden=\"true\" aria-label=\"Close\">&times;<\/button><h3 class=\"modal-title\" id=\"modal-heading-8\" data-dismiss=\"modal\" aria-hidden=\"true\">LA INDAGACI\u00d3N<\/h3><\/div><div class=\"modal-body fusion-clearfix\">\n<div class=\"fusion-video fusion-youtube fusion-aligncenter\" style=\"--awb-max-width:600px;--awb-max-height:360px;--awb-width:100%;\"><div class=\"video-shortcode\"><div class=\"fluid-width-video-wrapper\" style=\"padding-top:60%;\" ><iframe title=\"YouTube video player 6\" src=\"https:\/\/www.youtube.com\/embed\/YFlfcETdgz0?wmode=transparent&autoplay=0&amp;rel=0 \" width=\"600\" height=\"360\" allowfullscreen allow=\"autoplay; clipboard-write; encrypted-media; gyroscope; picture-in-picture;\"><\/iframe><\/div><\/div><\/div>\n<\/div><\/div><\/div><\/div><a class=\"fusion-modal-text-link\" data-toggle=\"modal\" data-target=\".fusion-modal.v\u00eddeolaindagaci\u00f3n\" href=\"#\"><span style=\"color: #ff9900;\">[+] Pulsa aqu\u00ed para ver V\u00cdDEO<\/span><\/a><div class=\"fusion-sep-clear\"><\/div><div class=\"fusion-separator fusion-full-width-sep\" style=\"margin-left: auto;margin-right: auto;margin-top:0px;margin-bottom:0px;width:100%;\"><div class=\"fusion-separator-border sep-single sep-solid\" style=\"--awb-height:20px;--awb-amount:20px;border-color:#e0dede;border-top-width:1px;\"><\/div><\/div><div class=\"fusion-sep-clear\"><\/div><div class=\"fusion-clearfix\"><\/div><\/div><\/div><div class=\"fusion-layout-column fusion_builder_column fusion-builder-column-6 fusion_builder_column_1_3 1_3 fusion-one-third\" style=\"--awb-overflow:hidden;--awb-bg-size:cover;--awb-border-color:#03a9f4;--awb-border-top:0;--awb-border-right:0;--awb-border-bottom:0;--awb-border-left:0;--awb-border-style:solid;--awb-border-radius:10px 10px 0px 0px;width:33.333333333333%;width:calc(33.333333333333% - ( ( 4% + 4% ) * 0.33333333333333 ) );margin-right: 4%;\"><div class=\"fusion-column-wrapper fusion-column-has-shadow fusion-flex-column-wrapper-legacy\"><div class=\"fusion-image-element in-legacy-container\" style=\"--awb-liftup-border-radius:0px;--awb-caption-title-font-family:var(--h2_typography-font-family);--awb-caption-title-font-weight:var(--h2_typography-font-weight);--awb-caption-title-font-style:var(--h2_typography-font-style);--awb-caption-title-size:var(--h2_typography-font-size);--awb-caption-title-transform:var(--h2_typography-text-transform);--awb-caption-title-line-height:var(--h2_typography-line-height);--awb-caption-title-letter-spacing:var(--h2_typography-letter-spacing);\"><div class=\"awb-image-frame awb-image-frame-5 imageframe-liftup\"><span class=\" fusion-imageframe imageframe-none imageframe-5\"><img decoding=\"async\" width=\"395\" height=\"240\" title=\"Arc\u00f3n de Olid_Certamen_2019\" src=\"https:\/\/www.acebucheteatro.com\/portal\/wp-content\/uploads\/2019\/08\/DSC_0076-e1565276786503.jpg\" alt class=\"img-responsive wp-image-14219\"\/><\/span><\/div><\/div><div class=\"fusion-sep-clear\"><\/div><div class=\"fusion-separator fusion-full-width-sep\" style=\"margin-left: auto;margin-right: auto;margin-top:5px;margin-bottom:10px;width:100%;\"><\/div><div class=\"fusion-sep-clear\"><\/div><div class=\"fusion-text fusion-text-7\"><p style=\"line-height: 7px;\">22 de agosto de 2019<\/p>\n<h2 style=\"line-height: 10px;\"><strong>Un idiota en Versalles<\/strong><\/h2>\n<p style=\"line-height: 3px;\">Teatro Arc\u00f3n de Olid<\/p>\n<\/div><div class=\"fusion-modal modal fade modal-9 unidiotaenversalles\" tabindex=\"-1\" role=\"dialog\" aria-labelledby=\"modal-heading-9\" aria-hidden=\"true\" style=\"--awb-border-color:#ebebeb;--awb-background:#f6f6f6;\"><div class=\"modal-dialog modal-lg\" role=\"document\"><div class=\"modal-content fusion-modal-content\"><div class=\"modal-header\"><button class=\"close\" type=\"button\" data-dismiss=\"modal\" aria-hidden=\"true\" aria-label=\"Close\">&times;<\/button><h3 class=\"modal-title\" id=\"modal-heading-9\" data-dismiss=\"modal\" aria-hidden=\"true\">UN IDIOTA EN VERSALLES<\/h3><\/div><div class=\"modal-body fusion-clearfix\">\n<p style=\"line-height: 7px;\"><strong>GRUPO:<\/strong> Teatro Arc\u00f3n de Olid<\/p>\n<p style=\"line-height: 7px;\"><strong>Procedencia:<\/strong> Valladolid<\/p>\n<p style=\"line-height: 7px;\"><strong>Obra:<\/strong> Un idiota en Versalles<\/p>\n<p style=\"line-height: 7px;\"><strong>Autor:<\/strong> Chema Carde\u00f1a<\/p>\n<p style=\"line-height: 7px;\"><strong>G\u00e9nero:<\/strong> Comedia<\/p>\n<div class=\"fusion-section-separator section-separator triangle fusion-section-separator-5\" style=\"--awb-border-top:2px solid #03a9f4;--awb-spacer-height:2px;--awb-svg-margin-left:0;--awb-svg-margin-right:0;--awb-icon-color:#03a9f4;--awb-icon-top:-12px;\"><div class=\"fusion-section-separator-svg\"><div class=\"section-separator-icon icon fa-theater-masks fas\" aria-hidden=\"true\"><\/div><div class=\"divider-candy-arrow top\" style=\"bottom:2px;border-bottom-color: #f6f6f6;\"><\/div><div class=\"divider-candy top\" style=\"top:-22px;border-bottom:1px solid #03a9f4;border-left:1px solid #03a9f4;\"><\/div><\/div><div class=\"fusion-section-separator-spacer\"><div class=\"fusion-section-separator-spacer-height\"><\/div><\/div><\/div>\n<h2><strong><span style=\"color: #ff9900;\">SINOPSIS<\/span><\/strong><\/h2>\n<p>Francia 1664. Un desv\u00e1n del palacio sirve de tablero de juego, en donde las intrigas, los celos, las envidias y la ambici\u00f3n hacen causa com\u00fan frente a la lealtad, la honestidad y la humildad. Equ\u00edvocos y enredos. Cuatro personajes que se enfrentan entre ellos, que nos muestran sus vicios y miserias, que luchan por sobrevivir en la Corte m\u00e1s brillante y poderosa de la \u00e9poca. Una comedia donde el idiota no es tan idiota ni el listo tan listo, en donde cada uno mueve y come fichas en el parch\u00eds de Versalles.<\/p>\n<\/div><\/div><\/div><\/div><a class=\"fusion-modal-text-link\" data-toggle=\"modal\" data-target=\".fusion-modal.unidiotaenversalles\" href=\"#\"><span style=\"color: #ff9900;\">[+] Pulsa aqu\u00ed para leer la SINOPSIS<\/span><\/a><div class=\"fusion-sep-clear\"><\/div><div class=\"fusion-separator fusion-full-width-sep\" style=\"margin-left: auto;margin-right: auto;margin-top:0px;margin-bottom:5px;width:100%;\"><\/div><div class=\"fusion-sep-clear\"><\/div><div class=\"fusion-modal modal fade modal-10 v\u00eddeounidiotaenversalles\" tabindex=\"-1\" role=\"dialog\" aria-labelledby=\"modal-heading-10\" aria-hidden=\"true\" style=\"--awb-border-color:#ebebeb;--awb-background:#f6f6f6;\"><div class=\"modal-dialog modal-lg\" role=\"document\"><div class=\"modal-content fusion-modal-content\"><div class=\"modal-header\"><button class=\"close\" type=\"button\" data-dismiss=\"modal\" aria-hidden=\"true\" aria-label=\"Close\">&times;<\/button><h3 class=\"modal-title\" id=\"modal-heading-10\" data-dismiss=\"modal\" aria-hidden=\"true\">UN IDIOTA EN VERSALLES<\/h3><\/div><div class=\"modal-body fusion-clearfix\">\n<div class=\"fusion-video fusion-youtube fusion-aligncenter\" style=\"--awb-max-width:600px;--awb-max-height:360px;--awb-width:100%;\"><div class=\"video-shortcode\"><div class=\"fluid-width-video-wrapper\" style=\"padding-top:60%;\" ><iframe title=\"YouTube video player 7\" src=\"https:\/\/www.youtube.com\/embed\/i-pxPeHtJUk?wmode=transparent&autoplay=0&amp;rel=0 \" width=\"600\" height=\"360\" allowfullscreen allow=\"autoplay; clipboard-write; encrypted-media; gyroscope; picture-in-picture;\"><\/iframe><\/div><\/div><\/div>\n<\/div><\/div><\/div><\/div><a class=\"fusion-modal-text-link\" data-toggle=\"modal\" data-target=\".fusion-modal.v\u00eddeounidiotaenversalles\" href=\"#\"><span style=\"color: #ff9900;\">[+] Pulsa aqu\u00ed para ver V\u00cdDEO<\/span><\/a><div class=\"fusion-sep-clear\"><\/div><div class=\"fusion-separator fusion-full-width-sep\" style=\"margin-left: auto;margin-right: auto;margin-top:0px;margin-bottom:0px;width:100%;\"><div class=\"fusion-separator-border sep-single sep-solid\" style=\"--awb-height:20px;--awb-amount:20px;border-color:#e0dede;border-top-width:1px;\"><\/div><\/div><div class=\"fusion-sep-clear\"><\/div><div class=\"fusion-clearfix\"><\/div><\/div><\/div><div class=\"fusion-layout-column fusion_builder_column fusion-builder-column-7 fusion_builder_column_1_3 1_3 fusion-one-third fusion-column-last\" style=\"--awb-overflow:hidden;--awb-bg-size:cover;--awb-border-color:#03a9f4;--awb-border-top:0;--awb-border-right:0;--awb-border-bottom:0;--awb-border-left:0;--awb-border-style:solid;--awb-border-radius:10px 10px 0px 0px;width:33.333333333333%;width:calc(33.333333333333% - ( ( 4% + 4% ) * 0.33333333333333 ) );\"><div class=\"fusion-column-wrapper fusion-column-has-shadow fusion-flex-column-wrapper-legacy\"><div class=\"fusion-image-element in-legacy-container\" style=\"--awb-liftup-border-radius:0px;--awb-caption-title-font-family:var(--h2_typography-font-family);--awb-caption-title-font-weight:var(--h2_typography-font-weight);--awb-caption-title-font-style:var(--h2_typography-font-style);--awb-caption-title-size:var(--h2_typography-font-size);--awb-caption-title-transform:var(--h2_typography-text-transform);--awb-caption-title-line-height:var(--h2_typography-line-height);--awb-caption-title-letter-spacing:var(--h2_typography-letter-spacing);\"><div class=\"awb-image-frame awb-image-frame-6 imageframe-liftup\"><span class=\" fusion-imageframe imageframe-none imageframe-6\"><img decoding=\"async\" width=\"395\" height=\"240\" title=\"Gabalzeka_certamen_2019\" src=\"https:\/\/www.acebucheteatro.com\/portal\/wp-content\/uploads\/2019\/08\/Gabalzeka_certamen_2019-e1565276525974.jpg\" alt class=\"img-responsive wp-image-14221\" srcset=\"https:\/\/www.acebucheteatro.com\/portal\/wp-content\/uploads\/2019\/08\/Gabalzeka_certamen_2019-e1565276525974-200x122.jpg 200w, https:\/\/www.acebucheteatro.com\/portal\/wp-content\/uploads\/2019\/08\/Gabalzeka_certamen_2019-e1565276525974.jpg 395w\" sizes=\"(max-width: 800px) 100vw, 395px\" \/><\/span><\/div><\/div><div class=\"fusion-sep-clear\"><\/div><div class=\"fusion-separator fusion-full-width-sep\" style=\"margin-left: auto;margin-right: auto;margin-top:5px;margin-bottom:10px;width:100%;\"><\/div><div class=\"fusion-sep-clear\"><\/div><div class=\"fusion-text fusion-text-8\"><p style=\"line-height: 7px;\">23 de agosto de 2019<\/p>\n<h2 style=\"line-height: 10px;\"><strong>Memoria de bolero<\/strong><\/h2>\n<p style=\"line-height: 3px;\">Gabalzeka Teatro<\/p>\n<\/div><div class=\"fusion-modal modal fade modal-11 memoriadebolero\" tabindex=\"-1\" role=\"dialog\" aria-labelledby=\"modal-heading-11\" aria-hidden=\"true\" style=\"--awb-border-color:#ebebeb;--awb-background:#f6f6f6;\"><div class=\"modal-dialog modal-lg\" role=\"document\"><div class=\"modal-content fusion-modal-content\"><div class=\"modal-header\"><button class=\"close\" type=\"button\" data-dismiss=\"modal\" aria-hidden=\"true\" aria-label=\"Close\">&times;<\/button><h3 class=\"modal-title\" id=\"modal-heading-11\" data-dismiss=\"modal\" aria-hidden=\"true\">MEMORIA DE BOLERO<\/h3><\/div><div class=\"modal-body fusion-clearfix\">\n<p style=\"line-height: 7px;\"><strong>GRUPO:<\/strong> Gabalzeka Teatro<\/p>\n<p style=\"line-height: 7px;\"><strong>Procedencia:<\/strong> Tafalla (Navarra)<\/p>\n<p style=\"line-height: 7px;\"><strong>Obra:<\/strong> Memoria de Bolero<\/p>\n<p style=\"line-height: 7px;\"><strong>Autor:<\/strong> Rafael Campos<\/p>\n<p style=\"line-height: 7px;\"><strong>G\u00e9nero:<\/strong> Comedia con canciones<\/p>\n<div class=\"fusion-section-separator section-separator triangle fusion-section-separator-6\" style=\"--awb-border-top:2px solid #03a9f4;--awb-spacer-height:2px;--awb-svg-margin-left:0;--awb-svg-margin-right:0;--awb-icon-color:#03a9f4;--awb-icon-top:-12px;\"><div class=\"fusion-section-separator-svg\"><div class=\"section-separator-icon icon fa-theater-masks fas\" aria-hidden=\"true\"><\/div><div class=\"divider-candy-arrow top\" style=\"bottom:2px;border-bottom-color: #f6f6f6;\"><\/div><div class=\"divider-candy top\" style=\"top:-22px;border-bottom:1px solid #03a9f4;border-left:1px solid #03a9f4;\"><\/div><\/div><div class=\"fusion-section-separator-spacer\"><div class=\"fusion-section-separator-spacer-height\"><\/div><\/div><\/div>\n<h2><strong><span style=\"color: #ff9900;\">SINOPSIS<\/span><\/strong><\/h2>\n<p>Un teatro cualquiera de una ciudad espa\u00f1ola cualquiera en 1959. Un grupo de artistas se dispone a pasar por delante del Tribunal del Sindicato de Espect\u00e1culos para que se les conceda el carn\u00e9 de cantante, tr\u00e1mite burocr\u00e1tico obligatorio para trabajar en territorio nacional. Las y los artistas deben mostrar sus facultades ante determinados se\u00f1ores para que les den su conformidad y les extiendan el anhelado carn\u00e9.<\/p>\n<p>A la espera de que lleguen los miembros del Tribunal, los artistas se van conociendo y entre ellos van surgiendo algunas amistades y tambi\u00e9n las t\u00edpicas envidias, enemistades y rivalidades que provocan m\u00e1s de un incidente que intentar\u00e1 apaciguar el conserje destinado a atender a la far\u00e1ndula y a ponerse a las \u00f3rdenes del citado Tribunal.<\/p>\n<h2><strong><span style=\"color: #ff9900;\">La obra<\/span><\/strong><\/h2>\n<p>La obra es una comedia, y bastante divertida, porque las acciones que se desarrollan entre los personajes que en ella aparecen se prestan a la hilaridad en la mayor\u00eda de las ocasiones; adem\u00e1s, estamos ante una comedia musical porque los artistas cantan y nos tratan de mostrar sus respectivas val\u00edas con la esperanza de obtener el ansiado carn\u00e9 \u201credentor\u201d. Todos los personajes, incluso los que ostentan algo de poder o prestigio, son perdedores dignos de compasi\u00f3n y consuelo, y meros supervivientes. Cada uno arrastra y acarrea sus propias penas y miserias, unos de forma m\u00e1s oculta que otros, y todos son v\u00edctimas de los a\u00f1os que les ha tocado vivir y del pa\u00eds en el que habitan. Pero conservan sus esperanzas y anhelos, a la espera de que lleguen tiempos mejores y puedan progresar, algo no tan dif\u00edcil dada la situaci\u00f3n en la que se encuentran.<\/p>\n<p>Gabalzeka Teatro ha tenido la suerte y el privilegio de que este espect\u00e1culo haya podido ser dirigido por el creador y escritor del texto, el tambi\u00e9n actor y profesor de arte dr\u00e1matico Rafael Campos, que lo puso en pie en los a\u00f1os 90 con la compa\u00f1\u00eda Tranv\u00eda Teatro de Zaragoza y con el que desarrollaron una extensa gira por casi todo el territorio nacional obteniendo premios, reconocimientos y un notable \u00e9xito. Que su autor se haya prestado a dirigir a una compa\u00f1\u00eda navarra de teatro amateur ha sido un gesto muy loable de su parte, sobre todo teniendo en cuenta la distancia entre Zaragoza y Tafalla. Gabalzeka no tiene palabras para agradecer el esfuerzo, la dedicaci\u00f3n y la entrega que ha exigido este proyecto por parte del autor y espera haberle podido recompensar al menos con el inter\u00e9s y la acogida que ha tratado de dispensarle en sus reiteradas estancias con el grupo para conseguir el mejor resultado posible del espect\u00e1culo.<\/p>\n<\/div><\/div><\/div><\/div><a class=\"fusion-modal-text-link\" data-toggle=\"modal\" data-target=\".fusion-modal.memoriadebolero\" href=\"#\"><span style=\"color: #ff9900;\">[+] Pulsa aqu\u00ed para leer la SINOPSIS<\/span><\/a><div class=\"fusion-sep-clear\"><\/div><div class=\"fusion-separator fusion-full-width-sep\" style=\"margin-left: auto;margin-right: auto;margin-top:0px;margin-bottom:5px;width:100%;\"><\/div><div class=\"fusion-sep-clear\"><\/div><div class=\"fusion-modal modal fade modal-12 v\u00eddeomemoriadebolero\" tabindex=\"-1\" role=\"dialog\" aria-labelledby=\"modal-heading-12\" aria-hidden=\"true\" style=\"--awb-border-color:#ebebeb;--awb-background:#f6f6f6;\"><div class=\"modal-dialog modal-lg\" role=\"document\"><div class=\"modal-content fusion-modal-content\"><div class=\"modal-header\"><button class=\"close\" type=\"button\" data-dismiss=\"modal\" aria-hidden=\"true\" aria-label=\"Close\">&times;<\/button><h3 class=\"modal-title\" id=\"modal-heading-12\" data-dismiss=\"modal\" aria-hidden=\"true\">MEMORIA DE BOLERO<\/h3><\/div><div class=\"modal-body fusion-clearfix\">\n<div class=\"fusion-video fusion-youtube fusion-aligncenter\" style=\"--awb-max-width:600px;--awb-max-height:360px;--awb-width:100%;\"><div class=\"video-shortcode\"><div class=\"fluid-width-video-wrapper\" style=\"padding-top:60%;\" ><iframe title=\"YouTube video player 8\" src=\"https:\/\/www.youtube.com\/embed\/NSveqtDzap4?wmode=transparent&autoplay=0&amp;rel=0 \" width=\"600\" height=\"360\" allowfullscreen allow=\"autoplay; clipboard-write; encrypted-media; gyroscope; picture-in-picture;\"><\/iframe><\/div><\/div><\/div>\n<\/div><\/div><\/div><\/div><a class=\"fusion-modal-text-link\" data-toggle=\"modal\" data-target=\".fusion-modal.v\u00eddeomemoriadebolero\" href=\"#\"><span style=\"color: #ff9900;\">[+] Pulsa aqu\u00ed para ver V\u00cdDEO<\/span><\/a><div class=\"fusion-sep-clear\"><\/div><div class=\"fusion-separator fusion-full-width-sep\" style=\"margin-left: auto;margin-right: auto;margin-top:0px;margin-bottom:0px;width:100%;\"><div class=\"fusion-separator-border sep-single sep-solid\" style=\"--awb-height:20px;--awb-amount:20px;border-color:#e0dede;border-top-width:1px;\"><\/div><\/div><div class=\"fusion-sep-clear\"><\/div><div class=\"fusion-clearfix\"><\/div><\/div><\/div><div class=\"fusion-layout-column fusion_builder_column fusion-builder-column-8 fusion_builder_column_1_3 1_3 fusion-one-third fusion-column-first\" style=\"--awb-overflow:hidden;--awb-bg-size:cover;--awb-border-color:#03a9f4;--awb-border-top:0;--awb-border-right:0;--awb-border-bottom:0;--awb-border-left:0;--awb-border-style:solid;--awb-border-radius:10px 10px 0px 0px;width:33.333333333333%;width:calc(33.333333333333% - ( ( 4% ) * 0.33333333333333 ) );margin-right: 4%;\"><div class=\"fusion-column-wrapper fusion-column-has-shadow fusion-flex-column-wrapper-legacy\"><div class=\"fusion-image-element in-legacy-container\" style=\"--awb-liftup-border-radius:0px;--awb-caption-title-font-family:var(--h2_typography-font-family);--awb-caption-title-font-weight:var(--h2_typography-font-weight);--awb-caption-title-font-style:var(--h2_typography-font-style);--awb-caption-title-size:var(--h2_typography-font-size);--awb-caption-title-transform:var(--h2_typography-text-transform);--awb-caption-title-line-height:var(--h2_typography-line-height);--awb-caption-title-letter-spacing:var(--h2_typography-letter-spacing);\"><div class=\"awb-image-frame awb-image-frame-7 imageframe-liftup\"><span class=\" fusion-imageframe imageframe-none imageframe-7\"><img decoding=\"async\" width=\"696\" height=\"386\" title=\"La caricia de los juegos &#8211; PIPIRIGA\u00d1A (5)\" src=\"https:\/\/www.acebucheteatro.com\/portal\/wp-content\/uploads\/2019\/06\/La-caricia-de-los-juegos-PIPIRIGA\u00d1A-5.jpg\" alt class=\"img-responsive wp-image-14071\" srcset=\"https:\/\/www.acebucheteatro.com\/portal\/wp-content\/uploads\/2019\/06\/La-caricia-de-los-juegos-PIPIRIGA\u00d1A-5-200x111.jpg 200w, https:\/\/www.acebucheteatro.com\/portal\/wp-content\/uploads\/2019\/06\/La-caricia-de-los-juegos-PIPIRIGA\u00d1A-5-400x222.jpg 400w, https:\/\/www.acebucheteatro.com\/portal\/wp-content\/uploads\/2019\/06\/La-caricia-de-los-juegos-PIPIRIGA\u00d1A-5-600x333.jpg 600w, https:\/\/www.acebucheteatro.com\/portal\/wp-content\/uploads\/2019\/06\/La-caricia-de-los-juegos-PIPIRIGA\u00d1A-5.jpg 696w\" sizes=\"(max-width: 800px) 100vw, 400px\" \/><\/span><\/div><\/div><div class=\"fusion-sep-clear\"><\/div><div class=\"fusion-separator fusion-full-width-sep\" style=\"margin-left: auto;margin-right: auto;margin-top:5px;margin-bottom:10px;width:100%;\"><\/div><div class=\"fusion-sep-clear\"><\/div><div class=\"fusion-text fusion-text-9\"><p style=\"line-height: 7px;\">24 de agosto de 2019<\/p>\n<h2 style=\"line-height: 10px;\"><strong>La caricia de los juegos<\/strong><\/h2>\n<p style=\"line-height: 3px;\">Pipiriga\u00f1a Teatro (ACEBUCHE-TEATRO)<\/p>\n<\/div><div class=\"fusion-modal modal fade modal-13 lacariciadelosjuegos\" tabindex=\"-1\" role=\"dialog\" aria-labelledby=\"modal-heading-13\" aria-hidden=\"true\" style=\"--awb-border-color:#ebebeb;--awb-background:#f6f6f6;\"><div class=\"modal-dialog modal-lg\" role=\"document\"><div class=\"modal-content fusion-modal-content\"><div class=\"modal-header\"><button class=\"close\" type=\"button\" data-dismiss=\"modal\" aria-hidden=\"true\" aria-label=\"Close\">&times;<\/button><h3 class=\"modal-title\" id=\"modal-heading-13\" data-dismiss=\"modal\" aria-hidden=\"true\">LA CARICIA DE LOS JUEGOS<\/h3><\/div><div class=\"modal-body fusion-clearfix\">\n<p style=\"line-height: 7px;\"><strong>GRUPO:<\/strong> Pipiriga\u00f1a-Teatro (cantera de ACEBUCHE-TEATRO)<\/p>\n<p style=\"line-height: 7px;\"><strong>Procedencia:<\/strong> Aceuchal (Badajoz)<\/p>\n<p style=\"line-height: 7px;\"><strong>Obra:<\/strong> La Caricia de los Juegos<\/p>\n<p style=\"line-height: 7px;\"><strong>Autor:<\/strong> Antonio Rodr\u00edguez Gord\u00f3n<\/p>\n<p style=\"line-height: 7px;\"><strong>G\u00e9nero:<\/strong> Comedia<\/p>\n<div class=\"fusion-section-separator section-separator triangle fusion-section-separator-7\" style=\"--awb-border-top:2px solid #03a9f4;--awb-spacer-height:2px;--awb-svg-margin-left:0;--awb-svg-margin-right:0;--awb-icon-color:#03a9f4;--awb-icon-top:-12px;\"><div class=\"fusion-section-separator-svg\"><div class=\"section-separator-icon icon fa-theater-masks fas\" aria-hidden=\"true\"><\/div><div class=\"divider-candy-arrow top\" style=\"bottom:2px;border-bottom-color: #f6f6f6;\"><\/div><div class=\"divider-candy top\" style=\"top:-22px;border-bottom:1px solid #03a9f4;border-left:1px solid #03a9f4;\"><\/div><\/div><div class=\"fusion-section-separator-spacer\"><div class=\"fusion-section-separator-spacer-height\"><\/div><\/div><\/div>\n<h2><strong><span style=\"color: #ff9900;\">SINOPSIS<\/span><\/strong><\/h2>\n<p>La cantera de ACEBUCHE-TEATRO,\u00a0<strong>PIPIRIGA\u00d1A Teatro<\/strong>, capitaneado por Antonio R. Gord\u00f3n y Mar\u00eda R. Velasco pondr\u00e1n en escena la\u00a0obra\u00a0<em>La Caricia de los Juegos<\/em>.<\/p>\n<p>En palabras de Antonio R. Gord\u00f3n, \u201c<em>La caricia de los juegos<\/em>\u00a0fluye a ritmo vertiginoso, busca y se refugia en la energ\u00eda, la ilusi\u00f3n y verdad que vuelcan Jara, Soledad, Natalia, Mara, Leire y Lidia encargadas de llevar al escenario y ofrecer toda la carga de ara\u00f1azos al machismo, la prisa, xenofobia\u2026 Como tambi\u00e9n brotes de alegr\u00eda, retazos de libertad, generosidad, locura. Se perdi\u00f3 el tren por querer vivir a todo tren. Nos arrastra la jungla de nuestro tiempo. A\u00fan as\u00ed, re\u00edr y pensar, sigue siendo una terapia inteligente. Haber madurado un trabajo durante ocho meses con estas seis ni\u00f1as, con Candi y con Mar\u00eda, ha sido una experiencia grata\u201d.<\/p>\n<p>El proyecto, en el que colabora activamente el CEIP Ntra. Sra. de la Soledad de Aceuchal, tendr\u00e1 su momento culmen en el Certamen Nacional de Teatro de Aceuchal donde clausurar\u00e1n la 30 edici\u00f3n.<\/p>\n<\/div><\/div><\/div><\/div><a class=\"fusion-modal-text-link\" data-toggle=\"modal\" data-target=\".fusion-modal.lacariciadelosjuegos\" href=\"#\"><span style=\"color: #ff9900;\">[+] Pulsa aqu\u00ed para leer la SINOPSIS<\/span><\/a><div class=\"fusion-sep-clear\"><\/div><div class=\"fusion-separator fusion-full-width-sep\" style=\"margin-left: auto;margin-right: auto;margin-top:0px;margin-bottom:5px;width:100%;\"><\/div><div class=\"fusion-sep-clear\"><\/div><div class=\"fusion-modal modal fade modal-14 v\u00eddeolacariciadelosjuegos\" tabindex=\"-1\" role=\"dialog\" aria-labelledby=\"modal-heading-14\" aria-hidden=\"true\" style=\"--awb-border-color:#ebebeb;--awb-background:#f6f6f6;\"><div class=\"modal-dialog modal-lg\" role=\"document\"><div class=\"modal-content fusion-modal-content\"><div class=\"modal-header\"><button class=\"close\" type=\"button\" data-dismiss=\"modal\" aria-hidden=\"true\" aria-label=\"Close\">&times;<\/button><h3 class=\"modal-title\" id=\"modal-heading-14\" data-dismiss=\"modal\" aria-hidden=\"true\">LA CARICIA DE LOS JUEGOS<\/h3><\/div><div class=\"modal-body fusion-clearfix\"><\/div><\/div><\/div><\/div><a class=\"fusion-modal-text-link\" data-toggle=\"modal\" data-target=\".fusion-modal.v\u00eddeolacariciadelosjuegos\" href=\"#\"><span style=\"color: #ff9900;\">[+] Pulsa aqu\u00ed para ver V\u00cdDEO<\/span><\/a><div class=\"fusion-sep-clear\"><\/div><div class=\"fusion-separator fusion-full-width-sep\" style=\"margin-left: auto;margin-right: auto;margin-top:0px;margin-bottom:0px;width:100%;\"><div class=\"fusion-separator-border sep-single sep-solid\" style=\"--awb-height:20px;--awb-amount:20px;border-color:#e0dede;border-top-width:1px;\"><\/div><\/div><div class=\"fusion-sep-clear\"><\/div><div class=\"fusion-clearfix\"><\/div><\/div><\/div><\/div><\/div><div class=\"fusion-fullwidth fullwidth-box fusion-builder-row-3 nonhundred-percent-fullwidth non-hundred-percent-height-scrolling\" style=\"--awb-border-radius-top-left:0px;--awb-border-radius-top-right:0px;--awb-border-radius-bottom-right:0px;--awb-border-radius-bottom-left:0px;--awb-flex-wrap:wrap;\" ><div class=\"fusion-builder-row fusion-row\"><div class=\"fusion-layout-column fusion_builder_column fusion-builder-column-9 fusion_builder_column_1_1 1_1 fusion-one-full fusion-column-first fusion-column-last\" style=\"--awb-bg-size:cover;\"><div class=\"fusion-column-wrapper fusion-flex-column-wrapper-legacy\"><div class=\"fusion-title title fusion-title-1 fusion-title-text fusion-title-size-two\" style=\"--awb-margin-top-small:0px;--awb-margin-right-small:0px;--awb-margin-bottom-small:20px;--awb-margin-left-small:0px;\"><h2 class=\"fusion-title-heading title-heading-left\" style=\"margin:0;\">Lea los\u00a0POST relacionados con el CERTAMEN DE TEATRO DE ACEUCHAL<\/h2><span class=\"awb-title-spacer\"><\/span><div class=\"title-sep-container\"><div class=\"title-sep sep- sep-solid\" style=\"border-color:#e0dede;\"><\/div><\/div><\/div><div class=\"fusion-blog-shortcode fusion-blog-shortcode-1 fusion-blog-archive fusion-blog-layout-grid-wrapper fusion-blog-infinite\"><style type=\"text\/css\">.fusion-blog-shortcode-1 .fusion-blog-layout-grid .fusion-post-grid{padding:20px;}.fusion-blog-shortcode-1 .fusion-posts-container{margin-left: -20px !important; margin-right:-20px !important;}<\/style><div class=\"fusion-posts-container fusion-posts-container-infinite fusion-blog-rollover fusion-blog-layout-grid fusion-blog-layout-grid-3 isotope fusion-blog-equal-heights\" data-pages=\"3\" data-grid-col-space=\"40\" style=\"margin: -20px -20px 0;min-height:500px;\"><article id=\"blog-1-post-14360\" class=\"fusion-post-grid post-14360 post type-post status-publish format-standard has-post-thumbnail hentry category-certamen-teatro-aceuchal tag-acebuche-teatro tag-aceuchal tag-certamen tag-certamen-de-teatro-de-aceuchal tag-entrega-de-premios tag-gala-de-clausura tag-no-profesional tag-xxx-certamen-de-teatro-de-aceuchal\">\n<div class=\"fusion-post-wrapper\" style=\"background-color:rgba(255,255,255,0);border:1px solid #ebeaea;border-bottom-width:3px;\">\n\n\t\t\t<div class=\"fusion-flexslider flexslider fusion-flexslider-loading fusion-post-slideshow\" style=\"border-color:#ebeaea;\">\n\t\t<ul class=\"slides\">\n\t\t\t\n\t\t\t\t\t\t\t\t\t\t\t\t\t\t<li><div  class=\"fusion-image-wrapper\" aria-haspopup=\"true\">\n\t\t\t\t<img decoding=\"async\" width=\"1970\" height=\"869\" src=\"https:\/\/www.acebucheteatro.com\/portal\/wp-content\/uploads\/2019\/09\/Clausura-XXX-Certamen-Nacional-de-Teatro-de-Aceuchal-2019-57.jpg\" class=\"attachment-full size-full wp-post-image\" alt=\"\" srcset=\"https:\/\/www.acebucheteatro.com\/portal\/wp-content\/uploads\/2019\/09\/Clausura-XXX-Certamen-Nacional-de-Teatro-de-Aceuchal-2019-57-200x88.jpg 200w, https:\/\/www.acebucheteatro.com\/portal\/wp-content\/uploads\/2019\/09\/Clausura-XXX-Certamen-Nacional-de-Teatro-de-Aceuchal-2019-57-400x176.jpg 400w, https:\/\/www.acebucheteatro.com\/portal\/wp-content\/uploads\/2019\/09\/Clausura-XXX-Certamen-Nacional-de-Teatro-de-Aceuchal-2019-57-600x265.jpg 600w, https:\/\/www.acebucheteatro.com\/portal\/wp-content\/uploads\/2019\/09\/Clausura-XXX-Certamen-Nacional-de-Teatro-de-Aceuchal-2019-57-800x353.jpg 800w, https:\/\/www.acebucheteatro.com\/portal\/wp-content\/uploads\/2019\/09\/Clausura-XXX-Certamen-Nacional-de-Teatro-de-Aceuchal-2019-57-1200x529.jpg 1200w, https:\/\/www.acebucheteatro.com\/portal\/wp-content\/uploads\/2019\/09\/Clausura-XXX-Certamen-Nacional-de-Teatro-de-Aceuchal-2019-57.jpg 1970w\" sizes=\"(min-width: 2200px) 100vw, (min-width: 784px) 340px, (min-width: 712px) 510px, (min-width: 640px) 712px, \" \/><div class=\"fusion-rollover\">\n\t<div class=\"fusion-rollover-content\">\n\n\t\t\t\t\t\t\t\t\t\t\t\t\t\t<a class=\"fusion-rollover-link\" href=\"https:\/\/www.acebucheteatro.com\/portal\/gala-de-clausura-y-entrega-de-premios-del-xxx-certamen-nacional-de-teatro-de-aceuchal-2019\/\">Gala de Clausura y Entrega de Premios del XXX Certamen Nacional de Teatro de Aceuchal 2019<\/a>\n\t\t\t\n\t\t\t\t\t\t\t\t\t\t\t\t\t\t\n\t\t\t\t\t\t\t\t\n\t\t\t\t\t\t\t\t\t\t\t\t\t<div class=\"fusion-rollover-sep\"><\/div>\n\t\t\t\t\n\t\t\t\t\t\t\t\t\t\t\t\t\t\t\t\t\t\t<a class=\"fusion-rollover-gallery\" href=\"https:\/\/www.acebucheteatro.com\/portal\/wp-content\/uploads\/2019\/09\/Clausura-XXX-Certamen-Nacional-de-Teatro-de-Aceuchal-2019-57.jpg\" data-options=\"\" data-id=\"14360\" data-rel=\"iLightbox[gallery]\" data-title=\"Clausura XXX Certamen Nacional de Teatro de Aceuchal 2019 (57)\" data-caption=\"\">\n\t\t\t\t\t\tGaler\u00eda\t\t\t\t\t<\/a>\n\t\t\t\t\t\t\t\t\t\t\t\t\t\t\n\t\t\n\t\t\t\t\t\t\t\t\t\t\t\t<h4 class=\"fusion-rollover-title\">\n\t\t\t\t\t<a class=\"fusion-rollover-title-link\" href=\"https:\/\/www.acebucheteatro.com\/portal\/gala-de-clausura-y-entrega-de-premios-del-xxx-certamen-nacional-de-teatro-de-aceuchal-2019\/\">\n\t\t\t\t\t\tGala de Clausura y Entrega de Premios del XXX Certamen Nacional de Teatro de Aceuchal 2019\t\t\t\t\t<\/a>\n\t\t\t\t<\/h4>\n\t\t\t\n\t\t\t\t\t\t\t\t\t\t<div class=\"fusion-rollover-categories\"><a href=\"https:\/\/www.acebucheteatro.com\/portal\/category\/certamen-teatro-aceuchal\/\" rel=\"tag\">News - Certamen Nacional de Teatro de Aceuchal<\/a><\/div>\t\t\t\t\t\n\t\t\n\t\t\t\t\t\t<a class=\"fusion-link-wrapper\" href=\"https:\/\/www.acebucheteatro.com\/portal\/gala-de-clausura-y-entrega-de-premios-del-xxx-certamen-nacional-de-teatro-de-aceuchal-2019\/\" aria-label=\"Gala de Clausura y Entrega de Premios del XXX Certamen Nacional de Teatro de Aceuchal 2019\"><\/a>\n\t<\/div>\n<\/div>\n<\/div>\n<\/li>\n\t\t\t\n\t\t\t\n\t\t\t\t\t\t\t\t\t\t\t\t\t\t\t\t\t\t\t\t\t\t\t\t\t\t\t\t\t\t\t\t\t\t\t\t\t\t\t\t\t\t\t\t\t\t\t\t\t\t\t\t\t\t\t\t\t\t\t\t\t\t\t\t\t\t\t\t<\/ul>\n\t<\/div>\n\t<div class=\"fusion-post-content-wrapper\" style=\"padding:30px 25px 20px 25px;\"><div class=\"fusion-post-content post-content\"><h2 class=\"blog-shortcode-post-title entry-title\"><a href=\"https:\/\/www.acebucheteatro.com\/portal\/gala-de-clausura-y-entrega-de-premios-del-xxx-certamen-nacional-de-teatro-de-aceuchal-2019\/\">Gala de Clausura y Entrega de Premios del XXX Certamen Nacional de Teatro de Aceuchal 2019<\/a><\/h2><p class=\"fusion-single-line-meta\"><span class=\"vcard\" style=\"display: none;\"><span class=\"fn\"><a href=\"https:\/\/www.acebucheteatro.com\/portal\/author\/admin\/\" title=\"Entradas de Francisco Jos\u00e9 Rodr\u00edguez Velasco\" rel=\"author\">Francisco Jos\u00e9 Rodr\u00edguez Velasco<\/a><\/span><\/span><span class=\"updated\" style=\"display:none;\">2019-09-09T23:34:10+02:00<\/span><span>2 de septiembre de 2019<\/span><span class=\"fusion-inline-sep\">|<\/span><\/p><div class=\"fusion-content-sep sep-double sep-solid\"><\/div><div class=\"fusion-post-content-container\"><p> La noche de la clausura del XXX Certamen Nacional de Teatro No Profesional de<a href=\"https:\/\/www.acebucheteatro.com\/portal\/gala-de-clausura-y-entrega-de-premios-del-xxx-certamen-nacional-de-teatro-de-aceuchal-2019\/\"> [...]<\/a><\/p><\/div><\/div><div class=\"fusion-meta-info\"><div class=\"fusion-alignleft\"><a class=\"fusion-read-more\" href=\"https:\/\/www.acebucheteatro.com\/portal\/gala-de-clausura-y-entrega-de-premios-del-xxx-certamen-nacional-de-teatro-de-aceuchal-2019\/\" aria-label=\"More on Gala de Clausura y Entrega de Premios del XXX Certamen Nacional de Teatro de Aceuchal 2019\">Leer M\u00e1s<\/a><\/div><\/div><\/div><div class=\"fusion-clearfix\"><\/div><\/div>\n<\/article>\n<article id=\"blog-1-post-14307\" class=\"fusion-post-grid has-post-thumbnail post-14307 post type-post status-publish format-video hentry category-certamen-teatro-aceuchal tag-acebuche-teatro tag-aceuchal tag-certamen tag-certamen-de-teatro-de-aceuchal tag-gabalzeka-teatro tag-memoria-de-bolero tag-no-profesional tag-xxx-certamen-de-teatro-de-aceuchal post_format-post-format-video\">\n<div class=\"fusion-post-wrapper\" style=\"background-color:rgba(255,255,255,0);border:1px solid #ebeaea;border-bottom-width:3px;\">\n\n\t\t\t<div class=\"fusion-flexslider flexslider fusion-flexslider-loading fusion-post-slideshow\" style=\"border-color:#ebeaea;\">\n\t\t<ul class=\"slides\">\n\t\t\t\t\t\t\t<li>\n\t\t\t\t\t<div class=\"full-video\"><iframe width=\"560\" height=\"315\" src=\"https:\/\/www.youtube.com\/embed\/hen3siE_4og?rel=0\" frameborder=\"0\" allow=\"accelerometer; autoplay; encrypted-media; gyroscope; picture-in-picture\" allowfullscreen><\/iframe><\/div>\n\t\t\t\t<\/li>\n\t\t\t\n\t\t\t\t\t\t\t\t\t\t\t\t\t\t<li><div  class=\"fusion-image-wrapper\" aria-haspopup=\"true\">\n\t\t\t\t<img decoding=\"async\" width=\"395\" height=\"240\" src=\"https:\/\/www.acebucheteatro.com\/portal\/wp-content\/uploads\/2019\/08\/Gabalzeka_certamen_2019-e1565276525974.jpg\" class=\"attachment-full size-full wp-post-image\" alt=\"\" srcset=\"https:\/\/www.acebucheteatro.com\/portal\/wp-content\/uploads\/2019\/08\/Gabalzeka_certamen_2019-e1565276525974-200x122.jpg 200w, https:\/\/www.acebucheteatro.com\/portal\/wp-content\/uploads\/2019\/08\/Gabalzeka_certamen_2019-e1565276525974.jpg 395w\" sizes=\"(min-width: 2200px) 100vw, (min-width: 784px) 340px, (min-width: 712px) 510px, (min-width: 640px) 712px, \" \/><div class=\"fusion-rollover\">\n\t<div class=\"fusion-rollover-content\">\n\n\t\t\t\t\t\t\t\t\t\t\t\t\t\t<a class=\"fusion-rollover-link\" href=\"https:\/\/www.acebucheteatro.com\/portal\/23-de-agosto-memoria-de-bolero-de-gabalzeka-teatro\/\">23 de agosto: \u201cMemoria de bolero\u201d, de Gabalzeka Teatro<\/a>\n\t\t\t\n\t\t\t\t\t\t\t\t\t\t\t\t\t\t\n\t\t\t\t\t\t\t\t\n\t\t\t\t\t\t\t\t\t\t\t\t\t<div class=\"fusion-rollover-sep\"><\/div>\n\t\t\t\t\n\t\t\t\t\t\t\t\t\t\t\t\t\t\t\t\t\t\t<a class=\"fusion-rollover-gallery\" href=\"https:\/\/www.acebucheteatro.com\/portal\/wp-content\/uploads\/2019\/08\/Gabalzeka_certamen_2019-e1565276525974.jpg\" data-options=\"\" data-id=\"14307\" data-rel=\"iLightbox[gallery]\" data-title=\"Gabalzeka_certamen_2019\" data-caption=\"\">\n\t\t\t\t\t\tGaler\u00eda\t\t\t\t\t<\/a>\n\t\t\t\t\t\t\t\t\t\t\t\t\t\t\n\t\t\n\t\t\t\t\t\t\t\t\t\t\t\t<h4 class=\"fusion-rollover-title\">\n\t\t\t\t\t<a class=\"fusion-rollover-title-link\" href=\"https:\/\/www.acebucheteatro.com\/portal\/23-de-agosto-memoria-de-bolero-de-gabalzeka-teatro\/\">\n\t\t\t\t\t\t23 de agosto: \u201cMemoria de bolero\u201d, de Gabalzeka Teatro\t\t\t\t\t<\/a>\n\t\t\t\t<\/h4>\n\t\t\t\n\t\t\t\t\t\t\t\t\t\t<div class=\"fusion-rollover-categories\"><a href=\"https:\/\/www.acebucheteatro.com\/portal\/category\/certamen-teatro-aceuchal\/\" rel=\"tag\">News - Certamen Nacional de Teatro de Aceuchal<\/a><\/div>\t\t\t\t\t\n\t\t\n\t\t\t\t\t\t<a class=\"fusion-link-wrapper\" href=\"https:\/\/www.acebucheteatro.com\/portal\/23-de-agosto-memoria-de-bolero-de-gabalzeka-teatro\/\" aria-label=\"23 de agosto: \u201cMemoria de bolero\u201d, de Gabalzeka Teatro\"><\/a>\n\t<\/div>\n<\/div>\n<\/div>\n<\/li>\n\t\t\t\n\t\t\t\n\t\t\t\t\t\t\t\t\t\t\t\t\t\t\t\t\t\t\t\t\t\t\t\t\t\t\t\t\t\t\t\t\t\t\t\t\t\t\t\t\t\t\t\t\t\t\t\t\t\t\t\t\t\t\t\t\t\t\t\t\t\t\t\t\t\t\t\t<\/ul>\n\t<\/div>\n\t<div class=\"fusion-post-content-wrapper\" style=\"padding:30px 25px 20px 25px;\"><div class=\"fusion-post-content post-content\"><h2 class=\"blog-shortcode-post-title entry-title\"><a href=\"https:\/\/www.acebucheteatro.com\/portal\/23-de-agosto-memoria-de-bolero-de-gabalzeka-teatro\/\">23 de agosto: \u201cMemoria de bolero\u201d, de Gabalzeka Teatro<\/a><\/h2><p class=\"fusion-single-line-meta\"><span class=\"vcard\" style=\"display: none;\"><span class=\"fn\"><a href=\"https:\/\/www.acebucheteatro.com\/portal\/author\/admin\/\" title=\"Entradas de Francisco Jos\u00e9 Rodr\u00edguez Velasco\" rel=\"author\">Francisco Jos\u00e9 Rodr\u00edguez Velasco<\/a><\/span><\/span><span class=\"updated\" style=\"display:none;\">2019-08-13T13:24:41+02:00<\/span><span>22 de agosto de 2019<\/span><span class=\"fusion-inline-sep\">|<\/span><\/p><div class=\"fusion-content-sep sep-double sep-solid\"><\/div><div class=\"fusion-post-content-container\"><p> \u00bfYa es viernes, 23 de agosto? Entonces, es el turno de los compa\u00f1eros de<a href=\"https:\/\/www.acebucheteatro.com\/portal\/23-de-agosto-memoria-de-bolero-de-gabalzeka-teatro\/\"> [...]<\/a><\/p><\/div><\/div><div class=\"fusion-meta-info\"><div class=\"fusion-alignleft\"><a class=\"fusion-read-more\" href=\"https:\/\/www.acebucheteatro.com\/portal\/23-de-agosto-memoria-de-bolero-de-gabalzeka-teatro\/\" aria-label=\"More on 23 de agosto: \u201cMemoria de bolero\u201d, de Gabalzeka Teatro\">Leer M\u00e1s<\/a><\/div><\/div><\/div><div class=\"fusion-clearfix\"><\/div><\/div>\n<\/article>\n<article id=\"blog-1-post-14304\" class=\"fusion-post-grid has-post-thumbnail post-14304 post type-post status-publish format-video hentry category-certamen-teatro-aceuchal tag-acebuche-teatro tag-aceuchal tag-arcon-de-olid tag-certamen tag-certamen-de-teatro-de-aceuchal tag-no-profesional tag-un-idiota-en-versalles tag-xxx-certamen-de-teatro-de-aceuchal post_format-post-format-video\">\n<div class=\"fusion-post-wrapper\" style=\"background-color:rgba(255,255,255,0);border:1px solid #ebeaea;border-bottom-width:3px;\">\n\n\t\t\t<div class=\"fusion-flexslider flexslider fusion-flexslider-loading fusion-post-slideshow\" style=\"border-color:#ebeaea;\">\n\t\t<ul class=\"slides\">\n\t\t\t\t\t\t\t<li>\n\t\t\t\t\t<div class=\"full-video\"><iframe width=\"560\" height=\"315\" src=\"https:\/\/www.youtube.com\/embed\/yRFRPaavREY?rel=0\" frameborder=\"0\" allow=\"accelerometer; autoplay; encrypted-media; gyroscope; picture-in-picture\" allowfullscreen><\/iframe><\/div>\n\t\t\t\t<\/li>\n\t\t\t\n\t\t\t\t\t\t\t\t\t\t\t\t\t\t<li><div  class=\"fusion-image-wrapper\" aria-haspopup=\"true\">\n\t\t\t\t<img decoding=\"async\" width=\"395\" height=\"240\" src=\"https:\/\/www.acebucheteatro.com\/portal\/wp-content\/uploads\/2019\/08\/DSC_0076-e1565276786503.jpg\" class=\"attachment-full size-full wp-post-image\" alt=\"\" \/><div class=\"fusion-rollover\">\n\t<div class=\"fusion-rollover-content\">\n\n\t\t\t\t\t\t\t\t\t\t\t\t\t\t<a class=\"fusion-rollover-link\" href=\"https:\/\/www.acebucheteatro.com\/portal\/22-de-agosto-un-idiota-en-versalles-de-teatro-arcon-de-olid\/\">22 de agosto: \u201cUn idiota en Versalles\u201d, de Teatro Arc\u00f3n de Olid<\/a>\n\t\t\t\n\t\t\t\t\t\t\t\t\t\t\t\t\t\t\n\t\t\t\t\t\t\t\t\n\t\t\t\t\t\t\t\t\t\t\t\t\t<div class=\"fusion-rollover-sep\"><\/div>\n\t\t\t\t\n\t\t\t\t\t\t\t\t\t\t\t\t\t\t\t\t\t\t<a class=\"fusion-rollover-gallery\" href=\"https:\/\/www.acebucheteatro.com\/portal\/wp-content\/uploads\/2019\/08\/DSC_0076-e1565276786503.jpg\" data-options=\"\" data-id=\"14304\" data-rel=\"iLightbox[gallery]\" data-title=\"Arc\u00f3n de Olid_Certamen_2019\" data-caption=\"\">\n\t\t\t\t\t\tGaler\u00eda\t\t\t\t\t<\/a>\n\t\t\t\t\t\t\t\t\t\t\t\t\t\t\n\t\t\n\t\t\t\t\t\t\t\t\t\t\t\t<h4 class=\"fusion-rollover-title\">\n\t\t\t\t\t<a class=\"fusion-rollover-title-link\" href=\"https:\/\/www.acebucheteatro.com\/portal\/22-de-agosto-un-idiota-en-versalles-de-teatro-arcon-de-olid\/\">\n\t\t\t\t\t\t22 de agosto: \u201cUn idiota en Versalles\u201d, de Teatro Arc\u00f3n de Olid\t\t\t\t\t<\/a>\n\t\t\t\t<\/h4>\n\t\t\t\n\t\t\t\t\t\t\t\t\t\t<div class=\"fusion-rollover-categories\"><a href=\"https:\/\/www.acebucheteatro.com\/portal\/category\/certamen-teatro-aceuchal\/\" rel=\"tag\">News - Certamen Nacional de Teatro de Aceuchal<\/a><\/div>\t\t\t\t\t\n\t\t\n\t\t\t\t\t\t<a class=\"fusion-link-wrapper\" href=\"https:\/\/www.acebucheteatro.com\/portal\/22-de-agosto-un-idiota-en-versalles-de-teatro-arcon-de-olid\/\" aria-label=\"22 de agosto: \u201cUn idiota en Versalles\u201d, de Teatro Arc\u00f3n de Olid\"><\/a>\n\t<\/div>\n<\/div>\n<\/div>\n<\/li>\n\t\t\t\n\t\t\t\n\t\t\t\t\t\t\t\t\t\t\t\t\t\t\t\t\t\t\t\t\t\t\t\t\t\t\t\t\t\t\t\t\t\t\t\t\t\t\t\t\t\t\t\t\t\t\t\t\t\t\t\t\t\t\t\t\t\t\t\t\t\t\t\t\t\t\t\t<\/ul>\n\t<\/div>\n\t<div class=\"fusion-post-content-wrapper\" style=\"padding:30px 25px 20px 25px;\"><div class=\"fusion-post-content post-content\"><h2 class=\"blog-shortcode-post-title entry-title\"><a href=\"https:\/\/www.acebucheteatro.com\/portal\/22-de-agosto-un-idiota-en-versalles-de-teatro-arcon-de-olid\/\">22 de agosto: \u201cUn idiota en Versalles\u201d, de Teatro Arc\u00f3n de Olid<\/a><\/h2><p class=\"fusion-single-line-meta\"><span class=\"vcard\" style=\"display: none;\"><span class=\"fn\"><a href=\"https:\/\/www.acebucheteatro.com\/portal\/author\/admin\/\" title=\"Entradas de Francisco Jos\u00e9 Rodr\u00edguez Velasco\" rel=\"author\">Francisco Jos\u00e9 Rodr\u00edguez Velasco<\/a><\/span><\/span><span class=\"updated\" style=\"display:none;\">2019-08-13T13:15:46+02:00<\/span><span>21 de agosto de 2019<\/span><span class=\"fusion-inline-sep\">|<\/span><\/p><div class=\"fusion-content-sep sep-double sep-solid\"><\/div><div class=\"fusion-post-content-container\"><p> Ma\u00f1ana, jueves 22 de agosto, retomaremos nuestras citas teatrales en esta segunda mitad del<a href=\"https:\/\/www.acebucheteatro.com\/portal\/22-de-agosto-un-idiota-en-versalles-de-teatro-arcon-de-olid\/\"> [...]<\/a><\/p><\/div><\/div><div class=\"fusion-meta-info\"><div class=\"fusion-alignleft\"><a class=\"fusion-read-more\" href=\"https:\/\/www.acebucheteatro.com\/portal\/22-de-agosto-un-idiota-en-versalles-de-teatro-arcon-de-olid\/\" aria-label=\"More on 22 de agosto: \u201cUn idiota en Versalles\u201d, de Teatro Arc\u00f3n de Olid\">Leer M\u00e1s<\/a><\/div><\/div><\/div><div class=\"fusion-clearfix\"><\/div><\/div>\n<\/article>\n<article id=\"blog-1-post-14299\" class=\"fusion-post-grid has-post-thumbnail post-14299 post type-post status-publish format-video hentry category-certamen-teatro-aceuchal tag-acebuche-teatro tag-aceuchal tag-certamen tag-certamen-de-teatro-de-aceuchal tag-la-indagacion tag-la-lengua-teatro tag-no-profesional tag-xxx-certamen-de-teatro-de-aceuchal post_format-post-format-video\">\n<div class=\"fusion-post-wrapper\" style=\"background-color:rgba(255,255,255,0);border:1px solid #ebeaea;border-bottom-width:3px;\">\n\n\t\t\t<div class=\"fusion-flexslider flexslider fusion-flexslider-loading fusion-post-slideshow\" style=\"border-color:#ebeaea;\">\n\t\t<ul class=\"slides\">\n\t\t\t\t\t\t\t<li>\n\t\t\t\t\t<div class=\"full-video\"><iframe width=\"560\" height=\"315\" src=\"https:\/\/www.youtube.com\/embed\/unTJdw-2118?rel=0\" frameborder=\"0\" allow=\"accelerometer; autoplay; encrypted-media; gyroscope; picture-in-picture\" allowfullscreen><\/iframe><\/div>\n\t\t\t\t<\/li>\n\t\t\t\n\t\t\t\t\t\t\t\t\t\t\t\t\t\t<li><div  class=\"fusion-image-wrapper\" aria-haspopup=\"true\">\n\t\t\t\t<img decoding=\"async\" width=\"395\" height=\"240\" src=\"https:\/\/www.acebucheteatro.com\/portal\/wp-content\/uploads\/2019\/08\/Lalenguateatro_certamen_2019-e1565278329301.jpg\" class=\"attachment-full size-full wp-post-image\" alt=\"\" srcset=\"https:\/\/www.acebucheteatro.com\/portal\/wp-content\/uploads\/2019\/08\/Lalenguateatro_certamen_2019-e1565278329301-200x122.jpg 200w, https:\/\/www.acebucheteatro.com\/portal\/wp-content\/uploads\/2019\/08\/Lalenguateatro_certamen_2019-e1565278329301.jpg 395w\" sizes=\"(min-width: 2200px) 100vw, (min-width: 784px) 340px, (min-width: 712px) 510px, (min-width: 640px) 712px, \" \/><div class=\"fusion-rollover\">\n\t<div class=\"fusion-rollover-content\">\n\n\t\t\t\t\t\t\t\t\t\t\t\t\t\t<a class=\"fusion-rollover-link\" href=\"https:\/\/www.acebucheteatro.com\/portal\/18-de-agosto-la-indagacion-de-la-lengua-teatro\/\">18 de agosto: \u201cLa Indagaci\u00f3n\u201d, de La Lengua Teatro<\/a>\n\t\t\t\n\t\t\t\t\t\t\t\t\t\t\t\t\t\t\n\t\t\t\t\t\t\t\t\n\t\t\t\t\t\t\t\t\t\t\t\t\t<div class=\"fusion-rollover-sep\"><\/div>\n\t\t\t\t\n\t\t\t\t\t\t\t\t\t\t\t\t\t\t\t\t\t\t<a class=\"fusion-rollover-gallery\" href=\"https:\/\/www.acebucheteatro.com\/portal\/wp-content\/uploads\/2019\/08\/Lalenguateatro_certamen_2019-e1565278329301.jpg\" data-options=\"\" data-id=\"14299\" data-rel=\"iLightbox[gallery]\" data-title=\"Lalenguateatro_certamen_2019\" data-caption=\"\">\n\t\t\t\t\t\tGaler\u00eda\t\t\t\t\t<\/a>\n\t\t\t\t\t\t\t\t\t\t\t\t\t\t\n\t\t\n\t\t\t\t\t\t\t\t\t\t\t\t<h4 class=\"fusion-rollover-title\">\n\t\t\t\t\t<a class=\"fusion-rollover-title-link\" href=\"https:\/\/www.acebucheteatro.com\/portal\/18-de-agosto-la-indagacion-de-la-lengua-teatro\/\">\n\t\t\t\t\t\t18 de agosto: \u201cLa Indagaci\u00f3n\u201d, de La Lengua Teatro\t\t\t\t\t<\/a>\n\t\t\t\t<\/h4>\n\t\t\t\n\t\t\t\t\t\t\t\t\t\t<div class=\"fusion-rollover-categories\"><a href=\"https:\/\/www.acebucheteatro.com\/portal\/category\/certamen-teatro-aceuchal\/\" rel=\"tag\">News - Certamen Nacional de Teatro de Aceuchal<\/a><\/div>\t\t\t\t\t\n\t\t\n\t\t\t\t\t\t<a class=\"fusion-link-wrapper\" href=\"https:\/\/www.acebucheteatro.com\/portal\/18-de-agosto-la-indagacion-de-la-lengua-teatro\/\" aria-label=\"18 de agosto: \u201cLa Indagaci\u00f3n\u201d, de La Lengua Teatro\"><\/a>\n\t<\/div>\n<\/div>\n<\/div>\n<\/li>\n\t\t\t\n\t\t\t\n\t\t\t\t\t\t\t\t\t\t\t\t\t\t\t\t\t\t\t\t\t\t\t\t\t\t\t\t\t\t\t\t\t\t\t\t\t\t\t\t\t\t\t\t\t\t\t\t\t\t\t\t\t\t\t\t\t\t\t\t\t\t\t\t\t\t\t\t<\/ul>\n\t<\/div>\n\t<div class=\"fusion-post-content-wrapper\" style=\"padding:30px 25px 20px 25px;\"><div class=\"fusion-post-content post-content\"><h2 class=\"blog-shortcode-post-title entry-title\"><a href=\"https:\/\/www.acebucheteatro.com\/portal\/18-de-agosto-la-indagacion-de-la-lengua-teatro\/\">18 de agosto: \u201cLa Indagaci\u00f3n\u201d, de La Lengua Teatro<\/a><\/h2><p class=\"fusion-single-line-meta\"><span class=\"vcard\" style=\"display: none;\"><span class=\"fn\"><a href=\"https:\/\/www.acebucheteatro.com\/portal\/author\/admin\/\" title=\"Entradas de Francisco Jos\u00e9 Rodr\u00edguez Velasco\" rel=\"author\">Francisco Jos\u00e9 Rodr\u00edguez Velasco<\/a><\/span><\/span><span class=\"updated\" style=\"display:none;\">2019-08-13T13:27:43+02:00<\/span><span>17 de agosto de 2019<\/span><span class=\"fusion-inline-sep\">|<\/span><\/p><div class=\"fusion-content-sep sep-double sep-solid\"><\/div><div class=\"fusion-post-content-container\"><p> Cuarta noche de teatro y el grupo salmantino La Lengua Teatro nos visitar\u00e1 por<a href=\"https:\/\/www.acebucheteatro.com\/portal\/18-de-agosto-la-indagacion-de-la-lengua-teatro\/\"> [...]<\/a><\/p><\/div><\/div><div class=\"fusion-meta-info\"><div class=\"fusion-alignleft\"><a class=\"fusion-read-more\" href=\"https:\/\/www.acebucheteatro.com\/portal\/18-de-agosto-la-indagacion-de-la-lengua-teatro\/\" aria-label=\"More on 18 de agosto: \u201cLa Indagaci\u00f3n\u201d, de La Lengua Teatro\">Leer M\u00e1s<\/a><\/div><\/div><\/div><div class=\"fusion-clearfix\"><\/div><\/div>\n<\/article>\n<article id=\"blog-1-post-14295\" class=\"fusion-post-grid has-post-thumbnail post-14295 post type-post status-publish format-video hentry category-certamen-teatro-aceuchal tag-acebuche-teatro tag-aceuchal tag-certamen tag-certamen-de-teatro-de-aceuchal tag-la-vina tag-no-profesional tag-paraskenia-teatro tag-xxx-certamen-de-teatro-de-aceuchal post_format-post-format-video\">\n<div class=\"fusion-post-wrapper\" style=\"background-color:rgba(255,255,255,0);border:1px solid #ebeaea;border-bottom-width:3px;\">\n\n\t\t\t<div class=\"fusion-flexslider flexslider fusion-flexslider-loading fusion-post-slideshow\" style=\"border-color:#ebeaea;\">\n\t\t<ul class=\"slides\">\n\t\t\t\t\t\t\t<li>\n\t\t\t\t\t<div class=\"full-video\"><iframe width=\"560\" height=\"315\" src=\"https:\/\/www.youtube.com\/embed\/Gmrc5gPqr7Y?rel=0\" frameborder=\"0\" allow=\"accelerometer; autoplay; encrypted-media; gyroscope; picture-in-picture\" allowfullscreen><\/iframe><\/div>\n\t\t\t\t<\/li>\n\t\t\t\n\t\t\t\t\t\t\t\t\t\t\t\t\t\t<li><div  class=\"fusion-image-wrapper\" aria-haspopup=\"true\">\n\t\t\t\t<img decoding=\"async\" width=\"394\" height=\"240\" src=\"https:\/\/www.acebucheteatro.com\/portal\/wp-content\/uploads\/2019\/08\/paraskenia-e1565275015434.jpg\" class=\"attachment-full size-full wp-post-image\" alt=\"\" srcset=\"https:\/\/www.acebucheteatro.com\/portal\/wp-content\/uploads\/2019\/08\/paraskenia-e1565275015434-200x122.jpg 200w, https:\/\/www.acebucheteatro.com\/portal\/wp-content\/uploads\/2019\/08\/paraskenia-e1565275015434.jpg 394w\" sizes=\"(min-width: 2200px) 100vw, (min-width: 784px) 340px, (min-width: 712px) 510px, (min-width: 640px) 712px, \" \/><div class=\"fusion-rollover\">\n\t<div class=\"fusion-rollover-content\">\n\n\t\t\t\t\t\t\t\t\t\t\t\t\t\t<a class=\"fusion-rollover-link\" href=\"https:\/\/www.acebucheteatro.com\/portal\/17-de-agosto-la-vina-de-paraskenia-teatro\/\">17 de agosto: \u201cLa Vi\u00f1a\u201d, de PARASKENIA Teatro<\/a>\n\t\t\t\n\t\t\t\t\t\t\t\t\t\t\t\t\t\t\n\t\t\t\t\t\t\t\t\n\t\t\t\t\t\t\t\t\t\t\t\t\t<div class=\"fusion-rollover-sep\"><\/div>\n\t\t\t\t\n\t\t\t\t\t\t\t\t\t\t\t\t\t\t\t\t\t\t<a class=\"fusion-rollover-gallery\" href=\"https:\/\/www.acebucheteatro.com\/portal\/wp-content\/uploads\/2019\/08\/paraskenia-e1565275015434.jpg\" data-options=\"\" data-id=\"14295\" data-rel=\"iLightbox[gallery]\" data-title=\"Paraskenia_Certamen_2019\" data-caption=\"\">\n\t\t\t\t\t\tGaler\u00eda\t\t\t\t\t<\/a>\n\t\t\t\t\t\t\t\t\t\t\t\t\t\t\n\t\t\n\t\t\t\t\t\t\t\t\t\t\t\t<h4 class=\"fusion-rollover-title\">\n\t\t\t\t\t<a class=\"fusion-rollover-title-link\" href=\"https:\/\/www.acebucheteatro.com\/portal\/17-de-agosto-la-vina-de-paraskenia-teatro\/\">\n\t\t\t\t\t\t17 de agosto: \u201cLa Vi\u00f1a\u201d, de PARASKENIA Teatro\t\t\t\t\t<\/a>\n\t\t\t\t<\/h4>\n\t\t\t\n\t\t\t\t\t\t\t\t\t\t<div class=\"fusion-rollover-categories\"><a href=\"https:\/\/www.acebucheteatro.com\/portal\/category\/certamen-teatro-aceuchal\/\" rel=\"tag\">News - Certamen Nacional de Teatro de Aceuchal<\/a><\/div>\t\t\t\t\t\n\t\t\n\t\t\t\t\t\t<a class=\"fusion-link-wrapper\" href=\"https:\/\/www.acebucheteatro.com\/portal\/17-de-agosto-la-vina-de-paraskenia-teatro\/\" aria-label=\"17 de agosto: \u201cLa Vi\u00f1a\u201d, de PARASKENIA Teatro\"><\/a>\n\t<\/div>\n<\/div>\n<\/div>\n<\/li>\n\t\t\t\n\t\t\t\n\t\t\t\t\t\t\t\t\t\t\t\t\t\t\t\t\t\t\t\t\t\t\t\t\t\t\t\t\t\t\t\t\t\t\t\t\t\t\t\t\t\t\t\t\t\t\t\t\t\t\t\t\t\t\t\t\t\t\t\t\t\t\t\t\t\t\t\t<\/ul>\n\t<\/div>\n\t<div class=\"fusion-post-content-wrapper\" style=\"padding:30px 25px 20px 25px;\"><div class=\"fusion-post-content post-content\"><h2 class=\"blog-shortcode-post-title entry-title\"><a href=\"https:\/\/www.acebucheteatro.com\/portal\/17-de-agosto-la-vina-de-paraskenia-teatro\/\">17 de agosto: \u201cLa Vi\u00f1a\u201d, de PARASKENIA Teatro<\/a><\/h2><p class=\"fusion-single-line-meta\"><span class=\"vcard\" style=\"display: none;\"><span class=\"fn\"><a href=\"https:\/\/www.acebucheteatro.com\/portal\/author\/admin\/\" title=\"Entradas de Francisco Jos\u00e9 Rodr\u00edguez Velasco\" rel=\"author\">Francisco Jos\u00e9 Rodr\u00edguez Velasco<\/a><\/span><\/span><span class=\"updated\" style=\"display:none;\">2019-08-17T00:04:49+02:00<\/span><span>16 de agosto de 2019<\/span><span class=\"fusion-inline-sep\">|<\/span><\/p><div class=\"fusion-content-sep sep-double sep-solid\"><\/div><div class=\"fusion-post-content-container\"><p> \u00bfQui\u00e9nes nos visitar\u00e1n esta noche? Nuestros amigos de Paraskenia Teatro, que ya son viejos<a href=\"https:\/\/www.acebucheteatro.com\/portal\/17-de-agosto-la-vina-de-paraskenia-teatro\/\"> [...]<\/a><\/p><\/div><\/div><div class=\"fusion-meta-info\"><div class=\"fusion-alignleft\"><a class=\"fusion-read-more\" href=\"https:\/\/www.acebucheteatro.com\/portal\/17-de-agosto-la-vina-de-paraskenia-teatro\/\" aria-label=\"More on 17 de agosto: \u201cLa Vi\u00f1a\u201d, de PARASKENIA Teatro\">Leer M\u00e1s<\/a><\/div><\/div><\/div><div class=\"fusion-clearfix\"><\/div><\/div>\n<\/article>\n<article id=\"blog-1-post-14291\" class=\"fusion-post-grid has-post-thumbnail post-14291 post type-post status-publish format-video hentry category-certamen-teatro-aceuchal tag-acebuche-teatro tag-aceuchal tag-certamen tag-certamen-de-teatro-de-aceuchal tag-la-teadetro tag-no-profesional tag-travesias tag-xxx-certamen-de-teatro-de-aceuchal post_format-post-format-video\">\n<div class=\"fusion-post-wrapper\" style=\"background-color:rgba(255,255,255,0);border:1px solid #ebeaea;border-bottom-width:3px;\">\n\n\t\t\t<div class=\"fusion-flexslider flexslider fusion-flexslider-loading fusion-post-slideshow\" style=\"border-color:#ebeaea;\">\n\t\t<ul class=\"slides\">\n\t\t\t\t\t\t\t<li>\n\t\t\t\t\t<div class=\"full-video\"><iframe width=\"560\" height=\"315\" src=\"https:\/\/www.youtube.com\/embed\/8yDY3gBeJ24?rel=0\" frameborder=\"0\" allow=\"accelerometer; autoplay; encrypted-media; gyroscope; picture-in-picture\" allowfullscreen><\/iframe><\/div>\n\t\t\t\t<\/li>\n\t\t\t\n\t\t\t\t\t\t\t\t\t\t\t\t\t\t<li><div  class=\"fusion-image-wrapper\" aria-haspopup=\"true\">\n\t\t\t\t<img decoding=\"async\" width=\"395\" height=\"240\" src=\"https:\/\/www.acebucheteatro.com\/portal\/wp-content\/uploads\/2019\/08\/portada.jpg\" class=\"attachment-full size-full wp-post-image\" alt=\"\" srcset=\"https:\/\/www.acebucheteatro.com\/portal\/wp-content\/uploads\/2019\/08\/portada-200x122.jpg 200w, https:\/\/www.acebucheteatro.com\/portal\/wp-content\/uploads\/2019\/08\/portada.jpg 395w\" sizes=\"(min-width: 2200px) 100vw, (min-width: 784px) 340px, (min-width: 712px) 510px, (min-width: 640px) 712px, \" \/><div class=\"fusion-rollover\">\n\t<div class=\"fusion-rollover-content\">\n\n\t\t\t\t\t\t\t\t\t\t\t\t\t\t<a class=\"fusion-rollover-link\" href=\"https:\/\/www.acebucheteatro.com\/portal\/16-de-agosto-travesias-de-la-teadetro\/\">16 de agosto: \u201cTRaVeS\u00edaS\u201d, de La TEAdeTRO<\/a>\n\t\t\t\n\t\t\t\t\t\t\t\t\t\t\t\t\t\t\n\t\t\t\t\t\t\t\t\n\t\t\t\t\t\t\t\t\t\t\t\t\t<div class=\"fusion-rollover-sep\"><\/div>\n\t\t\t\t\n\t\t\t\t\t\t\t\t\t\t\t\t\t\t\t\t\t\t<a class=\"fusion-rollover-gallery\" href=\"https:\/\/www.acebucheteatro.com\/portal\/wp-content\/uploads\/2019\/08\/portada.jpg\" data-options=\"\" data-id=\"14291\" data-rel=\"iLightbox[gallery]\" data-title=\"Teadetro_certamen_2019\" data-caption=\"\">\n\t\t\t\t\t\tGaler\u00eda\t\t\t\t\t<\/a>\n\t\t\t\t\t\t\t\t\t\t\t\t\t\t\n\t\t\n\t\t\t\t\t\t\t\t\t\t\t\t<h4 class=\"fusion-rollover-title\">\n\t\t\t\t\t<a class=\"fusion-rollover-title-link\" href=\"https:\/\/www.acebucheteatro.com\/portal\/16-de-agosto-travesias-de-la-teadetro\/\">\n\t\t\t\t\t\t16 de agosto: \u201cTRaVeS\u00edaS\u201d, de La TEAdeTRO\t\t\t\t\t<\/a>\n\t\t\t\t<\/h4>\n\t\t\t\n\t\t\t\t\t\t\t\t\t\t<div class=\"fusion-rollover-categories\"><a href=\"https:\/\/www.acebucheteatro.com\/portal\/category\/certamen-teatro-aceuchal\/\" rel=\"tag\">News - Certamen Nacional de Teatro de Aceuchal<\/a><\/div>\t\t\t\t\t\n\t\t\n\t\t\t\t\t\t<a class=\"fusion-link-wrapper\" href=\"https:\/\/www.acebucheteatro.com\/portal\/16-de-agosto-travesias-de-la-teadetro\/\" aria-label=\"16 de agosto: \u201cTRaVeS\u00edaS\u201d, de La TEAdeTRO\"><\/a>\n\t<\/div>\n<\/div>\n<\/div>\n<\/li>\n\t\t\t\n\t\t\t\n\t\t\t\t\t\t\t\t\t\t\t\t\t\t\t\t\t\t\t\t\t\t\t\t\t\t\t\t\t\t\t\t\t\t\t\t\t\t\t\t\t\t\t\t\t\t\t\t\t\t\t\t\t\t\t\t\t\t\t\t\t\t\t\t\t\t\t\t<\/ul>\n\t<\/div>\n\t<div class=\"fusion-post-content-wrapper\" style=\"padding:30px 25px 20px 25px;\"><div class=\"fusion-post-content post-content\"><h2 class=\"blog-shortcode-post-title entry-title\"><a href=\"https:\/\/www.acebucheteatro.com\/portal\/16-de-agosto-travesias-de-la-teadetro\/\">16 de agosto: \u201cTRaVeS\u00edaS\u201d, de La TEAdeTRO<\/a><\/h2><p class=\"fusion-single-line-meta\"><span class=\"vcard\" style=\"display: none;\"><span class=\"fn\"><a href=\"https:\/\/www.acebucheteatro.com\/portal\/author\/admin\/\" title=\"Entradas de Francisco Jos\u00e9 Rodr\u00edguez Velasco\" rel=\"author\">Francisco Jos\u00e9 Rodr\u00edguez Velasco<\/a><\/span><\/span><span class=\"updated\" style=\"display:none;\">2019-08-12T19:17:05+02:00<\/span><span>15 de agosto de 2019<\/span><span class=\"fusion-inline-sep\">|<\/span><\/p><div class=\"fusion-content-sep sep-double sep-solid\"><\/div><div class=\"fusion-post-content-container\"><p> Segundo d\u00eda y La TEAdeTRO, desde Rivas Vaciamadrid, nos env\u00edan este v\u00eddeo en el<a href=\"https:\/\/www.acebucheteatro.com\/portal\/16-de-agosto-travesias-de-la-teadetro\/\"> [...]<\/a><\/p><\/div><\/div><div class=\"fusion-meta-info\"><div class=\"fusion-alignleft\"><a class=\"fusion-read-more\" href=\"https:\/\/www.acebucheteatro.com\/portal\/16-de-agosto-travesias-de-la-teadetro\/\" aria-label=\"More on 16 de agosto: \u201cTRaVeS\u00edaS\u201d, de La TEAdeTRO\">Leer M\u00e1s<\/a><\/div><\/div><\/div><div class=\"fusion-clearfix\"><\/div><\/div>\n<\/article>\n<div class=\"fusion-clearfix\"><\/div><\/div><div class=\"fusion-infinite-scroll-trigger\"><\/div><div class=\"pagination infinite-scroll clearfix\" style=\"display:none;\"><span class=\"current\">1<\/span><a href=\"https:\/\/www.acebucheteatro.com\/portal\/wp-json\/wp\/v2\/pages\/12057\/page\/2\/\" class=\"inactive\">2<\/a><a class=\"pagination-next\" rel=\"next\" href=\"https:\/\/www.acebucheteatro.com\/portal\/wp-json\/wp\/v2\/pages\/12057\/page\/2\/\"><span class=\"page-text\">Siguiente<\/span><span class=\"page-next\"><\/span><\/a><\/div><div class=\"fusion-clearfix\"><\/div><\/div><div class=\"fusion-clearfix\"><\/div><\/div><\/div><\/div><\/div><div class=\"fusion-fullwidth fullwidth-box fusion-builder-row-4 nonhundred-percent-fullwidth non-hundred-percent-height-scrolling\" style=\"--awb-border-radius-top-left:0px;--awb-border-radius-top-right:0px;--awb-border-radius-bottom-right:0px;--awb-border-radius-bottom-left:0px;--awb-flex-wrap:wrap;\" ><div class=\"fusion-builder-row fusion-row\"><div class=\"fusion-layout-column fusion_builder_column fusion-builder-column-10 fusion_builder_column_1_1 1_1 fusion-one-full fusion-column-first fusion-column-last\" style=\"--awb-bg-size:cover;\"><div class=\"fusion-column-wrapper fusion-flex-column-wrapper-legacy\"><div class=\"fusion-title title fusion-title-2 fusion-title-text fusion-title-size-two\" style=\"--awb-margin-top-small:0px;--awb-margin-right-small:0px;--awb-margin-bottom-small:20px;--awb-margin-left-small:0px;\"><h2 class=\"fusion-title-heading title-heading-left\" style=\"margin:0;\">Empresas y Asociaciones colaboradoras<\/h2><span class=\"awb-title-spacer\"><\/span><div class=\"title-sep-container\"><div class=\"title-sep sep- sep-solid\" style=\"border-color:#e0dede;\"><\/div><\/div><\/div><div class=\"fusion-image-carousel fusion-image-carousel-fixed fusion-image-carousel-1 lightbox-enabled fusion-carousel-border\"><div class=\"awb-carousel awb-swiper awb-swiper-carousel awb-carousel--carousel awb-swiper-dots-position-bottom\" data-layout=\"carousel\" data-autoplay=\"yes\" data-autoplayspeed=\"2500\" data-autoplaypause=\"no\" data-loop=\"yes\" data-columns=\"4\" data-columnsmedium=\"1\" data-columnssmall=\"1\" data-itemmargin=\"8\" data-itemwidth=\"180\" data-touchscroll=\"no\" data-freemode=\"no\" data-imagesize=\"fixed\" data-scrollitems=\"0\" data-centeredslides=\"no\" data-rotationangle=\"50\" data-depth=\"100\" data-speed=\"500\" data-shadow=\"no\" data-pagination=\"bullets\" style=\"--awb-columns:4;--awb-column-spacing:8px;--awb-border-width:1px;--awb-border-color:#e9eaee;\"><div class=\"swiper-wrapper awb-image-carousel-wrapper fusion-flex-align-items-center\"><div class=\"swiper-slide\"><div class=\"fusion-carousel-item-wrapper\"><div class=\"fusion-image-wrapper hover-type-none\"><a data-rel=\"iLightbox[image_carousel_1]\" href=\"http:\/\/www.dulcesanantonabad.es\/\" target=\"_blank\" rel=\"noopener noreferrer\"><img decoding=\"async\" src=\"http:\/\/www.acebucheteatro.com\/portal\/wp-content\/uploads\/2015\/08\/San-Anton-Abad.jpg\" alt=\"\"\/><\/a><\/div><\/div><\/div><div class=\"swiper-slide\"><div class=\"fusion-carousel-item-wrapper\"><div class=\"fusion-image-wrapper hover-type-none\"><a data-rel=\"iLightbox[image_carousel_1]\" href=\"http:\/\/bodegaslasoledad.com\/\" target=\"_blank\" rel=\"noopener noreferrer\"><img decoding=\"async\" src=\"http:\/\/www.acebucheteatro.com\/portal\/wp-content\/uploads\/2015\/08\/la-soledad.jpg\" alt=\"\"\/><\/a><\/div><\/div><\/div><div class=\"swiper-slide\"><div class=\"fusion-carousel-item-wrapper\"><div class=\"fusion-image-wrapper hover-type-none\"><a data-rel=\"iLightbox[image_carousel_1]\" href=\"https:\/\/www.acebucheteatro.com\" target=\"_blank\" rel=\"noopener noreferrer\"><img decoding=\"async\" src=\"http:\/\/www.acebucheteatro.com\/portal\/wp-content\/uploads\/2015\/06\/copy-logotipo.gif\" alt=\"\"\/><\/a><\/div><\/div><\/div><div class=\"swiper-slide\"><div class=\"fusion-carousel-item-wrapper\"><div class=\"fusion-image-wrapper hover-type-none\"><a data-rel=\"iLightbox[image_carousel_1]\" data-title=\"ajostierradebarros\" aria-label=\"ajostierradebarros\" href=\"http:\/\/ajostierradebarros.com\/\" target=\"_blank\" rel=\"noopener noreferrer\"><img decoding=\"async\" width=\"250\" height=\"202\" src=\"https:\/\/www.acebucheteatro.com\/portal\/wp-content\/uploads\/2019\/08\/ajostierradebarros-250x202.jpg\" class=\"attachment-blog-medium size-blog-medium\" alt=\"\" \/><\/a><\/div><\/div><\/div><div class=\"swiper-slide\"><div class=\"fusion-carousel-item-wrapper\"><div class=\"fusion-image-wrapper hover-type-none\"><a data-rel=\"iLightbox[image_carousel_1]\" href=\"http:\/\/www.acebucheteatro.com\/portal\/wp-content\/uploads\/2015\/08\/acegraf.jpg\" target=\"_blank\" rel=\"noopener noreferrer\"><img decoding=\"async\" src=\"http:\/\/www.acebucheteatro.com\/portal\/wp-content\/uploads\/2015\/08\/acegraf.jpg\" alt=\"\"\/><\/a><\/div><\/div><\/div><div class=\"swiper-slide\"><div class=\"fusion-carousel-item-wrapper\"><div class=\"fusion-image-wrapper hover-type-none\"><a data-rel=\"iLightbox[image_carousel_1]\" data-title=\"El ajero\" aria-label=\"El ajero\" href=\"https:\/\/www.coajosaceuchal.es\/es\/\" target=\"_blank\" rel=\"noopener noreferrer\"><img decoding=\"async\" width=\"156\" height=\"202\" src=\"https:\/\/www.acebucheteatro.com\/portal\/wp-content\/uploads\/2019\/08\/El-ajero-156x202.jpg\" class=\"attachment-blog-medium size-blog-medium\" alt=\"\" \/><\/a><\/div><\/div><\/div><\/div><div class=\"awb-swiper-button awb-swiper-button-prev\"><i class=\"awb-icon-angle-left\" aria-hidden=\"true\"><\/i><\/div><div class=\"awb-swiper-button awb-swiper-button-next\"><i class=\"awb-icon-angle-right\" aria-hidden=\"true\"><\/i><\/div><\/div><\/div><div class=\"fusion-clearfix\"><\/div><\/div><\/div><\/div><\/div>\n<\/p>\n","protected":false},"excerpt":{"rendered":"","protected":false},"author":1,"featured_media":13365,"parent":14245,"menu_order":0,"comment_status":"open","ping_status":"closed","template":"100-width.php","meta":{"jetpack_post_was_ever_published":false,"footnotes":""},"class_list":["post-12057","page","type-page","status-publish","has-post-thumbnail","hentry"],"wppr_data":{"cwp_meta_box_check":"No","cwp_rev_product_name":"","cwp_rev_product_image":"","cwp_image_link":"image","cwp_rev_price":""},"jetpack_sharing_enabled":true,"jetpack_shortlink":"https:\/\/wp.me\/P6Bz4e-38t","_links":{"self":[{"href":"https:\/\/www.acebucheteatro.com\/portal\/wp-json\/wp\/v2\/pages\/12057","targetHints":{"allow":["GET"]}}],"collection":[{"href":"https:\/\/www.acebucheteatro.com\/portal\/wp-json\/wp\/v2\/pages"}],"about":[{"href":"https:\/\/www.acebucheteatro.com\/portal\/wp-json\/wp\/v2\/types\/page"}],"author":[{"embeddable":true,"href":"https:\/\/www.acebucheteatro.com\/portal\/wp-json\/wp\/v2\/users\/1"}],"replies":[{"embeddable":true,"href":"https:\/\/www.acebucheteatro.com\/portal\/wp-json\/wp\/v2\/comments?post=12057"}],"version-history":[{"count":1,"href":"https:\/\/www.acebucheteatro.com\/portal\/wp-json\/wp\/v2\/pages\/12057\/revisions"}],"predecessor-version":[{"id":14669,"href":"https:\/\/www.acebucheteatro.com\/portal\/wp-json\/wp\/v2\/pages\/12057\/revisions\/14669"}],"up":[{"embeddable":true,"href":"https:\/\/www.acebucheteatro.com\/portal\/wp-json\/wp\/v2\/pages\/14245"}],"wp:featuredmedia":[{"embeddable":true,"href":"https:\/\/www.acebucheteatro.com\/portal\/wp-json\/wp\/v2\/media\/13365"}],"wp:attachment":[{"href":"https:\/\/www.acebucheteatro.com\/portal\/wp-json\/wp\/v2\/media?parent=12057"}],"curies":[{"name":"wp","href":"https:\/\/api.w.org\/{rel}","templated":true}]}}