{"id":14245,"date":"2025-08-24T12:00:08","date_gmt":"2025-08-24T10:00:08","guid":{"rendered":"https:\/\/www.acebucheteatro.com\/portal\/?page_id=14245"},"modified":"2025-08-25T12:04:17","modified_gmt":"2025-08-25T10:04:17","slug":"certamen","status":"publish","type":"page","link":"https:\/\/www.acebucheteatro.com\/portal\/certamen\/","title":{"rendered":"Certamen Nacional de Teatro de Aceuchal"},"content":{"rendered":"<p><div class=\"fusion-fullwidth fullwidth-box fusion-builder-row-1 nonhundred-percent-fullwidth non-hundred-percent-height-scrolling\" style=\"--awb-border-radius-top-left:0px;--awb-border-radius-top-right:0px;--awb-border-radius-bottom-right:0px;--awb-border-radius-bottom-left:0px;--awb-flex-wrap:wrap;\" ><div class=\"fusion-builder-row fusion-row\"><div class=\"fusion-layout-column fusion_builder_column fusion-builder-column-0 fusion_builder_column_2_5 2_5 fusion-two-fifth fusion-column-first fusion-no-small-visibility\" style=\"--awb-bg-size:cover;width:37.6%; margin-right: 4%;\"><div class=\"fusion-column-wrapper fusion-column-has-shadow fusion-flex-column-wrapper-legacy\"><div class=\"fusion-image-element fusion-image-align-center in-legacy-container\" style=\"text-align:center;--awb-caption-title-font-family:var(--h2_typography-font-family);--awb-caption-title-font-weight:var(--h2_typography-font-weight);--awb-caption-title-font-style:var(--h2_typography-font-style);--awb-caption-title-size:var(--h2_typography-font-size);--awb-caption-title-transform:var(--h2_typography-text-transform);--awb-caption-title-line-height:var(--h2_typography-line-height);--awb-caption-title-letter-spacing:var(--h2_typography-letter-spacing);\"><div class=\"imageframe-align-center\"><span class=\" fusion-imageframe imageframe-none imageframe-1 hover-type-none\"><img decoding=\"async\" width=\"200\" height=\"400\" title=\"logo_certamen\" src=\"https:\/\/www.acebucheteatro.com\/portal\/wp-content\/uploads\/2018\/11\/logo_certamen-e1541807127971.png\" alt class=\"img-responsive wp-image-13365\"\/><\/span><\/div><\/div><div class=\"fusion-clearfix\"><\/div><\/div><\/div><div class=\"fusion-layout-column fusion_builder_column fusion-builder-column-1 fusion_builder_column_3_5 3_5 fusion-three-fifth fusion-column-last\" style=\"--awb-overflow:hidden;--awb-bg-size:cover;--awb-border-radius:10px 10px 10px 10px;width:58.4%;\"><div class=\"fusion-column-wrapper fusion-column-has-shadow fusion-flex-column-wrapper-legacy\"><div class=\"fusion-tabs fusion-tabs-1 classic nav-is-justified horizontal-tabs icon-position-left mobile-mode-accordion\" style=\"--awb-title-border-radius-top-left:0px;--awb-title-border-radius-top-right:0px;--awb-title-border-radius-bottom-right:0px;--awb-title-border-radius-bottom-left:0px;--awb-alignment:start;--awb-inactive-color:#f1f2f2;--awb-background-color:#ffffff;--awb-border-color:#ebeaea;--awb-active-border-color:#1a80b6;\"><div class=\"nav\"><ul class=\"nav-tabs nav-justified\" role=\"tablist\" aria-orientation=\"horizontal\"><li class=\"active\" role=\"presentation\"><a class=\"tab-link\" data-toggle=\"tab\" role=\"tab\" aria-controls=\"tab-7cbbe6e64a474e27918\" aria-selected=\"true\" tabindex=\"0\" id=\"fusion-tab-7cbbe6e64a474e27918\" href=\"#tab-7cbbe6e64a474e27918\"><h4 class=\"fusion-tab-heading\"><i class=\"fontawesome-icon fa-leanpub fab\" aria-hidden=\"true\" style=\"font-size:13px;\"><\/i>Historia del Certamen<\/h4><\/a><\/li><li  role=\"presentation\"><a class=\"tab-link\" data-toggle=\"tab\" role=\"tab\" aria-controls=\"tab-695b315b76452399918\" aria-selected=\"false\" tabindex=\"-1\" id=\"fusion-tab-695b315b76452399918\" href=\"#tab-695b315b76452399918\"><h4 class=\"fusion-tab-heading\"><i class=\"fontawesome-icon fa-medal fas\" aria-hidden=\"true\" style=\"font-size:13px;\"><\/i>Sello de Calidad<\/h4><\/a><\/li><li  role=\"presentation\"><a class=\"tab-link\" data-toggle=\"tab\" role=\"tab\" aria-controls=\"tab-0b76b4f21c1d6629dfb\" aria-selected=\"false\" tabindex=\"-1\" id=\"fusion-tab-0b76b4f21c1d6629dfb\" href=\"#tab-0b76b4f21c1d6629dfb\"><h4 class=\"fusion-tab-heading\"><i class=\"fontawesome-icon fa-building far\" aria-hidden=\"true\" style=\"font-size:13px;\"><\/i>Escenario<\/h4><\/a><\/li><li  role=\"presentation\"><a class=\"tab-link\" data-toggle=\"tab\" role=\"tab\" aria-controls=\"tab-a7799999166d3970d59\" aria-selected=\"false\" tabindex=\"-1\" id=\"fusion-tab-a7799999166d3970d59\" href=\"#tab-a7799999166d3970d59\"><h4 class=\"fusion-tab-heading\"><i class=\"fontawesome-icon fa-road fas\" aria-hidden=\"true\" style=\"font-size:13px;\"><\/i>Localizaci\u00f3n<\/h4><\/a><\/li><\/ul><\/div><div class=\"tab-content\"><div class=\"nav fusion-mobile-tab-nav\"><ul class=\"nav-tabs nav-justified\" role=\"tablist\" aria-orientation=\"horizontal\"><li class=\"active\" role=\"presentation\"><a class=\"tab-link\" data-toggle=\"tab\" role=\"tab\" aria-controls=\"tab-7cbbe6e64a474e27918\" aria-selected=\"true\" tabindex=\"0\" id=\"mobile-fusion-tab-7cbbe6e64a474e27918\" href=\"#tab-7cbbe6e64a474e27918\"><h4 class=\"fusion-tab-heading\"><i class=\"fontawesome-icon fa-leanpub fab\" aria-hidden=\"true\" style=\"font-size:13px;\"><\/i>Historia del Certamen<\/h4><\/a><\/li><\/ul><\/div><div class=\"tab-pane fade fusion-clearfix in active\" role=\"tabpanel\" tabindex=\"0\" aria-labelledby=\"fusion-tab-7cbbe6e64a474e27918\" id=\"tab-7cbbe6e64a474e27918\">\n<p><img decoding=\"async\" class=\"alignleft wp-image-12070\" src=\"http:\/\/www.acebucheteatro.com\/portal\/wp-content\/uploads\/2015\/08\/ajosgrande.png\" alt=\"ajosgrande\" width=\"42\" height=\"87\" srcset=\"https:\/\/www.acebucheteatro.com\/portal\/wp-content\/uploads\/2015\/08\/ajosgrande-145x300.png 145w, https:\/\/www.acebucheteatro.com\/portal\/wp-content\/uploads\/2015\/08\/ajosgrande.png 165w\" sizes=\"(max-width: 42px) 100vw, 42px\" \/>El Certamen Nacional de Teatro de Aceuchal alcanza ya su XXXIV Certamen Nacional de Teatro para grupos no profesionales, desde que en el a\u00f1o 1988 arrancara con este proyecto coordinado por el grupo ACEBUCHE-TEATRO y patrocinado por el Excmo. Ayuntamiento de Aceuchal. Es por ello, por lo que Aceuchal cuenta con gran experiencia y desarrollo teatral, sirviendo en muchos casos como marco de referencia para otros cert\u00e1menes que empiezan su recorrido en toda la geograf\u00eda espa\u00f1ola.<\/p>\n<p>Durante todos estos a\u00f1os han participado en nuestro certamen m\u00e1s de 200 grupos. En cada edici\u00f3n manifiestan su intenci\u00f3n de participar un n\u00famero superior a 70 montajes teatrales. De entre ellos, una Comisi\u00f3n de Selecci\u00f3n decide qu\u00e9 seis grupos participan. Entre nuestros objetivos est\u00e1n: dar cabida &#8211; con sus representaciones y promoci\u00f3n &#8211; a los grupos aficionados del pa\u00eds, promover la cultura del teatro en nuestra localidad y comarca, as\u00ed como la convivencia entre grupos de teatro aficionado.<\/p>\n<p>Nuestro certamen es uno de los m\u00e1s consolidados y punteros en Extremadura, constituyendo un referente destacado del teatro amateur en nuestro pa\u00eds. Estamos convencidos que la acogida, el trato, el cach\u00e9 aportado a los grupos, etc., son del agrado de los distintos participantes procedentes de todas las autonom\u00edas espa\u00f1olas.<\/p>\n<\/div><div class=\"nav fusion-mobile-tab-nav\"><ul class=\"nav-tabs nav-justified\" role=\"tablist\" aria-orientation=\"horizontal\"><li  role=\"presentation\"><a class=\"tab-link\" data-toggle=\"tab\" role=\"tab\" aria-controls=\"tab-695b315b76452399918\" aria-selected=\"false\" tabindex=\"-1\" id=\"mobile-fusion-tab-695b315b76452399918\" href=\"#tab-695b315b76452399918\"><h4 class=\"fusion-tab-heading\"><i class=\"fontawesome-icon fa-medal fas\" aria-hidden=\"true\" style=\"font-size:13px;\"><\/i>Sello de Calidad<\/h4><\/a><\/li><\/ul><\/div><div class=\"tab-pane fade fusion-clearfix\" role=\"tabpanel\" tabindex=\"0\" aria-labelledby=\"fusion-tab-695b315b76452399918\" id=\"tab-695b315b76452399918\">\n<p>Son cada vez m\u00e1s las entidades y administraciones que dan cabida al Teatro Amateur dentro de sus programaciones y apoyan u organizan, de forma directa o delegada, eventos espec\u00edficos de Teatro Amateur. En este marem\u00e1gnum de ofertas con formatos diferente (Muestras, cert\u00e1menes, ferias, etc.) podemos encontrar bases o condiciones de participaci\u00f3n que recogen exigencias o requisitos muy variopintos. Se hac\u00eda necesaria una cierta normalizaci\u00f3n que orientara, a la hora de redactar dichas bases de participaci\u00f3n, a aquellos que gestionan y organizan dichos eventos.<\/p>\n<p>La Confederaci\u00f3n ESCENAMATEUR, designada por el Ministerio de Cultura, como miembro, del Consejo Estatal de Las Artes Esc\u00e9nicas y de la M\u00fasica en representaci\u00f3n del Teatro Amateur del estado espa\u00f1ol, y en el ejercicio de esa responsabilidad para con el Teatro Amateur, deb\u00eda contribuir a la normalizaci\u00f3n de las distintas convocatorias, proponiendo un modelo orientador.<\/p>\n<p>As\u00ed nacieron, tras un per\u00edodo de exposici\u00f3n p\u00fablica y aportaciones de diferentes grupos y asociaciones, las Recomendaciones y propuestas para organizadores, gestores y programadores de muestras, cert\u00e1menes, festivales o programaciones de Teatro Amateur. Dicho documento viene a recoger una serie de sugerencias de buenas pr\u00e1cticas a tener en cuenta a la hora de la puesta en marcha, u Organizaci\u00f3n, de un evento vinculado al teatro amateur.<\/p>\n<p>Por eso ESCENAMATEUR, una vez informado el Instituto Nacional de las Artes Esc\u00e9nicas y de la M\u00fasica (INAEM) del Ministerio de Cultura, estableci\u00f3 un SELLO DE CALIDAD, que tiene por objeto premiar y reconocer a aquellos Festivales, Cert\u00e1menes, Muestras o Programaciones de Teatro Amateur que mejor se adapten a las recomendaciones propuestas y alcancen el Baremo necesario para ser merecedores del SELLO DE CALIDAD ESCENAMATEUR.<\/p>\n<p style=\"text-align: center;\"><div class=\"fusion-image-carousel fusion-image-carousel-fixed fusion-image-carousel-1 fusion-carousel-border\"><div class=\"awb-carousel awb-swiper awb-swiper-carousel awb-carousel--carousel awb-swiper-dots-position-bottom\" data-layout=\"carousel\" data-autoplay=\"no\" data-autoplayspeed=\"2500\" data-autoplaypause=\"no\" data-loop=\"yes\" data-columns=\"5\" data-columnsmedium=\"1\" data-columnssmall=\"1\" data-itemmargin=\"13\" data-itemwidth=\"180\" data-touchscroll=\"no\" data-freemode=\"no\" data-imagesize=\"fixed\" data-scrollitems=\"0\" data-centeredslides=\"no\" data-rotationangle=\"50\" data-depth=\"100\" data-speed=\"500\" data-shadow=\"no\" data-pagination=\"bullets\" style=\"--awb-border-width:1px;--awb-border-color:#e9eaee;\"><div class=\"swiper-wrapper awb-image-carousel-wrapper fusion-flex-align-items-center\"><div class=\"swiper-slide\"><div class=\"fusion-carousel-item-wrapper\"><div class=\"fusion-image-wrapper hover-type-liftup\"><a href=\"https:\/\/www.escenamateur.org\/ficha_calidad.php?idSello=35\" target=\"_blank\" rel=\"noopener noreferrer\"><img decoding=\"async\" width=\"168\" height=\"87\" src=\"https:\/\/www.acebucheteatro.com\/portal\/wp-content\/uploads\/2018\/11\/logo_escena_amateur.gif\" class=\"attachment-blog-medium size-blog-medium\" alt=\"\" \/><\/a><\/div><\/div><\/div><div class=\"swiper-slide\"><div class=\"fusion-carousel-item-wrapper\"><div class=\"fusion-image-wrapper hover-type-liftup\"><img decoding=\"async\" width=\"320\" height=\"202\" src=\"https:\/\/www.acebucheteatro.com\/portal\/wp-content\/uploads\/2016\/08\/14063786_10207261891122634_8403856773169663873_n-320x202.jpg\" class=\"attachment-blog-medium size-blog-medium\" alt=\"\" \/><\/div><\/div><\/div><div class=\"swiper-slide\"><div class=\"fusion-carousel-item-wrapper\"><div class=\"fusion-image-wrapper hover-type-liftup\"><a href=\"https:\/\/www.escenamateur.org\/ficha_calidad.php?idSello=35\" target=\"_blank\" rel=\"noopener noreferrer\"><img decoding=\"async\" width=\"260\" height=\"152\" src=\"https:\/\/www.acebucheteatro.com\/portal\/wp-content\/uploads\/2018\/11\/sello_calidad_logo.png\" class=\"attachment-blog-medium size-blog-medium\" alt=\"\" srcset=\"https:\/\/www.acebucheteatro.com\/portal\/wp-content\/uploads\/2018\/11\/sello_calidad_logo-200x117.png 200w, https:\/\/www.acebucheteatro.com\/portal\/wp-content\/uploads\/2018\/11\/sello_calidad_logo.png 260w\" sizes=\"(min-width: 2200px) 100vw, (min-width: 784px) 358px, (min-width: 712px) 537px, (min-width: 640px) 712px, \" \/><\/a><\/div><\/div><\/div><\/div><div class=\"awb-swiper-button awb-swiper-button-prev\"><i class=\"awb-icon-angle-left\" aria-hidden=\"true\"><\/i><\/div><div class=\"awb-swiper-button awb-swiper-button-next\"><i class=\"awb-icon-angle-right\" aria-hidden=\"true\"><\/i><\/div><\/div><\/div>\n<\/div><div class=\"nav fusion-mobile-tab-nav\"><ul class=\"nav-tabs nav-justified\" role=\"tablist\" aria-orientation=\"horizontal\"><li  role=\"presentation\"><a class=\"tab-link\" data-toggle=\"tab\" role=\"tab\" aria-controls=\"tab-0b76b4f21c1d6629dfb\" aria-selected=\"false\" tabindex=\"-1\" id=\"mobile-fusion-tab-0b76b4f21c1d6629dfb\" href=\"#tab-0b76b4f21c1d6629dfb\"><h4 class=\"fusion-tab-heading\"><i class=\"fontawesome-icon fa-building far\" aria-hidden=\"true\" style=\"font-size:13px;\"><\/i>Escenario<\/h4><\/a><\/li><\/ul><\/div><div class=\"tab-pane fade fusion-clearfix\" role=\"tabpanel\" tabindex=\"0\" aria-labelledby=\"fusion-tab-0b76b4f21c1d6629dfb\" id=\"tab-0b76b4f21c1d6629dfb\">\nUn aforo con capacidad para <strong>290 localidades<\/strong>. Un espacio esc\u00e9nico donde se han dado cita compa\u00f1\u00edas teatrales de toda la geograf\u00eda hispana. <strong>30 a\u00f1os de experiencia<\/strong> en el desarrollo del <strong>CERTAMEN NACIONAL DE TEATRO DE ACEUCHAL<\/strong>, y lo mas importante, un <strong>P\u00daBLICO<\/strong> cuyo comportamiento y saber estar sorprende cada a\u00f1o al visitante.<\/p>\n\n\t\t<style type=\"text\/css\">\n\t\t\t#gallery-1 {\n\t\t\t\tmargin: auto;\n\t\t\t}\n\t\t\t#gallery-1 .gallery-item {\n\t\t\t\tfloat: left;\n\t\t\t\tmargin-top: 10px;\n\t\t\t\ttext-align: center;\n\t\t\t\twidth: 25%;\n\t\t\t}\n\t\t\t#gallery-1 img {\n\t\t\t\tborder: 2px solid #cfcfcf;\n\t\t\t}\n\t\t\t#gallery-1 .gallery-caption {\n\t\t\t\tmargin-left: 0;\n\t\t\t}\n\t\t\t\/* see gallery_shortcode() in wp-includes\/media.php *\/\n\t\t<\/style>\n\t\t<div id='gallery-1' class='gallery galleryid-14245 gallery-columns-4 gallery-size-thumbnail'><dl class='gallery-item'>\n\t\t\t<dt class='gallery-icon landscape'>\n\t\t\t\t<a data-rel=\"iLightbox[postimages]\" data-title=\"casa_cultura1\" data-caption=\"\" href='https:\/\/www.acebucheteatro.com\/portal\/wp-content\/uploads\/2015\/08\/casa_cultura1.jpg'><img decoding=\"async\" width=\"150\" height=\"150\" src=\"https:\/\/www.acebucheteatro.com\/portal\/wp-content\/uploads\/2015\/08\/casa_cultura1-150x150.jpg\" class=\"attachment-thumbnail size-thumbnail\" alt=\"\" srcset=\"https:\/\/www.acebucheteatro.com\/portal\/wp-content\/uploads\/2015\/08\/casa_cultura1-66x66.jpg 66w, https:\/\/www.acebucheteatro.com\/portal\/wp-content\/uploads\/2015\/08\/casa_cultura1-100x100.jpg 100w, https:\/\/www.acebucheteatro.com\/portal\/wp-content\/uploads\/2015\/08\/casa_cultura1-150x150.jpg 150w\" sizes=\"(max-width: 150px) 100vw, 150px\" \/><\/a>\n\t\t\t<\/dt><\/dl><dl class='gallery-item'>\n\t\t\t<dt class='gallery-icon landscape'>\n\t\t\t\t<a data-rel=\"iLightbox[postimages]\" data-title=\"CSC_0275\" data-caption=\"\" href='https:\/\/www.acebucheteatro.com\/portal\/wp-content\/uploads\/2015\/08\/CSC_0275.jpg'><img decoding=\"async\" width=\"150\" height=\"150\" src=\"https:\/\/www.acebucheteatro.com\/portal\/wp-content\/uploads\/2015\/08\/CSC_0275-150x150.jpg\" class=\"attachment-thumbnail size-thumbnail\" alt=\"\" srcset=\"https:\/\/www.acebucheteatro.com\/portal\/wp-content\/uploads\/2015\/08\/CSC_0275-66x66.jpg 66w, https:\/\/www.acebucheteatro.com\/portal\/wp-content\/uploads\/2015\/08\/CSC_0275-100x100.jpg 100w, https:\/\/www.acebucheteatro.com\/portal\/wp-content\/uploads\/2015\/08\/CSC_0275-150x150.jpg 150w\" sizes=\"(max-width: 150px) 100vw, 150px\" \/><\/a>\n\t\t\t<\/dt><\/dl><dl class='gallery-item'>\n\t\t\t<dt class='gallery-icon landscape'>\n\t\t\t\t<a data-rel=\"iLightbox[postimages]\" data-title=\"CSC_0276\" data-caption=\"\" href='https:\/\/www.acebucheteatro.com\/portal\/wp-content\/uploads\/2015\/08\/CSC_0276.jpg'><img decoding=\"async\" width=\"150\" height=\"150\" src=\"https:\/\/www.acebucheteatro.com\/portal\/wp-content\/uploads\/2015\/08\/CSC_0276-150x150.jpg\" class=\"attachment-thumbnail size-thumbnail\" alt=\"\" srcset=\"https:\/\/www.acebucheteatro.com\/portal\/wp-content\/uploads\/2015\/08\/CSC_0276-66x66.jpg 66w, https:\/\/www.acebucheteatro.com\/portal\/wp-content\/uploads\/2015\/08\/CSC_0276-100x100.jpg 100w, https:\/\/www.acebucheteatro.com\/portal\/wp-content\/uploads\/2015\/08\/CSC_0276-150x150.jpg 150w\" sizes=\"(max-width: 150px) 100vw, 150px\" \/><\/a>\n\t\t\t<\/dt><\/dl><dl class='gallery-item'>\n\t\t\t<dt class='gallery-icon landscape'>\n\t\t\t\t<a data-rel=\"iLightbox[postimages]\" data-title=\"salon1\" data-caption=\"\" href='https:\/\/www.acebucheteatro.com\/portal\/wp-content\/uploads\/2015\/08\/salon1.jpg'><img decoding=\"async\" width=\"150\" height=\"150\" src=\"https:\/\/www.acebucheteatro.com\/portal\/wp-content\/uploads\/2015\/08\/salon1-150x150.jpg\" class=\"attachment-thumbnail size-thumbnail\" alt=\"\" srcset=\"https:\/\/www.acebucheteatro.com\/portal\/wp-content\/uploads\/2015\/08\/salon1-66x66.jpg 66w, https:\/\/www.acebucheteatro.com\/portal\/wp-content\/uploads\/2015\/08\/salon1-100x100.jpg 100w, https:\/\/www.acebucheteatro.com\/portal\/wp-content\/uploads\/2015\/08\/salon1-150x150.jpg 150w\" sizes=\"(max-width: 150px) 100vw, 150px\" \/><\/a>\n\t\t\t<\/dt><\/dl><br style=\"clear: both\" \/><dl class='gallery-item'>\n\t\t\t<dt class='gallery-icon landscape'>\n\t\t\t\t<a data-rel=\"iLightbox[postimages]\" data-title=\"salon2\" data-caption=\"\" href='https:\/\/www.acebucheteatro.com\/portal\/wp-content\/uploads\/2015\/08\/salon2.jpg'><img decoding=\"async\" width=\"150\" height=\"150\" src=\"https:\/\/www.acebucheteatro.com\/portal\/wp-content\/uploads\/2015\/08\/salon2-150x150.jpg\" class=\"attachment-thumbnail size-thumbnail\" alt=\"\" srcset=\"https:\/\/www.acebucheteatro.com\/portal\/wp-content\/uploads\/2015\/08\/salon2-66x66.jpg 66w, https:\/\/www.acebucheteatro.com\/portal\/wp-content\/uploads\/2015\/08\/salon2-100x100.jpg 100w, https:\/\/www.acebucheteatro.com\/portal\/wp-content\/uploads\/2015\/08\/salon2-150x150.jpg 150w\" sizes=\"(max-width: 150px) 100vw, 150px\" \/><\/a>\n\t\t\t<\/dt><\/dl><dl class='gallery-item'>\n\t\t\t<dt class='gallery-icon landscape'>\n\t\t\t\t<a data-rel=\"iLightbox[postimages]\" data-title=\"salon3\" data-caption=\"\" href='https:\/\/www.acebucheteatro.com\/portal\/wp-content\/uploads\/2015\/08\/salon3.jpg'><img decoding=\"async\" width=\"150\" height=\"150\" src=\"https:\/\/www.acebucheteatro.com\/portal\/wp-content\/uploads\/2015\/08\/salon3-150x150.jpg\" class=\"attachment-thumbnail size-thumbnail\" alt=\"\" srcset=\"https:\/\/www.acebucheteatro.com\/portal\/wp-content\/uploads\/2015\/08\/salon3-66x66.jpg 66w, https:\/\/www.acebucheteatro.com\/portal\/wp-content\/uploads\/2015\/08\/salon3-100x100.jpg 100w, https:\/\/www.acebucheteatro.com\/portal\/wp-content\/uploads\/2015\/08\/salon3-150x150.jpg 150w\" sizes=\"(max-width: 150px) 100vw, 150px\" \/><\/a>\n\t\t\t<\/dt><\/dl><dl class='gallery-item'>\n\t\t\t<dt class='gallery-icon landscape'>\n\t\t\t\t<a data-rel=\"iLightbox[postimages]\" data-title=\"salon4\" data-caption=\"\" href='https:\/\/www.acebucheteatro.com\/portal\/wp-content\/uploads\/2015\/08\/salon4.jpg'><img decoding=\"async\" width=\"150\" height=\"150\" src=\"https:\/\/www.acebucheteatro.com\/portal\/wp-content\/uploads\/2015\/08\/salon4-150x150.jpg\" class=\"attachment-thumbnail size-thumbnail\" alt=\"\" srcset=\"https:\/\/www.acebucheteatro.com\/portal\/wp-content\/uploads\/2015\/08\/salon4-66x66.jpg 66w, https:\/\/www.acebucheteatro.com\/portal\/wp-content\/uploads\/2015\/08\/salon4-100x100.jpg 100w, https:\/\/www.acebucheteatro.com\/portal\/wp-content\/uploads\/2015\/08\/salon4-150x150.jpg 150w\" sizes=\"(max-width: 150px) 100vw, 150px\" \/><\/a>\n\t\t\t<\/dt><\/dl><dl class='gallery-item'>\n\t\t\t<dt class='gallery-icon landscape'>\n\t\t\t\t<a data-rel=\"iLightbox[postimages]\" data-title=\"Casa de Cultura de Aceuchal\" data-caption=\"\" href='https:\/\/www.acebucheteatro.com\/portal\/wp-content\/uploads\/2015\/08\/aula_casacultura.jpg'><img decoding=\"async\" width=\"150\" height=\"150\" src=\"https:\/\/www.acebucheteatro.com\/portal\/wp-content\/uploads\/2015\/08\/aula_casacultura-150x150.jpg\" class=\"attachment-thumbnail size-thumbnail\" alt=\"\" srcset=\"https:\/\/www.acebucheteatro.com\/portal\/wp-content\/uploads\/2015\/08\/aula_casacultura-66x66.jpg 66w, https:\/\/www.acebucheteatro.com\/portal\/wp-content\/uploads\/2015\/08\/aula_casacultura-100x100.jpg 100w, https:\/\/www.acebucheteatro.com\/portal\/wp-content\/uploads\/2015\/08\/aula_casacultura-150x150.jpg 150w\" sizes=\"(max-width: 150px) 100vw, 150px\" \/><\/a>\n\t\t\t<\/dt><\/dl><br style=\"clear: both\" \/>\n\t\t<\/div>\n\n<\/div><div class=\"nav fusion-mobile-tab-nav\"><ul class=\"nav-tabs nav-justified\" role=\"tablist\" aria-orientation=\"horizontal\"><li  role=\"presentation\"><a class=\"tab-link\" data-toggle=\"tab\" role=\"tab\" aria-controls=\"tab-a7799999166d3970d59\" aria-selected=\"false\" tabindex=\"-1\" id=\"mobile-fusion-tab-a7799999166d3970d59\" href=\"#tab-a7799999166d3970d59\"><h4 class=\"fusion-tab-heading\"><i class=\"fontawesome-icon fa-road fas\" aria-hidden=\"true\" style=\"font-size:13px;\"><\/i>Localizaci\u00f3n<\/h4><\/a><\/li><\/ul><\/div><div class=\"tab-pane fade fusion-clearfix\" role=\"tabpanel\" tabindex=\"0\" aria-labelledby=\"fusion-tab-a7799999166d3970d59\" id=\"tab-a7799999166d3970d59\">\n<p>Aproveche esta oportunidad para visitarnos y conocer los secretos ocultos de Extremadura. Aceuchal, situada a 30 km. de la ciudad de M\u00e9rida resulta perfecta para simultanear las noches de teatro junto con los espect\u00e1culos mundiales del Festival de Teatro Cl\u00e1sico de M\u00e9rida que se dar\u00e1n cita en los meses de Julio y Agosto. Aceuchal se hace derivar de hallarse cubierto de acebuches el lugar en que fue asentado. Constituye el ajo, el producto especialmente caracter\u00edstico de Aceuchal y cuyo s\u00edmbolo no solo brilla en tierras lejanas por su generoso comercio, sino como distintivo caracter\u00edstico del CERTAMEN NACIONAL DE TEATRO DE ACEUCHAL, del que cada a\u00f1o centellea como trofeo por toda la geograf\u00eda espa\u00f1ola.<\/p>\n\t\t\t\t\t<script type=\"text\/javascript\">\n\t\t\t\t\t\tvar map_fusion_map_69f5cd02492de;\n\t\t\t\t\t\tvar markers = [];\n\t\t\t\t\t\tvar counter = 0;\n\t\t\t\t\t\t\t\t\t\t\t\t\t\t\t\t\t\t\t\tvar fusionMapNonce = '37d3ffe458';\n\t\t\t\t\t\t\t\t\t\t\t\tfunction fusion_run_map_fusion_map_69f5cd02492de() {\n\t\t\t\t\t\t\tjQuery ('#fusion_map_69f5cd02492de' ).fusion_maps( {\n\t\t\t\t\t\t\t\taddresses: [{\"address\":\"C\\\/ Juan Carlos I, Aceuchal\",\"infobox_content\":\"C\\\/ Juan Carlos I, Aceuchal\",\"coordinates\":false,\"cache\":true,\"latitude\":\"38.646168\",\"longitude\":\"-6.485894899999948\"}],\n\t\t\t\t\t\t\t\tanimations: true,\n\t\t\t\t\t\t\t\tinfobox_background_color: '',\n\t\t\t\t\t\t\t\tinfobox_styling: 'default',\n\t\t\t\t\t\t\t\tinfobox_text_color: '',\n\t\t\t\t\t\t\t\tmap_style: 'default',\n\t\t\t\t\t\t\t\tmap_type: 'roadmap',\n\t\t\t\t\t\t\t\tmarker_icon: '',\n\t\t\t\t\t\t\t\toverlay_color: '',\n\t\t\t\t\t\t\t\toverlay_color_hsl: {\"hue\":0,\"sat\":0,\"lum\":100},\n\t\t\t\t\t\t\t\tshow_address: true,\n\t\t\t\t\t\t\t\tscale_control: true,\n\t\t\t\t\t\t\t\tscrollwheel: true,\n\t\t\t\t\t\t\t\tzoom: 14,\n\t\t\t\t\t\t\t\tzoom_control: true,\n\t\t\t\t\t\t\t} );\n\t\t\t\t\t\t}\n\n\t\t\t\t\t\tgoogle.maps.event.addDomListener(window, 'load', fusion_run_map_fusion_map_69f5cd02492de);\n\t\t\t\t\t<\/script>\n\t\t\t\t\t<div class=\"shortcode-map fusion-google-map fusion-maps-js-type\" id=\"fusion_map_69f5cd02492de\"><\/div><\/div><\/div><\/div><div class=\"fusion-clearfix\"><\/div><\/div><\/div><\/div><\/div><div class=\"fusion-fullwidth fullwidth-box fusion-builder-row-2 nonhundred-percent-fullwidth non-hundred-percent-height-scrolling\" style=\"--awb-border-radius-top-left:0px;--awb-border-radius-top-right:0px;--awb-border-radius-bottom-right:0px;--awb-border-radius-bottom-left:0px;--awb-flex-wrap:wrap;\" ><div class=\"fusion-builder-row fusion-row\"><div class=\"fusion-layout-column fusion_builder_column fusion-builder-column-2 fusion_builder_column_1_1 1_1 fusion-one-full fusion-column-first fusion-column-last\" style=\"--awb-overflow:hidden;--awb-bg-size:cover;--awb-border-radius:10px 10px 10px 10px;\"><div class=\"fusion-column-wrapper fusion-column-has-shadow fusion-flex-column-wrapper-legacy\"><div class=\"fusion-tabs fusion-tabs-2 classic nav-is-justified horizontal-tabs icon-position-left mobile-mode-accordion\" style=\"--awb-title-border-radius-top-left:0px;--awb-title-border-radius-top-right:0px;--awb-title-border-radius-bottom-right:0px;--awb-title-border-radius-bottom-left:0px;--awb-alignment:start;--awb-inactive-color:#f1f2f2;--awb-background-color:#ffffff;--awb-border-color:#03a9f4;--awb-active-border-color:#1a80b6;\"><div class=\"nav\"><ul class=\"nav-tabs nav-justified\" role=\"tablist\" aria-orientation=\"horizontal\"><li class=\"active\" role=\"presentation\"><a class=\"tab-link\" data-toggle=\"tab\" role=\"tab\" aria-controls=\"tab-41221612f4716ba882b\" aria-selected=\"true\" tabindex=\"0\" id=\"fusion-tab-41221612f4716ba882b\" href=\"#tab-41221612f4716ba882b\"><h4 class=\"fusion-tab-heading\"><i class=\"fontawesome-icon fa-edit fas\" aria-hidden=\"true\" style=\"font-size:13px;\"><\/i>Procedimiento de inscripci\u00f3n<\/h4><\/a><\/li><li  role=\"presentation\"><a class=\"tab-link\" data-toggle=\"tab\" role=\"tab\" aria-controls=\"tab-d592ebce574f4ad60c7\" aria-selected=\"false\" tabindex=\"-1\" id=\"fusion-tab-d592ebce574f4ad60c7\" href=\"#tab-d592ebce574f4ad60c7\"><h4 class=\"fusion-tab-heading\"><i class=\"fontawesome-icon fa-info-circle fas\" aria-hidden=\"true\" style=\"font-size:13px;\"><\/i>Estado de las instancias recibidas<\/h4><\/a><\/li><li  role=\"presentation\"><a class=\"tab-link\" data-toggle=\"tab\" role=\"tab\" aria-controls=\"tab-de5d4e814b178b85a73\" aria-selected=\"false\" tabindex=\"-1\" id=\"fusion-tab-de5d4e814b178b85a73\" href=\"#tab-de5d4e814b178b85a73\"><h4 class=\"fusion-tab-heading\"><i class=\"fontawesome-icon fa-check-circle fas\" aria-hidden=\"true\" style=\"font-size:13px;\"><\/i>Grupos seleccionados<\/h4><\/a><\/li><li  role=\"presentation\"><a class=\"tab-link\" data-toggle=\"tab\" role=\"tab\" aria-controls=\"tab-53fc09ba3b81704ec8a\" aria-selected=\"false\" tabindex=\"-1\" id=\"fusion-tab-53fc09ba3b81704ec8a\" href=\"#tab-53fc09ba3b81704ec8a\"><h4 class=\"fusion-tab-heading\"><i class=\"fontawesome-icon fa-medal fas\" aria-hidden=\"true\" style=\"font-size:13px;\"><\/i>Premios y Trofeos otorgados<\/h4><\/a><\/li><\/ul><\/div><div class=\"tab-content\"><div class=\"nav fusion-mobile-tab-nav\"><ul class=\"nav-tabs nav-justified\" role=\"tablist\" aria-orientation=\"horizontal\"><li class=\"active\" role=\"presentation\"><a class=\"tab-link\" data-toggle=\"tab\" role=\"tab\" aria-controls=\"tab-41221612f4716ba882b\" aria-selected=\"true\" tabindex=\"0\" id=\"mobile-fusion-tab-41221612f4716ba882b\" href=\"#tab-41221612f4716ba882b\"><h4 class=\"fusion-tab-heading\"><i class=\"fontawesome-icon fa-edit fas\" aria-hidden=\"true\" style=\"font-size:13px;\"><\/i>Procedimiento de inscripci\u00f3n<\/h4><\/a><\/li><\/ul><\/div><div class=\"tab-pane fade fusion-clearfix in active\" role=\"tabpanel\" tabindex=\"0\" aria-labelledby=\"fusion-tab-41221612f4716ba882b\" id=\"tab-41221612f4716ba882b\">\n<p><img decoding=\"async\" class=\"alignleft wp-image-12070\" src=\"http:\/\/www.acebucheteatro.com\/portal\/wp-content\/uploads\/2015\/08\/ajosgrande.png\" alt=\"ajosgrande\" width=\"42\" height=\"87\" srcset=\"https:\/\/www.acebucheteatro.com\/portal\/wp-content\/uploads\/2015\/08\/ajosgrande-145x300.png 145w, https:\/\/www.acebucheteatro.com\/portal\/wp-content\/uploads\/2015\/08\/ajosgrande.png 165w\" sizes=\"(max-width: 42px) 100vw, 42px\" \/>El <strong>XXXIV Certamen Nacional de Teatro de Aceuchal<\/strong> tendr\u00e1 lugar en Aceuchal (Badajoz), los d\u00edas 12, 13, 14, 19, 20, 21 y 27 de septiembre de 2025. Podr\u00e1n concurrir cuanto grupos no profesionales de \u00e1mbito nacional lo deseen.<\/p>\n<p>Los grupos que deseen participar, deber\u00e1n enviar <strong>OBLIGATORIAMENTE, antes de las 20:00 horas del d\u00eda 15 de julio de 2025<\/strong>\u00a0el <strong><a href=\"https:\/\/acebucheteatro.com\/formulariocertamen\" target=\"_blank\" rel=\"noopener noreferrer\">FORMULARIO DE INSCRIPCI\u00d3N<\/a><\/strong>, as\u00ed como el material que se detalla en las presentes <strong><a href=\"https:\/\/www.acebucheteatro.com\/portal\/wp-content\/uploads\/2025\/06\/Bases-34-Certamen-Nacional-de-Teatro-de-Aceuchal-2025.pdf\" target=\"_blank\" rel=\"noopener noreferrer\">BASES del Certamen<\/a><\/strong>.<\/p>\n<p><strong><a href=\"https:\/\/www.acebucheteatro.com\/portal\/wp-content\/uploads\/2024\/06\/advertencia.png\"><img decoding=\"async\" class=\"alignleft wp-image-15149\" src=\"https:\/\/www.acebucheteatro.com\/portal\/wp-content\/uploads\/2024\/06\/advertencia.png\" alt=\"\" width=\"36\" height=\"36\" srcset=\"https:\/\/www.acebucheteatro.com\/portal\/wp-content\/uploads\/2024\/06\/advertencia-50x50.png 50w, https:\/\/www.acebucheteatro.com\/portal\/wp-content\/uploads\/2024\/06\/advertencia-66x66.png 66w, https:\/\/www.acebucheteatro.com\/portal\/wp-content\/uploads\/2024\/06\/advertencia-150x150.png 150w, https:\/\/www.acebucheteatro.com\/portal\/wp-content\/uploads\/2024\/06\/advertencia-177x177.png 177w, https:\/\/www.acebucheteatro.com\/portal\/wp-content\/uploads\/2024\/06\/advertencia-200x200.png 200w, https:\/\/www.acebucheteatro.com\/portal\/wp-content\/uploads\/2024\/06\/advertencia-300x300.png 300w, https:\/\/www.acebucheteatro.com\/portal\/wp-content\/uploads\/2024\/06\/advertencia-320x320.png 320w, https:\/\/www.acebucheteatro.com\/portal\/wp-content\/uploads\/2024\/06\/advertencia-400x400.png 400w, https:\/\/www.acebucheteatro.com\/portal\/wp-content\/uploads\/2024\/06\/advertencia-460x460.png 460w, https:\/\/www.acebucheteatro.com\/portal\/wp-content\/uploads\/2024\/06\/advertencia.png 512w\" sizes=\"(max-width: 36px) 100vw, 36px\" \/><\/a>\u00a0<\/strong><strong><span style=\"color: #ff0000;\">LEA DETENIDAMENTE LAS INDICACIONES DEL FORMULARIO Y DE LAS BASES DEL CERTAMEN<\/span>.<\/strong> Existen materiales que deber\u00e1n ser aportados <strong>OBLIGATORIAMENTE\u00a0<\/strong>a trav\u00e9s de enlace disponible para su descarga (no se admitir\u00e1 propuesta alguna a ninguna direcci\u00f3n postal ni a trav\u00e9s de otro medio distinto al formulario de inscripci\u00f3n. El material audiovisual deber\u00e1 remitirse a trav\u00e9s de enlace accesible para su descarga se\u00f1alado en el <strong><a href=\"https:\/\/acebucheteatro.com\/formulariocertamen\" target=\"_blank\" rel=\"noopener noreferrer\">FORMULARIO DE INSCRIPCI\u00d3N<\/a><\/strong>.<\/p>\n<p><strong>Documentaci\u00f3n para participar en el XXXIV CERTAMEN NACIONAL DE TEATRO DE ACEUCHAL:<\/strong><\/p>\n<ul>\n<li><a href=\"https:\/\/www.acebucheteatro.com\/portal\/wp-content\/uploads\/2025\/06\/Bases-34-Certamen-Nacional-de-Teatro-de-Aceuchal-2025.pdf\" target=\"_blank\" rel=\"noopener noreferrer\">Bases &#8211; Certamen Nacional de Teatro de Aceuchal 2025<\/a><\/li>\n<li><a href=\"https:\/\/acebucheteatro.com\/formulariocertamen\" target=\"_blank\" rel=\"noopener noreferrer\">Formulario de Inscripci\u00f3n &#8211; Certamen Nacional de Teatro de Aceuchal 2025<\/a><\/li>\n<\/ul>\n<div class=\"fusion-countdown fusion-countdown-1 fusion-countdown-floated fusion-countdown-label-text_flow fusion-countdown-has-heading\" style=\"--awb-counter-border-size:0;\"><div class=\"fusion-countdown-wrapper\"><div class=\"fusion-countdown-heading-wrapper\"><div class=\"fusion-countdown-subheading\">Cuenta atr\u00e1s para el env\u00edo de la documentaci\u00f3n<\/div><div class=\"fusion-countdown-heading\">Tiempo restante para el vencimiento de la fecha l\u00edmite de env\u00edo<\/div><\/div><div class=\"fusion-countdown-counter-wrapper\" id=\"fusion-countdown-1\" data-gmt-offset=\"2\" data-timer=\"2025-07-15-20-00-00\" data-omit-weeks=\"0\"><div class=\"fusion-dash-wrapper \"><div class=\"fusion-dash fusion-dash-weeks\"><div class=\"fusion-digit-wrapper\"><div class=\"fusion-hundred-digit fusion-digit\">0<\/div><div class=\"fusion-digit\">0<\/div><div class=\"fusion-digit\">0<\/div><\/div><div class=\"fusion-dash-title\">Weeks<\/div><\/div><\/div><div class=\"fusion-dash-wrapper \"><div class=\"fusion-dash fusion-dash-days\"><div class=\"fusion-digit-wrapper\"><div class=\"fusion-thousand-digit fusion-digit\">0<\/div><div class=\"fusion-hundred-digit fusion-digit\">0<\/div><div class=\"fusion-digit\">0<\/div><div class=\"fusion-digit\">0<\/div><\/div><div class=\"fusion-dash-title\">Days<\/div><\/div><\/div><div class=\"fusion-dash-wrapper \"><div class=\"fusion-dash fusion-dash-hours\"><div class=\"fusion-digit-wrapper\"><div class=\"fusion-digit\">0<\/div><div class=\"fusion-digit\">0<\/div><\/div><div class=\"fusion-dash-title\">Hrs<\/div><\/div><\/div><div class=\"fusion-dash-wrapper \"><div class=\"fusion-dash fusion-dash-minutes\"><div class=\"fusion-digit-wrapper\"><div class=\"fusion-digit\">0<\/div><div class=\"fusion-digit\">0<\/div><\/div><div class=\"fusion-dash-title\">Min<\/div><\/div><\/div><div class=\"fusion-dash-wrapper \"><div class=\"fusion-dash fusion-dash-seconds\"><div class=\"fusion-digit-wrapper\"><div class=\"fusion-digit\">0<\/div><div class=\"fusion-digit\">0<\/div><\/div><div class=\"fusion-dash-title\">Sec<\/div><\/div><\/div><\/div><\/div><\/div>\n<\/div><div class=\"nav fusion-mobile-tab-nav\"><ul class=\"nav-tabs nav-justified\" role=\"tablist\" aria-orientation=\"horizontal\"><li  role=\"presentation\"><a class=\"tab-link\" data-toggle=\"tab\" role=\"tab\" aria-controls=\"tab-d592ebce574f4ad60c7\" aria-selected=\"false\" tabindex=\"-1\" id=\"mobile-fusion-tab-d592ebce574f4ad60c7\" href=\"#tab-d592ebce574f4ad60c7\"><h4 class=\"fusion-tab-heading\"><i class=\"fontawesome-icon fa-info-circle fas\" aria-hidden=\"true\" style=\"font-size:13px;\"><\/i>Estado de las instancias recibidas<\/h4><\/a><\/li><\/ul><\/div><div class=\"tab-pane fade fusion-clearfix\" role=\"tabpanel\" tabindex=\"0\" aria-labelledby=\"fusion-tab-d592ebce574f4ad60c7\" id=\"tab-d592ebce574f4ad60c7\">\n<p>Est\u00e1 secci\u00f3n se ir\u00e1 actualizando a medida que se vayan recibiendo las correspondientes solicitudes y se efect\u00fae la validaci\u00f3n de los datos enviados.<\/p>\n\n<table id=\"tablepress-9\" class=\"tablepress tablepress-id-9\">\n<thead>\n<tr class=\"row-1\">\n\t<th class=\"column-1\">Fecha recepci\u00f3n<\/th><th class=\"column-2\">Grupo<\/th><th class=\"column-3\">Obra<\/th><th class=\"column-4\">Autor<\/th><th class=\"column-5\">G\u00e9nero<\/th><th class=\"column-6\">Localidad<\/th><th class=\"column-7\">Provincia<\/th><th class=\"column-8\">Validaci\u00f3n<\/th>\n<\/tr>\n<\/thead>\n<tbody class=\"row-striping row-hover\">\n<tr class=\"row-2\">\n\t<td class=\"column-1\">01\/07\/2025<\/td><td class=\"column-2\">Contiguo Teatro<\/td><td class=\"column-3\">Limbo<\/td><td class=\"column-4\">Cristina Almaz\u00e1n<\/td><td class=\"column-5\">Comedia<\/td><td class=\"column-6\">Sevilla<\/td><td class=\"column-7\">Sevilla<\/td><td class=\"column-8\"><p style=\"text-align: center;\"><b><span class=\"\" style=\"color: rgb(152, 202, 62);\">\u2713<\/span><\/b><\/p><\/td>\n<\/tr>\n<tr class=\"row-3\">\n\t<td class=\"column-1\">01\/07\/2025<\/td><td class=\"column-2\">Noitebras Teatro<\/td><td class=\"column-3\">Mentalmorbosis<\/td><td class=\"column-4\">Xurso Feral<\/td><td class=\"column-5\">Tragicomedia<\/td><td class=\"column-6\">Tomi\u00f1o<\/td><td class=\"column-7\">Pontevedra<\/td><td class=\"column-8\"><p style=\"text-align: center;\"><b><span class=\"\" style=\"color: rgb(152, 202, 62);\">\u2713<\/span><\/b><\/p><\/td>\n<\/tr>\n<tr class=\"row-4\">\n\t<td class=\"column-1\">02\/07\/2025<\/td><td class=\"column-2\">Palique Teatro<\/td><td class=\"column-3\">La calentura<\/td><td class=\"column-4\">Alfredo Sanzol<\/td><td class=\"column-5\">Comedia<\/td><td class=\"column-6\">Hornachos<\/td><td class=\"column-7\">Badajoz<\/td><td class=\"column-8\"><p style=\"text-align: center;\"><b><span class=\"\" style=\"color: rgb(152, 202, 62);\">\u2713<\/span><\/b><\/p><\/td>\n<\/tr>\n<tr class=\"row-5\">\n\t<td class=\"column-1\">02\/07\/2025<\/td><td class=\"column-2\">Trakal\u00e1 Teatro<\/td><td class=\"column-3\">Bodas de sangre<\/td><td class=\"column-4\">Federico G. Lorca<\/td><td class=\"column-5\">Tragedia<\/td><td class=\"column-6\">Villanueva de la Vera<\/td><td class=\"column-7\">C\u00e1ceres<\/td><td class=\"column-8\"><p style=\"text-align: center;\"><b><span class=\"\" style=\"color: rgb(152, 202, 62);\">\u2713<\/span><\/b><\/p><\/td>\n<\/tr>\n<tr class=\"row-6\">\n\t<td class=\"column-1\">03\/07\/2025<\/td><td class=\"column-2\">La Barraca de Federico Mater amant\u00edssima<\/td><td class=\"column-3\">Mater amant\u00edssima<\/td><td class=\"column-4\">Enrique Fuster<\/td><td class=\"column-5\">Drama<\/td><td class=\"column-6\">San Pedro de Pinatar<\/td><td class=\"column-7\">Murcia<\/td><td class=\"column-8\"><p style=\"text-align: center;\"><b><span class=\"\" style=\"color: rgb(152, 202, 62);\">\u2713<\/span><\/b><\/p><\/td>\n<\/tr>\n<tr class=\"row-7\">\n\t<td class=\"column-1\">04\/07\/2025<\/td><td class=\"column-2\">Pl\u00e9yade Trampantojo<\/td><td class=\"column-3\">El rey se muere<\/td><td class=\"column-4\">E. Ionesco<\/td><td class=\"column-5\">Tragicomedia<\/td><td class=\"column-6\">Castell\u00f3n<\/td><td class=\"column-7\">Castell\u00f3n<\/td><td class=\"column-8\"><p style=\"text-align: center;\"><b><span class=\"\" style=\"color: rgb(152, 202, 62);\">\u2713<\/span><\/b><\/p><\/td>\n<\/tr>\n<tr class=\"row-8\">\n\t<td class=\"column-1\">04\/07\/2025<\/td><td class=\"column-2\">Ajidanha<\/td><td class=\"column-3\">A la deriva<\/td><td class=\"column-4\">Slwomir Mrozek<\/td><td class=\"column-5\">Comedia<\/td><td class=\"column-6\">Idanha a Nova<\/td><td class=\"column-7\">Portugal<\/td><td class=\"column-8\"><p style=\"text-align: center;\"><b><span class=\"\" style=\"color: rgb(152, 202, 62);\">\u2713<\/span><\/b><\/p><\/td>\n<\/tr>\n<tr class=\"row-9\">\n\t<td class=\"column-1\">04\/07\/2025<\/td><td class=\"column-2\">Tel\u00f3n Negro<\/td><td class=\"column-3\">El legado<\/td><td class=\"column-4\">Merceditas Elordi<\/td><td class=\"column-5\">Drama<\/td><td class=\"column-6\">La Losa<\/td><td class=\"column-7\">Segovia<\/td><td class=\"column-8\"><p style=\"text-align: center;\"><b><span class=\"\" style=\"color: rgb(152, 202, 62);\">\u2713<\/span><\/b><\/p><\/td>\n<\/tr>\n<tr class=\"row-10\">\n\t<td class=\"column-1\">04\/07\/2025<\/td><td class=\"column-2\">El Afilador Teatro<\/td><td class=\"column-3\">La inteligencia prometida<\/td><td class=\"column-4\">I\u00f1aki de Egu\u00eda<\/td><td class=\"column-5\">Drama<\/td><td class=\"column-6\">Burgos<\/td><td class=\"column-7\">Burgos<\/td><td class=\"column-8\"><p style=\"text-align: center;\"><b><span class=\"\" style=\"color: rgb(152, 202, 62);\">\u2713<\/span><\/b><\/p><\/td>\n<\/tr>\n<tr class=\"row-11\">\n\t<td class=\"column-1\">06\/07\/2025<\/td><td class=\"column-2\">A. C. Lorquianas<\/td><td class=\"column-3\">Bendita locura<\/td><td class=\"column-4\">J.L. Alonso Santos<\/td><td class=\"column-5\">Comedia<\/td><td class=\"column-6\">Chiloeches<\/td><td class=\"column-7\">Guadalajara<\/td><td class=\"column-8\"><p style=\"text-align: center;\"><b><span class=\"\" style=\"color: rgb(152, 202, 62);\">\u2713<\/span><\/b><\/p><\/td>\n<\/tr>\n<tr class=\"row-12\">\n\t<td class=\"column-1\">06\/07\/2025<\/td><td class=\"column-2\">A. C. Lorquianas<\/td><td class=\"column-3\">Lorquianas<\/td><td class=\"column-4\">F.G. Lorca<\/td><td class=\"column-5\">Drama<\/td><td class=\"column-6\">Chiloeches<\/td><td class=\"column-7\">Guadalajara<\/td><td class=\"column-8\"><p style=\"text-align: center;\"><b><span class=\"\" style=\"color: rgb(152, 202, 62);\">\u2713<\/span><\/b><\/p><\/td>\n<\/tr>\n<tr class=\"row-13\">\n\t<td class=\"column-1\">06\/07\/2025<\/td><td class=\"column-2\">A. C. Lorquianas<\/td><td class=\"column-3\">Entrepasos y entremeses<\/td><td class=\"column-4\">Lope de Rueda- Cervantes<\/td><td class=\"column-5\">Comedia<\/td><td class=\"column-6\">Chiloeches<\/td><td class=\"column-7\">Guadalajara<\/td><td class=\"column-8\"><p style=\"text-align: center;\"><b><span class=\"\" style=\"color: rgb(152, 202, 62);\">\u2713<\/span><\/b><\/p><\/td>\n<\/tr>\n<tr class=\"row-14\">\n\t<td class=\"column-1\">07\/07\/2025<\/td><td class=\"column-2\">E-Arte Teatro<\/td><td class=\"column-3\">40 a\u00f1os de paz<\/td><td class=\"column-4\">Pablo Rem\u00f3n<\/td><td class=\"column-5\">Drama<\/td><td class=\"column-6\">Valladolid<\/td><td class=\"column-7\">Valladolid<\/td><td class=\"column-8\"><p style=\"text-align: center;\"><b><span class=\"\" style=\"color: rgb(152, 202, 62);\">\u2713<\/span><\/b><\/p><\/td>\n<\/tr>\n<tr class=\"row-15\">\n\t<td class=\"column-1\">07\/07\/2025<\/td><td class=\"column-2\">Teatro Al Alba<\/td><td class=\"column-3\">La boda de los peque\u00f1os burgueses<\/td><td class=\"column-4\">Bertolt Brecht<\/td><td class=\"column-5\">Comedia<\/td><td class=\"column-6\">Getafe<\/td><td class=\"column-7\">Madrid<\/td><td class=\"column-8\"><p style=\"text-align: center;\"><b><span class=\"\" style=\"color: rgb(152, 202, 62);\">\u2713<\/span><\/b><\/p><\/td>\n<\/tr>\n<tr class=\"row-16\">\n\t<td class=\"column-1\">07\/07\/2025<\/td><td class=\"column-2\">La Geranio Produce<\/td><td class=\"column-3\">Servicio de habitaciones<\/td><td class=\"column-4\"><\/td><td class=\"column-5\">Comedia<\/td><td class=\"column-6\">Madrid<\/td><td class=\"column-7\">Madrid<\/td><td class=\"column-8\"><p style=\"text-align: center;\"><b><span class=\"\" style=\"color: rgb(152, 202, 62);\">\u2713<\/span><\/b><\/p><\/td>\n<\/tr>\n<tr class=\"row-17\">\n\t<td class=\"column-1\">07\/07\/2025<\/td><td class=\"column-2\">La Geranio Produce<\/td><td class=\"column-3\">Piripiratas<\/td><td class=\"column-4\"><\/td><td class=\"column-5\">Comedia<\/td><td class=\"column-6\">Madrid<\/td><td class=\"column-7\">Madrid<\/td><td class=\"column-8\"><p style=\"text-align: center;\"><b><span class=\"\" style=\"color: rgb(152, 202, 62);\">\u2713<\/span><\/b><\/p><\/td>\n<\/tr>\n<tr class=\"row-18\">\n\t<td class=\"column-1\">07\/07\/2025<\/td><td class=\"column-2\">A Chacota La Chacota<\/td><td class=\"column-3\">El cr\u00e9dito<\/td><td class=\"column-4\">Jordi Galcer\u00e1n<\/td><td class=\"column-5\">Comedia<\/td><td class=\"column-6\">Badajoz<\/td><td class=\"column-7\">Badajoz<\/td><td class=\"column-8\"><p style=\"text-align: center;\"><b><span class=\"\" style=\"color: rgb(152, 202, 62);\">\u2713<\/span><\/b><\/p><\/td>\n<\/tr>\n<tr class=\"row-19\">\n\t<td class=\"column-1\">07\/07\/2025<\/td><td class=\"column-2\">G\u00e1rgolas Teatro<\/td><td class=\"column-3\">Mi mujer es el fontanero<\/td><td class=\"column-4\">Hugo D. Marcos<\/td><td class=\"column-5\">Comedia<\/td><td class=\"column-6\">Sevilla<\/td><td class=\"column-7\">Sevilla<\/td><td class=\"column-8\"><p style=\"text-align: center;\"><b><span class=\"\" style=\"color: rgb(152, 202, 62);\">\u2713<\/span><\/b><\/p><\/td>\n<\/tr>\n<tr class=\"row-20\">\n\t<td class=\"column-1\">07\/07\/2025<\/td><td class=\"column-2\">A la Tardada<\/td><td class=\"column-3\">La valent\u00eda<\/td><td class=\"column-4\">Alfredo Sanzol<\/td><td class=\"column-5\">Comedia<\/td><td class=\"column-6\">Pedrola<\/td><td class=\"column-7\">Zaragoza<\/td><td class=\"column-8\"><p style=\"text-align: center;\"><b><span class=\"\" style=\"color: rgb(152, 202, 62);\">\u2713<\/span><\/b><\/p><\/td>\n<\/tr>\n<tr class=\"row-21\">\n\t<td class=\"column-1\">07\/07\/2025<\/td><td class=\"column-2\">A la Tardada<\/td><td class=\"column-3\">Losers<\/td><td class=\"column-4\">Marta Buchaca<\/td><td class=\"column-5\">Comedia<\/td><td class=\"column-6\">Pedrola<\/td><td class=\"column-7\">Zaragoza<\/td><td class=\"column-8\"><p style=\"text-align: center;\"><b><span class=\"\" style=\"color: rgb(152, 202, 62);\">\u2713<\/span><\/b><\/p><\/td>\n<\/tr>\n<tr class=\"row-22\">\n\t<td class=\"column-1\">07\/07\/2025<\/td><td class=\"column-2\">Al So\u00f1ar Teatro<\/td><td class=\"column-3\">Cartograf\u00eda del olvido<\/td><td class=\"column-4\">Creaci\u00f3n grupal<\/td><td class=\"column-5\">Drama<\/td><td class=\"column-6\">Sevilla<\/td><td class=\"column-7\">Sevilla<\/td><td class=\"column-8\"><p style=\"text-align: center;\"><b><span class=\"\" style=\"color: rgb(152, 202, 62);\">\u2713<\/span><\/b><\/p><\/td>\n<\/tr>\n<tr class=\"row-23\">\n\t<td class=\"column-1\">07\/07\/2025<\/td><td class=\"column-2\">Amigos del Arte<\/td><td class=\"column-3\">El secreto de mam\u00e1<\/td><td class=\"column-4\">Creaci\u00f3n grupal<\/td><td class=\"column-5\">Comedia<\/td><td class=\"column-6\">Cantabria<\/td><td class=\"column-7\">Cantabria<\/td><td class=\"column-8\"><p style=\"text-align: center;\"><b><span class=\"\" style=\"color: rgb(152, 202, 62);\">\u2713<\/span><\/b><\/p><\/td>\n<\/tr>\n<tr class=\"row-24\">\n\t<td class=\"column-1\">07\/07\/2025<\/td><td class=\"column-2\">Aspaviento Teatro<\/td><td class=\"column-3\">La loca del maniqu\u00ed<\/td><td class=\"column-4\">Xavier Araiza<\/td><td class=\"column-5\">Drama<\/td><td class=\"column-6\">Socu\u00e9llamos<\/td><td class=\"column-7\">Ciudad Real<\/td><td class=\"column-8\"><p style=\"text-align: center;\"><b><span class=\"\" style=\"color: rgb(152, 202, 62);\">\u2713<\/span><\/b><\/p><\/td>\n<\/tr>\n<tr class=\"row-25\">\n\t<td class=\"column-1\">07\/07\/2025<\/td><td class=\"column-2\">Sin Remilgos<\/td><td class=\"column-3\">Ant\u00edgona<\/td><td class=\"column-4\">Miguel del Arco<\/td><td class=\"column-5\">Tragedia<\/td><td class=\"column-6\">Getxo<\/td><td class=\"column-7\">Vizkaia<\/td><td class=\"column-8\"><p style=\"text-align: center;\"><b><span class=\"\" style=\"color: rgb(152, 202, 62);\">\u2713<\/span><\/b><\/p><\/td>\n<\/tr>\n<tr class=\"row-26\">\n\t<td class=\"column-1\">07\/07\/2025<\/td><td class=\"column-2\">Sin Remilgos<\/td><td class=\"column-3\">Bodas de sangre<\/td><td class=\"column-4\">F.G. Lorca<\/td><td class=\"column-5\">Tragedia<\/td><td class=\"column-6\">Getxo<\/td><td class=\"column-7\">Vizkaia<\/td><td class=\"column-8\"><p style=\"text-align: center;\"><b><span class=\"\" style=\"color: rgb(152, 202, 62);\">\u2713<\/span><\/b><\/p><\/td>\n<\/tr>\n<tr class=\"row-27\">\n\t<td class=\"column-1\">07\/07\/2025<\/td><td class=\"column-2\">Sin Remilgos<\/td><td class=\"column-3\">Cruzadas<\/td><td class=\"column-4\">Miguel Azama<\/td><td class=\"column-5\">Tragedia<\/td><td class=\"column-6\">Getxo<\/td><td class=\"column-7\">Vizkaia<\/td><td class=\"column-8\"><p style=\"text-align: center;\"><b><span class=\"\" style=\"color: rgb(152, 202, 62);\">\u2713<\/span><\/b><\/p><\/td>\n<\/tr>\n<tr class=\"row-28\">\n\t<td class=\"column-1\">07\/07\/2025<\/td><td class=\"column-2\">Coles Teatro<\/td><td class=\"column-3\">As cousas pasan<\/td><td class=\"column-4\">Matilde V\u00e1zquez<\/td><td class=\"column-5\">Comedia<\/td><td class=\"column-6\">Coles<\/td><td class=\"column-7\">Ourense<\/td><td class=\"column-8\"><p style=\"text-align: center;\"><b><span class=\"\" style=\"color: rgb(152, 202, 62);\">\u2713<\/span><\/b><\/p><\/td>\n<\/tr>\n<tr class=\"row-29\">\n\t<td class=\"column-1\">07\/07\/2025<\/td><td class=\"column-2\">Contiguo Teatro<\/td><td class=\"column-3\">Un cad\u00e1ver inesperado<\/td><td class=\"column-4\">Cristina Almaz\u00e1n<\/td><td class=\"column-5\">Comedia<\/td><td class=\"column-6\">Sevilla<\/td><td class=\"column-7\">Sevilla<\/td><td class=\"column-8\"><p style=\"text-align: center;\"><b><span class=\"\" style=\"color: rgb(152, 202, 62);\">\u2713<\/span><\/b><\/p><\/td>\n<\/tr>\n<tr class=\"row-30\">\n\t<td class=\"column-1\">07\/07\/2025<\/td><td class=\"column-2\">Coles Teatro<\/td><td class=\"column-3\">Pepa loba<\/td><td class=\"column-4\">Matilde V\u00e1zquez<\/td><td class=\"column-5\">Drama<\/td><td class=\"column-6\">Coles<\/td><td class=\"column-7\">Ourense<\/td><td class=\"column-8\"><p style=\"text-align: center;\"><b><span class=\"\" style=\"color: rgb(152, 202, 62);\">\u2713<\/span><\/b><\/p><\/td>\n<\/tr>\n<tr class=\"row-31\">\n\t<td class=\"column-1\">07\/07\/2025<\/td><td class=\"column-2\">Em\u00e9rita Theatrum<\/td><td class=\"column-3\">Es o no es crudo el invierno<\/td><td class=\"column-4\">V. Jes\u00fas Manch\u00f3n<\/td><td class=\"column-5\">Comedia<\/td><td class=\"column-6\">M\u00e9rida<\/td><td class=\"column-7\">Badajoz<\/td><td class=\"column-8\"><p style=\"text-align: center;\"><b><span class=\"\" style=\"color: rgb(152, 202, 62);\">\u2713<\/span><\/b><\/p><\/td>\n<\/tr>\n<tr class=\"row-32\">\n\t<td class=\"column-1\">08\/07\/2025<\/td><td class=\"column-2\">Teatro Rayuela<\/td><td class=\"column-3\">El diario de Ad\u00e1n y Eva<\/td><td class=\"column-4\">Mark Twain<\/td><td class=\"column-5\">Comedia<\/td><td class=\"column-6\">Santa Pola<\/td><td class=\"column-7\">Alicante<\/td><td class=\"column-8\"><p style=\"text-align: center;\"><b><span class=\"\" style=\"color: rgb(152, 202, 62);\">\u2713<\/span><\/b><\/p><\/td>\n<\/tr>\n<tr class=\"row-33\">\n\t<td class=\"column-1\">08\/07\/2025<\/td><td class=\"column-2\">Teatro Rayuela<\/td><td class=\"column-3\">Por el ojo de la cerradura<\/td><td class=\"column-4\">Gonzalo Fern\u00e1ndez<\/td><td class=\"column-5\">Comedia<\/td><td class=\"column-6\">Santa Pola<\/td><td class=\"column-7\">Alicante<\/td><td class=\"column-8\"><p style=\"text-align: center;\"><b><span class=\"\" style=\"color: rgb(152, 202, 62);\">\u2713<\/span><\/b><\/p><\/td>\n<\/tr>\n<tr class=\"row-34\">\n\t<td class=\"column-1\">08\/07\/2025<\/td><td class=\"column-2\">Pan pa'hoy<\/td><td class=\"column-3\">Cinco horas con Mario<\/td><td class=\"column-4\">Miguel Delibes<\/td><td class=\"column-5\">Comedia<\/td><td class=\"column-6\">Tomelloso<\/td><td class=\"column-7\">Ciudad Real<\/td><td class=\"column-8\"><p style=\"text-align: center;\"><b><span class=\"\" style=\"color: rgb(152, 202, 62);\">\u2713<\/span><\/b><\/p><\/td>\n<\/tr>\n<tr class=\"row-35\">\n\t<td class=\"column-1\">08\/07\/2025<\/td><td class=\"column-2\">Em\u00e9rita Theatrum<\/td><td class=\"column-3\">Misterio Bu\u2026 \u00a1Fo!<\/td><td class=\"column-4\">Dar\u00edo Fo<\/td><td class=\"column-5\">Comedia<\/td><td class=\"column-6\">M\u00e9rida<\/td><td class=\"column-7\">Badajoz<\/td><td class=\"column-8\"><p style=\"text-align: center;\"><b><span class=\"\" style=\"color: rgb(152, 202, 62);\">\u2713<\/span><\/b><\/p><\/td>\n<\/tr>\n<tr class=\"row-36\">\n\t<td class=\"column-1\">08\/07\/2025<\/td><td class=\"column-2\">Enclave de Luz<\/td><td class=\"column-3\">Las cosas que s\u00e9 que son verdad<\/td><td class=\"column-4\">Andrew Bobell<\/td><td class=\"column-5\">Drama<\/td><td class=\"column-6\">Murcia<\/td><td class=\"column-7\">Murcia<\/td><td class=\"column-8\"><p style=\"text-align: center;\"><b><span class=\"\" style=\"color: rgb(152, 202, 62);\">\u2713<\/span><\/b><\/p><\/td>\n<\/tr>\n<tr class=\"row-37\">\n\t<td class=\"column-1\">08\/07\/2025<\/td><td class=\"column-2\">Entrecajas Teatro<\/td><td class=\"column-3\">La N\u00ba 7<\/td><td class=\"column-4\">Ad. Miguel Meca<\/td><td class=\"column-5\">Drama<\/td><td class=\"column-6\">Santander<\/td><td class=\"column-7\">Cantabria<\/td><td class=\"column-8\"><p style=\"text-align: center;\"><b><span class=\"\" style=\"color: rgb(152, 202, 62);\">\u2713<\/span><\/b><\/p><\/td>\n<\/tr>\n<tr class=\"row-38\">\n\t<td class=\"column-1\">08\/07\/2025<\/td><td class=\"column-2\">Entrecajas Teatro<\/td><td class=\"column-3\">La vida por delante<\/td><td class=\"column-4\">Ad, Xavier Jaillard<\/td><td class=\"column-5\">Drama<\/td><td class=\"column-6\">Santander<\/td><td class=\"column-7\">Cantabria<\/td><td class=\"column-8\"><p style=\"text-align: center;\"><b><span class=\"\" style=\"color: rgb(152, 202, 62);\">\u2713<\/span><\/b><\/p><\/td>\n<\/tr>\n<tr class=\"row-39\">\n\t<td class=\"column-1\">08\/07\/2025<\/td><td class=\"column-2\">Exteatro A.E.<\/td><td class=\"column-3\">La \u00faltima funci\u00f3n<\/td><td class=\"column-4\">Juan T. Rayego<\/td><td class=\"column-5\">Drama<\/td><td class=\"column-6\">Badajoz<\/td><td class=\"column-7\">Badajoz<\/td><td class=\"column-8\"><p style=\"text-align: center;\"><b><span class=\"\" style=\"color: rgb(152, 202, 62);\">\u2713<\/span><\/b><\/p><\/td>\n<\/tr>\n<tr class=\"row-40\">\n\t<td class=\"column-1\">08\/07\/2025<\/td><td class=\"column-2\">Alkartea<\/td><td class=\"column-3\">Ex\u00e1cticamente diversa<\/td><td class=\"column-4\">Inspirado en Lewis Carroll<\/td><td class=\"column-5\">Comedia<\/td><td class=\"column-6\">Ir\u00fan<\/td><td class=\"column-7\">Guipuzkoa<\/td><td class=\"column-8\"><p style=\"text-align: center;\"><b><span class=\"\" style=\"color: rgb(152, 202, 62);\">\u2713<\/span><\/b><\/p><\/td>\n<\/tr>\n<tr class=\"row-41\">\n\t<td class=\"column-1\">08\/07\/2025<\/td><td class=\"column-2\">In-pacto<\/td><td class=\"column-3\">La pen\u00faltima funci\u00f3n<\/td><td class=\"column-4\">Carmen Velasco<\/td><td class=\"column-5\">Drama<\/td><td class=\"column-6\">Mairena de Aljarafe<\/td><td class=\"column-7\">Sevilla<\/td><td class=\"column-8\"><p style=\"text-align: center;\"><b><span class=\"\" style=\"color: rgb(152, 202, 62);\">\u2713<\/span><\/b><\/p><\/td>\n<\/tr>\n<tr class=\"row-42\">\n\t<td class=\"column-1\">08\/07\/2025<\/td><td class=\"column-2\">Jinamarte Teatro<\/td><td class=\"column-3\">En torno a Julieta<\/td><td class=\"column-4\">Sergio Placeres<\/td><td class=\"column-5\">Drama<\/td><td class=\"column-6\">Las Palmas<\/td><td class=\"column-7\">Canarias<\/td><td class=\"column-8\"><p style=\"text-align: center;\"><b><span class=\"\" style=\"color: rgb(152, 202, 62);\">\u2713<\/span><\/b><\/p><\/td>\n<\/tr>\n<tr class=\"row-43\">\n\t<td class=\"column-1\">08\/07\/2025<\/td><td class=\"column-2\">La Mosca Teatro<\/td><td class=\"column-3\">Sus monstruosas se\u00f1or\u00edas<\/td><td class=\"column-4\">Joaqu\u00edn G. Box<\/td><td class=\"column-5\">Comedia<\/td><td class=\"column-6\">Murcia<\/td><td class=\"column-7\">Murcia<\/td><td class=\"column-8\"><p style=\"text-align: center;\"><b><span class=\"\" style=\"color: rgb(152, 202, 62);\">\u2713<\/span><\/b><\/p><\/td>\n<\/tr>\n<tr class=\"row-44\">\n\t<td class=\"column-1\">09\/07\/2025<\/td><td class=\"column-2\">A ninguna parte<\/td><td class=\"column-3\">Paraanormales<\/td><td class=\"column-4\">Mat\u00edas del Federico y\u2026<\/td><td class=\"column-5\">Comedia<\/td><td class=\"column-6\">Villamuriel de Cerrato<\/td><td class=\"column-7\">Palencia<\/td><td class=\"column-8\"><p style=\"text-align: center;\"><b><span class=\"\" style=\"color: rgb(152, 202, 62);\">\u2713<\/span><\/b><\/p><\/td>\n<\/tr>\n<tr class=\"row-45\">\n\t<td class=\"column-1\">09\/07\/2025<\/td><td class=\"column-2\">A. C. Lorquianas<\/td><td class=\"column-3\">La oscura ra\u00edz del grito<\/td><td class=\"column-4\">Textos de Lorca<\/td><td class=\"column-5\">Drama<\/td><td class=\"column-6\">Chiloeches<\/td><td class=\"column-7\">Guadalajara<\/td><td class=\"column-8\"><p style=\"text-align: center;\"><b><span class=\"\" style=\"color: rgb(152, 202, 62);\">\u2713<\/span><\/b><\/p><\/td>\n<\/tr>\n<tr class=\"row-46\">\n\t<td class=\"column-1\">09\/07\/2025<\/td><td class=\"column-2\">La Paranoia de Trastarav\u00edes<\/td><td class=\"column-3\">Macabro<\/td><td class=\"column-4\">Luis C. Dur\u00e1n<\/td><td class=\"column-5\">Terror psicol\u00f3gico<\/td><td class=\"column-6\">Getafe<\/td><td class=\"column-7\">Madrid<\/td><td class=\"column-8\"><p style=\"text-align: center;\"><b><span class=\"\" style=\"color: rgb(152, 202, 62);\">\u2713<\/span><\/b><\/p><\/td>\n<\/tr>\n<tr class=\"row-47\">\n\t<td class=\"column-1\">09\/07\/2025<\/td><td class=\"column-2\">A. C. Lorquianas<\/td><td class=\"column-3\">Humilde homenaje al poeta granadino<\/td><td class=\"column-4\">Textos de Lorca<\/td><td class=\"column-5\">Tragedia<\/td><td class=\"column-6\">Chiloeches<\/td><td class=\"column-7\">Guadalajara<\/td><td class=\"column-8\"><p style=\"text-align: center;\"><b><span class=\"\" style=\"color: rgb(152, 202, 62);\">\u2713<\/span><\/b><\/p><\/td>\n<\/tr>\n<tr class=\"row-48\">\n\t<td class=\"column-1\">09\/07\/2025<\/td><td class=\"column-2\">Oretania Teatro<\/td><td class=\"column-3\">Mil noches<\/td><td class=\"column-4\">Guillermo Gallego<\/td><td class=\"column-5\">Drama<\/td><td class=\"column-6\">Socu\u00e9llamos<\/td><td class=\"column-7\">Ciudad Real<\/td><td class=\"column-8\"><p style=\"text-align: center;\"><b><span class=\"\" style=\"color: rgb(152, 202, 62);\">\u2713<\/span><\/b><\/p><\/td>\n<\/tr>\n<tr class=\"row-49\">\n\t<td class=\"column-1\">09\/07\/2025<\/td><td class=\"column-2\">Oreteiro Teatro<\/td><td class=\"column-3\">Arritmia<\/td><td class=\"column-4\">L. Giacometto<\/td><td class=\"column-5\">Drama<\/td><td class=\"column-6\">Ourense<\/td><td class=\"column-7\">Ourense<\/td><td class=\"column-8\"><p style=\"text-align: center;\"><b><span class=\"\" style=\"color: rgb(152, 202, 62);\">\u2713<\/span><\/b><\/p><\/td>\n<\/tr>\n<tr class=\"row-50\">\n\t<td class=\"column-1\">09\/07\/2025<\/td><td class=\"column-2\">T.T. Dioniso<\/td><td class=\"column-3\">El llanto del drag\u00f3n<\/td><td class=\"column-4\">M\u00aa Manuela Reina<\/td><td class=\"column-5\">Drama<\/td><td class=\"column-6\">Jerez de la Frontera<\/td><td class=\"column-7\">C\u00e1diz<\/td><td class=\"column-8\"><p style=\"text-align: center;\"><b><span class=\"\" style=\"color: rgb(152, 202, 62);\">\u2713<\/span><\/b><\/p><\/td>\n<\/tr>\n<tr class=\"row-51\">\n\t<td class=\"column-1\">09\/07\/2025<\/td><td class=\"column-2\">Coles Teatro<\/td><td class=\"column-3\">Una boda insospechada<\/td><td class=\"column-4\">Matilde V\u00e1zquez<\/td><td class=\"column-5\">Comedia<\/td><td class=\"column-6\">Coles<\/td><td class=\"column-7\">Ourense<\/td><td class=\"column-8\"><p style=\"text-align: center;\"><b><span class=\"\" style=\"color: rgb(152, 202, 62);\">\u2713<\/span><\/b><\/p><\/td>\n<\/tr>\n<tr class=\"row-52\">\n\t<td class=\"column-1\">09\/07\/2025<\/td><td class=\"column-2\">Trajano Teatro<\/td><td class=\"column-3\">Promesas de libertad<\/td><td class=\"column-4\">Santiago Serrano<\/td><td class=\"column-5\">Drama<\/td><td class=\"column-6\">Santiponce<\/td><td class=\"column-7\">Sevilla<\/td><td class=\"column-8\"><p style=\"text-align: center;\"><b><span class=\"\" style=\"color: rgb(152, 202, 62);\">\u2713<\/span><\/b><\/p><\/td>\n<\/tr>\n<tr class=\"row-53\">\n\t<td class=\"column-1\">10\/07\/2025<\/td><td class=\"column-2\">H'orozco Teatro<\/td><td class=\"column-3\">C\u00e1sina<\/td><td class=\"column-4\">Plauto<\/td><td class=\"column-5\">Comedia<\/td><td class=\"column-6\">Badajoz<\/td><td class=\"column-7\">Badajoz<\/td><td class=\"column-8\"><p style=\"text-align: center;\"><b><span class=\"\" style=\"color: rgb(152, 202, 62);\">\u2713<\/span><\/b><\/p><\/td>\n<\/tr>\n<tr class=\"row-54\">\n\t<td class=\"column-1\">10\/07\/2025<\/td><td class=\"column-2\">H'orozco Teatro<\/td><td class=\"column-3\">Hazme de la noche un cuento<\/td><td class=\"column-4\">Jorge M\u00e1rquez<\/td><td class=\"column-5\">Drama<\/td><td class=\"column-6\">Badajoz<\/td><td class=\"column-7\">Badajoz<\/td><td class=\"column-8\"><p style=\"text-align: center;\"><b><span class=\"\" style=\"color: rgb(152, 202, 62);\">\u2713<\/span><\/b><\/p><\/td>\n<\/tr>\n<tr class=\"row-55\">\n\t<td class=\"column-1\">10\/07\/2025<\/td><td class=\"column-2\">+Cara<\/td><td class=\"column-3\">Pantone 361<\/td><td class=\"column-4\">Mar\u00eda G\u00f3mez-Comino Mata<\/td><td class=\"column-5\">Comedia<\/td><td class=\"column-6\">Alc\u00e1zar de San Juan<\/td><td class=\"column-7\">Ciudad Real<\/td><td class=\"column-8\"><p style=\"text-align: center;\"><b><span class=\"\" style=\"color: rgb(152, 202, 62);\">\u2713<\/span><\/b><\/p><\/td>\n<\/tr>\n<tr class=\"row-56\">\n\t<td class=\"column-1\">10\/07\/2025<\/td><td class=\"column-2\">A ninguna parte<\/td><td class=\"column-3\">Pulveriza<\/td><td class=\"column-4\">Abel Zamora<\/td><td class=\"column-5\">Comedia<\/td><td class=\"column-6\">Villamuriel de Cerrato<\/td><td class=\"column-7\">Palencia<\/td><td class=\"column-8\"><p style=\"text-align: center;\"><b><span class=\"\" style=\"color: rgb(152, 202, 62);\">\u2713<\/span><\/b><\/p><\/td>\n<\/tr>\n<tr class=\"row-57\">\n\t<td class=\"column-1\">10\/07\/2025<\/td><td class=\"column-2\">Adeshora Teatro<\/td><td class=\"column-3\">Los d\u00edas de la noche<\/td><td class=\"column-4\">Juan L. Moreno<\/td><td class=\"column-5\">Drama<\/td><td class=\"column-6\">Granada<\/td><td class=\"column-7\">Granada<\/td><td class=\"column-8\"><p style=\"text-align: center;\"><b><span class=\"\" style=\"color: rgb(152, 202, 62);\">\u2713<\/span><\/b><\/p><\/td>\n<\/tr>\n<tr class=\"row-58\">\n\t<td class=\"column-1\">10\/07\/2025<\/td><td class=\"column-2\">Crea Escena<\/td><td class=\"column-3\">Ind\u00f3mita<\/td><td class=\"column-4\">Adap. de Ant\u00edgona<\/td><td class=\"column-5\">Tragedia<\/td><td class=\"column-6\">Manzanares<\/td><td class=\"column-7\">Ciudad Real<\/td><td class=\"column-8\"><p style=\"text-align: center;\"><b><span class=\"\" style=\"color: rgb(152, 202, 62);\">\u2713<\/span><\/b><\/p><\/td>\n<\/tr>\n<tr class=\"row-59\">\n\t<td class=\"column-1\">10\/07\/2025<\/td><td class=\"column-2\">Hamaika Teatro<\/td><td class=\"column-3\">El triunfo<\/td><td class=\"column-4\">Enmanuel Courcol<\/td><td class=\"column-5\">Drama<\/td><td class=\"column-6\">Arrigorriaga<\/td><td class=\"column-7\">Vizkaia<\/td><td class=\"column-8\"><p style=\"text-align: center;\"><b><span class=\"\" style=\"color: rgb(152, 202, 62);\">\u2713<\/span><\/b><\/p><\/td>\n<\/tr>\n<tr class=\"row-60\">\n\t<td class=\"column-1\">10\/07\/2025<\/td><td class=\"column-2\">La Gaviota Teatro<\/td><td class=\"column-3\">La misma historia<\/td><td class=\"column-4\">Dar\u00edo Fo<\/td><td class=\"column-5\">Comedia<\/td><td class=\"column-6\">C\u00e1diz<\/td><td class=\"column-7\">C\u00e1diz<\/td><td class=\"column-8\"><p style=\"text-align: center;\"><b><span class=\"\" style=\"color: rgb(152, 202, 62);\">\u2713<\/span><\/b><\/p><\/td>\n<\/tr>\n<tr class=\"row-61\">\n\t<td class=\"column-1\">10\/07\/2025<\/td><td class=\"column-2\">Meeting Point T.<\/td><td class=\"column-3\">E\u00f1l saloncito chino<\/td><td class=\"column-4\">Adolfo Marsillach<\/td><td class=\"column-5\">Comedia<\/td><td class=\"column-6\">La Laguna<\/td><td class=\"column-7\">Tenerife<\/td><td class=\"column-8\"><p style=\"text-align: center;\"><b><span class=\"\" style=\"color: rgb(152, 202, 62);\">\u2713<\/span><\/b><\/p><\/td>\n<\/tr>\n<tr class=\"row-62\">\n\t<td class=\"column-1\">10\/07\/2025<\/td><td class=\"column-2\">Noite Bohemia<\/td><td class=\"column-3\">El perro del hortelano<\/td><td class=\"column-4\">Lope de vega<\/td><td class=\"column-5\">Comedia<\/td><td class=\"column-6\">A Coru\u00f1a<\/td><td class=\"column-7\">A Coru\u00f1a<\/td><td class=\"column-8\"><p style=\"text-align: center;\"><b><span class=\"\" style=\"color: rgb(152, 202, 62);\">\u2713<\/span><\/b><\/p><\/td>\n<\/tr>\n<tr class=\"row-63\">\n\t<td class=\"column-1\">10\/07\/2025<\/td><td class=\"column-2\">Noite Bohemia<\/td><td class=\"column-3\">Yerma<\/td><td class=\"column-4\">F.G. Lorca<\/td><td class=\"column-5\">Tragedia<\/td><td class=\"column-6\">A Coru\u00f1a<\/td><td class=\"column-7\">A Coru\u00f1a<\/td><td class=\"column-8\"><p style=\"text-align: center;\"><b><span class=\"\" style=\"color: rgb(152, 202, 62);\">\u2713<\/span><\/b><\/p><\/td>\n<\/tr>\n<tr class=\"row-64\">\n\t<td class=\"column-1\">11\/07\/2025<\/td><td class=\"column-2\">T. Arc\u00f3n de Olid<\/td><td class=\"column-3\">Agosto<\/td><td class=\"column-4\">Tracy Letts<\/td><td class=\"column-5\">Comeda negra<\/td><td class=\"column-6\">Valladolid<\/td><td class=\"column-7\">Valladolid<\/td><td class=\"column-8\"><p style=\"text-align: center;\"><b><span class=\"\" style=\"color: rgb(152, 202, 62);\">\u2713<\/span><\/b><\/p><\/td>\n<\/tr>\n<tr class=\"row-65\">\n\t<td class=\"column-1\">11\/07\/2025<\/td><td class=\"column-2\">T. Arc\u00f3n de Olid<\/td><td class=\"column-3\">El lindo don Diego<\/td><td class=\"column-4\">Agust\u00edn Moreto<\/td><td class=\"column-5\">Comedia<\/td><td class=\"column-6\">Valladolid<\/td><td class=\"column-7\">Valladolid<\/td><td class=\"column-8\"><p style=\"text-align: center;\"><b><span class=\"\" style=\"color: rgb(152, 202, 62);\">\u2713<\/span><\/b><\/p><\/td>\n<\/tr>\n<tr class=\"row-66\">\n\t<td class=\"column-1\">11\/07\/2025<\/td><td class=\"column-2\">Pl\u00e9tora Teatro<\/td><td class=\"column-3\">A las ocho y veinte<\/td><td class=\"column-4\">Cecilio Crespo<\/td><td class=\"column-5\">Drama<\/td><td class=\"column-6\">Plasencia<\/td><td class=\"column-7\">C\u00e1ceres<\/td><td class=\"column-8\"><p style=\"text-align: center;\"><b><span class=\"\" style=\"color: rgb(152, 202, 62);\">\u2713<\/span><\/b><\/p><\/td>\n<\/tr>\n<tr class=\"row-67\">\n\t<td class=\"column-1\">11\/07\/2025<\/td><td class=\"column-2\">Realessa Teatro<\/td><td class=\"column-3\">La vie en rose<\/td><td class=\"column-4\">Bercoff<\/td><td class=\"column-5\">Tragicomedia<\/td><td class=\"column-6\">Ja\u00e9n<\/td><td class=\"column-7\">Ja\u00e9n<\/td><td class=\"column-8\"><p style=\"text-align: center;\"><b><span class=\"\" style=\"color: rgb(152, 202, 62);\">\u2713<\/span><\/b><\/p><\/td>\n<\/tr>\n<tr class=\"row-68\">\n\t<td class=\"column-1\">11\/07\/2025<\/td><td class=\"column-2\">Alpi Teatro<\/td><td class=\"column-3\">En la luna<\/td><td class=\"column-4\">Alfredo Sanzol<\/td><td class=\"column-5\">Tragicomedia<\/td><td class=\"column-6\">Alicante<\/td><td class=\"column-7\">Alicante<\/td><td class=\"column-8\"><p style=\"text-align: center;\"><b><span class=\"\" style=\"color: rgb(152, 202, 62);\">\u2713<\/span><\/b><\/p><\/td>\n<\/tr>\n<tr class=\"row-69\">\n\t<td class=\"column-1\">11\/07\/2025<\/td><td class=\"column-2\">Pan pa'hoy<\/td><td class=\"column-3\">Homenajis circus<\/td><td class=\"column-4\">Carmen Pitu<\/td><td class=\"column-5\">Comedia<\/td><td class=\"column-6\">Tomelloso<\/td><td class=\"column-7\">Ciudad Real<\/td><td class=\"column-8\"><p style=\"text-align: center;\"><b><span class=\"\" style=\"color: rgb(152, 202, 62);\">\u2713<\/span><\/b><\/p><\/td>\n<\/tr>\n<tr class=\"row-70\">\n\t<td class=\"column-1\">11\/07\/2025<\/td><td class=\"column-2\">Teatro Kumen<\/td><td class=\"column-3\">Pluto: dios de la riqueza<\/td><td class=\"column-4\">Arist\u00f3fanes<\/td><td class=\"column-5\">Comedia<\/td><td class=\"column-6\">Langreo<\/td><td class=\"column-7\">Asturias<\/td><td class=\"column-8\"><p style=\"text-align: center;\"><b><span class=\"\" style=\"color: rgb(152, 202, 62);\">\u2713<\/span><\/b><\/p><\/td>\n<\/tr>\n<tr class=\"row-71\">\n\t<td class=\"column-1\">11\/07\/2025<\/td><td class=\"column-2\">Teatr\u00f3podo<\/td><td class=\"column-3\">Contrat\u00f3<\/td><td class=\"column-4\">Esteve Soler<\/td><td class=\"column-5\">Comedia<\/td><td class=\"column-6\">Badajoz<\/td><td class=\"column-7\">Badajoz<\/td><td class=\"column-8\"><p style=\"text-align: center;\"><b><span class=\"\" style=\"color: rgb(152, 202, 62);\">\u2713<\/span><\/b><\/p><\/td>\n<\/tr>\n<tr class=\"row-72\">\n\t<td class=\"column-1\">11\/07\/2025<\/td><td class=\"column-2\">Unicornio Teatro<\/td><td class=\"column-3\">\u00a1Ay, Carmela!<\/td><td class=\"column-4\">Jos\u00e9 Sanch\u00eds Sinisterra<\/td><td class=\"column-5\">Tragicomedia<\/td><td class=\"column-6\">Rivas Vacia-Madrid<\/td><td class=\"column-7\">Madrid<\/td><td class=\"column-8\"><p style=\"text-align: center;\"><b><span class=\"\" style=\"color: rgb(152, 202, 62);\">\u2713<\/span><\/b><\/p><\/td>\n<\/tr>\n<tr class=\"row-73\">\n\t<td class=\"column-1\">11\/07\/2025<\/td><td class=\"column-2\">Vocingleando Teatro<\/td><td class=\"column-3\">La estela de Estela<\/td><td class=\"column-4\">Javier San Jos\u00e9<\/td><td class=\"column-5\">Tragicomedia<\/td><td class=\"column-6\">Ciempozuelos<\/td><td class=\"column-7\">Madrid<\/td><td class=\"column-8\"><p style=\"text-align: center;\"><b><span class=\"\" style=\"color: rgb(152, 202, 62);\">\u2713<\/span><\/b><\/p><\/td>\n<\/tr>\n<tr class=\"row-74\">\n\t<td class=\"column-1\">11\/07\/2025<\/td><td class=\"column-2\">Vocingleando Teatro<\/td><td class=\"column-3\">Pantone 361<\/td><td class=\"column-4\">Creaci\u00f3n grupal<\/td><td class=\"column-5\">Comedia<\/td><td class=\"column-6\">Ciempozuelos<\/td><td class=\"column-7\">Madrid<\/td><td class=\"column-8\"><p style=\"text-align: center;\"><b><span class=\"\" style=\"color: rgb(152, 202, 62);\">\u2713<\/span><\/b><\/p><\/td>\n<\/tr>\n<tr class=\"row-75\">\n\t<td class=\"column-1\">11\/07\/2025<\/td><td class=\"column-2\">Aladroque Teatro<\/td><td class=\"column-3\">Locas<\/td><td class=\"column-4\">Jos\u00e9 P. Abell\u00e1n<\/td><td class=\"column-5\">Drama<\/td><td class=\"column-6\">Cartagena<\/td><td class=\"column-7\">Murcia<\/td><td class=\"column-8\"><p style=\"text-align: center;\"><b><span class=\"\" style=\"color: rgb(152, 202, 62);\">\u2713<\/span><\/b><\/p><\/td>\n<\/tr>\n<tr class=\"row-76\">\n\t<td class=\"column-1\">12\/07\/2025<\/td><td class=\"column-2\">Batiburrillo Producciones<\/td><td class=\"column-3\">Olvido uno<\/td><td class=\"column-4\">Olav Fern\u00e1ndez<\/td><td class=\"column-5\">Comedia<\/td><td class=\"column-6\">Madrid<\/td><td class=\"column-7\">Madrid<\/td><td class=\"column-8\"><p style=\"text-align: center;\"><b><span class=\"\" style=\"color: rgb(152, 202, 62);\">\u2713<\/span><\/b><\/p><\/td>\n<\/tr>\n<tr class=\"row-77\">\n\t<td class=\"column-1\">12\/07\/2025<\/td><td class=\"column-2\">Allegro Teatro<\/td><td class=\"column-3\">\u00a1Qu\u00e9 dos\u2026!<\/td><td class=\"column-4\">Creaci\u00f3n grupal<\/td><td class=\"column-5\">Comedia<\/td><td class=\"column-6\">Vigo<\/td><td class=\"column-7\">Pontevedra<\/td><td class=\"column-8\"><p style=\"text-align: center;\"><b><span class=\"\" style=\"color: rgb(152, 202, 62);\">\u2713<\/span><\/b><\/p><\/td>\n<\/tr>\n<tr class=\"row-78\">\n\t<td class=\"column-1\">12\/07\/2025<\/td><td class=\"column-2\">Alopargo Teatro<\/td><td class=\"column-3\">Rebeli\u00f3n en la granja<\/td><td class=\"column-4\">Adapt. Borja Ru\u00edz<\/td><td class=\"column-5\">Tragicomedia<\/td><td class=\"column-6\">Bizkaia<\/td><td class=\"column-7\">Bizkaia<\/td><td class=\"column-8\"><p style=\"text-align: center;\"><b><span class=\"\" style=\"color: rgb(152, 202, 62);\">\u2713<\/span><\/b><\/p><\/td>\n<\/tr>\n<tr class=\"row-79\">\n\t<td class=\"column-1\">12\/07\/2025<\/td><td class=\"column-2\">Alopargo Teatro<\/td><td class=\"column-3\">Sara-Made<\/td><td class=\"column-4\">Adapt. Borja Ru\u00edz<\/td><td class=\"column-5\">Drama<\/td><td class=\"column-6\">Bizkaia<\/td><td class=\"column-7\">Bizkaia<\/td><td class=\"column-8\"><p style=\"text-align: center;\"><b><span class=\"\" style=\"color: rgb(152, 202, 62);\">\u2713<\/span><\/b><\/p><\/td>\n<\/tr>\n<tr class=\"row-80\">\n\t<td class=\"column-1\">13\/07\/2025<\/td><td class=\"column-2\">Mimma Teatro<\/td><td class=\"column-3\">Nuestro Lorca tambi\u00e9n vuestro<\/td><td class=\"column-4\">Textos de Lorca<\/td><td class=\"column-5\">Drama<\/td><td class=\"column-6\">Madrid<\/td><td class=\"column-7\">Madrid<\/td><td class=\"column-8\"><p style=\"text-align: center;\"><b><span class=\"\" style=\"color: rgb(152, 202, 62);\">\u2713<\/span><\/b><\/p><\/td>\n<\/tr>\n<tr class=\"row-81\">\n\t<td class=\"column-1\">13\/07\/2025<\/td><td class=\"column-2\">Athenea Teatro<\/td><td class=\"column-3\">La gata<\/td><td class=\"column-4\">Versi\u00f3n Xiqui Rodr\u00edguez<\/td><td class=\"column-5\">Drama<\/td><td class=\"column-6\">Valladolid<\/td><td class=\"column-7\">Valladolid<\/td><td class=\"column-8\"><p style=\"text-align: center;\"><b><span class=\"\" style=\"color: rgb(152, 202, 62);\">\u2713<\/span><\/b><\/p><\/td>\n<\/tr>\n<tr class=\"row-82\">\n\t<td class=\"column-1\">13\/07\/2025<\/td><td class=\"column-2\">Carpe Diem Teatro<\/td><td class=\"column-3\">La habitaci\u00f3n del ni\u00f1o<\/td><td class=\"column-4\">Josep M. Benet<\/td><td class=\"column-5\">Drama<\/td><td class=\"column-6\">Tomelloso<\/td><td class=\"column-7\">Ciudad Real<\/td><td class=\"column-8\"><p style=\"text-align: center;\"><b><span class=\"\" style=\"color: rgb(152, 202, 62);\">\u2713<\/span><\/b><\/p><\/td>\n<\/tr>\n<tr class=\"row-83\">\n\t<td class=\"column-1\">13\/07\/2025<\/td><td class=\"column-2\">La Revolera Teatro<\/td><td class=\"column-3\">El pincel roto<\/td><td class=\"column-4\">J. L. Ortega Caba\u00f1a<\/td><td class=\"column-5\">Drama<\/td><td class=\"column-6\">Santiponce<\/td><td class=\"column-7\">Sevilla<\/td><td class=\"column-8\"><p style=\"text-align: center;\"><b><span class=\"\" style=\"color: rgb(152, 202, 62);\">\u2713<\/span><\/b><\/p><\/td>\n<\/tr>\n<tr class=\"row-84\">\n\t<td class=\"column-1\">14\/07\/2025<\/td><td class=\"column-2\">Teatrezzo<\/td><td class=\"column-3\">El nombre<\/td><td class=\"column-4\">M. Delaporte<\/td><td class=\"column-5\">Comedia<\/td><td class=\"column-6\">Valladolid<\/td><td class=\"column-7\">Valladolid<\/td><td class=\"column-8\"><p style=\"text-align: center;\"><b><span class=\"\" style=\"color: rgb(152, 202, 62);\">\u2713<\/span><\/b><\/p><\/td>\n<\/tr>\n<tr class=\"row-85\">\n\t<td class=\"column-1\">14\/07\/2025<\/td><td class=\"column-2\">Maniqu\u00ed Teatro<\/td><td class=\"column-3\">El pollito<\/td><td class=\"column-4\">Jes\u00fas Ru\u00edz<\/td><td class=\"column-5\">Documental<\/td><td class=\"column-6\">Alicante<\/td><td class=\"column-7\">Alicante<\/td><td class=\"column-8\"><p style=\"text-align: center;\"><b><span class=\"\" style=\"color: rgb(152, 202, 62);\">\u2713<\/span><\/b><\/p><\/td>\n<\/tr>\n<tr class=\"row-86\">\n\t<td class=\"column-1\">14\/07\/2025<\/td><td class=\"column-2\">Teatro en Construcci\u00f3n<\/td><td class=\"column-3\">La vigilia del pincel<\/td><td class=\"column-4\">Carmen Benito<\/td><td class=\"column-5\">Comedia<\/td><td class=\"column-6\">Elche<\/td><td class=\"column-7\">Alicante<\/td><td class=\"column-8\"><p style=\"text-align: center;\"><b><span class=\"\" style=\"color: rgb(152, 202, 62);\">\u2713<\/span><\/b><\/p><\/td>\n<\/tr>\n<tr class=\"row-87\">\n\t<td class=\"column-1\">14\/07\/2025<\/td><td class=\"column-2\">Babylon Teatro<\/td><td class=\"column-3\">C\u00f3digo 1045<\/td><td class=\"column-4\">Santos Mu\u00f1oz<\/td><td class=\"column-5\">Thriler<\/td><td class=\"column-6\">Rivas Vacia-Madrid<\/td><td class=\"column-7\">Madrid<\/td><td class=\"column-8\"><p style=\"text-align: center;\"><b><span class=\"\" style=\"color: rgb(152, 202, 62);\">\u2713<\/span><\/b><\/p><\/td>\n<\/tr>\n<tr class=\"row-88\">\n\t<td class=\"column-1\">14\/07\/2025<\/td><td class=\"column-2\">La Revolera Teatro<\/td><td class=\"column-3\">Soledad<\/td><td class=\"column-4\">La Revolera<\/td><td class=\"column-5\">Drama<\/td><td class=\"column-6\">Sevilla<\/td><td class=\"column-7\">Sevilla<\/td><td class=\"column-8\"><p style=\"text-align: center;\"><b><span class=\"\" style=\"color: rgb(152, 202, 62);\">\u2713<\/span><\/b><\/p><\/td>\n<\/tr>\n<tr class=\"row-89\">\n\t<td class=\"column-1\">14\/07\/2025<\/td><td class=\"column-2\">La Revolera Teatro<\/td><td class=\"column-3\">Resistir\u00e9<\/td><td class=\"column-4\">La Revolera<\/td><td class=\"column-5\">Comedia<\/td><td class=\"column-6\">Sevilla<\/td><td class=\"column-7\">Sevilla<\/td><td class=\"column-8\"><p style=\"text-align: center;\"><b><span class=\"\" style=\"color: rgb(152, 202, 62);\">\u2713<\/span><\/b><\/p><\/td>\n<\/tr>\n<tr class=\"row-90\">\n\t<td class=\"column-1\">14\/07\/2025<\/td><td class=\"column-2\">Nakupenda Teatro<\/td><td class=\"column-3\">N\u00f3mada en el tiempo<\/td><td class=\"column-4\">Ana Amparo<\/td><td class=\"column-5\">Comedia<\/td><td class=\"column-6\">M\u00e9rida<\/td><td class=\"column-7\">Badajoz<\/td><td class=\"column-8\"><p style=\"text-align: center;\"><b><span class=\"\" style=\"color: rgb(152, 202, 62);\">\u2713<\/span><\/b><\/p><\/td>\n<\/tr>\n<tr class=\"row-91\">\n\t<td class=\"column-1\">14\/07\/2025<\/td><td class=\"column-2\">Amigos del Teatro de Castell\u00f3n<\/td><td class=\"column-3\">El trastero<\/td><td class=\"column-4\">Antonio Arbeloa<\/td><td class=\"column-5\">Comedia<\/td><td class=\"column-6\">Castell\u00f3n<\/td><td class=\"column-7\">Castell\u00f3n<\/td><td class=\"column-8\"><p style=\"text-align: center;\"><b><span class=\"\" style=\"color: rgb(152, 202, 62);\">\u2713<\/span><\/b><\/p><\/td>\n<\/tr>\n<tr class=\"row-92\">\n\t<td class=\"column-1\">14\/07\/2025<\/td><td class=\"column-2\">Amigos del Teatro de Castell\u00f3n<\/td><td class=\"column-3\">Lo que deja ver el ficus cuando se poda<\/td><td class=\"column-4\">Antonio Arbeloa<\/td><td class=\"column-5\">Drama<\/td><td class=\"column-6\">Castell\u00f3n<\/td><td class=\"column-7\">Castell\u00f3n<\/td><td class=\"column-8\"><p style=\"text-align: center;\"><b><span class=\"\" style=\"color: rgb(152, 202, 62);\">\u2713<\/span><\/b><\/p><\/td>\n<\/tr>\n<tr class=\"row-93\">\n\t<td class=\"column-1\">14\/07\/2025<\/td><td class=\"column-2\">La Revolera Teatro<\/td><td class=\"column-3\">Reputa-ci\u00f3n<\/td><td class=\"column-4\">J.L. Ortega Caba\u00f1a<\/td><td class=\"column-5\">Comedia<\/td><td class=\"column-6\">Santiponce<\/td><td class=\"column-7\">Sevilla<\/td><td class=\"column-8\"><p style=\"text-align: center;\"><b><span class=\"\" style=\"color: rgb(152, 202, 62);\">\u2713<\/span><\/b><\/p><\/td>\n<\/tr>\n<tr class=\"row-94\">\n\t<td class=\"column-1\">14\/07\/2025<\/td><td class=\"column-2\">La Revolera Teatro<\/td><td class=\"column-3\">Yo, L\u00e1zaro de Tormes<\/td><td class=\"column-4\">J.L. Ortega Caba\u00f1a<\/td><td class=\"column-5\">Comedia<\/td><td class=\"column-6\">Santiponce<\/td><td class=\"column-7\">Sevilla<\/td><td class=\"column-8\"><p style=\"text-align: center;\"><b><span class=\"\" style=\"color: rgb(152, 202, 62);\">\u2713<\/span><\/b><\/p><\/td>\n<\/tr>\n<tr class=\"row-95\">\n\t<td class=\"column-1\">14\/07\/2025<\/td><td class=\"column-2\">Melp\u00f3mene Teatro<\/td><td class=\"column-3\">Cadens<\/td><td class=\"column-4\">Dramaturgia Alejandro Cavadas<\/td><td class=\"column-5\">Drama<\/td><td class=\"column-6\">M\u00f3stoles<\/td><td class=\"column-7\">Madrid<\/td><td class=\"column-8\"><p style=\"text-align: center;\"><b><span class=\"\" style=\"color: rgb(152, 202, 62);\">\u2713<\/span><\/b><\/p><\/td>\n<\/tr>\n<tr class=\"row-96\">\n\t<td class=\"column-1\">14\/07\/2025<\/td><td class=\"column-2\">Melp\u00f3mene Teatro<\/td><td class=\"column-3\">Il volo delle farfalle<\/td><td class=\"column-4\">Aitor M\u00e1rquez<\/td><td class=\"column-5\">Danza<\/td><td class=\"column-6\">M\u00f3stoles<\/td><td class=\"column-7\">Madrid<\/td><td class=\"column-8\"><p style=\"text-align: center;\"><b><span class=\"\" style=\"color: rgb(152, 202, 62);\">\u2713<\/span><\/b><\/p><\/td>\n<\/tr>\n<tr class=\"row-97\">\n\t<td class=\"column-1\">14\/07\/2025<\/td><td class=\"column-2\">Teatre del Tali\u00f3n<\/td><td class=\"column-3\">Esopo<\/td><td class=\"column-4\">G. Figueiredo<\/td><td class=\"column-5\">Comedia<\/td><td class=\"column-6\">Lleida<\/td><td class=\"column-7\">Lleida<\/td><td class=\"column-8\"><p style=\"text-align: center;\"><b><span class=\"\" style=\"color: rgb(152, 202, 62);\">\u2713<\/span><\/b><\/p><\/td>\n<\/tr>\n<tr class=\"row-98\">\n\t<td class=\"column-1\">14\/07\/2025<\/td><td class=\"column-2\">Teatre del Tali\u00f3n<\/td><td class=\"column-3\">Cyrano de Bergerac<\/td><td class=\"column-4\">Edmond Rostand<\/td><td class=\"column-5\">Drama<\/td><td class=\"column-6\">Lleida<\/td><td class=\"column-7\">Lleida<\/td><td class=\"column-8\"><p style=\"text-align: center;\"><b><span class=\"\" style=\"color: rgb(152, 202, 62);\">\u2713<\/span><\/b><\/p><\/td>\n<\/tr>\n<tr class=\"row-99\">\n\t<td class=\"column-1\">14\/07\/2025<\/td><td class=\"column-2\">Coles Teatro<\/td><td class=\"column-3\">O misterio da cuqueira<\/td><td class=\"column-4\">Ram\u00f3n Otero<\/td><td class=\"column-5\">Suspense<\/td><td class=\"column-6\">Coles<\/td><td class=\"column-7\">Ourense<\/td><td class=\"column-8\"><p style=\"text-align: center;\"><b><span class=\"\" style=\"color: rgb(152, 202, 62);\">\u2713<\/span><\/b><\/p><\/td>\n<\/tr>\n<tr class=\"row-100\">\n\t<td class=\"column-1\">14\/07\/2025<\/td><td class=\"column-2\">Umbr\u00eda Teatro<\/td><td class=\"column-3\">Bodas de sangre<\/td><td class=\"column-4\">F.G. Lorca<\/td><td class=\"column-5\">Tragedia<\/td><td class=\"column-6\">Madridejos<\/td><td class=\"column-7\">Toledo<\/td><td class=\"column-8\"><p style=\"text-align: center;\"><b><span class=\"\" style=\"color: rgb(152, 202, 62);\">\u2713<\/span><\/b><\/p><\/td>\n<\/tr>\n<tr class=\"row-101\">\n\t<td class=\"column-1\">14\/07\/2025<\/td><td class=\"column-2\">Vocingleando Teatro<\/td><td class=\"column-3\">La suerte anda loca<\/td><td class=\"column-4\">Javier San Jos\u00e9<\/td><td class=\"column-5\">Comedia<\/td><td class=\"column-6\">Ciempozuelos<\/td><td class=\"column-7\">Madrid<\/td><td class=\"column-8\"><p style=\"text-align: center;\"><b><span class=\"\" style=\"color: rgb(152, 202, 62);\">\u2713<\/span><\/b><\/p><\/td>\n<\/tr>\n<tr class=\"row-102\">\n\t<td class=\"column-1\">15\/07\/2025<\/td><td class=\"column-2\">Acontracorriente<\/td><td class=\"column-3\">Las 13 rosas<\/td><td class=\"column-4\">Jes\u00fas Ferrero<\/td><td class=\"column-5\">Drama<\/td><td class=\"column-6\">Sevilla<\/td><td class=\"column-7\">Sevilla<\/td><td class=\"column-8\"><p style=\"text-align: center;\"><b><span class=\"\" style=\"color: rgb(152, 202, 62);\">\u2713<\/span><\/b><\/p><\/td>\n<\/tr>\n<tr class=\"row-103\">\n\t<td class=\"column-1\">15\/07\/2025<\/td><td class=\"column-2\">Enjambre Teatro<\/td><td class=\"column-3\">El misterio del 30 de febrero<\/td><td class=\"column-4\">Miguel Acu\u00f1a<\/td><td class=\"column-5\">Comedia<\/td><td class=\"column-6\">Ciudad Real<\/td><td class=\"column-7\">Ciudad Real<\/td><td class=\"column-8\"><p style=\"text-align: center;\"><b><span class=\"\" style=\"color: rgb(152, 202, 62);\">\u2713<\/span><\/b><\/p><\/td>\n<\/tr>\n<tr class=\"row-104\">\n\t<td class=\"column-1\">15\/07\/2025<\/td><td class=\"column-2\">Trece Gatos Teatro<\/td><td class=\"column-3\">La dama boba<\/td><td class=\"column-4\">Lope de Vega<\/td><td class=\"column-5\">Comedia<\/td><td class=\"column-6\">Madrid<\/td><td class=\"column-7\">Madrid<\/td><td class=\"column-8\"><p style=\"text-align: center;\"><b><span class=\"\" style=\"color: rgb(152, 202, 62);\">\u2713<\/span><\/b><\/p><\/td>\n<\/tr>\n<tr class=\"row-105\">\n\t<td class=\"column-1\">15\/07\/2025<\/td><td class=\"column-2\">Trece Gatos Teatro<\/td><td class=\"column-3\">Yerma<\/td><td class=\"column-4\">F.G. Lorca<\/td><td class=\"column-5\">Drama<\/td><td class=\"column-6\">Madrid<\/td><td class=\"column-7\">Madrid<\/td><td class=\"column-8\"><p style=\"text-align: center;\"><b><span class=\"\" style=\"color: rgb(152, 202, 62);\">\u2713<\/span><\/b><\/p><\/td>\n<\/tr>\n<tr class=\"row-106\">\n\t<td class=\"column-1\">15\/07\/2025<\/td><td class=\"column-2\">Teatrizzante<\/td><td class=\"column-3\">Cl\u00e1sicas envidiosas<\/td><td class=\"column-4\">Natalia Hern\u00e1ndez<\/td><td class=\"column-5\">Comedia<\/td><td class=\"column-6\">Madrid<\/td><td class=\"column-7\">Madrid<\/td><td class=\"column-8\"><p style=\"text-align: center;\"><b><span class=\"\" style=\"color: rgb(152, 202, 62);\">\u2713<\/span><\/b><\/p><\/td>\n<\/tr>\n<tr class=\"row-107\">\n\t<td class=\"column-1\">15\/07\/2025<\/td><td class=\"column-2\">Carpe Diem Teatro<\/td><td class=\"column-3\">Lady Violet<\/td><td class=\"column-4\">M. A. Berlanga<\/td><td class=\"column-5\">Drama<\/td><td class=\"column-6\">Tomelloso<\/td><td class=\"column-7\">Ciudad Real<\/td><td class=\"column-8\"><p style=\"text-align: center;\"><b><span class=\"\" style=\"color: rgb(152, 202, 62);\">\u2713<\/span><\/b><\/p><\/td>\n<\/tr>\n<tr class=\"row-108\">\n\t<td class=\"column-1\">15\/07\/2025<\/td><td class=\"column-2\">Carpe Diem Teatro<\/td><td class=\"column-3\">La visita<\/td><td class=\"column-4\">J. Garc\u00eda-Mauri\u00f1o<\/td><td class=\"column-5\">Tragicomedia<\/td><td class=\"column-6\">Tomelloso<\/td><td class=\"column-7\">Ciudad Real<\/td><td class=\"column-8\"><p style=\"text-align: center;\"><b><span class=\"\" style=\"color: rgb(152, 202, 62);\">\u2713<\/span><\/b><\/p><\/td>\n<\/tr>\n<\/tbody>\n<\/table>\n\n<\/div><div class=\"nav fusion-mobile-tab-nav\"><ul class=\"nav-tabs nav-justified\" role=\"tablist\" aria-orientation=\"horizontal\"><li  role=\"presentation\"><a class=\"tab-link\" data-toggle=\"tab\" role=\"tab\" aria-controls=\"tab-de5d4e814b178b85a73\" aria-selected=\"false\" tabindex=\"-1\" id=\"mobile-fusion-tab-de5d4e814b178b85a73\" href=\"#tab-de5d4e814b178b85a73\"><h4 class=\"fusion-tab-heading\"><i class=\"fontawesome-icon fa-check-circle fas\" aria-hidden=\"true\" style=\"font-size:13px;\"><\/i>Grupos seleccionados<\/h4><\/a><\/li><\/ul><\/div><div class=\"tab-pane fade fusion-clearfix\" role=\"tabpanel\" tabindex=\"0\" aria-labelledby=\"fusion-tab-de5d4e814b178b85a73\" id=\"tab-de5d4e814b178b85a73\">\n<p>La Organizaci\u00f3n del Certamen comunicar\u00e1 a los 6 grupos seleccionados su participaci\u00f3n, en un plazo m\u00e1ximo de doce d\u00edas despu\u00e9s de la fecha de finalizaci\u00f3n de recepci\u00f3n de solicitudes. Los grupos seleccionados deber\u00e1n confirmar su compromiso por escrito al correo <a href=\"mailto:certamen@acebucheteatro.com\">certamen@acebucheteatro.com<\/a> en un plazo m\u00e1ximo de cinco d\u00edas.<\/p>\n\n<table id=\"tablepress-10\" class=\"tablepress tablepress-id-10\">\n<thead>\n<tr class=\"row-1\">\n\t<th class=\"column-1\">Fecha actuaci\u00f3n<\/th><th class=\"column-2\">Grupo<\/th><th class=\"column-3\">Obra<\/th><th class=\"column-4\">Autor<\/th><th class=\"column-5\">G\u00e9nero<\/th><th class=\"column-6\">Localidad<\/th><th class=\"column-7\">Provincia<\/th><th class=\"column-8\">Confirmaci\u00f3n<\/th>\n<\/tr>\n<\/thead>\n<tbody class=\"row-striping row-hover\">\n<tr class=\"row-2\">\n\t<td class=\"column-1\">12-09-2025<\/td><td class=\"column-2\">Trece Gatos Teatro<\/td><td class=\"column-3\">La Dama Boba<\/td><td class=\"column-4\">Lope de Vega<\/td><td class=\"column-5\">Comedia<\/td><td class=\"column-6\">Madrid<\/td><td class=\"column-7\">Madrid<\/td><td class=\"column-8\"><p style=\"text-align: center;\"><b><span class=\"\" style=\"color: rgb(152, 202, 62);\">\u2713<\/span><\/b><\/p><\/td>\n<\/tr>\n<tr class=\"row-3\">\n\t<td class=\"column-1\">13-09-2025<\/td><td class=\"column-2\">Carpe Diem Teatro<\/td><td class=\"column-3\">Lady Violet<\/td><td class=\"column-4\">M. A. Berlanga<\/td><td class=\"column-5\">Drama<\/td><td class=\"column-6\">Tomelloso<\/td><td class=\"column-7\">Ciudad Real<\/td><td class=\"column-8\"><p style=\"text-align: center;\"><b><span class=\"\" style=\"color: rgb(152, 202, 62);\">\u2713<\/span><\/b><\/p><\/td>\n<\/tr>\n<tr class=\"row-4\">\n\t<td class=\"column-1\">14-09-2025<\/td><td class=\"column-2\">Palique Teatro<\/td><td class=\"column-3\">La Calentura<\/td><td class=\"column-4\">Alfredo Sanzol<\/td><td class=\"column-5\">Comedia<\/td><td class=\"column-6\">Hornachos<\/td><td class=\"column-7\">Badajoz<\/td><td class=\"column-8\"><p style=\"text-align: center;\"><b><span class=\"\" style=\"color: rgb(152, 202, 62);\">\u2713<\/span><\/b><\/p><\/td>\n<\/tr>\n<tr class=\"row-5\">\n\t<td class=\"column-1\">19-09-2025<\/td><td class=\"column-2\">+Cara Teatro<\/td><td class=\"column-3\">Pantone 361<\/td><td class=\"column-4\">Mar\u00eda G\u00f3mez-Comino Mata<\/td><td class=\"column-5\">Comedia<\/td><td class=\"column-6\">Alc\u00e1zar de San Juan<\/td><td class=\"column-7\">Ciudad Real<\/td><td class=\"column-8\"><p style=\"text-align: center;\"><b><span class=\"\" style=\"color: rgb(152, 202, 62);\">\u2713<\/span><\/b><\/p><\/td>\n<\/tr>\n<tr class=\"row-6\">\n\t<td class=\"column-1\">20-09-2025<\/td><td class=\"column-2\">Teatro en Construcci\u00f3n<\/td><td class=\"column-3\">La vigilia del pincel<\/td><td class=\"column-4\">Carmen Benito<\/td><td class=\"column-5\">Comedia<\/td><td class=\"column-6\">Elche<\/td><td class=\"column-7\">Alicante<\/td><td class=\"column-8\"><p style=\"text-align: center;\"><b><span class=\"\" style=\"color: rgb(152, 202, 62);\">\u2713<\/span><\/b><\/p><\/td>\n<\/tr>\n<tr class=\"row-7\">\n\t<td class=\"column-1\">21-09-2025<\/td><td class=\"column-2\">Pl\u00e9tora Teatro<\/td><td class=\"column-3\">A las ocho y veinte<\/td><td class=\"column-4\">Cecilio Crespo<\/td><td class=\"column-5\">Drama<\/td><td class=\"column-6\">Plasencia<\/td><td class=\"column-7\">C\u00e1ceres<\/td><td class=\"column-8\"><p style=\"text-align: center;\"><b><span class=\"\" style=\"color: rgb(152, 202, 62);\">\u2713<\/span><\/b><\/p><\/td>\n<\/tr>\n<\/tbody>\n<\/table>\n\n<\/div><div class=\"nav fusion-mobile-tab-nav\"><ul class=\"nav-tabs nav-justified\" role=\"tablist\" aria-orientation=\"horizontal\"><li  role=\"presentation\"><a class=\"tab-link\" data-toggle=\"tab\" role=\"tab\" aria-controls=\"tab-53fc09ba3b81704ec8a\" aria-selected=\"false\" tabindex=\"-1\" id=\"mobile-fusion-tab-53fc09ba3b81704ec8a\" href=\"#tab-53fc09ba3b81704ec8a\"><h4 class=\"fusion-tab-heading\"><i class=\"fontawesome-icon fa-medal fas\" aria-hidden=\"true\" style=\"font-size:13px;\"><\/i>Premios y Trofeos otorgados<\/h4><\/a><\/li><\/ul><\/div><div class=\"tab-pane fade fusion-clearfix\" role=\"tabpanel\" tabindex=\"0\" aria-labelledby=\"fusion-tab-53fc09ba3b81704ec8a\" id=\"tab-53fc09ba3b81704ec8a\">\n<ul>\n<li>Primer premio a la mejor representaci\u00f3n: 1.800 \u20ac, trofeo y diploma.<\/li>\n<li>Segundo premio: 1.500 \u20ac, trofeo y diploma.<\/li>\n<li>Tercer grupo participante: 1.000 \u20ac, s\u00edmbolo-trofeo y diploma.<\/li>\n<li>Cuarto grupo participante: 1.000 \u20ac, s\u00edmbolo-trofeo y diploma.<\/li>\n<li>Quinto grupo participante: 1.000 \u20ac, s\u00edmbolo-trofeo y diploma.<\/li>\n<li>Sexto grupo participante: 1.000 \u20ac, s\u00edmbolo-trofeo y diploma.<\/li>\n<li>Mejor direcci\u00f3n: trofeo.<\/li>\n<li>Mejor interpretaci\u00f3n masculina: trofeo.<\/li>\n<li>Mejor interpretaci\u00f3n femenina: trofeo.<\/li>\n<li>Mejor escenograf\u00eda: trofeo.<\/li>\n<li>Mejor iluminaci\u00f3n: trofeo.<\/li>\n<li>Mejor vestuario y caracterizaci\u00f3n: trofeo.<\/li>\n<li>Mejor interpretaci\u00f3n de reparto masculina: trofeo.<\/li>\n<li>Mejor interpretaci\u00f3n de reparto femenina: trofeo.<\/li>\n<li>Premio del p\u00fablico: trofeo.<\/li>\n<\/ul>\n<p>A los finalistas, en las categor\u00edas que considere la Organizaci\u00f3n del Certamen, se les har\u00e1 entrega de un diploma conmemorativo.<\/p>\n<p>El acto de clausura y entrega de premios se llevar\u00e1 a cabo el s\u00e1bado 27 de septiembre de 2025, al que deber\u00e1 asistir, al menos, un representante de cada uno de los grupos participantes; <strong>dicho representante deber\u00e1 ser uno de los componentes que aparezcan en la ficha t\u00e9cnica o art\u00edstica del espect\u00e1culo, no pudiendo delegarse en otra persona o personas ajenas al mismo<\/strong>. De no ser as\u00ed, el grupo que no estuviera representado, perder\u00e1 su derecho a toda remuneraci\u00f3n y premio obtenido, en su caso.<\/p>\n<\/div><\/div><\/div><div class=\"fusion-clearfix\"><\/div><\/div><\/div><\/div><\/div><div class=\"fusion-fullwidth fullwidth-box fusion-builder-row-3 nonhundred-percent-fullwidth non-hundred-percent-height-scrolling\" style=\"--awb-border-radius-top-left:0px;--awb-border-radius-top-right:0px;--awb-border-radius-bottom-right:0px;--awb-border-radius-bottom-left:0px;--awb-flex-wrap:wrap;\" ><div class=\"fusion-builder-row fusion-row\"><div class=\"fusion-layout-column fusion_builder_column fusion-builder-column-3 fusion_builder_column_1_1 1_1 fusion-one-full fusion-column-first fusion-column-last\" style=\"--awb-bg-size:cover;\"><div class=\"fusion-column-wrapper fusion-flex-column-wrapper-legacy\"><div class=\"fusion-title title fusion-title-1 fusion-title-text fusion-title-size-two\" style=\"--awb-margin-top-small:0px;--awb-margin-right-small:0px;--awb-margin-bottom-small:20px;--awb-margin-left-small:0px;\"><h2 class=\"fusion-title-heading title-heading-left\" style=\"margin:0;\">Lea los\u00a0POST relacionados con el CERTAMEN DE TEATRO DE ACEUCHAL<\/h2><span class=\"awb-title-spacer\"><\/span><div class=\"title-sep-container\"><div class=\"title-sep sep- sep-solid\" style=\"border-color:#e0dede;\"><\/div><\/div><\/div><div class=\"fusion-blog-shortcode fusion-blog-shortcode-1 fusion-blog-archive fusion-blog-layout-timeline-wrapper fusion-blog-infinite\"><div class=\"fusion-posts-container fusion-posts-container-infinite fusion-blog-rollover\" data-pages=\"15\"><div class=\"fusion-timeline-icon\"><i class=\"awb-icon-bubbles\" style=\"color:#ebeaea;\" aria-hidden=\"true\"><\/i><\/div><div class=\"fusion-blog-layout-timeline fusion-clearfix\"><div class=\"fusion-timeline-line\" style=\"border-left:1px solid #ebeaea;border-right:1px solid #ebeaea;\"><\/div><h3 class=\"fusion-timeline-date\" style=\"background-color:#ebeaea;\">agosto 2025<\/h3><div class=\"fusion-collapse-month\"><article id=\"blog-1-post-15499\" style=\"border-color:#ebeaea;\" class=\"fusion-post-timeline fusion-clearfix fusion-left-column has-post-thumbnail post-15499 post type-post status-publish format-video hentry category-certamen-teatro-aceuchal tag-34-certamen tag-34-certamen-nacional-de-teatro-de-aceuchal tag-acebuche-teatro tag-aceuchal tag-certamen tag-certamen-de-teatro-de-aceuchal tag-no-profesional tag-xxxiv-certamen-de-teatro-de-aceuchal post_format-post-format-video\">\n<div class=\"fusion-post-wrapper\" style=\"background-color:rgba(255,255,255,0);\">\n\n\t\t\t<div class=\"fusion-flexslider flexslider fusion-flexslider-loading fusion-post-slideshow\" style=\"border-color:#ebeaea;\">\n\t\t<ul class=\"slides\">\n\t\t\t\t\t\t\t<li>\n\t\t\t\t\t<div class=\"full-video\"><iframe width=\"560\" height=\"315\" src=\"https:\/\/www.youtube.com\/embed\/GOqp1ZHsIvA?si=-Zv5NFDWjGBnFsPY&amp;start=280\" title=\"YouTube video player\" frameborder=\"0\" allow=\"accelerometer; autoplay; clipboard-write; encrypted-media; gyroscope; picture-in-picture; web-share\" referrerpolicy=\"strict-origin-when-cross-origin\" allowfullscreen><\/iframe><\/div>\n\t\t\t\t<\/li>\n\t\t\t\n\t\t\t\t\t\t\t\t\t\t\t\t\t\t<li><div  class=\"fusion-image-wrapper\" aria-haspopup=\"true\">\n\t\t\t\t<img decoding=\"async\" width=\"1129\" height=\"652\" src=\"https:\/\/www.acebucheteatro.com\/portal\/wp-content\/uploads\/2024\/09\/Presentacion-33-Certamen-Diputacion.png\" class=\"attachment-full size-full wp-post-image\" alt=\"\" srcset=\"https:\/\/www.acebucheteatro.com\/portal\/wp-content\/uploads\/2024\/09\/Presentacion-33-Certamen-Diputacion-200x116.png 200w, https:\/\/www.acebucheteatro.com\/portal\/wp-content\/uploads\/2024\/09\/Presentacion-33-Certamen-Diputacion-400x231.png 400w, https:\/\/www.acebucheteatro.com\/portal\/wp-content\/uploads\/2024\/09\/Presentacion-33-Certamen-Diputacion-600x347.png 600w, https:\/\/www.acebucheteatro.com\/portal\/wp-content\/uploads\/2024\/09\/Presentacion-33-Certamen-Diputacion-800x462.png 800w, https:\/\/www.acebucheteatro.com\/portal\/wp-content\/uploads\/2024\/09\/Presentacion-33-Certamen-Diputacion.png 1129w\" sizes=\"(max-width: 800px) 100vw, 40vw\" \/><div class=\"fusion-rollover\">\n\t<div class=\"fusion-rollover-content\">\n\n\t\t\t\t\t\t\t\t\t\t\t\t\t\t<a class=\"fusion-rollover-link\" href=\"https:\/\/www.acebucheteatro.com\/portal\/presentacion-del-34-certamen-nacional-de-teatro-de-aceuchal\/\">Presentaci\u00f3n del XXXIV Certamen Nacional de Teatro de Aceuchal<\/a>\n\t\t\t\n\t\t\t\t\t\t\t\t\t\t\t\t\t\t\n\t\t\t\t\t\t\t\t\n\t\t\t\t\t\t\t\t\t\t\t\t\t<div class=\"fusion-rollover-sep\"><\/div>\n\t\t\t\t\n\t\t\t\t\t\t\t\t\t\t\t\t\t\t\t\t\t\t<a class=\"fusion-rollover-gallery\" href=\"https:\/\/www.acebucheteatro.com\/portal\/wp-content\/uploads\/2024\/09\/Presentacion-33-Certamen-Diputacion.png\" data-options=\"\" data-id=\"15499\" data-rel=\"iLightbox[gallery]\" data-title=\"Presentaci\u00f3n 33 Certamen - Diputaci\u00f3n\" data-caption=\"\">\n\t\t\t\t\t\tGaler\u00eda\t\t\t\t\t<\/a>\n\t\t\t\t\t\t\t\t\t\t\t\t\t\t\n\t\t\n\t\t\t\t\t\t\t\t\t\t\t\t<h4 class=\"fusion-rollover-title\">\n\t\t\t\t\t<a class=\"fusion-rollover-title-link\" href=\"https:\/\/www.acebucheteatro.com\/portal\/presentacion-del-34-certamen-nacional-de-teatro-de-aceuchal\/\">\n\t\t\t\t\t\tPresentaci\u00f3n del XXXIV Certamen Nacional de Teatro de Aceuchal\t\t\t\t\t<\/a>\n\t\t\t\t<\/h4>\n\t\t\t\n\t\t\t\t\t\t\t\t\t\t<div class=\"fusion-rollover-categories\"><a href=\"https:\/\/www.acebucheteatro.com\/portal\/category\/certamen-teatro-aceuchal\/\" rel=\"tag\">News - Certamen Nacional de Teatro de Aceuchal<\/a><\/div>\t\t\t\t\t\n\t\t\n\t\t\t\t\t\t<a class=\"fusion-link-wrapper\" href=\"https:\/\/www.acebucheteatro.com\/portal\/presentacion-del-34-certamen-nacional-de-teatro-de-aceuchal\/\" aria-label=\"Presentaci\u00f3n del XXXIV Certamen Nacional de Teatro de Aceuchal\"><\/a>\n\t<\/div>\n<\/div>\n<\/div>\n<\/li>\n\t\t\t\n\t\t\t\n\t\t\t\t\t\t\t\t\t\t\t\t\t\t\t\t\t\t\t\t\t\t\t\t\t\t\t\t\t\t\t\t\t\t\t\t\t\t\t\t\t\t\t\t\t\t\t\t\t\t\t\t\t\t\t\t\t\t\t\t\t\t\t\t\t\t\t\t<\/ul>\n\t<\/div>\n\t<div class=\"fusion-post-content-wrapper\" style=\"padding:30px 25px 20px 25px;\"><div class=\"fusion-post-content post-content\"><div class=\"fusion-timeline-circle\" style=\"background-color:#ebeaea;\"><\/div><div class=\"fusion-timeline-arrow\" style=\"color:#ebeaea;\"><\/div><h2 class=\"blog-shortcode-post-title entry-title\"><a href=\"https:\/\/www.acebucheteatro.com\/portal\/presentacion-del-34-certamen-nacional-de-teatro-de-aceuchal\/\">Presentaci\u00f3n del XXXIV Certamen Nacional de Teatro de Aceuchal<\/a><\/h2><p class=\"fusion-single-line-meta\">Por <span class=\"vcard\"><span class=\"fn\"><a href=\"https:\/\/www.acebucheteatro.com\/portal\/author\/admin\/\" title=\"Entradas de Francisco Jos\u00e9 Rodr\u00edguez Velasco\" rel=\"author\">Francisco Jos\u00e9 Rodr\u00edguez Velasco<\/a><\/span><\/span><span class=\"fusion-inline-sep\">|<\/span><span class=\"updated\" style=\"display:none;\">2025-08-25T13:22:17+02:00<\/span><span>25 de agosto de 2025<\/span><span class=\"fusion-inline-sep\">|<\/span>Categor\u00edas: <a href=\"https:\/\/www.acebucheteatro.com\/portal\/category\/certamen-teatro-aceuchal\/\" rel=\"category tag\">News - Certamen Nacional de Teatro de Aceuchal<\/a><span class=\"fusion-inline-sep\">|<\/span><span class=\"meta-tags\">Etiquetas: <a href=\"https:\/\/www.acebucheteatro.com\/portal\/tag\/34-certamen\/\" rel=\"tag\">34 certamen<\/a>, <a href=\"https:\/\/www.acebucheteatro.com\/portal\/tag\/34-certamen-nacional-de-teatro-de-aceuchal\/\" rel=\"tag\">34 Certamen Nacional de Teatro de Aceuchal<\/a>, <a href=\"https:\/\/www.acebucheteatro.com\/portal\/tag\/acebuche-teatro\/\" rel=\"tag\">acebuche teatro<\/a>, <a href=\"https:\/\/www.acebucheteatro.com\/portal\/tag\/aceuchal\/\" rel=\"tag\">aceuchal<\/a>, <a href=\"https:\/\/www.acebucheteatro.com\/portal\/tag\/certamen\/\" rel=\"tag\">CERTAMEN<\/a>, <a href=\"https:\/\/www.acebucheteatro.com\/portal\/tag\/certamen-de-teatro-de-aceuchal\/\" rel=\"tag\">CERTAMEN DE TEATRO DE ACEUCHAL<\/a>, <a href=\"https:\/\/www.acebucheteatro.com\/portal\/tag\/no-profesional\/\" rel=\"tag\">no profesional<\/a>, <a href=\"https:\/\/www.acebucheteatro.com\/portal\/tag\/xxxiv-certamen-de-teatro-de-aceuchal\/\" rel=\"tag\">XXXIV Certamen de Teatro de Aceuchal<\/a><\/span><span class=\"fusion-inline-sep\">|<\/span><\/p><div class=\"fusion-content-sep sep-double sep-solid\"><\/div><div class=\"fusion-post-content-container\"><p> Hoy lunes, 25 de agosto de 2025, ha tenido lugar la presentaci\u00f3n del XXXIV Certamen Nacional de Teatro de Aceuchal 2025 en la Sala de Prensa de la Diputaci\u00f3n de Badajoz. All\u00ed se congregaron<a href=\"https:\/\/www.acebucheteatro.com\/portal\/presentacion-del-34-certamen-nacional-de-teatro-de-aceuchal\/\"> [...]<\/a><\/p><\/div><\/div><div class=\"fusion-meta-info\"><div class=\"fusion-alignleft\"><a class=\"fusion-read-more\" href=\"https:\/\/www.acebucheteatro.com\/portal\/presentacion-del-34-certamen-nacional-de-teatro-de-aceuchal\/\" aria-label=\"More on Presentaci\u00f3n del XXXIV Certamen Nacional de Teatro de Aceuchal\">Leer M\u00e1s<\/a><\/div><div class=\"fusion-alignright\"><a href=\"https:\/\/www.acebucheteatro.com\/portal\/presentacion-del-34-certamen-nacional-de-teatro-de-aceuchal\/#respond\"><i class=\"awb-icon-bubbles\" aria-hidden=\"true\"><\/i>&nbsp;0<\/a><\/div><\/div><\/div><div class=\"fusion-clearfix\"><\/div><\/div>\n<\/article>\n<\/div><h3 class=\"fusion-timeline-date\" style=\"background-color:#ebeaea;\">junio 2025<\/h3><div class=\"fusion-collapse-month\"><article id=\"blog-1-post-15407\" style=\"border-color:#ebeaea;\" class=\"fusion-post-timeline fusion-clearfix fusion-right-column post-15407 post type-post status-publish format-standard has-post-thumbnail hentry category-certamen-teatro-aceuchal tag-34-certamen tag-34-certamen-nacional-de-teatro-de-aceuchal tag-acebuche-teatro tag-aceuchal tag-certamen tag-certamen-de-teatro-de-aceuchal tag-certamen-nacional-de-teatro-de-aceuchal tag-no-profesional tag-xxxiv-certamen-de-teatro-de-aceuchal\">\n<div class=\"fusion-post-wrapper\" style=\"background-color:rgba(255,255,255,0);\">\n\n\t\t\t<div class=\"fusion-flexslider flexslider fusion-flexslider-loading fusion-post-slideshow\" style=\"border-color:#ebeaea;\">\n\t\t<ul class=\"slides\">\n\t\t\t\n\t\t\t\t\t\t\t\t\t\t\t\t\t\t<li><div  class=\"fusion-image-wrapper\" aria-haspopup=\"true\">\n\t\t\t\t<img decoding=\"async\" width=\"1441\" height=\"868\" src=\"https:\/\/www.acebucheteatro.com\/portal\/wp-content\/uploads\/2022\/08\/banner31certamen.png\" class=\"attachment-full size-full wp-post-image\" alt=\"\" srcset=\"https:\/\/www.acebucheteatro.com\/portal\/wp-content\/uploads\/2022\/08\/banner31certamen-200x120.png 200w, https:\/\/www.acebucheteatro.com\/portal\/wp-content\/uploads\/2022\/08\/banner31certamen-400x241.png 400w, https:\/\/www.acebucheteatro.com\/portal\/wp-content\/uploads\/2022\/08\/banner31certamen-600x361.png 600w, https:\/\/www.acebucheteatro.com\/portal\/wp-content\/uploads\/2022\/08\/banner31certamen-800x482.png 800w, https:\/\/www.acebucheteatro.com\/portal\/wp-content\/uploads\/2022\/08\/banner31certamen-1200x723.png 1200w, https:\/\/www.acebucheteatro.com\/portal\/wp-content\/uploads\/2022\/08\/banner31certamen.png 1441w\" sizes=\"(max-width: 800px) 100vw, 40vw\" \/><div class=\"fusion-rollover\">\n\t<div class=\"fusion-rollover-content\">\n\n\t\t\t\t\t\t\t\t\t\t\t\t\t\t<a class=\"fusion-rollover-link\" href=\"https:\/\/www.acebucheteatro.com\/portal\/bases-formulario-34-certamen-teatro-aceuchal\/\">Publicadas las BASES y FORMULARIO de INSCRIPCI\u00d3N para participar en el XXXIV Certamen Nacional de Teatro de Aceuchal &#8211; 2025<\/a>\n\t\t\t\n\t\t\t\t\t\t\t\t\t\t\t\t\t\t\n\t\t\t\t\t\t\t\t\n\t\t\t\t\t\t\t\t\t\t\t\t\t<div class=\"fusion-rollover-sep\"><\/div>\n\t\t\t\t\n\t\t\t\t\t\t\t\t\t\t\t\t\t\t\t\t\t\t<a class=\"fusion-rollover-gallery\" href=\"https:\/\/www.acebucheteatro.com\/portal\/wp-content\/uploads\/2022\/08\/banner31certamen.png\" data-options=\"\" data-id=\"15407\" data-rel=\"iLightbox[gallery]\" data-title=\"banner31certamen\" data-caption=\"\">\n\t\t\t\t\t\tGaler\u00eda\t\t\t\t\t<\/a>\n\t\t\t\t\t\t\t\t\t\t\t\t\t\t\n\t\t\n\t\t\t\t\t\t\t\t\t\t\t\t<h4 class=\"fusion-rollover-title\">\n\t\t\t\t\t<a class=\"fusion-rollover-title-link\" href=\"https:\/\/www.acebucheteatro.com\/portal\/bases-formulario-34-certamen-teatro-aceuchal\/\">\n\t\t\t\t\t\tPublicadas las BASES y FORMULARIO de INSCRIPCI\u00d3N para participar en el XXXIV Certamen Nacional de Teatro de Aceuchal &#8211; 2025\t\t\t\t\t<\/a>\n\t\t\t\t<\/h4>\n\t\t\t\n\t\t\t\t\t\t\t\t\t\t<div class=\"fusion-rollover-categories\"><a href=\"https:\/\/www.acebucheteatro.com\/portal\/category\/certamen-teatro-aceuchal\/\" rel=\"tag\">News - Certamen Nacional de Teatro de Aceuchal<\/a><\/div>\t\t\t\t\t\n\t\t\n\t\t\t\t\t\t<a class=\"fusion-link-wrapper\" href=\"https:\/\/www.acebucheteatro.com\/portal\/bases-formulario-34-certamen-teatro-aceuchal\/\" aria-label=\"Publicadas las BASES y FORMULARIO de INSCRIPCI\u00d3N para participar en el XXXIV Certamen Nacional de Teatro de Aceuchal &#8211; 2025\"><\/a>\n\t<\/div>\n<\/div>\n<\/div>\n<\/li>\n\t\t\t\n\t\t\t\n\t\t\t\t\t\t\t\t\t\t\t\t\t\t\t\t\t\t\t\t\t\t\t\t\t\t\t\t\t\t\t\t\t\t\t\t\t\t\t\t\t\t\t\t\t\t\t\t\t\t\t\t\t\t\t\t\t\t\t\t\t\t\t\t\t\t\t\t<\/ul>\n\t<\/div>\n\t<div class=\"fusion-post-content-wrapper\" style=\"padding:30px 25px 20px 25px;\"><div class=\"fusion-post-content post-content\"><div class=\"fusion-timeline-circle\" style=\"background-color:#ebeaea;\"><\/div><div class=\"fusion-timeline-arrow\" style=\"color:#ebeaea;\"><\/div><h2 class=\"blog-shortcode-post-title entry-title\"><a href=\"https:\/\/www.acebucheteatro.com\/portal\/bases-formulario-34-certamen-teatro-aceuchal\/\">Publicadas las BASES y FORMULARIO de INSCRIPCI\u00d3N para participar en el XXXIV Certamen Nacional de Teatro de Aceuchal &#8211; 2025<\/a><\/h2><p class=\"fusion-single-line-meta\">Por <span class=\"vcard\"><span class=\"fn\"><a href=\"https:\/\/www.acebucheteatro.com\/portal\/author\/admin\/\" title=\"Entradas de Francisco Jos\u00e9 Rodr\u00edguez Velasco\" rel=\"author\">Francisco Jos\u00e9 Rodr\u00edguez Velasco<\/a><\/span><\/span><span class=\"fusion-inline-sep\">|<\/span><span class=\"updated\" style=\"display:none;\">2025-08-25T13:23:33+02:00<\/span><span>30 de junio de 2025<\/span><span class=\"fusion-inline-sep\">|<\/span>Categor\u00edas: <a href=\"https:\/\/www.acebucheteatro.com\/portal\/category\/certamen-teatro-aceuchal\/\" rel=\"category tag\">News - Certamen Nacional de Teatro de Aceuchal<\/a><span class=\"fusion-inline-sep\">|<\/span><span class=\"meta-tags\">Etiquetas: <a href=\"https:\/\/www.acebucheteatro.com\/portal\/tag\/34-certamen\/\" rel=\"tag\">34 certamen<\/a>, <a href=\"https:\/\/www.acebucheteatro.com\/portal\/tag\/34-certamen-nacional-de-teatro-de-aceuchal\/\" rel=\"tag\">34 Certamen Nacional de Teatro de Aceuchal<\/a>, <a href=\"https:\/\/www.acebucheteatro.com\/portal\/tag\/acebuche-teatro\/\" rel=\"tag\">acebuche teatro<\/a>, <a href=\"https:\/\/www.acebucheteatro.com\/portal\/tag\/aceuchal\/\" rel=\"tag\">aceuchal<\/a>, <a href=\"https:\/\/www.acebucheteatro.com\/portal\/tag\/certamen\/\" rel=\"tag\">CERTAMEN<\/a>, <a href=\"https:\/\/www.acebucheteatro.com\/portal\/tag\/certamen-de-teatro-de-aceuchal\/\" rel=\"tag\">CERTAMEN DE TEATRO DE ACEUCHAL<\/a>, <a href=\"https:\/\/www.acebucheteatro.com\/portal\/tag\/certamen-nacional-de-teatro-de-aceuchal\/\" rel=\"tag\">Certamen Nacional de Teatro de Aceuchal<\/a>, <a href=\"https:\/\/www.acebucheteatro.com\/portal\/tag\/no-profesional\/\" rel=\"tag\">no profesional<\/a>, <a href=\"https:\/\/www.acebucheteatro.com\/portal\/tag\/xxxiv-certamen-de-teatro-de-aceuchal\/\" rel=\"tag\">XXXIV Certamen de Teatro de Aceuchal<\/a><\/span><span class=\"fusion-inline-sep\">|<\/span><\/p><div class=\"fusion-content-sep sep-double sep-solid\"><\/div><div class=\"fusion-post-content-container\"><p> Como cada a\u00f1o, presentamos las bases de una nueva edici\u00f3n de nuestro veterano certamen de teatro, que cuenta con el Sello de Calidad de Escenamateur. El XXXIV Certamen Nacional de Teatro de Aceuchal tendr\u00e1<a href=\"https:\/\/www.acebucheteatro.com\/portal\/bases-formulario-34-certamen-teatro-aceuchal\/\"> [...]<\/a><\/p><\/div><\/div><div class=\"fusion-meta-info\"><div class=\"fusion-alignleft\"><a class=\"fusion-read-more\" href=\"https:\/\/www.acebucheteatro.com\/portal\/bases-formulario-34-certamen-teatro-aceuchal\/\" aria-label=\"More on Publicadas las BASES y FORMULARIO de INSCRIPCI\u00d3N para participar en el XXXIV Certamen Nacional de Teatro de Aceuchal &#8211; 2025\">Leer M\u00e1s<\/a><\/div><div class=\"fusion-alignright\"><a href=\"https:\/\/www.acebucheteatro.com\/portal\/bases-formulario-34-certamen-teatro-aceuchal\/#respond\"><i class=\"awb-icon-bubbles\" aria-hidden=\"true\"><\/i>&nbsp;0<\/a><\/div><\/div><\/div><div class=\"fusion-clearfix\"><\/div><\/div>\n<\/article>\n<\/div><h3 class=\"fusion-timeline-date\" style=\"background-color:#ebeaea;\">septiembre 2024<\/h3><div class=\"fusion-collapse-month\"><article id=\"blog-1-post-15214\" style=\"border-color:#ebeaea;\" class=\"fusion-post-timeline fusion-clearfix fusion-left-column has-post-thumbnail post-15214 post type-post status-publish format-video hentry category-certamen-teatro-aceuchal tag-33-certamen tag-33-certamen-nacional-de-teatro-de-aceuchal tag-acebuche-teatro tag-aceuchal tag-certamen tag-certamen-de-teatro-de-aceuchal tag-no-profesional tag-xxxiii-certamen-de-teatro-de-aceuchal post_format-post-format-video\">\n<div class=\"fusion-post-wrapper\" style=\"background-color:rgba(255,255,255,0);\">\n\n\t\t\t<div class=\"fusion-flexslider flexslider fusion-flexslider-loading fusion-post-slideshow\" style=\"border-color:#ebeaea;\">\n\t\t<ul class=\"slides\">\n\t\t\t\t\t\t\t<li>\n\t\t\t\t\t<div class=\"full-video\"><iframe width=\"560\" height=\"315\" src=\"https:\/\/www.youtube.com\/embed\/2yk6JUTSVNo?si=YYkE3Lwp_2Iof16g&amp;start=468\" title=\"YouTube video player\" frameborder=\"0\" allow=\"accelerometer; autoplay; clipboard-write; encrypted-media; gyroscope; picture-in-picture; web-share\" referrerpolicy=\"strict-origin-when-cross-origin\" allowfullscreen><\/iframe><\/div>\n\t\t\t\t<\/li>\n\t\t\t\n\t\t\t\t\t\t\t\t\t\t\t\t\t\t<li><div  class=\"fusion-image-wrapper\" aria-haspopup=\"true\">\n\t\t\t\t<img decoding=\"async\" width=\"1129\" height=\"652\" src=\"https:\/\/www.acebucheteatro.com\/portal\/wp-content\/uploads\/2024\/09\/Presentacion-33-Certamen-Diputacion.png\" class=\"attachment-full size-full wp-post-image\" alt=\"\" srcset=\"https:\/\/www.acebucheteatro.com\/portal\/wp-content\/uploads\/2024\/09\/Presentacion-33-Certamen-Diputacion-200x116.png 200w, https:\/\/www.acebucheteatro.com\/portal\/wp-content\/uploads\/2024\/09\/Presentacion-33-Certamen-Diputacion-400x231.png 400w, https:\/\/www.acebucheteatro.com\/portal\/wp-content\/uploads\/2024\/09\/Presentacion-33-Certamen-Diputacion-600x347.png 600w, https:\/\/www.acebucheteatro.com\/portal\/wp-content\/uploads\/2024\/09\/Presentacion-33-Certamen-Diputacion-800x462.png 800w, https:\/\/www.acebucheteatro.com\/portal\/wp-content\/uploads\/2024\/09\/Presentacion-33-Certamen-Diputacion.png 1129w\" sizes=\"(max-width: 800px) 100vw, 40vw\" \/><div class=\"fusion-rollover\">\n\t<div class=\"fusion-rollover-content\">\n\n\t\t\t\t\t\t\t\t\t\t\t\t\t\t<a class=\"fusion-rollover-link\" href=\"https:\/\/www.acebucheteatro.com\/portal\/presentacion-33-certamen-teatro-aceuchal\/\">Presentaci\u00f3n del XXXIII Certamen Nacional de Teatro de Aceuchal<\/a>\n\t\t\t\n\t\t\t\t\t\t\t\t\t\t\t\t\t\t\n\t\t\t\t\t\t\t\t\n\t\t\t\t\t\t\t\t\t\t\t\t\t<div class=\"fusion-rollover-sep\"><\/div>\n\t\t\t\t\n\t\t\t\t\t\t\t\t\t\t\t\t\t\t\t\t\t\t<a class=\"fusion-rollover-gallery\" href=\"https:\/\/www.acebucheteatro.com\/portal\/wp-content\/uploads\/2024\/09\/Presentacion-33-Certamen-Diputacion.png\" data-options=\"\" data-id=\"15214\" data-rel=\"iLightbox[gallery]\" data-title=\"Presentaci\u00f3n 33 Certamen - Diputaci\u00f3n\" data-caption=\"\">\n\t\t\t\t\t\tGaler\u00eda\t\t\t\t\t<\/a>\n\t\t\t\t\t\t\t\t\t\t\t\t\t\t\n\t\t\n\t\t\t\t\t\t\t\t\t\t\t\t<h4 class=\"fusion-rollover-title\">\n\t\t\t\t\t<a class=\"fusion-rollover-title-link\" href=\"https:\/\/www.acebucheteatro.com\/portal\/presentacion-33-certamen-teatro-aceuchal\/\">\n\t\t\t\t\t\tPresentaci\u00f3n del XXXIII Certamen Nacional de Teatro de Aceuchal\t\t\t\t\t<\/a>\n\t\t\t\t<\/h4>\n\t\t\t\n\t\t\t\t\t\t\t\t\t\t<div class=\"fusion-rollover-categories\"><a href=\"https:\/\/www.acebucheteatro.com\/portal\/category\/certamen-teatro-aceuchal\/\" rel=\"tag\">News - Certamen Nacional de Teatro de Aceuchal<\/a><\/div>\t\t\t\t\t\n\t\t\n\t\t\t\t\t\t<a class=\"fusion-link-wrapper\" href=\"https:\/\/www.acebucheteatro.com\/portal\/presentacion-33-certamen-teatro-aceuchal\/\" aria-label=\"Presentaci\u00f3n del XXXIII Certamen Nacional de Teatro de Aceuchal\"><\/a>\n\t<\/div>\n<\/div>\n<\/div>\n<\/li>\n\t\t\t\n\t\t\t\n\t\t\t\t\t\t\t\t\t\t\t\t\t\t\t\t\t\t\t\t\t\t\t\t\t\t\t\t\t\t\t\t\t\t\t\t\t\t\t\t\t\t\t\t\t\t\t\t\t\t\t\t\t\t\t\t\t\t\t\t\t\t\t\t\t\t\t\t<\/ul>\n\t<\/div>\n\t<div class=\"fusion-post-content-wrapper\" style=\"padding:30px 25px 20px 25px;\"><div class=\"fusion-post-content post-content\"><div class=\"fusion-timeline-circle\" style=\"background-color:#ebeaea;\"><\/div><div class=\"fusion-timeline-arrow\" style=\"color:#ebeaea;\"><\/div><h2 class=\"blog-shortcode-post-title entry-title\"><a href=\"https:\/\/www.acebucheteatro.com\/portal\/presentacion-33-certamen-teatro-aceuchal\/\">Presentaci\u00f3n del XXXIII Certamen Nacional de Teatro de Aceuchal<\/a><\/h2><p class=\"fusion-single-line-meta\">Por <span class=\"vcard\"><span class=\"fn\"><a href=\"https:\/\/www.acebucheteatro.com\/portal\/author\/admin\/\" title=\"Entradas de Francisco Jos\u00e9 Rodr\u00edguez Velasco\" rel=\"author\">Francisco Jos\u00e9 Rodr\u00edguez Velasco<\/a><\/span><\/span><span class=\"fusion-inline-sep\">|<\/span><span class=\"updated\" style=\"display:none;\">2024-09-11T19:06:58+02:00<\/span><span>11 de septiembre de 2024<\/span><span class=\"fusion-inline-sep\">|<\/span>Categor\u00edas: <a href=\"https:\/\/www.acebucheteatro.com\/portal\/category\/certamen-teatro-aceuchal\/\" rel=\"category tag\">News - Certamen Nacional de Teatro de Aceuchal<\/a><span class=\"fusion-inline-sep\">|<\/span><span class=\"meta-tags\">Etiquetas: <a href=\"https:\/\/www.acebucheteatro.com\/portal\/tag\/33-certamen\/\" rel=\"tag\">33 certamen<\/a>, <a href=\"https:\/\/www.acebucheteatro.com\/portal\/tag\/33-certamen-nacional-de-teatro-de-aceuchal\/\" rel=\"tag\">33 Certamen Nacional de Teatro de Aceuchal<\/a>, <a href=\"https:\/\/www.acebucheteatro.com\/portal\/tag\/acebuche-teatro\/\" rel=\"tag\">acebuche teatro<\/a>, <a href=\"https:\/\/www.acebucheteatro.com\/portal\/tag\/aceuchal\/\" rel=\"tag\">aceuchal<\/a>, <a href=\"https:\/\/www.acebucheteatro.com\/portal\/tag\/certamen\/\" rel=\"tag\">CERTAMEN<\/a>, <a href=\"https:\/\/www.acebucheteatro.com\/portal\/tag\/certamen-de-teatro-de-aceuchal\/\" rel=\"tag\">CERTAMEN DE TEATRO DE ACEUCHAL<\/a>, <a href=\"https:\/\/www.acebucheteatro.com\/portal\/tag\/no-profesional\/\" rel=\"tag\">no profesional<\/a>, <a href=\"https:\/\/www.acebucheteatro.com\/portal\/tag\/xxxiii-certamen-de-teatro-de-aceuchal\/\" rel=\"tag\">XXXIII Certamen de Teatro de Aceuchal<\/a><\/span><span class=\"fusion-inline-sep\">|<\/span><\/p><div class=\"fusion-content-sep sep-double sep-solid\"><\/div><div class=\"fusion-post-content-container\"><p> El pasado lunes, 9 de septiembre de 2024, Barto Garc\u00eda y Antonio Rodr\u00edguez Gord\u00f3n - presidente y director, respectivamente, de ACEBUCHE-TEATRO - junto a M\u00aa Carmen Merch\u00e1n (concejal de cultura de Aceuchal) y Maribel<a href=\"https:\/\/www.acebucheteatro.com\/portal\/presentacion-33-certamen-teatro-aceuchal\/\"> [...]<\/a><\/p><\/div><\/div><div class=\"fusion-meta-info\"><div class=\"fusion-alignleft\"><a class=\"fusion-read-more\" href=\"https:\/\/www.acebucheteatro.com\/portal\/presentacion-33-certamen-teatro-aceuchal\/\" aria-label=\"More on Presentaci\u00f3n del XXXIII Certamen Nacional de Teatro de Aceuchal\">Leer M\u00e1s<\/a><\/div><div class=\"fusion-alignright\"><a href=\"https:\/\/www.acebucheteatro.com\/portal\/presentacion-33-certamen-teatro-aceuchal\/#respond\"><i class=\"awb-icon-bubbles\" aria-hidden=\"true\"><\/i>&nbsp;0<\/a><\/div><\/div><\/div><div class=\"fusion-clearfix\"><\/div><\/div>\n<\/article>\n<\/div><h3 class=\"fusion-timeline-date\" style=\"background-color:#ebeaea;\">junio 2024<\/h3><div class=\"fusion-collapse-month\"><article id=\"blog-1-post-15156\" style=\"border-color:#ebeaea;\" class=\"fusion-post-timeline fusion-clearfix fusion-right-column post-15156 post type-post status-publish format-standard has-post-thumbnail hentry category-certamen-teatro-aceuchal tag-33-certamen-nacional-de-teatro-de-aceuchal tag-acebuche-teatro tag-aceuchal tag-certamen tag-certamen-de-teatro-de-aceuchal tag-certamen-nacional-de-teatro-de-aceuchal tag-no-profesional tag-xxxiii-certamen-de-teatro-de-aceuchal\">\n<div class=\"fusion-post-wrapper\" style=\"background-color:rgba(255,255,255,0);\">\n\n\t\t\t<div class=\"fusion-flexslider flexslider fusion-flexslider-loading fusion-post-slideshow\" style=\"border-color:#ebeaea;\">\n\t\t<ul class=\"slides\">\n\t\t\t\n\t\t\t\t\t\t\t\t\t\t\t\t\t\t<li><div  class=\"fusion-image-wrapper\" aria-haspopup=\"true\">\n\t\t\t\t<img decoding=\"async\" width=\"1600\" height=\"1065\" src=\"https:\/\/www.acebucheteatro.com\/portal\/wp-content\/uploads\/2024\/06\/npxxwgq33zq.jpg\" class=\"attachment-full size-full wp-post-image\" alt=\"person using MacBook Pro\" srcset=\"https:\/\/www.acebucheteatro.com\/portal\/wp-content\/uploads\/2024\/06\/npxxwgq33zq-200x133.jpg 200w, https:\/\/www.acebucheteatro.com\/portal\/wp-content\/uploads\/2024\/06\/npxxwgq33zq-400x266.jpg 400w, https:\/\/www.acebucheteatro.com\/portal\/wp-content\/uploads\/2024\/06\/npxxwgq33zq-600x399.jpg 600w, https:\/\/www.acebucheteatro.com\/portal\/wp-content\/uploads\/2024\/06\/npxxwgq33zq-800x533.jpg 800w, https:\/\/www.acebucheteatro.com\/portal\/wp-content\/uploads\/2024\/06\/npxxwgq33zq-1200x799.jpg 1200w, https:\/\/www.acebucheteatro.com\/portal\/wp-content\/uploads\/2024\/06\/npxxwgq33zq.jpg 1600w\" sizes=\"(max-width: 800px) 100vw, 40vw\" \/><div class=\"fusion-rollover\">\n\t<div class=\"fusion-rollover-content\">\n\n\t\t\t\t\t\t\t\t\t\t\t\t\t\t<a class=\"fusion-rollover-link\" href=\"https:\/\/www.acebucheteatro.com\/portal\/bases33certamen\/\">Publicadas las BASES y FORMULARIO de INSCRIPCI\u00d3N para participar en el XXXIII Certamen Nacional de Teatro de Aceuchal<\/a>\n\t\t\t\n\t\t\t\t\t\t\t\t\t\t\t\t\t\t\n\t\t\t\t\t\t\t\t\n\t\t\t\t\t\t\t\t\t\t\t\t\t<div class=\"fusion-rollover-sep\"><\/div>\n\t\t\t\t\n\t\t\t\t\t\t\t\t\t\t\t\t\t\t\t\t\t\t<a class=\"fusion-rollover-gallery\" href=\"https:\/\/www.acebucheteatro.com\/portal\/wp-content\/uploads\/2024\/06\/npxxwgq33zq.jpg\" data-options=\"\" data-id=\"15156\" data-rel=\"iLightbox[gallery]\" data-title=\"Photo by Glenn Carstens-Peters\" data-caption=\"\">\n\t\t\t\t\t\tGaler\u00eda\t\t\t\t\t<\/a>\n\t\t\t\t\t\t\t\t\t\t\t\t\t\t\n\t\t\n\t\t\t\t\t\t\t\t\t\t\t\t<h4 class=\"fusion-rollover-title\">\n\t\t\t\t\t<a class=\"fusion-rollover-title-link\" href=\"https:\/\/www.acebucheteatro.com\/portal\/bases33certamen\/\">\n\t\t\t\t\t\tPublicadas las BASES y FORMULARIO de INSCRIPCI\u00d3N para participar en el XXXIII Certamen Nacional de Teatro de Aceuchal\t\t\t\t\t<\/a>\n\t\t\t\t<\/h4>\n\t\t\t\n\t\t\t\t\t\t\t\t\t\t<div class=\"fusion-rollover-categories\"><a href=\"https:\/\/www.acebucheteatro.com\/portal\/category\/certamen-teatro-aceuchal\/\" rel=\"tag\">News - Certamen Nacional de Teatro de Aceuchal<\/a><\/div>\t\t\t\t\t\n\t\t\n\t\t\t\t\t\t<a class=\"fusion-link-wrapper\" href=\"https:\/\/www.acebucheteatro.com\/portal\/bases33certamen\/\" aria-label=\"Publicadas las BASES y FORMULARIO de INSCRIPCI\u00d3N para participar en el XXXIII Certamen Nacional de Teatro de Aceuchal\"><\/a>\n\t<\/div>\n<\/div>\n<\/div>\n<\/li>\n\t\t\t\n\t\t\t\n\t\t\t\t\t\t\t\t\t\t\t\n\t\t\t\t\t\n\t\t\t\t\t\t\t\t\t\t\t<li>\n\t\t\t\t\t\t\t<div class=\"fusion-image-wrapper\">\n\t\t\t\t\t\t\t\t<a href=\"https:\/\/www.acebucheteatro.com\/portal\/bases33certamen\/\" aria-label=\"Publicadas las BASES y FORMULARIO de INSCRIPCI\u00d3N para participar en el XXXIII Certamen Nacional de Teatro de Aceuchal\">\n\t\t\t\t\t\t\t\t\t<img decoding=\"async\" width=\"2560\" height=\"1407\" src=\"https:\/\/www.acebucheteatro.com\/portal\/wp-content\/uploads\/2024\/06\/32CertamenTeatroAceuchal-scaled.jpg\" alt=\"\" class=\"wp-image-15160\" role=\"presentation\" srcset=\"https:\/\/www.acebucheteatro.com\/portal\/wp-content\/uploads\/2024\/06\/32CertamenTeatroAceuchal-200x110.jpg 200w, https:\/\/www.acebucheteatro.com\/portal\/wp-content\/uploads\/2024\/06\/32CertamenTeatroAceuchal-400x220.jpg 400w, https:\/\/www.acebucheteatro.com\/portal\/wp-content\/uploads\/2024\/06\/32CertamenTeatroAceuchal-600x330.jpg 600w, https:\/\/www.acebucheteatro.com\/portal\/wp-content\/uploads\/2024\/06\/32CertamenTeatroAceuchal-800x440.jpg 800w, https:\/\/www.acebucheteatro.com\/portal\/wp-content\/uploads\/2024\/06\/32CertamenTeatroAceuchal-1200x660.jpg 1200w, https:\/\/www.acebucheteatro.com\/portal\/wp-content\/uploads\/2024\/06\/32CertamenTeatroAceuchal-scaled.jpg 2560w\" sizes=\"(max-width: 800px) 100vw, 40vw\" \/>\t\t\t\t\t\t\t\t<\/a>\n\t\t\t\t\t\t\t\t<a style=\"display:none;\" href=\"https:\/\/www.acebucheteatro.com\/portal\/wp-content\/uploads\/2024\/06\/32CertamenTeatroAceuchal-scaled.jpg\" data-rel=\"iLightbox[gallery15156]\"  title=\"\" data-title=\"32CertamenTeatroAceuchal\" data-caption=\"\">\n\t\t\t\t\t\t\t\t\t\t\t\t\t\t\t\t\t<\/a>\n\t\t\t\t\t\t\t<\/div>\n\t\t\t\t\t\t<\/li>\n\t\t\t\t\t\t\t\t\t\t\t\t\t\t\t\t\t\t\t\t\t\t\t\t\t\t\t\t\t\t\t\t\t\t\t\t\t\t\t\t\t\t\t\t\t\t\t\t\t\t\t\t\t\t\t\t\t\t\t\t\t\t\t\t\t\t<\/ul>\n\t<\/div>\n\t<div class=\"fusion-post-content-wrapper\" style=\"padding:30px 25px 20px 25px;\"><div class=\"fusion-post-content post-content\"><div class=\"fusion-timeline-circle\" style=\"background-color:#ebeaea;\"><\/div><div class=\"fusion-timeline-arrow\" style=\"color:#ebeaea;\"><\/div><h2 class=\"blog-shortcode-post-title entry-title\"><a href=\"https:\/\/www.acebucheteatro.com\/portal\/bases33certamen\/\">Publicadas las BASES y FORMULARIO de INSCRIPCI\u00d3N para participar en el XXXIII Certamen Nacional de Teatro de Aceuchal<\/a><\/h2><p class=\"fusion-single-line-meta\">Por <span class=\"vcard\"><span class=\"fn\"><a href=\"https:\/\/www.acebucheteatro.com\/portal\/author\/admin\/\" title=\"Entradas de Francisco Jos\u00e9 Rodr\u00edguez Velasco\" rel=\"author\">Francisco Jos\u00e9 Rodr\u00edguez Velasco<\/a><\/span><\/span><span class=\"fusion-inline-sep\">|<\/span><span class=\"updated\" style=\"display:none;\">2024-06-29T20:02:11+02:00<\/span><span>29 de junio de 2024<\/span><span class=\"fusion-inline-sep\">|<\/span>Categor\u00edas: <a href=\"https:\/\/www.acebucheteatro.com\/portal\/category\/certamen-teatro-aceuchal\/\" rel=\"category tag\">News - Certamen Nacional de Teatro de Aceuchal<\/a><span class=\"fusion-inline-sep\">|<\/span><span class=\"meta-tags\">Etiquetas: <a href=\"https:\/\/www.acebucheteatro.com\/portal\/tag\/33-certamen-nacional-de-teatro-de-aceuchal\/\" rel=\"tag\">33 Certamen Nacional de Teatro de Aceuchal<\/a>, <a href=\"https:\/\/www.acebucheteatro.com\/portal\/tag\/acebuche-teatro\/\" rel=\"tag\">acebuche teatro<\/a>, <a href=\"https:\/\/www.acebucheteatro.com\/portal\/tag\/aceuchal\/\" rel=\"tag\">aceuchal<\/a>, <a href=\"https:\/\/www.acebucheteatro.com\/portal\/tag\/certamen\/\" rel=\"tag\">CERTAMEN<\/a>, <a href=\"https:\/\/www.acebucheteatro.com\/portal\/tag\/certamen-de-teatro-de-aceuchal\/\" rel=\"tag\">CERTAMEN DE TEATRO DE ACEUCHAL<\/a>, <a href=\"https:\/\/www.acebucheteatro.com\/portal\/tag\/certamen-nacional-de-teatro-de-aceuchal\/\" rel=\"tag\">Certamen Nacional de Teatro de Aceuchal<\/a>, <a href=\"https:\/\/www.acebucheteatro.com\/portal\/tag\/no-profesional\/\" rel=\"tag\">no profesional<\/a>, <a href=\"https:\/\/www.acebucheteatro.com\/portal\/tag\/xxxiii-certamen-de-teatro-de-aceuchal\/\" rel=\"tag\">XXXIII Certamen de Teatro de Aceuchal<\/a><\/span><span class=\"fusion-inline-sep\">|<\/span><\/p><div class=\"fusion-content-sep sep-double sep-solid\"><\/div><div class=\"fusion-post-content-container\"><p> Como cada a\u00f1o, presentamos las bases de una nueva edici\u00f3n de nuestro veterano certamen de teatro, que cuenta con el Sello de Calidad de Escenamateur. El XXXIII Certamen Nacional de Teatro de Aceuchal tendr\u00e1<a href=\"https:\/\/www.acebucheteatro.com\/portal\/bases33certamen\/\"> [...]<\/a><\/p><\/div><\/div><div class=\"fusion-meta-info\"><div class=\"fusion-alignleft\"><a class=\"fusion-read-more\" href=\"https:\/\/www.acebucheteatro.com\/portal\/bases33certamen\/\" aria-label=\"More on Publicadas las BASES y FORMULARIO de INSCRIPCI\u00d3N para participar en el XXXIII Certamen Nacional de Teatro de Aceuchal\">Leer M\u00e1s<\/a><\/div><div class=\"fusion-alignright\"><a href=\"https:\/\/www.acebucheteatro.com\/portal\/bases33certamen\/#respond\"><i class=\"awb-icon-bubbles\" aria-hidden=\"true\"><\/i>&nbsp;0<\/a><\/div><\/div><\/div><div class=\"fusion-clearfix\"><\/div><\/div>\n<\/article>\n<\/div><h3 class=\"fusion-timeline-date\" style=\"background-color:#ebeaea;\">agosto 2023<\/h3><div class=\"fusion-collapse-month\"><article id=\"blog-1-post-15094\" style=\"border-color:#ebeaea;\" class=\"fusion-post-timeline fusion-clearfix fusion-left-column has-post-thumbnail post-15094 post type-post status-publish format-video hentry category-certamen-teatro-aceuchal tag-32-certamen tag-acebuche-teatro tag-aceuchal tag-certamen tag-certamen-de-teatro-de-aceuchal tag-crea-escena-manzanares tag-entre-mujeres tag-no-profesional tag-xxxii-certamen-de-teatro-de-aceuchal post_format-post-format-video\">\n<div class=\"fusion-post-wrapper\" style=\"background-color:rgba(255,255,255,0);\">\n\n\t\t\t<div class=\"fusion-flexslider flexslider fusion-flexslider-loading fusion-post-slideshow\" style=\"border-color:#ebeaea;\">\n\t\t<ul class=\"slides\">\n\t\t\t\t\t\t\t<li>\n\t\t\t\t\t<div class=\"full-video\"><iframe width=\"560\" height=\"315\" src=\"https:\/\/www.youtube.com\/embed\/p_VzEKJ55Pg?rel=0\" frameborder=\"0\" allow=\"accelerometer; autoplay; encrypted-media; gyroscope; picture-in-picture\" allowfullscreen><\/iframe><\/div>\n\t\t\t\t<\/li>\n\t\t\t\n\t\t\t\t\t\t\t\t\t\t\t\t\t\t<li><div  class=\"fusion-image-wrapper\" aria-haspopup=\"true\">\n\t\t\t\t<img decoding=\"async\" width=\"394\" height=\"240\" src=\"https:\/\/www.acebucheteatro.com\/portal\/wp-content\/uploads\/2023\/08\/Entre-Mujeres-e1691262097569.jpg\" class=\"attachment-full size-full wp-post-image\" alt=\"\" srcset=\"https:\/\/www.acebucheteatro.com\/portal\/wp-content\/uploads\/2023\/08\/Entre-Mujeres-e1691262097569-200x122.jpg 200w, https:\/\/www.acebucheteatro.com\/portal\/wp-content\/uploads\/2023\/08\/Entre-Mujeres-e1691262097569.jpg 394w\" sizes=\"(max-width: 800px) 100vw, 40vw\" \/><div class=\"fusion-rollover\">\n\t<div class=\"fusion-rollover-content\">\n\n\t\t\t\t\t\t\t\t\t\t\t\t\t\t<a class=\"fusion-rollover-link\" href=\"https:\/\/www.acebucheteatro.com\/portal\/26-de-agosto-2023-entre-mujeres-de-crea-escena-manzanares\/\">26 de agosto 2023: \u201cEntre mujeres\u201d, de Crea Escena Manzanares<\/a>\n\t\t\t\n\t\t\t\t\t\t\t\t\t\t\t\t\t\t\n\t\t\t\t\t\t\t\t\n\t\t\t\t\t\t\t\t\t\t\t\t\t<div class=\"fusion-rollover-sep\"><\/div>\n\t\t\t\t\n\t\t\t\t\t\t\t\t\t\t\t\t\t\t\t\t\t\t<a class=\"fusion-rollover-gallery\" href=\"https:\/\/www.acebucheteatro.com\/portal\/wp-content\/uploads\/2023\/08\/Entre-Mujeres-e1691262097569.jpg\" data-options=\"\" data-id=\"15094\" data-rel=\"iLightbox[gallery]\" data-title=\"Entre Mujeres\" data-caption=\"\">\n\t\t\t\t\t\tGaler\u00eda\t\t\t\t\t<\/a>\n\t\t\t\t\t\t\t\t\t\t\t\t\t\t\n\t\t\n\t\t\t\t\t\t\t\t\t\t\t\t<h4 class=\"fusion-rollover-title\">\n\t\t\t\t\t<a class=\"fusion-rollover-title-link\" href=\"https:\/\/www.acebucheteatro.com\/portal\/26-de-agosto-2023-entre-mujeres-de-crea-escena-manzanares\/\">\n\t\t\t\t\t\t26 de agosto 2023: \u201cEntre mujeres\u201d, de Crea Escena Manzanares\t\t\t\t\t<\/a>\n\t\t\t\t<\/h4>\n\t\t\t\n\t\t\t\t\t\t\t\t\t\t<div class=\"fusion-rollover-categories\"><a href=\"https:\/\/www.acebucheteatro.com\/portal\/category\/certamen-teatro-aceuchal\/\" rel=\"tag\">News - Certamen Nacional de Teatro de Aceuchal<\/a><\/div>\t\t\t\t\t\n\t\t\n\t\t\t\t\t\t<a class=\"fusion-link-wrapper\" href=\"https:\/\/www.acebucheteatro.com\/portal\/26-de-agosto-2023-entre-mujeres-de-crea-escena-manzanares\/\" aria-label=\"26 de agosto 2023: \u201cEntre mujeres\u201d, de Crea Escena Manzanares\"><\/a>\n\t<\/div>\n<\/div>\n<\/div>\n<\/li>\n\t\t\t\n\t\t\t\n\t\t\t\t\t\t\t\t\t\t\t\t\t\t\t\t\t\t\t\t\t\t\t\t\t\t\t\t\t\t\t\t\t\t\t\t\t\t\t\t\t\t\t\t\t\t\t\t\t\t\t\t\t\t\t\t\t\t\t\t\t\t\t\t\t\t\t\t<\/ul>\n\t<\/div>\n\t<div class=\"fusion-post-content-wrapper\" style=\"padding:30px 25px 20px 25px;\"><div class=\"fusion-post-content post-content\"><div class=\"fusion-timeline-circle\" style=\"background-color:#ebeaea;\"><\/div><div class=\"fusion-timeline-arrow\" style=\"color:#ebeaea;\"><\/div><h2 class=\"blog-shortcode-post-title entry-title\"><a href=\"https:\/\/www.acebucheteatro.com\/portal\/26-de-agosto-2023-entre-mujeres-de-crea-escena-manzanares\/\">26 de agosto 2023: \u201cEntre mujeres\u201d, de Crea Escena Manzanares<\/a><\/h2><p class=\"fusion-single-line-meta\">Por <span class=\"vcard\"><span class=\"fn\"><a href=\"https:\/\/www.acebucheteatro.com\/portal\/author\/admin\/\" title=\"Entradas de Francisco Jos\u00e9 Rodr\u00edguez Velasco\" rel=\"author\">Francisco Jos\u00e9 Rodr\u00edguez Velasco<\/a><\/span><\/span><span class=\"fusion-inline-sep\">|<\/span><span class=\"updated\" style=\"display:none;\">2023-08-18T19:16:31+02:00<\/span><span>26 de agosto de 2023<\/span><span class=\"fusion-inline-sep\">|<\/span>Categor\u00edas: <a href=\"https:\/\/www.acebucheteatro.com\/portal\/category\/certamen-teatro-aceuchal\/\" rel=\"category tag\">News - Certamen Nacional de Teatro de Aceuchal<\/a><span class=\"fusion-inline-sep\">|<\/span><span class=\"meta-tags\">Etiquetas: <a href=\"https:\/\/www.acebucheteatro.com\/portal\/tag\/32-certamen\/\" rel=\"tag\">32 certamen<\/a>, <a href=\"https:\/\/www.acebucheteatro.com\/portal\/tag\/acebuche-teatro\/\" rel=\"tag\">acebuche teatro<\/a>, <a href=\"https:\/\/www.acebucheteatro.com\/portal\/tag\/aceuchal\/\" rel=\"tag\">aceuchal<\/a>, <a href=\"https:\/\/www.acebucheteatro.com\/portal\/tag\/certamen\/\" rel=\"tag\">CERTAMEN<\/a>, <a href=\"https:\/\/www.acebucheteatro.com\/portal\/tag\/certamen-de-teatro-de-aceuchal\/\" rel=\"tag\">CERTAMEN DE TEATRO DE ACEUCHAL<\/a>, <a href=\"https:\/\/www.acebucheteatro.com\/portal\/tag\/crea-escena-manzanares\/\" rel=\"tag\">Crea Escena Manzanares<\/a>, <a href=\"https:\/\/www.acebucheteatro.com\/portal\/tag\/entre-mujeres\/\" rel=\"tag\">Entre Mujeres<\/a>, <a href=\"https:\/\/www.acebucheteatro.com\/portal\/tag\/no-profesional\/\" rel=\"tag\">no profesional<\/a>, <a href=\"https:\/\/www.acebucheteatro.com\/portal\/tag\/xxxii-certamen-de-teatro-de-aceuchal\/\" rel=\"tag\">XXXII Certamen de Teatro de Aceuchal<\/a><\/span><span class=\"fusion-inline-sep\">|<\/span><\/p><div class=\"fusion-content-sep sep-double sep-solid\"><\/div><div class=\"fusion-post-content-container\"><p> Noche de clausura, de entrega de premios, de reencuentro entre grupos de teatro y p\u00fablico. Este 26 de agosto, s\u00e1bado, estar\u00e1 cargado de sorpresas y emoci\u00f3n ante el esperado resultado del jurado del certamen<a href=\"https:\/\/www.acebucheteatro.com\/portal\/26-de-agosto-2023-entre-mujeres-de-crea-escena-manzanares\/\"> [...]<\/a><\/p><\/div><\/div><div class=\"fusion-meta-info\"><div class=\"fusion-alignleft\"><a class=\"fusion-read-more\" href=\"https:\/\/www.acebucheteatro.com\/portal\/26-de-agosto-2023-entre-mujeres-de-crea-escena-manzanares\/\" aria-label=\"More on 26 de agosto 2023: \u201cEntre mujeres\u201d, de Crea Escena Manzanares\">Leer M\u00e1s<\/a><\/div><div class=\"fusion-alignright\"><a href=\"https:\/\/www.acebucheteatro.com\/portal\/26-de-agosto-2023-entre-mujeres-de-crea-escena-manzanares\/#respond\"><i class=\"awb-icon-bubbles\" aria-hidden=\"true\"><\/i>&nbsp;0<\/a><\/div><\/div><\/div><div class=\"fusion-clearfix\"><\/div><\/div>\n<\/article>\n<article id=\"blog-1-post-15091\" style=\"border-color:#ebeaea;\" class=\"fusion-post-timeline fusion-clearfix fusion-right-column has-post-thumbnail post-15091 post type-post status-publish format-video hentry category-certamen-teatro-aceuchal tag-32-certamen tag-acebuche-teatro tag-aceuchal tag-certamen tag-certamen-de-teatro-de-aceuchal tag-madrid-19-67 tag-no-profesional tag-paraskenia-teatro tag-xxxii-certamen-de-teatro-de-aceuchal post_format-post-format-video\">\n<div class=\"fusion-post-wrapper\" style=\"background-color:rgba(255,255,255,0);\">\n\n\t\t\t<div class=\"fusion-flexslider flexslider fusion-flexslider-loading fusion-post-slideshow\" style=\"border-color:#ebeaea;\">\n\t\t<ul class=\"slides\">\n\t\t\t\t\t\t\t<li>\n\t\t\t\t\t<div class=\"full-video\"><iframe width=\"560\" height=\"315\" src=\"https:\/\/www.youtube.com\/embed\/ruADlzW_lKI?rel=0\" frameborder=\"0\" allow=\"accelerometer; autoplay; encrypted-media; gyroscope; picture-in-picture\" allowfullscreen><\/iframe><\/div>\n\t\t\t\t<\/li>\n\t\t\t\n\t\t\t\t\t\t\t\t\t\t\t\t\t\t<li><div  class=\"fusion-image-wrapper\" aria-haspopup=\"true\">\n\t\t\t\t<img decoding=\"async\" width=\"395\" height=\"240\" src=\"https:\/\/www.acebucheteatro.com\/portal\/wp-content\/uploads\/2023\/08\/Madrid-19-67-e1691260354806.jpg\" class=\"attachment-full size-full wp-post-image\" alt=\"\" srcset=\"https:\/\/www.acebucheteatro.com\/portal\/wp-content\/uploads\/2023\/08\/Madrid-19-67-e1691260354806-200x122.jpg 200w, https:\/\/www.acebucheteatro.com\/portal\/wp-content\/uploads\/2023\/08\/Madrid-19-67-e1691260354806.jpg 395w\" sizes=\"(max-width: 800px) 100vw, 40vw\" \/><div class=\"fusion-rollover\">\n\t<div class=\"fusion-rollover-content\">\n\n\t\t\t\t\t\t\t\t\t\t\t\t\t\t<a class=\"fusion-rollover-link\" href=\"https:\/\/www.acebucheteatro.com\/portal\/20-de-agosto-2023-madrid-19-67-de-paraskenia-teatro\/\">20 de agosto 2023: \u201cMadrid 19-67\u201d, de Paraskenia Teatro<\/a>\n\t\t\t\n\t\t\t\t\t\t\t\t\t\t\t\t\t\t\n\t\t\t\t\t\t\t\t\n\t\t\t\t\t\t\t\t\t\t\t\t\t<div class=\"fusion-rollover-sep\"><\/div>\n\t\t\t\t\n\t\t\t\t\t\t\t\t\t\t\t\t\t\t\t\t\t\t<a class=\"fusion-rollover-gallery\" href=\"https:\/\/www.acebucheteatro.com\/portal\/wp-content\/uploads\/2023\/08\/Madrid-19-67-e1691260354806.jpg\" data-options=\"\" data-id=\"15091\" data-rel=\"iLightbox[gallery]\" data-title=\"Madrid 19-67\" data-caption=\"\">\n\t\t\t\t\t\tGaler\u00eda\t\t\t\t\t<\/a>\n\t\t\t\t\t\t\t\t\t\t\t\t\t\t\n\t\t\n\t\t\t\t\t\t\t\t\t\t\t\t<h4 class=\"fusion-rollover-title\">\n\t\t\t\t\t<a class=\"fusion-rollover-title-link\" href=\"https:\/\/www.acebucheteatro.com\/portal\/20-de-agosto-2023-madrid-19-67-de-paraskenia-teatro\/\">\n\t\t\t\t\t\t20 de agosto 2023: \u201cMadrid 19-67\u201d, de Paraskenia Teatro\t\t\t\t\t<\/a>\n\t\t\t\t<\/h4>\n\t\t\t\n\t\t\t\t\t\t\t\t\t\t<div class=\"fusion-rollover-categories\"><a href=\"https:\/\/www.acebucheteatro.com\/portal\/category\/certamen-teatro-aceuchal\/\" rel=\"tag\">News - Certamen Nacional de Teatro de Aceuchal<\/a><\/div>\t\t\t\t\t\n\t\t\n\t\t\t\t\t\t<a class=\"fusion-link-wrapper\" href=\"https:\/\/www.acebucheteatro.com\/portal\/20-de-agosto-2023-madrid-19-67-de-paraskenia-teatro\/\" aria-label=\"20 de agosto 2023: \u201cMadrid 19-67\u201d, de Paraskenia Teatro\"><\/a>\n\t<\/div>\n<\/div>\n<\/div>\n<\/li>\n\t\t\t\n\t\t\t\n\t\t\t\t\t\t\t\t\t\t\t\t\t\t\t\t\t\t\t\t\t\t\t\t\t\t\t\t\t\t\t\t\t\t\t\t\t\t\t\t\t\t\t\t\t\t\t\t\t\t\t\t\t\t\t\t\t\t\t\t\t\t\t\t\t\t\t\t<\/ul>\n\t<\/div>\n\t<div class=\"fusion-post-content-wrapper\" style=\"padding:30px 25px 20px 25px;\"><div class=\"fusion-post-content post-content\"><div class=\"fusion-timeline-circle\" style=\"background-color:#ebeaea;\"><\/div><div class=\"fusion-timeline-arrow\" style=\"color:#ebeaea;\"><\/div><h2 class=\"blog-shortcode-post-title entry-title\"><a href=\"https:\/\/www.acebucheteatro.com\/portal\/20-de-agosto-2023-madrid-19-67-de-paraskenia-teatro\/\">20 de agosto 2023: \u201cMadrid 19-67\u201d, de Paraskenia Teatro<\/a><\/h2><p class=\"fusion-single-line-meta\">Por <span class=\"vcard\"><span class=\"fn\"><a href=\"https:\/\/www.acebucheteatro.com\/portal\/author\/admin\/\" title=\"Entradas de Francisco Jos\u00e9 Rodr\u00edguez Velasco\" rel=\"author\">Francisco Jos\u00e9 Rodr\u00edguez Velasco<\/a><\/span><\/span><span class=\"fusion-inline-sep\">|<\/span><span class=\"updated\" style=\"display:none;\">2023-08-18T19:10:57+02:00<\/span><span>20 de agosto de 2023<\/span><span class=\"fusion-inline-sep\">|<\/span>Categor\u00edas: <a href=\"https:\/\/www.acebucheteatro.com\/portal\/category\/certamen-teatro-aceuchal\/\" rel=\"category tag\">News - Certamen Nacional de Teatro de Aceuchal<\/a><span class=\"fusion-inline-sep\">|<\/span><span class=\"meta-tags\">Etiquetas: <a href=\"https:\/\/www.acebucheteatro.com\/portal\/tag\/32-certamen\/\" rel=\"tag\">32 certamen<\/a>, <a href=\"https:\/\/www.acebucheteatro.com\/portal\/tag\/acebuche-teatro\/\" rel=\"tag\">acebuche teatro<\/a>, <a href=\"https:\/\/www.acebucheteatro.com\/portal\/tag\/aceuchal\/\" rel=\"tag\">aceuchal<\/a>, <a href=\"https:\/\/www.acebucheteatro.com\/portal\/tag\/certamen\/\" rel=\"tag\">CERTAMEN<\/a>, <a href=\"https:\/\/www.acebucheteatro.com\/portal\/tag\/certamen-de-teatro-de-aceuchal\/\" rel=\"tag\">CERTAMEN DE TEATRO DE ACEUCHAL<\/a>, <a href=\"https:\/\/www.acebucheteatro.com\/portal\/tag\/madrid-19-67\/\" rel=\"tag\">Madrid 19-67<\/a>, <a href=\"https:\/\/www.acebucheteatro.com\/portal\/tag\/no-profesional\/\" rel=\"tag\">no profesional<\/a>, <a href=\"https:\/\/www.acebucheteatro.com\/portal\/tag\/paraskenia-teatro\/\" rel=\"tag\">paraskenia teatro<\/a>, <a href=\"https:\/\/www.acebucheteatro.com\/portal\/tag\/xxxii-certamen-de-teatro-de-aceuchal\/\" rel=\"tag\">XXXII Certamen de Teatro de Aceuchal<\/a><\/span><span class=\"fusion-inline-sep\">|<\/span><\/p><div class=\"fusion-content-sep sep-double sep-solid\"><\/div><div class=\"fusion-post-content-container\"><p> \u00daltimo d\u00eda de certamen antes de la Clausura. Hoy, 20 de agosto, nos visita un grupo conocido y muy galardonado en otras ediciones. Son veteranos en nuestro escenario y siguen mostrando la misma ilusi\u00f3n<a href=\"https:\/\/www.acebucheteatro.com\/portal\/20-de-agosto-2023-madrid-19-67-de-paraskenia-teatro\/\"> [...]<\/a><\/p><\/div><\/div><div class=\"fusion-meta-info\"><div class=\"fusion-alignleft\"><a class=\"fusion-read-more\" href=\"https:\/\/www.acebucheteatro.com\/portal\/20-de-agosto-2023-madrid-19-67-de-paraskenia-teatro\/\" aria-label=\"More on 20 de agosto 2023: \u201cMadrid 19-67\u201d, de Paraskenia Teatro\">Leer M\u00e1s<\/a><\/div><div class=\"fusion-alignright\"><a href=\"https:\/\/www.acebucheteatro.com\/portal\/20-de-agosto-2023-madrid-19-67-de-paraskenia-teatro\/#respond\"><i class=\"awb-icon-bubbles\" aria-hidden=\"true\"><\/i>&nbsp;0<\/a><\/div><\/div><\/div><div class=\"fusion-clearfix\"><\/div><\/div>\n<\/article>\n<\/div><\/div><\/div><div class=\"fusion-infinite-scroll-trigger\"><\/div><div class=\"pagination infinite-scroll clearfix\" style=\"display:none;\"><span class=\"current\">1<\/span><a href=\"https:\/\/www.acebucheteatro.com\/portal\/wp-json\/wp\/v2\/pages\/14245\/page\/2\/\" class=\"inactive\">2<\/a><a class=\"pagination-next\" rel=\"next\" href=\"https:\/\/www.acebucheteatro.com\/portal\/wp-json\/wp\/v2\/pages\/14245\/page\/2\/\"><span class=\"page-text\">Siguiente<\/span><span class=\"page-next\"><\/span><\/a><\/div><div class=\"fusion-clearfix\"><\/div><\/div><div class=\"fusion-clearfix\"><\/div><\/div><\/div><\/div><\/div><div class=\"fusion-fullwidth fullwidth-box fusion-builder-row-4 nonhundred-percent-fullwidth non-hundred-percent-height-scrolling\" style=\"--awb-border-radius-top-left:0px;--awb-border-radius-top-right:0px;--awb-border-radius-bottom-right:0px;--awb-border-radius-bottom-left:0px;--awb-flex-wrap:wrap;\" ><div class=\"fusion-builder-row fusion-row\"><div class=\"fusion-layout-column fusion_builder_column fusion-builder-column-4 fusion_builder_column_1_1 1_1 fusion-one-full fusion-column-first fusion-column-last\" style=\"--awb-bg-size:cover;\"><div class=\"fusion-column-wrapper fusion-flex-column-wrapper-legacy\"><div class=\"fusion-title title fusion-title-2 fusion-title-text fusion-title-size-two\" style=\"--awb-margin-top-small:0px;--awb-margin-right-small:0px;--awb-margin-bottom-small:20px;--awb-margin-left-small:0px;\"><h2 class=\"fusion-title-heading title-heading-left\" style=\"margin:0;\">Empresas y Asociaciones colaboradoras<\/h2><span class=\"awb-title-spacer\"><\/span><div class=\"title-sep-container\"><div class=\"title-sep sep- sep-solid\" style=\"border-color:#e0dede;\"><\/div><\/div><\/div><div class=\"fusion-image-carousel fusion-image-carousel-fixed fusion-image-carousel-2 lightbox-enabled fusion-carousel-border\"><div class=\"awb-carousel awb-swiper awb-swiper-carousel awb-carousel--carousel awb-swiper-dots-position-bottom\" data-layout=\"carousel\" data-autoplay=\"yes\" data-autoplayspeed=\"2500\" data-autoplaypause=\"no\" data-loop=\"yes\" data-columns=\"4\" data-columnsmedium=\"1\" data-columnssmall=\"1\" data-itemmargin=\"8\" data-itemwidth=\"180\" data-touchscroll=\"no\" data-freemode=\"no\" data-imagesize=\"fixed\" data-scrollitems=\"0\" data-centeredslides=\"no\" data-rotationangle=\"50\" data-depth=\"100\" data-speed=\"500\" data-shadow=\"no\" data-pagination=\"bullets\" style=\"--awb-columns:4;--awb-column-spacing:8px;--awb-border-width:1px;--awb-border-color:#e9eaee;\"><div class=\"swiper-wrapper awb-image-carousel-wrapper fusion-flex-align-items-center\"><div class=\"swiper-slide\"><div class=\"fusion-carousel-item-wrapper\"><div class=\"fusion-image-wrapper hover-type-none\"><a data-rel=\"iLightbox[image_carousel_2]\" href=\"http:\/\/www.dulcesanantonabad.es\/\" target=\"_blank\" rel=\"noopener noreferrer\"><img decoding=\"async\" src=\"http:\/\/www.acebucheteatro.com\/portal\/wp-content\/uploads\/2015\/08\/San-Anton-Abad.jpg\" alt=\"\"\/><\/a><\/div><\/div><\/div><div class=\"swiper-slide\"><div class=\"fusion-carousel-item-wrapper\"><div class=\"fusion-image-wrapper hover-type-none\"><a data-rel=\"iLightbox[image_carousel_2]\" href=\"http:\/\/bodegaslasoledad.com\/\" target=\"_blank\" rel=\"noopener noreferrer\"><img decoding=\"async\" src=\"http:\/\/www.acebucheteatro.com\/portal\/wp-content\/uploads\/2015\/08\/la-soledad.jpg\" alt=\"\"\/><\/a><\/div><\/div><\/div><div class=\"swiper-slide\"><div class=\"fusion-carousel-item-wrapper\"><div class=\"fusion-image-wrapper hover-type-none\"><a data-rel=\"iLightbox[image_carousel_2]\" href=\"https:\/\/www.acebucheteatro.com\" target=\"_blank\" rel=\"noopener noreferrer\"><img decoding=\"async\" src=\"http:\/\/www.acebucheteatro.com\/portal\/wp-content\/uploads\/2015\/06\/copy-logotipo.gif\" alt=\"\"\/><\/a><\/div><\/div><\/div><div class=\"swiper-slide\"><div class=\"fusion-carousel-item-wrapper\"><div class=\"fusion-image-wrapper hover-type-none\"><a data-rel=\"iLightbox[image_carousel_2]\" data-title=\"ajostierradebarros\" aria-label=\"ajostierradebarros\" href=\"http:\/\/ajostierradebarros.com\/\" target=\"_blank\" rel=\"noopener noreferrer\"><img decoding=\"async\" width=\"250\" height=\"202\" src=\"https:\/\/www.acebucheteatro.com\/portal\/wp-content\/uploads\/2019\/08\/ajostierradebarros-250x202.jpg\" class=\"attachment-blog-medium size-blog-medium\" alt=\"\" \/><\/a><\/div><\/div><\/div><div class=\"swiper-slide\"><div class=\"fusion-carousel-item-wrapper\"><div class=\"fusion-image-wrapper hover-type-none\"><a data-rel=\"iLightbox[image_carousel_2]\" href=\"http:\/\/www.acebucheteatro.com\/portal\/wp-content\/uploads\/2015\/08\/acegraf.jpg\" target=\"_blank\" rel=\"noopener noreferrer\"><img decoding=\"async\" src=\"http:\/\/www.acebucheteatro.com\/portal\/wp-content\/uploads\/2015\/08\/acegraf.jpg\" alt=\"\"\/><\/a><\/div><\/div><\/div><div class=\"swiper-slide\"><div class=\"fusion-carousel-item-wrapper\"><div class=\"fusion-image-wrapper hover-type-none\"><a data-rel=\"iLightbox[image_carousel_2]\" data-title=\"El ajero\" aria-label=\"El ajero\" href=\"https:\/\/www.coajosaceuchal.es\/es\/\" target=\"_blank\" rel=\"noopener noreferrer\"><img decoding=\"async\" width=\"156\" height=\"202\" src=\"https:\/\/www.acebucheteatro.com\/portal\/wp-content\/uploads\/2019\/08\/El-ajero-156x202.jpg\" class=\"attachment-blog-medium size-blog-medium\" alt=\"\" \/><\/a><\/div><\/div><\/div><\/div><div class=\"awb-swiper-button awb-swiper-button-prev\"><i class=\"awb-icon-angle-left\" aria-hidden=\"true\"><\/i><\/div><div class=\"awb-swiper-button awb-swiper-button-next\"><i class=\"awb-icon-angle-right\" aria-hidden=\"true\"><\/i><\/div><\/div><\/div><div class=\"fusion-clearfix\"><\/div><\/div><\/div><\/div><\/div>\n<\/p>\n","protected":false},"excerpt":{"rendered":"","protected":false},"author":1,"featured_media":13365,"parent":0,"menu_order":0,"comment_status":"open","ping_status":"closed","template":"100-width.php","meta":{"jetpack_post_was_ever_published":true,"footnotes":""},"class_list":["post-14245","page","type-page","status-publish","has-post-thumbnail","hentry"],"wppr_data":{"cwp_meta_box_check":"No","cwp_rev_product_name":"","cwp_rev_product_image":"","cwp_image_link":"image","cwp_rev_price":""},"jetpack_sharing_enabled":true,"jetpack_shortlink":"https:\/\/wp.me\/P6Bz4e-3HL","_links":{"self":[{"href":"https:\/\/www.acebucheteatro.com\/portal\/wp-json\/wp\/v2\/pages\/14245","targetHints":{"allow":["GET"]}}],"collection":[{"href":"https:\/\/www.acebucheteatro.com\/portal\/wp-json\/wp\/v2\/pages"}],"about":[{"href":"https:\/\/www.acebucheteatro.com\/portal\/wp-json\/wp\/v2\/types\/page"}],"author":[{"embeddable":true,"href":"https:\/\/www.acebucheteatro.com\/portal\/wp-json\/wp\/v2\/users\/1"}],"replies":[{"embeddable":true,"href":"https:\/\/www.acebucheteatro.com\/portal\/wp-json\/wp\/v2\/comments?post=14245"}],"version-history":[{"count":39,"href":"https:\/\/www.acebucheteatro.com\/portal\/wp-json\/wp\/v2\/pages\/14245\/revisions"}],"predecessor-version":[{"id":15488,"href":"https:\/\/www.acebucheteatro.com\/portal\/wp-json\/wp\/v2\/pages\/14245\/revisions\/15488"}],"wp:featuredmedia":[{"embeddable":true,"href":"https:\/\/www.acebucheteatro.com\/portal\/wp-json\/wp\/v2\/media\/13365"}],"wp:attachment":[{"href":"https:\/\/www.acebucheteatro.com\/portal\/wp-json\/wp\/v2\/media?parent=14245"}],"curies":[{"name":"wp","href":"https:\/\/api.w.org\/{rel}","templated":true}]}}