{"id":14773,"date":"2022-08-10T01:51:25","date_gmt":"2022-08-09T23:51:25","guid":{"rendered":"https:\/\/www.acebucheteatro.com\/portal\/?page_id=14773"},"modified":"2025-04-20T23:56:14","modified_gmt":"2025-04-20T21:56:14","slug":"31certamen","status":"publish","type":"page","link":"https:\/\/www.acebucheteatro.com\/portal\/certamen\/31certamen\/","title":{"rendered":"XXXI Certamen Nacional de Teatro de Aceuchal"},"content":{"rendered":"<p><div class=\"fusion-fullwidth fullwidth-box fusion-builder-row-1 nonhundred-percent-fullwidth non-hundred-percent-height-scrolling\" style=\"--awb-border-radius-top-left:0px;--awb-border-radius-top-right:0px;--awb-border-radius-bottom-right:0px;--awb-border-radius-bottom-left:0px;--awb-flex-wrap:wrap;\" ><div class=\"fusion-builder-row fusion-row\"><div class=\"fusion-layout-column fusion_builder_column fusion-builder-column-0 fusion_builder_column_2_5 2_5 fusion-two-fifth fusion-column-first\" style=\"--awb-overflow:hidden;--awb-bg-size:cover;--awb-border-radius:10px 10px 10px 10px;width:37.6%; margin-right: 4%;\"><div class=\"fusion-column-wrapper fusion-column-has-shadow fusion-flex-column-wrapper-legacy\"><div class=\"fusion-post-slider fusion-flexslider fusion-flexslider-loading flexslider-posts\"><ul class=\"slides\"><li><a href=\"https:\/\/www.acebucheteatro.com\/portal\/presentacion-del-34-certamen-nacional-de-teatro-de-aceuchal\/\" aria-label=\"Presentaci\u00f3n del XXXIV Certamen Nacional de Teatro de Aceuchal\"><img decoding=\"async\" width=\"1129\" height=\"652\" class=\"wp-image-15222\" src=\"https:\/\/www.acebucheteatro.com\/portal\/wp-content\/uploads\/2024\/09\/Presentacion-33-Certamen-Diputacion.png\" alt=\"\" srcset=\"https:\/\/www.acebucheteatro.com\/portal\/wp-content\/uploads\/2024\/09\/Presentacion-33-Certamen-Diputacion-200x116.png 200w, https:\/\/www.acebucheteatro.com\/portal\/wp-content\/uploads\/2024\/09\/Presentacion-33-Certamen-Diputacion-400x231.png 400w, https:\/\/www.acebucheteatro.com\/portal\/wp-content\/uploads\/2024\/09\/Presentacion-33-Certamen-Diputacion-600x347.png 600w, https:\/\/www.acebucheteatro.com\/portal\/wp-content\/uploads\/2024\/09\/Presentacion-33-Certamen-Diputacion-800x462.png 800w, https:\/\/www.acebucheteatro.com\/portal\/wp-content\/uploads\/2024\/09\/Presentacion-33-Certamen-Diputacion.png 1129w\" sizes=\"(max-width: 800px) 100vw, 600px\" \/><\/a><div class=\"slide-excerpt\"><h2><a href=\"https:\/\/www.acebucheteatro.com\/portal\/presentacion-del-34-certamen-nacional-de-teatro-de-aceuchal\/\">Presentaci\u00f3n del XXXIV Certamen Nacional de Teatro de Aceuchal<\/a><\/h2><\/div><\/li><li><a href=\"https:\/\/www.acebucheteatro.com\/portal\/bases-formulario-34-certamen-teatro-aceuchal\/\" aria-label=\"Publicadas las BASES y FORMULARIO de INSCRIPCI\u00d3N para participar en el XXXIV Certamen Nacional de Teatro de Aceuchal &#8211; 2025\"><img decoding=\"async\" width=\"1441\" height=\"868\" class=\"wp-image-14865\" src=\"https:\/\/www.acebucheteatro.com\/portal\/wp-content\/uploads\/2022\/08\/banner31certamen.png\" alt=\"\" srcset=\"https:\/\/www.acebucheteatro.com\/portal\/wp-content\/uploads\/2022\/08\/banner31certamen-200x120.png 200w, https:\/\/www.acebucheteatro.com\/portal\/wp-content\/uploads\/2022\/08\/banner31certamen-400x241.png 400w, https:\/\/www.acebucheteatro.com\/portal\/wp-content\/uploads\/2022\/08\/banner31certamen-600x361.png 600w, https:\/\/www.acebucheteatro.com\/portal\/wp-content\/uploads\/2022\/08\/banner31certamen-800x482.png 800w, https:\/\/www.acebucheteatro.com\/portal\/wp-content\/uploads\/2022\/08\/banner31certamen-1200x723.png 1200w, https:\/\/www.acebucheteatro.com\/portal\/wp-content\/uploads\/2022\/08\/banner31certamen.png 1441w\" sizes=\"(max-width: 800px) 100vw, 600px\" \/><\/a><div class=\"slide-excerpt\"><h2><a href=\"https:\/\/www.acebucheteatro.com\/portal\/bases-formulario-34-certamen-teatro-aceuchal\/\">Publicadas las BASES y FORMULARIO de INSCRIPCI\u00d3N para participar en el XXXIV Certamen Nacional de Teatro de Aceuchal &#8211; 2025<\/a><\/h2><\/div><\/li><li><a href=\"https:\/\/www.acebucheteatro.com\/portal\/presentacion-33-certamen-teatro-aceuchal\/\" aria-label=\"Presentaci\u00f3n del XXXIII Certamen Nacional de Teatro de Aceuchal\"><img decoding=\"async\" width=\"1129\" height=\"652\" class=\"wp-image-15222\" src=\"https:\/\/www.acebucheteatro.com\/portal\/wp-content\/uploads\/2024\/09\/Presentacion-33-Certamen-Diputacion.png\" alt=\"\" srcset=\"https:\/\/www.acebucheteatro.com\/portal\/wp-content\/uploads\/2024\/09\/Presentacion-33-Certamen-Diputacion-200x116.png 200w, https:\/\/www.acebucheteatro.com\/portal\/wp-content\/uploads\/2024\/09\/Presentacion-33-Certamen-Diputacion-400x231.png 400w, https:\/\/www.acebucheteatro.com\/portal\/wp-content\/uploads\/2024\/09\/Presentacion-33-Certamen-Diputacion-600x347.png 600w, https:\/\/www.acebucheteatro.com\/portal\/wp-content\/uploads\/2024\/09\/Presentacion-33-Certamen-Diputacion-800x462.png 800w, https:\/\/www.acebucheteatro.com\/portal\/wp-content\/uploads\/2024\/09\/Presentacion-33-Certamen-Diputacion.png 1129w\" sizes=\"(max-width: 800px) 100vw, 600px\" \/><\/a><div class=\"slide-excerpt\"><h2><a href=\"https:\/\/www.acebucheteatro.com\/portal\/presentacion-33-certamen-teatro-aceuchal\/\">Presentaci\u00f3n del XXXIII Certamen Nacional de Teatro de Aceuchal<\/a><\/h2><\/div><\/li><\/ul><\/div><div class=\"fusion-sep-clear\"><\/div><div class=\"fusion-separator fusion-full-width-sep\" style=\"margin-left: auto;margin-right: auto;margin-top:10px;width:100%;\"><\/div><div class=\"fusion-sep-clear\"><\/div><div class=\"fusion-text fusion-text-1\"><p><a href=\"https:\/\/www.acebucheteatro.com\/portal\/wp-content\/uploads\/2022\/08\/Programa-de-Actos-XXXI-Certamen-Nacional-Teatro-Aceuchal-2022.pdf\" target=\"_blank\" rel=\"noopener noreferrer\"><i class=\"fb-icon-element-1 fb-icon-element fontawesome-icon fa-book-reader fas circle-yes fusion-text-flow\" style=\"--awb-circlebordersize:1px;--awb-font-size:28.16px;--awb-width:56.32px;--awb-height:56.32px;--awb-line-height:54.32px;--awb-margin-right:16px;\"><\/i> Pulsa aqu\u00ed para descargar el programa de mano del XXXI Certamen Nacional de Teatro de Aceuchal<\/a><\/p>\n<\/div><div class=\"fusion-text fusion-text-2\"><p><img decoding=\"async\" class=\"wp-image-11518 alignleft\" src=\"https:\/\/www.acebucheteatro.com\/portal\/wp-content\/uploads\/layerslider\/Avada-Transparent-Header\/youtube-color.png\" alt=\"\" width=\"56\" height=\"56\" \/>Las emisiones en directo comenzar\u00e1n a las 21:50h del d\u00eda de la obra a representar a trav\u00e9s de nuestro canal en <strong>YouTube<\/strong>, as\u00ed como a trav\u00e9s del portal del Certamen.<\/p>\n<\/div><div class=\"fusion-text fusion-text-3\"><p><a href=\"https:\/\/www.acebucheteatro.com\/portal\/certamen\/sorteos\/\" target=\"_blank\" rel=\"noopener\"><img decoding=\"async\" class=\"wp-image-11518 alignleft\" src=\"https:\/\/www.acebucheteatro.com\/portal\/wp-content\/uploads\/2022\/08\/regalo-widget-icon.png\" alt=\"\" width=\"56\" height=\"56\" \/><\/a><a href=\"https:\/\/www.acebucheteatro.com\/portal\/certamen\/sorteos\/\" target=\"_blank\" rel=\"noopener\">Descubre los <strong>sorteos<\/strong> que pueden premiar tu actividad en el Certamen. Busca el regalo en nuestra web y sigue las instrucciones. Estar activos, tiene premio!<\/a><\/p>\n<\/div><div class=\"fusion-clearfix\"><\/div><\/div><\/div><div class=\"fusion-layout-column fusion_builder_column fusion-builder-column-1 fusion_builder_column_3_5 3_5 fusion-three-fifth fusion-column-last\" style=\"--awb-overflow:hidden;--awb-bg-size:cover;--awb-border-radius:10px 10px 10px 10px;width:58.4%;\"><div class=\"fusion-column-wrapper fusion-column-has-shadow fusion-flex-column-wrapper-legacy\"><div class=\"fusion-tabs fusion-tabs-1 classic nav-is-justified horizontal-tabs icon-position-left mobile-mode-accordion\" style=\"--awb-title-border-radius-top-left:0px;--awb-title-border-radius-top-right:0px;--awb-title-border-radius-bottom-right:0px;--awb-title-border-radius-bottom-left:0px;--awb-alignment:start;--awb-inactive-color:#f1f2f2;--awb-background-color:#ffffff;--awb-border-color:#ebeaea;--awb-active-border-color:#1a80b6;\"><div class=\"nav\"><ul class=\"nav-tabs nav-justified\" role=\"tablist\" aria-orientation=\"horizontal\"><li class=\"active\" role=\"presentation\"><a class=\"tab-link\" data-toggle=\"tab\" role=\"tab\" aria-controls=\"tab-27c36b9029baa32389a\" aria-selected=\"true\" tabindex=\"0\" id=\"fusion-tab-27c36b9029baa32389a\" href=\"#tab-27c36b9029baa32389a\"><h4 class=\"fusion-tab-heading\"><i class=\"fontawesome-icon fa-youtube fab\" aria-hidden=\"true\" style=\"font-size:13px;\"><\/i>Retransmisi\u00f3n online<\/h4><\/a><\/li><li  role=\"presentation\"><a class=\"tab-link\" data-toggle=\"tab\" role=\"tab\" aria-controls=\"tab-a62057e3b7404bb0a21\" aria-selected=\"false\" tabindex=\"-1\" id=\"fusion-tab-a62057e3b7404bb0a21\" href=\"#tab-a62057e3b7404bb0a21\"><h4 class=\"fusion-tab-heading\"><i class=\"fontawesome-icon fa-video fas\" aria-hidden=\"true\" style=\"font-size:13px;\"><\/i>SPOT V\u00eddeo<\/h4><\/a><\/li><li  role=\"presentation\"><a class=\"tab-link\" data-toggle=\"tab\" role=\"tab\" aria-controls=\"tab-56e013c057b2a6b2a52\" aria-selected=\"false\" tabindex=\"-1\" id=\"fusion-tab-56e013c057b2a6b2a52\" href=\"#tab-56e013c057b2a6b2a52\"><h4 class=\"fusion-tab-heading\"><i class=\"fontawesome-icon fa-clock fas\" aria-hidden=\"true\" style=\"font-size:13px;\"><\/i>Horarios<\/h4><\/a><\/li><li  role=\"presentation\"><a class=\"tab-link\" data-toggle=\"tab\" role=\"tab\" aria-controls=\"tab-7d14247c42dd11150a2\" aria-selected=\"false\" tabindex=\"-1\" id=\"fusion-tab-7d14247c42dd11150a2\" href=\"#tab-7d14247c42dd11150a2\"><h4 class=\"fusion-tab-heading\"><i class=\"fontawesome-icon fa-info-circle fas\" aria-hidden=\"true\" style=\"font-size:13px;\"><\/i>Informaci\u00f3n \u00fatil<\/h4><\/a><\/li><li  role=\"presentation\"><a class=\"tab-link\" data-toggle=\"tab\" role=\"tab\" aria-controls=\"tab-1964188d433446281e1\" aria-selected=\"false\" tabindex=\"-1\" id=\"fusion-tab-1964188d433446281e1\" href=\"#tab-1964188d433446281e1\"><h4 class=\"fusion-tab-heading\"><i class=\"fontawesome-icon fa-virus fas\" aria-hidden=\"true\" style=\"font-size:13px;\"><\/i>COVID-19<\/h4><\/a><\/li><\/ul><\/div><div class=\"tab-content\"><div class=\"nav fusion-mobile-tab-nav\"><ul class=\"nav-tabs nav-justified\" role=\"tablist\" aria-orientation=\"horizontal\"><li class=\"active\" role=\"presentation\"><a class=\"tab-link\" data-toggle=\"tab\" role=\"tab\" aria-controls=\"tab-27c36b9029baa32389a\" aria-selected=\"true\" tabindex=\"0\" id=\"mobile-fusion-tab-27c36b9029baa32389a\" href=\"#tab-27c36b9029baa32389a\"><h4 class=\"fusion-tab-heading\"><i class=\"fontawesome-icon fa-youtube fab\" aria-hidden=\"true\" style=\"font-size:13px;\"><\/i>Retransmisi\u00f3n online<\/h4><\/a><\/li><\/ul><\/div><div class=\"tab-pane fade fusion-clearfix in active\" role=\"tabpanel\" tabindex=\"0\" aria-labelledby=\"fusion-tab-27c36b9029baa32389a\" id=\"tab-27c36b9029baa32389a\">\n<p>Comience la reproducci\u00f3n en directo haciendo <span style=\"color: #ff0000;\"><strong>clic en el bot\u00f3n<\/strong><\/span> que aparece en la parte <span style=\"color: #ff0000;\"><strong>central<\/strong><\/span> de la emisi\u00f3n.<\/p>\n<div class=\"epyt-video-wrapper\"><iframe  id=\"_ytid_13794\"  width=\"1100\" height=\"619\"  data-origwidth=\"1100\" data-origheight=\"619\"  data-relstop=\"1\" src=\"https:\/\/www.youtube.com\/embed\/live_stream?enablejsapi=1&channel=UCk5Iuo34XicCyf_gsd3X7nQ&autoplay=0&cc_load_policy=0&cc_lang_pref=&iv_load_policy=1&rel=0&fs=1&playsinline=0&autohide=2&theme=dark&color=red&controls=1&disablekb=0&\" class=\"__youtube_prefs__  epyt-live-channel  no-lazyload\" title=\"YouTube player\"  allow=\"fullscreen; accelerometer; autoplay; clipboard-write; encrypted-media; gyroscope; picture-in-picture; web-share\" referrerpolicy=\"strict-origin-when-cross-origin\" allowfullscreen data-no-lazy=\"1\" data-skipgform_ajax_framebjll=\"\"><\/iframe><\/div>\n<\/div><div class=\"nav fusion-mobile-tab-nav\"><ul class=\"nav-tabs nav-justified\" role=\"tablist\" aria-orientation=\"horizontal\"><li  role=\"presentation\"><a class=\"tab-link\" data-toggle=\"tab\" role=\"tab\" aria-controls=\"tab-a62057e3b7404bb0a21\" aria-selected=\"false\" tabindex=\"-1\" id=\"mobile-fusion-tab-a62057e3b7404bb0a21\" href=\"#tab-a62057e3b7404bb0a21\"><h4 class=\"fusion-tab-heading\"><i class=\"fontawesome-icon fa-video fas\" aria-hidden=\"true\" style=\"font-size:13px;\"><\/i>SPOT V\u00eddeo<\/h4><\/a><\/li><\/ul><\/div><div class=\"tab-pane fade fusion-clearfix\" role=\"tabpanel\" tabindex=\"0\" aria-labelledby=\"fusion-tab-a62057e3b7404bb0a21\" id=\"tab-a62057e3b7404bb0a21\">\n<div class=\"fusion-video fusion-youtube fusion-aligncenter\" style=\"--awb-max-width:600px;--awb-max-height:360px;--awb-width:100%;\"><div class=\"video-shortcode\"><div class=\"fluid-width-video-wrapper\" style=\"padding-top:60%;\" ><iframe title=\"YouTube video player 1\" src=\"https:\/\/www.youtube.com\/embed\/2r3u4FLUSVU?wmode=transparent&autoplay=0&amp;rel=0\" width=\"600\" height=\"360\" allowfullscreen allow=\"autoplay; clipboard-write; encrypted-media; gyroscope; picture-in-picture;\"><\/iframe><\/div><\/div><\/div>\n<\/div><div class=\"nav fusion-mobile-tab-nav\"><ul class=\"nav-tabs nav-justified\" role=\"tablist\" aria-orientation=\"horizontal\"><li  role=\"presentation\"><a class=\"tab-link\" data-toggle=\"tab\" role=\"tab\" aria-controls=\"tab-56e013c057b2a6b2a52\" aria-selected=\"false\" tabindex=\"-1\" id=\"mobile-fusion-tab-56e013c057b2a6b2a52\" href=\"#tab-56e013c057b2a6b2a52\"><h4 class=\"fusion-tab-heading\"><i class=\"fontawesome-icon fa-clock fas\" aria-hidden=\"true\" style=\"font-size:13px;\"><\/i>Horarios<\/h4><\/a><\/li><\/ul><\/div><div class=\"tab-pane fade fusion-clearfix\" role=\"tabpanel\" tabindex=\"0\" aria-labelledby=\"fusion-tab-56e013c057b2a6b2a52\" id=\"tab-56e013c057b2a6b2a52\">\n<h2><span style=\"color: #ff6600;\">HORARIO DE ESPECT\u00c1CULOS<\/span><\/h2>\n<p>22:00 horas<br \/>\nEl teatro abrir\u00e1 a las 21:30 horas.<\/p>\n<h2><span style=\"color: #ff6600;\">TAQUILLAS EN ACEUCHAL<\/span><\/h2>\n<p>Taquilla Casa de Cultura \u00abC\u00e1ndido Sanz Vera\u00bb.<br \/>\nC\/ Juan Carlos I, Aceuchal.<\/p>\n<p><strong>Horario de jueves a domingo:<\/strong><br \/>\nTardes de 21:00h-22:15h.<br \/>\n<strong>Lunes, martes y mi\u00e9rcoles cerrado.<\/strong><\/p>\n<\/div><div class=\"nav fusion-mobile-tab-nav\"><ul class=\"nav-tabs nav-justified\" role=\"tablist\" aria-orientation=\"horizontal\"><li  role=\"presentation\"><a class=\"tab-link\" data-toggle=\"tab\" role=\"tab\" aria-controls=\"tab-7d14247c42dd11150a2\" aria-selected=\"false\" tabindex=\"-1\" id=\"mobile-fusion-tab-7d14247c42dd11150a2\" href=\"#tab-7d14247c42dd11150a2\"><h4 class=\"fusion-tab-heading\"><i class=\"fontawesome-icon fa-info-circle fas\" aria-hidden=\"true\" style=\"font-size:13px;\"><\/i>Informaci\u00f3n \u00fatil<\/h4><\/a><\/li><\/ul><\/div><div class=\"tab-pane fade fusion-clearfix\" role=\"tabpanel\" tabindex=\"0\" aria-labelledby=\"fusion-tab-7d14247c42dd11150a2\" id=\"tab-7d14247c42dd11150a2\">\n<h2><span style=\"color: #ff6600;\">CONDICIONES DE ENTRADA<\/span><\/h2>\n<ol>\n<li>No se admitir\u00e1n devoluciones o cambios de entradas. La adquisici\u00f3n de la misma se considera firme. La Organizaci\u00f3n no se responsabiliza de cualquier p\u00e9rdida de entradas por sus particulares.<\/li>\n<li>Es obligatorio conservar la entrada hasta el final del evento como documento que avale sus derechos.<\/li>\n<li>Toda entrada enmendada, rota o con indicios de falsificaci\u00f3n autorizar\u00e1 a la Organizaci\u00f3n a privar a su portador del acceso al recinto.<\/li>\n<li>Se reserva el derecho de admisi\u00f3n, condicionado al hecho de disponer de la entrada completa y en buenas condiciones y de que el portador asuma y se obligue a respetar las normas de la Organizaci\u00f3n y del recinto, as\u00ed como cualquier motivo exigible por razones de seguridad general.<\/li>\n<li>Se proh\u00edbe la entrada de animales al recinto a excepci\u00f3n de perros gu\u00edas.<\/li>\n<li>Una vez comenzada la representaci\u00f3n (a las 22:15h) no se permitir\u00e1 el acceso a la Sala.<\/li>\n<li>Al entrar al recinto, no se permitir\u00e1 la entrada de objetos que puedan ser considerados peligrosos por la Organizaci\u00f3n o est\u00e9n prohibidos por la normativa vigente.<\/li>\n<li>Queda prohibida cualquier filmaci\u00f3n, grabaci\u00f3n o reproducci\u00f3n en el interior del recinto, salvo fines informativos autorizados previamente por la Organizaci\u00f3n.<\/li>\n<li>Queda terminantemente prohibido realizar fotograf\u00edas con flash.<\/li>\n<li>Se proh\u00edbe fumar en todo el recinto.<\/li>\n<li>El horario del evento podr\u00e1 ser modificado por la Organizaci\u00f3n en el caso de considerarlo necesario.<\/li>\n<li>La Organizaci\u00f3n se reserva el derecho de modificar el reparto art\u00edstico de las obras programada en casos necesarios.<\/li>\n<\/ol>\n<\/div><div class=\"nav fusion-mobile-tab-nav\"><ul class=\"nav-tabs nav-justified\" role=\"tablist\" aria-orientation=\"horizontal\"><li  role=\"presentation\"><a class=\"tab-link\" data-toggle=\"tab\" role=\"tab\" aria-controls=\"tab-1964188d433446281e1\" aria-selected=\"false\" tabindex=\"-1\" id=\"mobile-fusion-tab-1964188d433446281e1\" href=\"#tab-1964188d433446281e1\"><h4 class=\"fusion-tab-heading\"><i class=\"fontawesome-icon fa-virus fas\" aria-hidden=\"true\" style=\"font-size:13px;\"><\/i>COVID-19<\/h4><\/a><\/li><\/ul><\/div><div class=\"tab-pane fade fusion-clearfix\" role=\"tabpanel\" tabindex=\"0\" aria-labelledby=\"fusion-tab-1964188d433446281e1\" id=\"tab-1964188d433446281e1\">\n<h2><span style=\"color: #ff6600;\">MEDIDAS DE SEGURIDAD Y PROTECCI\u00d3N SANITARIA FRENTE A LA COVID-19<\/span><\/h2>\n<p><span style=\"color: #ff9900;\">Estas normas se actualizar\u00e1n a medida que sean aprobadas otras nuevas por las autoridades competentes<\/span><\/p>\n<p>Siguiendo las directrices de la actual normativa, en concreto, la del Real Decreto 286\/2022, de 19 de abril, que modifica la obligatoriedad del uso de la mascarilla en interiores, el uso de la misma deja de ser preceptivo en nuestros recintos esc\u00e9nicos. No obstante, <strong>se recomienda a usuarios y espectadores realizar una utilizaci\u00f3n responsable de la misma<\/strong>, valorando especialmente circunstancias individuales como \u00abla pertenencia a grupos de mayor vulnerabilidad, la vacunaci\u00f3n y la actividad y comportamiento social que pueda incrementar los riesgos de transmisi\u00f3n\u00bb.<\/p>\n<p>En este enlace puede consultares el Real Decreto 286\/2022, de 19 de abril, que modifica la obligatoriedad del uso de la mascarilla en interiores: <a href=\"https:\/\/www.boe.es\/buscar\/doc.php?id=BOE-A-2022-6449\" target=\"_blank\" rel=\"noopener\">https:\/\/www.boe.es\/buscar\/doc.php?id=BOE-A-2022-6449<\/a><\/p>\n<p>Desde el 21 de septiembre de 2021, tampoco existen restricciones de aforo, por lo que se han eliminado tambi\u00e9n medidas como los asientos de bloqueo y se ha recuperado la normalidad en este aspecto para esta edici\u00f3n 31 del Certamen de Teatro de Aceuchal.<\/p>\n<p>En cualquier caso, continuaremos aplicando una serie de medidas gen\u00e9ricas para todos los espacios esc\u00e9nicos:<\/p>\n<ul>\n<li>Se sigue recomendando al p\u00fablico llegar con antelaci\u00f3n suficiente para una entrada ordenada en los recintos.<\/li>\n<li>Se debe ocupar el asiento de forma individual y evitar aglomeraciones en los accesos y salidas.<\/li>\n<li>Los folletos y la informaci\u00f3n sobre los espect\u00e1culos seguir\u00e1n siendo accesibles en formato digital, aunque tambi\u00e9n podr\u00e1n estar disponibles en papel.<\/li>\n<li>Se dispone de gel hidroalcoh\u00f3lico en las instalaciones.<\/li>\n<\/ul>\n<p>Ante cualquier cambio en la normativa vigente, podr\u00e1n modificarse estas medidas y\/o establecerse otras nuevas.<\/p>\n<\/div><\/div><\/div><div class=\"fusion-clearfix\"><\/div><\/div><\/div><\/div><\/div><div class=\"fusion-fullwidth fullwidth-box fusion-builder-row-2 nonhundred-percent-fullwidth non-hundred-percent-height-scrolling\" style=\"--awb-border-radius-top-left:0px;--awb-border-radius-top-right:0px;--awb-border-radius-bottom-right:0px;--awb-border-radius-bottom-left:0px;--awb-margin-bottom:30px;--awb-flex-wrap:wrap;\" ><div class=\"fusion-builder-row fusion-row\"><div class=\"fusion-layout-column fusion_builder_column fusion-builder-column-2 fusion_builder_column_1_3 1_3 fusion-one-third fusion-column-first\" style=\"--awb-overflow:hidden;--awb-bg-size:cover;--awb-border-color:#03a9f4;--awb-border-top:0;--awb-border-right:0;--awb-border-bottom:0;--awb-border-left:0;--awb-border-style:solid;--awb-border-radius:10px 10px 0px 0px;width:33.333333333333%;width:calc(33.333333333333% - ( ( 4% + 4% ) * 0.33333333333333 ) );margin-right: 4%;\"><div class=\"fusion-column-wrapper fusion-column-has-shadow fusion-flex-column-wrapper-legacy\"><div class=\"fusion-image-element in-legacy-container\" style=\"--awb-liftup-border-radius:0px;--awb-caption-title-font-family:var(--h2_typography-font-family);--awb-caption-title-font-weight:var(--h2_typography-font-weight);--awb-caption-title-font-style:var(--h2_typography-font-style);--awb-caption-title-size:var(--h2_typography-font-size);--awb-caption-title-transform:var(--h2_typography-text-transform);--awb-caption-title-line-height:var(--h2_typography-line-height);--awb-caption-title-letter-spacing:var(--h2_typography-letter-spacing);\"><div class=\"awb-image-frame awb-image-frame-1 imageframe-liftup\"><span class=\" fusion-imageframe imageframe-none imageframe-1\"><img decoding=\"async\" width=\"395\" height=\"240\" title=\"brujas\" src=\"https:\/\/www.acebucheteatro.com\/portal\/wp-content\/uploads\/2022\/08\/brujas-e1660052137148.jpg\" alt class=\"img-responsive wp-image-14799\" srcset=\"https:\/\/www.acebucheteatro.com\/portal\/wp-content\/uploads\/2022\/08\/brujas-e1660052137148-200x122.jpg 200w, https:\/\/www.acebucheteatro.com\/portal\/wp-content\/uploads\/2022\/08\/brujas-e1660052137148.jpg 395w\" sizes=\"(max-width: 800px) 100vw, 395px\" \/><\/span><\/div><\/div><div class=\"fusion-sep-clear\"><\/div><div class=\"fusion-separator fusion-full-width-sep\" style=\"margin-left: auto;margin-right: auto;margin-top:5px;margin-bottom:10px;width:100%;\"><\/div><div class=\"fusion-sep-clear\"><\/div><div class=\"fusion-text fusion-text-4\"><p style=\"line-height: 7px;\">12 de agosto de 2022<\/p>\n<h2 style=\"line-height: 10px;\"><strong>Brujas<\/strong><\/h2>\n<p style=\"line-height: 3px;\">De la Burla Teatro<\/p>\n<\/div><div class=\"fusion-modal modal fade modal-1 brujas\" tabindex=\"-1\" role=\"dialog\" aria-labelledby=\"modal-heading-1\" aria-hidden=\"true\" style=\"--awb-border-color:#ebebeb;--awb-background:#f6f6f6;\"><div class=\"modal-dialog modal-lg\" role=\"document\"><div class=\"modal-content fusion-modal-content\"><div class=\"modal-header\"><button class=\"close\" type=\"button\" data-dismiss=\"modal\" aria-hidden=\"true\" aria-label=\"Close\">&times;<\/button><h3 class=\"modal-title\" id=\"modal-heading-1\" data-dismiss=\"modal\" aria-hidden=\"true\">BRUJAS<\/h3><\/div><div class=\"modal-body fusion-clearfix\">\n<p style=\"line-height: 7px;\"><strong>GRUPO:<\/strong> De la Burla Teatro<\/p>\n<p style=\"line-height: 7px;\"><strong>Procedencia:<\/strong> C\u00e1ceres (C\u00e1ceres)<\/p>\n<p style=\"line-height: 7px;\"><strong>Obra:<\/strong> Brujas<\/p>\n<p style=\"line-height: 7px;\"><strong>Autor:<\/strong> Paco Barjola<\/p>\n<p style=\"line-height: 7px;\"><strong>G\u00e9nero:<\/strong> Comedia<\/p>\n<p style=\"line-height: 7px;\"><strong>Clasificada:<\/strong> Mayores de 14 a\u00f1os<\/p>\n<div class=\"fusion-section-separator section-separator triangle fusion-section-separator-1\" style=\"--awb-border-top:2px solid #03a9f4;--awb-spacer-height:2px;--awb-svg-margin-left:0;--awb-svg-margin-right:0;--awb-icon-color:#03a9f4;--awb-icon-top:-12px;\"><div class=\"fusion-section-separator-svg\"><div class=\"section-separator-icon icon fa-theater-masks fas\" aria-hidden=\"true\"><\/div><div class=\"divider-candy-arrow top\" style=\"bottom:2px;border-bottom-color: #f6f6f6;\"><\/div><div class=\"divider-candy top\" style=\"top:-22px;border-bottom:1px solid #03a9f4;border-left:1px solid #03a9f4;\"><\/div><\/div><div class=\"fusion-section-separator-spacer\"><div class=\"fusion-section-separator-spacer-height\"><\/div><\/div><\/div>\n<h2><strong><span style=\"color: #ff9900;\">SINOPSIS<\/span><\/strong><\/h2>\n<p>Dulcificar la amargura es la mejor forma de trag\u00e1rsela. \u00bfC\u00f3mo si no, contar una desgracia sin hacer llorar? En Las Brujas de Chamizo se cuenta c\u00f3mo la tradici\u00f3n y el miedo a los prejuicios son los culpables de un terrible desenlace. Las protagonistas de nuestras brujas, dos muertas, cuentan esta historia desde el presente, aunque vienen del pasado, y comparando \u00e9pocas, pues resulta que la tradici\u00f3n nos sigue maniatando como antes y los prejuicios siguen siendo perjuicios.<\/p>\n<p>Es verdad que se habla desde el amor, el dolor, la pasi\u00f3n y el odio, pero el contenido b\u00e1sicamente es el mismo que De la Burla Teatro lleva presentando desde hace ya m\u00e1s de una d\u00e9cada: igualdad, libertad, lucha y reivindicaci\u00f3n, s\u00f3lo que esta vez con un a\u00f1adido, un homenaje a nuestra lengua y nuestra cultura, la extreme\u00f1a.<\/p>\n<\/div><\/div><\/div><\/div><a class=\"fusion-modal-text-link\" data-toggle=\"modal\" data-target=\".fusion-modal.brujas\" href=\"#\"><span style=\"color: #ff9900;\">[+] Pulsa aqu\u00ed para leer la SINOPSIS<\/span><\/a><div class=\"fusion-sep-clear\"><\/div><div class=\"fusion-separator fusion-full-width-sep\" style=\"margin-left: auto;margin-right: auto;margin-top:0px;margin-bottom:5px;width:100%;\"><\/div><div class=\"fusion-sep-clear\"><\/div><a class=\"fusion-modal-text-link\" href=\"#\"><a href=\"https:\/\/www.acebucheteatro.com\/portal\/wp-content\/uploads\/2022\/08\/Programa-BRUJAS.pdf\" target=\"_blank\" rel=\"noopener noreferrer\"><span style=\"color: #ff9900;\">[+] Pulsa aqu\u00ed para ver el d\u00edptico de la obra<\/span><\/a><div class=\"fusion-sep-clear\"><\/div><div class=\"fusion-separator fusion-full-width-sep\" style=\"margin-left: auto;margin-right: auto;margin-top:0px;margin-bottom:5px;width:100%;\"><\/div><div class=\"fusion-sep-clear\"><\/div><div class=\"fusion-modal modal fade modal-2 v\u00eddeobrujas\" tabindex=\"-1\" role=\"dialog\" aria-labelledby=\"modal-heading-2\" aria-hidden=\"true\" style=\"--awb-border-color:#ebebeb;--awb-background:#f6f6f6;\"><div class=\"modal-dialog modal-lg\" role=\"document\"><div class=\"modal-content fusion-modal-content\"><div class=\"modal-header\"><button class=\"close\" type=\"button\" data-dismiss=\"modal\" aria-hidden=\"true\" aria-label=\"Close\">&times;<\/button><h3 class=\"modal-title\" id=\"modal-heading-2\" data-dismiss=\"modal\" aria-hidden=\"true\">BRUJAS<\/h3><\/div><div class=\"modal-body fusion-clearfix\"><\/a><\/p>\n<p style=\"text-align: left;\"><div class=\"fusion-video fusion-youtube fusion-aligncenter\" style=\"--awb-max-width:600px;--awb-max-height:360px;--awb-width:100%;\"><div class=\"video-shortcode\"><div class=\"fluid-width-video-wrapper\" style=\"padding-top:60%;\" ><iframe title=\"YouTube video player 2\" src=\"https:\/\/www.youtube.com\/embed\/GjmKybqoVrs?wmode=transparent&autoplay=0&amp;rel=0\" width=\"600\" height=\"360\" allowfullscreen allow=\"autoplay; clipboard-write; encrypted-media; gyroscope; picture-in-picture;\"><\/iframe><\/div><\/div><\/div>\n<\/div><\/div><\/div><\/div><a class=\"fusion-modal-text-link\" data-toggle=\"modal\" data-target=\".fusion-modal.v\u00eddeobrujas\" href=\"#\"><span style=\"color: #ff9900;\">[+] Pulsa aqu\u00ed para ver V\u00cdDEO<\/span><\/a><div class=\"fusion-sep-clear\"><\/div><div class=\"fusion-separator fusion-full-width-sep\" style=\"margin-left: auto;margin-right: auto;margin-top:0px;margin-bottom:0px;width:100%;\"><div class=\"fusion-separator-border sep-single sep-solid\" style=\"--awb-height:20px;--awb-amount:20px;border-color:#e0dede;border-top-width:1px;\"><\/div><\/div><div class=\"fusion-sep-clear\"><\/div><div class=\"fusion-clearfix\"><\/div><\/div><\/div><div class=\"fusion-layout-column fusion_builder_column fusion-builder-column-3 fusion_builder_column_1_3 1_3 fusion-one-third\" style=\"--awb-overflow:hidden;--awb-bg-size:cover;--awb-border-color:#03a9f4;--awb-border-top:0;--awb-border-right:0;--awb-border-bottom:0;--awb-border-left:0;--awb-border-style:solid;--awb-border-radius:10px 10px 0px 0px;width:33.333333333333%;width:calc(33.333333333333% - ( ( 4% + 4% ) * 0.33333333333333 ) );margin-right: 4%;\"><div class=\"fusion-column-wrapper fusion-column-has-shadow fusion-flex-column-wrapper-legacy\"><div class=\"fusion-image-element in-legacy-container\" style=\"--awb-liftup-border-radius:0px;--awb-caption-title-font-family:var(--h2_typography-font-family);--awb-caption-title-font-weight:var(--h2_typography-font-weight);--awb-caption-title-font-style:var(--h2_typography-font-style);--awb-caption-title-size:var(--h2_typography-font-size);--awb-caption-title-transform:var(--h2_typography-text-transform);--awb-caption-title-line-height:var(--h2_typography-line-height);--awb-caption-title-letter-spacing:var(--h2_typography-letter-spacing);\"><div class=\"awb-image-frame awb-image-frame-2 imageframe-liftup\"><span class=\" fusion-imageframe imageframe-none imageframe-2\"><img decoding=\"async\" width=\"395\" height=\"240\" title=\"agnesdedios\" src=\"https:\/\/www.acebucheteatro.com\/portal\/wp-content\/uploads\/2022\/08\/agnesdedios-1-e1660049011299.jpg\" alt class=\"img-responsive wp-image-14785\" srcset=\"https:\/\/www.acebucheteatro.com\/portal\/wp-content\/uploads\/2022\/08\/agnesdedios-1-e1660049011299-200x122.jpg 200w, https:\/\/www.acebucheteatro.com\/portal\/wp-content\/uploads\/2022\/08\/agnesdedios-1-e1660049011299.jpg 395w\" sizes=\"(max-width: 800px) 100vw, 395px\" \/><\/span><\/div><\/div><div class=\"fusion-sep-clear\"><\/div><div class=\"fusion-separator fusion-full-width-sep\" style=\"margin-left: auto;margin-right: auto;margin-top:5px;margin-bottom:10px;width:100%;\"><\/div><div class=\"fusion-sep-clear\"><\/div><div class=\"fusion-text fusion-text-5\"><p style=\"line-height: 7px;\">13 de agosto de 2022<\/p>\n<h2 style=\"line-height: 10px;\"><strong>Agnes de Dios<\/strong><\/h2>\n<p style=\"line-height: 3px;\">Arte Esc\u00e9nico y Musical<\/p>\n<\/div><div class=\"fusion-modal modal fade modal-3 agnesdedios\" tabindex=\"-1\" role=\"dialog\" aria-labelledby=\"modal-heading-3\" aria-hidden=\"true\" style=\"--awb-border-color:#ebebeb;--awb-background:#f6f6f6;\"><div class=\"modal-dialog modal-lg\" role=\"document\"><div class=\"modal-content fusion-modal-content\"><div class=\"modal-header\"><button class=\"close\" type=\"button\" data-dismiss=\"modal\" aria-hidden=\"true\" aria-label=\"Close\">&times;<\/button><h3 class=\"modal-title\" id=\"modal-heading-3\" data-dismiss=\"modal\" aria-hidden=\"true\">AGNES DE DIOS<\/h3><\/div><div class=\"modal-body fusion-clearfix\">\n<p style=\"line-height: 7px;\"><strong>GRUPO:<\/strong> Arte Esc\u00e9nico y Musical<\/p>\n<p style=\"line-height: 7px;\"><strong>Procedencia:<\/strong> Almansa (Albacete)<\/p>\n<p style=\"line-height: 7px;\"><strong>Obra:<\/strong> Agnes de Dios<\/p>\n<p style=\"line-height: 7px;\"><strong>Autor:<\/strong> John Pielmeier<\/p>\n<p style=\"line-height: 7px;\"><strong>G\u00e9nero:<\/strong> Drama<\/p>\n<p style=\"line-height: 7px;\"><strong>Clasificada:<\/strong> Mayores de 14 a\u00f1os<\/p>\n<div class=\"fusion-section-separator section-separator triangle fusion-section-separator-2\" style=\"--awb-border-top:2px solid #03a9f4;--awb-spacer-height:2px;--awb-svg-margin-left:0;--awb-svg-margin-right:0;--awb-icon-color:#03a9f4;--awb-icon-top:-12px;\"><div class=\"fusion-section-separator-svg\"><div class=\"section-separator-icon icon fa-theater-masks fas\" aria-hidden=\"true\"><\/div><div class=\"divider-candy-arrow top\" style=\"bottom:2px;border-bottom-color: #f6f6f6;\"><\/div><div class=\"divider-candy top\" style=\"top:-22px;border-bottom:1px solid #03a9f4;border-left:1px solid #03a9f4;\"><\/div><\/div><div class=\"fusion-section-separator-spacer\"><div class=\"fusion-section-separator-spacer-height\"><\/div><\/div><\/div>\n<h2><strong><span style=\"color: #ff9900;\">SINOPSIS<\/span><\/strong><\/h2>\n<p>En un convento, una novicia (la hermana Agnes) da a luz. Tras el alumbramiento, el beb\u00e9 aparece muerto y la madre pierde tanta sangre que queda inconsciente, bloqueando cualquier recuerdo del suceso.<\/p>\n<p>La madre superiora del convento (Madre M\u00edriam Ruth) asegura que aquella noche no hubo posibilidad alguna de que nadie entrase o saliese de all\u00ed. Y se aferra a la posibilidad de que al vez Dios hubiera permitido que Agnes tuviera un hijo sin ser tocada por ning\u00fan hombre.<\/p>\n<p>A ra\u00edz de todo ello las autoridades fiscales interponen un juicio en contra de la Hermana Agnes y la psiquiatra (Martha Livingston) es enviada al convento para conocer de cerca los hechos y tratar de ayudar a la novicia.<\/p>\n<\/div><\/div><\/div><\/div><a class=\"fusion-modal-text-link\" data-toggle=\"modal\" data-target=\".fusion-modal.agnesdedios\" href=\"#\"><span style=\"color: #ff9900;\">[+] Pulsa aqu\u00ed para leer la SINOPSIS<\/span><\/a><div class=\"fusion-sep-clear\"><\/div><div class=\"fusion-separator fusion-full-width-sep\" style=\"margin-left: auto;margin-right: auto;margin-top:0px;margin-bottom:5px;width:100%;\"><\/div><div class=\"fusion-sep-clear\"><\/div><a class=\"fusion-modal-text-link\" href=\"#\"><a href=\"https:\/\/www.acebucheteatro.com\/portal\/wp-content\/uploads\/2022\/08\/Programa-AGNES-DE-DIOS.pdf\" target=\"_blank\" rel=\"noopener noreferrer\"><span style=\"color: #ff9900;\">[+] Pulsa aqu\u00ed para ver el d\u00edptico de la obra<\/span><\/a><div class=\"fusion-sep-clear\"><\/div><div class=\"fusion-separator fusion-full-width-sep\" style=\"margin-left: auto;margin-right: auto;margin-top:0px;margin-bottom:5px;width:100%;\"><\/div><div class=\"fusion-sep-clear\"><\/div><div class=\"fusion-modal modal fade modal-4 v\u00eddeoagnesdedios\" tabindex=\"-1\" role=\"dialog\" aria-labelledby=\"modal-heading-4\" aria-hidden=\"true\" style=\"--awb-border-color:#ebebeb;--awb-background:#f6f6f6;\"><div class=\"modal-dialog modal-lg\" role=\"document\"><div class=\"modal-content fusion-modal-content\"><div class=\"modal-header\"><button class=\"close\" type=\"button\" data-dismiss=\"modal\" aria-hidden=\"true\" aria-label=\"Close\">&times;<\/button><h3 class=\"modal-title\" id=\"modal-heading-4\" data-dismiss=\"modal\" aria-hidden=\"true\">AGNES DE DIOS<\/h3><\/div><div class=\"modal-body fusion-clearfix\"><\/a><\/p>\n<div class=\"fusion-video fusion-youtube fusion-aligncenter\" style=\"--awb-max-width:600px;--awb-max-height:360px;--awb-width:100%;\"><div class=\"video-shortcode\"><div class=\"fluid-width-video-wrapper\" style=\"padding-top:60%;\" ><iframe title=\"YouTube video player 3\" src=\"https:\/\/www.youtube.com\/embed\/M7k_rm0-vxs?wmode=transparent&autoplay=0&amp;rel=0 \" width=\"600\" height=\"360\" allowfullscreen allow=\"autoplay; clipboard-write; encrypted-media; gyroscope; picture-in-picture;\"><\/iframe><\/div><\/div><\/div>\n<\/div><\/div><\/div><\/div><a class=\"fusion-modal-text-link\" data-toggle=\"modal\" data-target=\".fusion-modal.v\u00eddeoagnesdedios\" href=\"#\"><span style=\"color: #ff9900;\">[+] Pulsa aqu\u00ed para ver V\u00cdDEO<\/span><\/a><div class=\"fusion-sep-clear\"><\/div><div class=\"fusion-separator fusion-full-width-sep\" style=\"margin-left: auto;margin-right: auto;margin-top:0px;margin-bottom:0px;width:100%;\"><div class=\"fusion-separator-border sep-single sep-solid\" style=\"--awb-height:20px;--awb-amount:20px;border-color:#e0dede;border-top-width:1px;\"><\/div><\/div><div class=\"fusion-sep-clear\"><\/div><div class=\"fusion-clearfix\"><\/div><\/div><\/div><div class=\"fusion-layout-column fusion_builder_column fusion-builder-column-4 fusion_builder_column_1_3 1_3 fusion-one-third fusion-column-last\" style=\"--awb-overflow:hidden;--awb-bg-size:cover;--awb-border-color:#03a9f4;--awb-border-top:0;--awb-border-right:0;--awb-border-bottom:0;--awb-border-left:0;--awb-border-style:solid;--awb-border-radius:10px 10px 0px 0px;width:33.333333333333%;width:calc(33.333333333333% - ( ( 4% + 4% ) * 0.33333333333333 ) );\"><div class=\"fusion-column-wrapper fusion-column-has-shadow fusion-flex-column-wrapper-legacy\"><div class=\"fusion-image-element in-legacy-container\" style=\"--awb-liftup-border-radius:0px;--awb-caption-title-font-family:var(--h2_typography-font-family);--awb-caption-title-font-weight:var(--h2_typography-font-weight);--awb-caption-title-font-style:var(--h2_typography-font-style);--awb-caption-title-size:var(--h2_typography-font-size);--awb-caption-title-transform:var(--h2_typography-text-transform);--awb-caption-title-line-height:var(--h2_typography-line-height);--awb-caption-title-letter-spacing:var(--h2_typography-letter-spacing);\"><div class=\"awb-image-frame awb-image-frame-3 imageframe-liftup\"><span class=\" fusion-imageframe imageframe-none imageframe-3\"><img decoding=\"async\" width=\"395\" height=\"240\" title=\"agnesdedios\" src=\"https:\/\/www.acebucheteatro.com\/portal\/wp-content\/uploads\/2022\/08\/agnesdedios-e1660048694413.jpg\" alt class=\"img-responsive wp-image-14782\" srcset=\"https:\/\/www.acebucheteatro.com\/portal\/wp-content\/uploads\/2022\/08\/agnesdedios-e1660048694413-200x122.jpg 200w, https:\/\/www.acebucheteatro.com\/portal\/wp-content\/uploads\/2022\/08\/agnesdedios-e1660048694413.jpg 395w\" sizes=\"(max-width: 800px) 100vw, 395px\" \/><\/span><\/div><\/div><div class=\"fusion-sep-clear\"><\/div><div class=\"fusion-separator fusion-full-width-sep\" style=\"margin-left: auto;margin-right: auto;margin-top:5px;margin-bottom:10px;width:100%;\"><\/div><div class=\"fusion-sep-clear\"><\/div><div class=\"fusion-text fusion-text-6\"><p style=\"line-height: 7px;\">14 de agosto de 2022<\/p>\n<h2 style=\"line-height: 10px;\"><strong>Aeterna Ant\u00edgona<\/strong><\/h2>\n<p style=\"line-height: 3px;\">Acontracorriente Teatro<\/p>\n<\/div><div class=\"fusion-modal modal fade modal-5 aeternaantigona\" tabindex=\"-1\" role=\"dialog\" aria-labelledby=\"modal-heading-5\" aria-hidden=\"true\" style=\"--awb-border-color:#ebebeb;--awb-background:#f6f6f6;\"><div class=\"modal-dialog modal-lg\" role=\"document\"><div class=\"modal-content fusion-modal-content\"><div class=\"modal-header\"><button class=\"close\" type=\"button\" data-dismiss=\"modal\" aria-hidden=\"true\" aria-label=\"Close\">&times;<\/button><h3 class=\"modal-title\" id=\"modal-heading-5\" data-dismiss=\"modal\" aria-hidden=\"true\">AETERNA ANT\u00cdGONA<\/h3><\/div><div class=\"modal-body fusion-clearfix\">\n<p style=\"line-height: 7px;\"><strong>GRUPO:<\/strong> Acontracorriente Teatro<\/p>\n<p style=\"line-height: 7px;\"><strong>Procedencia:<\/strong> Sevilla (Sevilla)<\/p>\n<p style=\"line-height: 7px;\"><strong>Obra:<\/strong> Aeterna Ant\u00edgona<\/p>\n<p style=\"line-height: 7px;\"><strong>Autor:<\/strong> S\u00f3focles (Adaptaci\u00f3n)<\/p>\n<p style=\"line-height: 7px;\"><strong>G\u00e9nero:<\/strong> Tragedia<\/p>\n<p style=\"line-height: 7px;\"><strong>Clasificada:<\/strong> Mayores de 14 a\u00f1os<\/p>\n<div class=\"fusion-section-separator section-separator triangle fusion-section-separator-3\" style=\"--awb-border-top:2px solid #03a9f4;--awb-spacer-height:2px;--awb-svg-margin-left:0;--awb-svg-margin-right:0;--awb-icon-color:#03a9f4;--awb-icon-top:-12px;\"><div class=\"fusion-section-separator-svg\"><div class=\"section-separator-icon icon fa-theater-masks fas\" aria-hidden=\"true\"><\/div><div class=\"divider-candy-arrow top\" style=\"bottom:2px;border-bottom-color: #f6f6f6;\"><\/div><div class=\"divider-candy top\" style=\"top:-22px;border-bottom:1px solid #03a9f4;border-left:1px solid #03a9f4;\"><\/div><\/div><div class=\"fusion-section-separator-spacer\"><div class=\"fusion-section-separator-spacer-height\"><\/div><\/div><\/div>\n<h2><strong><span style=\"color: #ff9900;\">SINOPSIS<\/span><\/strong><\/h2>\n<p>Aeterna Ant\u00edgona es una visi\u00f3n atemporal del mito de Ant\u00edgona. Es la Ant\u00edgona Eterna, Universal, la de Siempre: la exaltaci\u00f3n de la rebeld\u00eda y la lucha contra el orden establecido, partiendo de enraizadas y profundas convicciones, la eterna ant\u00edtesis Physis \/ Nomos.<\/p>\n<p>Aunque se trata de una adaptaci\u00f3n contempor\u00e1nea no se pierde de vista la esencia cl\u00e1sica del mito griego: la exaltaci\u00f3n de la rebeld\u00eda y el enfrentamiento contra el orden establecido; la lucha entre lo natural y lo divino, la eterna ant\u00edtesis entre el \u201cnomos\u201d y la \u201cphysis\u201d.<\/p>\n<p>La obra combina la interpretaci\u00f3n, m\u00fasica, danza, expresi\u00f3n corporal y la poes\u00eda de la Tragedia Griega, poniendo el acento en la tem\u00e1tica de g\u00e9nero y en la memoria hist\u00f3rica.<\/p>\n<\/div><\/div><\/div><\/div><a class=\"fusion-modal-text-link\" data-toggle=\"modal\" data-target=\".fusion-modal.aeternaantigona\" href=\"#\"><span style=\"color: #ff9900;\">[+] Pulsa aqu\u00ed para leer la SINOPSIS<\/span><\/a><div class=\"fusion-sep-clear\"><\/div><div class=\"fusion-separator fusion-full-width-sep\" style=\"margin-left: auto;margin-right: auto;margin-top:0px;margin-bottom:5px;width:100%;\"><\/div><div class=\"fusion-sep-clear\"><\/div><a class=\"fusion-modal-text-link\" href=\"#\"><a href=\"https:\/\/www.acebucheteatro.com\/portal\/wp-content\/uploads\/2022\/08\/Programa-AETERNA-ANTIGONA.pdf\" target=\"_blank\" rel=\"noopener noreferrer\"><span style=\"color: #ff9900;\">[+] Pulsa aqu\u00ed para ver el d\u00edptico de la obra<\/span><\/a><div class=\"fusion-sep-clear\"><\/div><div class=\"fusion-separator fusion-full-width-sep\" style=\"margin-left: auto;margin-right: auto;margin-top:0px;margin-bottom:5px;width:100%;\"><\/div><div class=\"fusion-sep-clear\"><\/div><div class=\"fusion-modal modal fade modal-6 v\u00eddeoaeternateatro\" tabindex=\"-1\" role=\"dialog\" aria-labelledby=\"modal-heading-6\" aria-hidden=\"true\" style=\"--awb-border-color:#ebebeb;--awb-background:#f6f6f6;\"><div class=\"modal-dialog modal-lg\" role=\"document\"><div class=\"modal-content fusion-modal-content\"><div class=\"modal-header\"><button class=\"close\" type=\"button\" data-dismiss=\"modal\" aria-hidden=\"true\" aria-label=\"Close\">&times;<\/button><h3 class=\"modal-title\" id=\"modal-heading-6\" data-dismiss=\"modal\" aria-hidden=\"true\">LA VI\u00d1A<\/h3><\/div><div class=\"modal-body fusion-clearfix\"><\/a><\/p>\n<div class=\"fusion-video fusion-youtube fusion-aligncenter\" style=\"--awb-max-width:600px;--awb-max-height:360px;--awb-width:100%;\"><div class=\"video-shortcode\"><div class=\"fluid-width-video-wrapper\" style=\"padding-top:60%;\" ><iframe title=\"YouTube video player 4\" src=\"https:\/\/www.youtube.com\/embed\/q3u0ziTYKHY?wmode=transparent&autoplay=0&amp;rel=0 \" width=\"600\" height=\"360\" allowfullscreen allow=\"autoplay; clipboard-write; encrypted-media; gyroscope; picture-in-picture;\"><\/iframe><\/div><\/div><\/div>\n<\/div><\/div><\/div><\/div><a class=\"fusion-modal-text-link\" data-toggle=\"modal\" data-target=\".fusion-modal.v\u00eddeoaeternateatro\" href=\"#\"><span style=\"color: #ff9900;\">[+] Pulsa aqu\u00ed para ver V\u00cdDEO<\/span><\/a><div class=\"fusion-sep-clear\"><\/div><div class=\"fusion-separator fusion-full-width-sep\" style=\"margin-left: auto;margin-right: auto;margin-top:0px;margin-bottom:0px;width:100%;\"><div class=\"fusion-separator-border sep-single sep-solid\" style=\"--awb-height:20px;--awb-amount:20px;border-color:#e0dede;border-top-width:1px;\"><\/div><\/div><div class=\"fusion-sep-clear\"><\/div><div class=\"fusion-clearfix\"><\/div><\/div><\/div><div class=\"fusion-layout-column fusion_builder_column fusion-builder-column-5 fusion_builder_column_1_3 1_3 fusion-one-third fusion-column-first\" style=\"--awb-overflow:hidden;--awb-bg-size:cover;--awb-border-color:#03a9f4;--awb-border-top:0;--awb-border-right:0;--awb-border-bottom:0;--awb-border-left:0;--awb-border-style:solid;--awb-border-radius:10px 10px 0px 0px;width:33.333333333333%;width:calc(33.333333333333% - ( ( 4% + 4% ) * 0.33333333333333 ) );margin-right: 4%;\"><div class=\"fusion-column-wrapper fusion-column-has-shadow fusion-flex-column-wrapper-legacy\"><div class=\"fusion-image-element in-legacy-container\" style=\"--awb-liftup-border-radius:0px;--awb-caption-title-font-family:var(--h2_typography-font-family);--awb-caption-title-font-weight:var(--h2_typography-font-weight);--awb-caption-title-font-style:var(--h2_typography-font-style);--awb-caption-title-size:var(--h2_typography-font-size);--awb-caption-title-transform:var(--h2_typography-text-transform);--awb-caption-title-line-height:var(--h2_typography-line-height);--awb-caption-title-letter-spacing:var(--h2_typography-letter-spacing);\"><div class=\"awb-image-frame awb-image-frame-4 imageframe-liftup\"><span class=\" fusion-imageframe imageframe-none imageframe-4\"><img decoding=\"async\" width=\"395\" height=\"240\" title=\"elcredito\" src=\"https:\/\/www.acebucheteatro.com\/portal\/wp-content\/uploads\/2022\/08\/elcredito-e1660049202159.jpg\" alt class=\"img-responsive wp-image-14786\" srcset=\"https:\/\/www.acebucheteatro.com\/portal\/wp-content\/uploads\/2022\/08\/elcredito-e1660049202159-200x122.jpg 200w, https:\/\/www.acebucheteatro.com\/portal\/wp-content\/uploads\/2022\/08\/elcredito-e1660049202159.jpg 395w\" sizes=\"(max-width: 800px) 100vw, 395px\" \/><\/span><\/div><\/div><div class=\"fusion-sep-clear\"><\/div><div class=\"fusion-separator fusion-full-width-sep\" style=\"margin-left: auto;margin-right: auto;margin-top:5px;margin-bottom:10px;width:100%;\"><\/div><div class=\"fusion-sep-clear\"><\/div><div class=\"fusion-text fusion-text-7\"><p style=\"line-height: 7px;\">19 de agosto de 2022<\/p>\n<h2 style=\"line-height: 10px;\"><strong>El cr\u00e9dito<\/strong><\/h2>\n<p style=\"line-height: 3px;\">Squizo Teatro<\/p>\n<\/div><div class=\"fusion-modal modal fade modal-7 elcredito\" tabindex=\"-1\" role=\"dialog\" aria-labelledby=\"modal-heading-7\" aria-hidden=\"true\" style=\"--awb-border-color:#ebebeb;--awb-background:#f6f6f6;\"><div class=\"modal-dialog modal-lg\" role=\"document\"><div class=\"modal-content fusion-modal-content\"><div class=\"modal-header\"><button class=\"close\" type=\"button\" data-dismiss=\"modal\" aria-hidden=\"true\" aria-label=\"Close\">&times;<\/button><h3 class=\"modal-title\" id=\"modal-heading-7\" data-dismiss=\"modal\" aria-hidden=\"true\">EL CR\u00c9DITO<\/h3><\/div><div class=\"modal-body fusion-clearfix\">\n<p style=\"line-height: 7px;\"><strong>GRUPO:<\/strong> Squizo Teatro<\/p>\n<p style=\"line-height: 7px;\"><strong>Procedencia:<\/strong> C\u00f3rdoba (C\u00f3rdoba)<\/p>\n<p style=\"line-height: 7px;\"><strong>Obra:<\/strong> El Cr\u00e9dito<\/p>\n<p style=\"line-height: 7px;\"><strong>Autor:<\/strong> Jordi Galcer\u00e1n<\/p>\n<p style=\"line-height: 7px;\"><strong>G\u00e9nero:<\/strong> Comedia<\/p>\n<p style=\"line-height: 7px;\"><strong>Clasificada:<\/strong> Mayores de 14 a\u00f1os<\/p>\n<div class=\"fusion-section-separator section-separator triangle fusion-section-separator-4\" style=\"--awb-border-top:2px solid #03a9f4;--awb-spacer-height:2px;--awb-svg-margin-left:0;--awb-svg-margin-right:0;--awb-icon-color:#03a9f4;--awb-icon-top:-12px;\"><div class=\"fusion-section-separator-svg\"><div class=\"section-separator-icon icon fa-theater-masks fas\" aria-hidden=\"true\"><\/div><div class=\"divider-candy-arrow top\" style=\"bottom:2px;border-bottom-color: #f6f6f6;\"><\/div><div class=\"divider-candy top\" style=\"top:-22px;border-bottom:1px solid #03a9f4;border-left:1px solid #03a9f4;\"><\/div><\/div><div class=\"fusion-section-separator-spacer\"><div class=\"fusion-section-separator-spacer-height\"><\/div><\/div><\/div>\n<h2><strong><span style=\"color: #ff9900;\">SINOPSIS<\/span><\/strong><\/h2>\n<p>En nuestro civilizado mundo, cuando necesitas dinero vas al banco y pides un cr\u00e9dito. Si no te lo conceden, das media vuelta y te vuelves para casa, cabizbajo, pensando que las cosas est\u00e1n muy mal, que el cr\u00e9dito no fluye\u2026<\/p>\n<p>O no. Hoy quiz\u00e1s no. Quiz\u00e1s hoy, cuando te nieguen el cr\u00e9dito no volver\u00e1s a casa con el rabo entre las piernas. Quiz\u00e1s hoy mirar\u00e1s al director de la oficina a los ojos, pondr\u00e1s las cartas sobre la mesa y le dir\u00e1s que eres t\u00fa el que tiene la sart\u00e9n por el mango, que si no te da el cr\u00e9dito tomar\u00e1s medidas. Nada violento, por Dios, eso si que no, pero hoy, si el se\u00f1or director no suelta la pasta, quiz\u00e1s lleves a cabo una acci\u00f3n que convierta su vida en aut\u00e9ntica cat\u00e1strofe.<\/p>\n<\/div><\/div><\/div><\/div><a class=\"fusion-modal-text-link\" data-toggle=\"modal\" data-target=\".fusion-modal.elcredito\" href=\"#\"><span style=\"color: #ff9900;\">[+] Pulsa aqu\u00ed para leer la SINOPSIS<\/span><\/a><div class=\"fusion-sep-clear\"><\/div><div class=\"fusion-separator fusion-full-width-sep\" style=\"margin-left: auto;margin-right: auto;margin-top:0px;margin-bottom:5px;width:100%;\"><\/div><div class=\"fusion-sep-clear\"><\/div><a class=\"fusion-modal-text-link\" href=\"#\"><a href=\"https:\/\/www.acebucheteatro.com\/portal\/wp-content\/uploads\/2022\/08\/Programa-EL-CREDITO.pdf\" target=\"_blank\" rel=\"noopener noreferrer\"><span style=\"color: #ff9900;\">[+] Pulsa aqu\u00ed para ver el d\u00edptico de la obra<\/span><\/a><div class=\"fusion-sep-clear\"><\/div><div class=\"fusion-separator fusion-full-width-sep\" style=\"margin-left: auto;margin-right: auto;margin-top:0px;margin-bottom:5px;width:100%;\"><\/div><div class=\"fusion-sep-clear\"><\/div><div class=\"fusion-modal modal fade modal-8 v\u00eddeoelcr\u00e9dito\" tabindex=\"-1\" role=\"dialog\" aria-labelledby=\"modal-heading-8\" aria-hidden=\"true\" style=\"--awb-border-color:#ebebeb;--awb-background:#f6f6f6;\"><div class=\"modal-dialog modal-lg\" role=\"document\"><div class=\"modal-content fusion-modal-content\"><div class=\"modal-header\"><button class=\"close\" type=\"button\" data-dismiss=\"modal\" aria-hidden=\"true\" aria-label=\"Close\">&times;<\/button><h3 class=\"modal-title\" id=\"modal-heading-8\" data-dismiss=\"modal\" aria-hidden=\"true\">EL CR\u00c9DITO<\/h3><\/div><div class=\"modal-body fusion-clearfix\"><\/a><\/p>\n<div class=\"fusion-video fusion-youtube fusion-aligncenter\" style=\"--awb-max-width:600px;--awb-max-height:360px;--awb-width:100%;\"><div class=\"video-shortcode\"><div class=\"fluid-width-video-wrapper\" style=\"padding-top:60%;\" ><iframe title=\"YouTube video player 5\" src=\"https:\/\/www.youtube.com\/embed\/7C3p6OOz3ZU?wmode=transparent&autoplay=0&amp;rel=0 \" width=\"600\" height=\"360\" allowfullscreen allow=\"autoplay; clipboard-write; encrypted-media; gyroscope; picture-in-picture;\"><\/iframe><\/div><\/div><\/div>\n<\/div><\/div><\/div><\/div><a class=\"fusion-modal-text-link\" data-toggle=\"modal\" data-target=\".fusion-modal.v\u00eddeoelcr\u00e9dito\" href=\"#\"><span style=\"color: #ff9900;\">[+] Pulsa aqu\u00ed para ver V\u00cdDEO<\/span><\/a><div class=\"fusion-sep-clear\"><\/div><div class=\"fusion-separator fusion-full-width-sep\" style=\"margin-left: auto;margin-right: auto;margin-top:0px;margin-bottom:0px;width:100%;\"><div class=\"fusion-separator-border sep-single sep-solid\" style=\"--awb-height:20px;--awb-amount:20px;border-color:#e0dede;border-top-width:1px;\"><\/div><\/div><div class=\"fusion-sep-clear\"><\/div><div class=\"fusion-clearfix\"><\/div><\/div><\/div><div class=\"fusion-layout-column fusion_builder_column fusion-builder-column-6 fusion_builder_column_1_3 1_3 fusion-one-third\" style=\"--awb-overflow:hidden;--awb-bg-size:cover;--awb-border-color:#03a9f4;--awb-border-top:0;--awb-border-right:0;--awb-border-bottom:0;--awb-border-left:0;--awb-border-style:solid;--awb-border-radius:10px 10px 0px 0px;width:33.333333333333%;width:calc(33.333333333333% - ( ( 4% + 4% ) * 0.33333333333333 ) );margin-right: 4%;\"><div class=\"fusion-column-wrapper fusion-column-has-shadow fusion-flex-column-wrapper-legacy\"><div class=\"fusion-image-element in-legacy-container\" style=\"--awb-liftup-border-radius:0px;--awb-caption-title-font-family:var(--h2_typography-font-family);--awb-caption-title-font-weight:var(--h2_typography-font-weight);--awb-caption-title-font-style:var(--h2_typography-font-style);--awb-caption-title-size:var(--h2_typography-font-size);--awb-caption-title-transform:var(--h2_typography-text-transform);--awb-caption-title-line-height:var(--h2_typography-line-height);--awb-caption-title-letter-spacing:var(--h2_typography-letter-spacing);\"><div class=\"awb-image-frame awb-image-frame-5 imageframe-liftup\"><span class=\" fusion-imageframe imageframe-none imageframe-5\"><img decoding=\"async\" width=\"395\" height=\"240\" title=\"cuandomastraquilasestamos\" src=\"https:\/\/www.acebucheteatro.com\/portal\/wp-content\/uploads\/2022\/08\/cuandomastraquilasestamos-scaled-e1660049324140.jpg\" alt class=\"img-responsive wp-image-14787\" srcset=\"https:\/\/www.acebucheteatro.com\/portal\/wp-content\/uploads\/2022\/08\/cuandomastraquilasestamos-scaled-e1660049324140-200x122.jpg 200w, https:\/\/www.acebucheteatro.com\/portal\/wp-content\/uploads\/2022\/08\/cuandomastraquilasestamos-scaled-e1660049324140.jpg 395w\" sizes=\"(max-width: 800px) 100vw, 395px\" \/><\/span><\/div><\/div><div class=\"fusion-sep-clear\"><\/div><div class=\"fusion-separator fusion-full-width-sep\" style=\"margin-left: auto;margin-right: auto;margin-top:5px;margin-bottom:10px;width:100%;\"><\/div><div class=\"fusion-sep-clear\"><\/div><div class=\"fusion-text fusion-text-8\"><p style=\"line-height: 7px;\">20 de agosto de 2022<\/p>\n<h2 style=\"line-height: 10px;\"><strong>Cuando estemos m\u00e1s tranquilas<\/strong><\/h2>\n<p style=\"line-height: 3px;\">La Canilla Teatro<\/p>\n<\/div><div class=\"fusion-modal modal fade modal-9 cuandoestemosmastranquilas\" tabindex=\"-1\" role=\"dialog\" aria-labelledby=\"modal-heading-9\" aria-hidden=\"true\" style=\"--awb-border-color:#ebebeb;--awb-background:#f6f6f6;\"><div class=\"modal-dialog modal-lg\" role=\"document\"><div class=\"modal-content fusion-modal-content\"><div class=\"modal-header\"><button class=\"close\" type=\"button\" data-dismiss=\"modal\" aria-hidden=\"true\" aria-label=\"Close\">&times;<\/button><h3 class=\"modal-title\" id=\"modal-heading-9\" data-dismiss=\"modal\" aria-hidden=\"true\">CUANDO ESTEMOS M\u00c1S TRANQUILAS<\/h3><\/div><div class=\"modal-body fusion-clearfix\">\n<p style=\"line-height: 7px;\"><strong>GRUPO:<\/strong> La Canilla Teatro<\/p>\n<p style=\"line-height: 7px;\"><strong>Procedencia:<\/strong> Calahorra (La Rioja)<\/p>\n<p style=\"line-height: 7px;\"><strong>Obra:<\/strong> Cuando estemos m\u00e1s tranquilas<\/p>\n<p style=\"line-height: 7px;\"><strong>Autor:<\/strong> Laia Ripoll<\/p>\n<p style=\"line-height: 7px;\"><strong>G\u00e9nero:<\/strong> Comedia<\/p>\n<p style=\"line-height: 7px;\"><strong>Clasificada:<\/strong> Mayores de 14 a\u00f1os<\/p>\n<div class=\"fusion-section-separator section-separator triangle fusion-section-separator-5\" style=\"--awb-border-top:2px solid #03a9f4;--awb-spacer-height:2px;--awb-svg-margin-left:0;--awb-svg-margin-right:0;--awb-icon-color:#03a9f4;--awb-icon-top:-12px;\"><div class=\"fusion-section-separator-svg\"><div class=\"section-separator-icon icon fa-theater-masks fas\" aria-hidden=\"true\"><\/div><div class=\"divider-candy-arrow top\" style=\"bottom:2px;border-bottom-color: #f6f6f6;\"><\/div><div class=\"divider-candy top\" style=\"top:-22px;border-bottom:1px solid #03a9f4;border-left:1px solid #03a9f4;\"><\/div><\/div><div class=\"fusion-section-separator-spacer\"><div class=\"fusion-section-separator-spacer-height\"><\/div><\/div><\/div>\n<h2><strong><span style=\"color: #ff9900;\">SINOPSIS<\/span><\/strong><\/h2>\n<p>En esta obra, cuatro mujeres velan el cad\u00e1ver de un hombre. Est\u00e1n esperando el momento en que el cuerpo del difunto, de acuerdo con la creencia popular, emprenda el camino inverso al seguido hasta ahora, es decir, pasar del estado post-mortem al prenatal con el prop\u00f3sito de detener este proceso, mediante conjuro, cuando aquel llegue a su plenitud vital, para poder disfrutar de nuevo de toda su lozan\u00eda antes de que se lo lleven, ya en su viaje definitivo, encerrado en el ata\u00fad.<\/p>\n<p>En el desarrollo de la trama podremos ir viendo como es y como ha sido la relaci\u00f3n entre los diversos personajes incluido el ocupante del f\u00e9retro.<\/p>\n<\/div><\/div><\/div><\/div><a class=\"fusion-modal-text-link\" data-toggle=\"modal\" data-target=\".fusion-modal.cuandoestemosmastranquilas\" href=\"#\"><span style=\"color: #ff9900;\">[+] Pulsa aqu\u00ed para leer la SINOPSIS<\/span><\/a><div class=\"fusion-sep-clear\"><\/div><div class=\"fusion-separator fusion-full-width-sep\" style=\"margin-left: auto;margin-right: auto;margin-top:0px;margin-bottom:5px;width:100%;\"><\/div><div class=\"fusion-sep-clear\"><\/div><a class=\"fusion-modal-text-link\" href=\"#\"><a href=\"https:\/\/www.acebucheteatro.com\/portal\/wp-content\/uploads\/2022\/08\/Programa-CUADNO-ESTEMOS-MAS-TRANQUILAS.pdf\" target=\"_blank\" rel=\"noopener noreferrer\"><span style=\"color: #ff9900;\">[+] Pulsa aqu\u00ed para ver el d\u00edptico de la obra<\/span><\/a><div class=\"fusion-sep-clear\"><\/div><div class=\"fusion-separator fusion-full-width-sep\" style=\"margin-left: auto;margin-right: auto;margin-top:0px;margin-bottom:5px;width:100%;\"><\/div><div class=\"fusion-sep-clear\"><\/div><div class=\"fusion-modal modal fade modal-10 v\u00eddeocuandoestemosm\u00e1stranquilas\" tabindex=\"-1\" role=\"dialog\" aria-labelledby=\"modal-heading-10\" aria-hidden=\"true\" style=\"--awb-border-color:#ebebeb;--awb-background:#f6f6f6;\"><div class=\"modal-dialog modal-lg\" role=\"document\"><div class=\"modal-content fusion-modal-content\"><div class=\"modal-header\"><button class=\"close\" type=\"button\" data-dismiss=\"modal\" aria-hidden=\"true\" aria-label=\"Close\">&times;<\/button><h3 class=\"modal-title\" id=\"modal-heading-10\" data-dismiss=\"modal\" aria-hidden=\"true\">CUANDO ESTEMOS M\u00c1S TRANQUILAS<\/h3><\/div><div class=\"modal-body fusion-clearfix\"><\/a><\/p>\n<div class=\"fusion-video fusion-youtube fusion-aligncenter\" style=\"--awb-max-width:600px;--awb-max-height:360px;--awb-width:100%;\"><div class=\"video-shortcode\"><div class=\"fluid-width-video-wrapper\" style=\"padding-top:60%;\" ><iframe title=\"YouTube video player 6\" src=\"https:\/\/www.youtube.com\/embed\/gMs0kgRijdc?wmode=transparent&autoplay=0&amp;rel=0 \" width=\"600\" height=\"360\" allowfullscreen allow=\"autoplay; clipboard-write; encrypted-media; gyroscope; picture-in-picture;\"><\/iframe><\/div><\/div><\/div>\n<\/div><\/div><\/div><\/div><a class=\"fusion-modal-text-link\" data-toggle=\"modal\" data-target=\".fusion-modal.v\u00eddeocuandoestemosm\u00e1stranquilas\" href=\"#\"><span style=\"color: #ff9900;\">[+] Pulsa aqu\u00ed para ver V\u00cdDEO<\/span><\/a><div class=\"fusion-sep-clear\"><\/div><div class=\"fusion-separator fusion-full-width-sep\" style=\"margin-left: auto;margin-right: auto;margin-top:0px;margin-bottom:0px;width:100%;\"><div class=\"fusion-separator-border sep-single sep-solid\" style=\"--awb-height:20px;--awb-amount:20px;border-color:#e0dede;border-top-width:1px;\"><\/div><\/div><div class=\"fusion-sep-clear\"><\/div><div class=\"fusion-clearfix\"><\/div><\/div><\/div><div class=\"fusion-layout-column fusion_builder_column fusion-builder-column-7 fusion_builder_column_1_3 1_3 fusion-one-third fusion-column-last\" style=\"--awb-overflow:hidden;--awb-bg-size:cover;--awb-border-color:#03a9f4;--awb-border-top:0;--awb-border-right:0;--awb-border-bottom:0;--awb-border-left:0;--awb-border-style:solid;--awb-border-radius:10px 10px 0px 0px;width:33.333333333333%;width:calc(33.333333333333% - ( ( 4% + 4% ) * 0.33333333333333 ) );\"><div class=\"fusion-column-wrapper fusion-column-has-shadow fusion-flex-column-wrapper-legacy\"><div class=\"fusion-image-element in-legacy-container\" style=\"--awb-liftup-border-radius:0px;--awb-caption-title-font-family:var(--h2_typography-font-family);--awb-caption-title-font-weight:var(--h2_typography-font-weight);--awb-caption-title-font-style:var(--h2_typography-font-style);--awb-caption-title-size:var(--h2_typography-font-size);--awb-caption-title-transform:var(--h2_typography-text-transform);--awb-caption-title-line-height:var(--h2_typography-line-height);--awb-caption-title-letter-spacing:var(--h2_typography-letter-spacing);\"><div class=\"awb-image-frame awb-image-frame-6 imageframe-liftup\"><span class=\" fusion-imageframe imageframe-none imageframe-6\"><img decoding=\"async\" width=\"395\" height=\"240\" title=\"miserere\" src=\"https:\/\/www.acebucheteatro.com\/portal\/wp-content\/uploads\/2022\/08\/9-scaled-e1660049606194.jpg\" alt class=\"img-responsive wp-image-14788\" srcset=\"https:\/\/www.acebucheteatro.com\/portal\/wp-content\/uploads\/2022\/08\/9-scaled-e1660049606194-200x122.jpg 200w, https:\/\/www.acebucheteatro.com\/portal\/wp-content\/uploads\/2022\/08\/9-scaled-e1660049606194.jpg 395w\" sizes=\"(max-width: 800px) 100vw, 395px\" \/><\/span><\/div><\/div><div class=\"fusion-sep-clear\"><\/div><div class=\"fusion-separator fusion-full-width-sep\" style=\"margin-left: auto;margin-right: auto;margin-top:5px;margin-bottom:10px;width:100%;\"><\/div><div class=\"fusion-sep-clear\"><\/div><div class=\"fusion-text fusion-text-9\"><p style=\"line-height: 7px;\">21 de agosto de 2022<\/p>\n<h2 style=\"line-height: 10px;\"><strong>Miserere<\/strong><\/h2>\n<p style=\"line-height: 3px;\">Jachas Teatro<\/p>\n<\/div><div class=\"fusion-modal modal fade modal-11 miserere\" tabindex=\"-1\" role=\"dialog\" aria-labelledby=\"modal-heading-11\" aria-hidden=\"true\" style=\"--awb-border-color:#ebebeb;--awb-background:#f6f6f6;\"><div class=\"modal-dialog modal-lg\" role=\"document\"><div class=\"modal-content fusion-modal-content\"><div class=\"modal-header\"><button class=\"close\" type=\"button\" data-dismiss=\"modal\" aria-hidden=\"true\" aria-label=\"Close\">&times;<\/button><h3 class=\"modal-title\" id=\"modal-heading-11\" data-dismiss=\"modal\" aria-hidden=\"true\">MISERERE<\/h3><\/div><div class=\"modal-body fusion-clearfix\">\n<p style=\"line-height: 7px;\"><strong>GRUPO:<\/strong> Jachas Teatro<\/p>\n<p style=\"line-height: 7px;\"><strong>Procedencia:<\/strong> Torrejoncillo (C\u00e1ceres)<\/p>\n<p style=\"line-height: 7px;\"><strong>Obra:<\/strong> Miserere<\/p>\n<p style=\"line-height: 7px;\"><strong>Autor:<\/strong> Daniel Alfredo Caso<\/p>\n<p style=\"line-height: 7px;\"><strong>G\u00e9nero:<\/strong> Drama<\/p>\n<p style=\"line-height: 7px;\"><strong>Clasificada:<\/strong> Mayores de 16 a\u00f1os<\/p>\n<div class=\"fusion-section-separator section-separator triangle fusion-section-separator-6\" style=\"--awb-border-top:2px solid #03a9f4;--awb-spacer-height:2px;--awb-svg-margin-left:0;--awb-svg-margin-right:0;--awb-icon-color:#03a9f4;--awb-icon-top:-12px;\"><div class=\"fusion-section-separator-svg\"><div class=\"section-separator-icon icon fa-theater-masks fas\" aria-hidden=\"true\"><\/div><div class=\"divider-candy-arrow top\" style=\"bottom:2px;border-bottom-color: #f6f6f6;\"><\/div><div class=\"divider-candy top\" style=\"top:-22px;border-bottom:1px solid #03a9f4;border-left:1px solid #03a9f4;\"><\/div><\/div><div class=\"fusion-section-separator-spacer\"><div class=\"fusion-section-separator-spacer-height\"><\/div><\/div><\/div>\n<h2><strong><span style=\"color: #ff9900;\">SINOPSIS<\/span><\/strong><\/h2>\n<p style=\"text-align: center;\"><em>6. Y al SE\u00d1OR le pes\u00f3 haber hecho al hombre en la tierra, y sinti\u00f3 tristeza en su coraz\u00f3n. 7. Entonces el SE\u00d1OR dijo: Borrar\u00e9 de la superficie de la tierra al hombre que he creado, desde el hombre hasta el ganado, los reptiles y las aves del cielo, porque me pesa haberlos hecho.\u201d <\/em>(G\u00e9nesis, 6.6-7)<\/p>\n<p>\u00bfQu\u00e9 se espera de nosotros?<\/p>\n<p>Con esta pregunta nos se\u00f1ala a todos Gancedo, maestro en la infancia quebrada de Briones. Porque Miserere es la revelaci\u00f3n de una tragedia oculta en millones de almas por todo el mundo. Oculta en los que la padecieron, oculta en los que la generaron y oculta en los que saben y callan.<\/p>\n<p>Es aqu\u00ed, en este espacio anegado y deconstruido, donde la tragedia se revela con toda su crudeza tras producirse el encuentro fortuito e inesperado de Briones y Gancedo. Ambos se topan con el pasado tras a\u00f1os de silencio. Es el terrible espacio de todos, el de la deshumanizaci\u00f3n.<\/p>\n<p>A partir de ese reconocimiento, comienza una pelea por revelar los aspectos m\u00e1s oscuros del alma humana, sus impulsos y sus miserias. Es una lucha por revelar y desempolvar la verdad, aunque eso signifique que afloren las verg\u00fcenzas, los prejuicios y sus necedades. La raz\u00f3n y los recuerdos entran en busca de algo que est\u00e1 roto y que pretenden arrasar aquello que se empe\u00f1an en ocultar.<\/p>\n<p>Misericordia.<\/p>\n<p>\u00bfHay salvaci\u00f3n posible? \u00bfPodremos apiadarnos de ellos?<\/p>\n<blockquote><p>\u201cNo nos une el amor, sino el espanto.\u201d (J.L.Borges.)<\/p><\/blockquote>\n<\/div><\/div><\/div><\/div><a class=\"fusion-modal-text-link\" data-toggle=\"modal\" data-target=\".fusion-modal.miserere\" href=\"#\"><span style=\"color: #ff9900;\">[+] Pulsa aqu\u00ed para leer la SINOPSIS<\/span><\/a><div class=\"fusion-sep-clear\"><\/div><div class=\"fusion-separator fusion-full-width-sep\" style=\"margin-left: auto;margin-right: auto;margin-top:0px;margin-bottom:5px;width:100%;\"><\/div><div class=\"fusion-sep-clear\"><\/div><a class=\"fusion-modal-text-link\" href=\"#\"><a href=\"https:\/\/www.acebucheteatro.com\/portal\/wp-content\/uploads\/2022\/08\/Programa-MISERERE.pdf\" target=\"_blank\" rel=\"noopener noreferrer\"><span style=\"color: #ff9900;\">[+] Pulsa aqu\u00ed para ver el d\u00edptico de la obra<\/span><\/a><div class=\"fusion-sep-clear\"><\/div><div class=\"fusion-separator fusion-full-width-sep\" style=\"margin-left: auto;margin-right: auto;margin-top:0px;margin-bottom:5px;width:100%;\"><\/div><div class=\"fusion-sep-clear\"><\/div><div class=\"fusion-modal modal fade modal-12 v\u00eddeomiserere\" tabindex=\"-1\" role=\"dialog\" aria-labelledby=\"modal-heading-12\" aria-hidden=\"true\" style=\"--awb-border-color:#ebebeb;--awb-background:#f6f6f6;\"><div class=\"modal-dialog modal-lg\" role=\"document\"><div class=\"modal-content fusion-modal-content\"><div class=\"modal-header\"><button class=\"close\" type=\"button\" data-dismiss=\"modal\" aria-hidden=\"true\" aria-label=\"Close\">&times;<\/button><h3 class=\"modal-title\" id=\"modal-heading-12\" data-dismiss=\"modal\" aria-hidden=\"true\">MISERERE<\/h3><\/div><div class=\"modal-body fusion-clearfix\"><\/a><\/p>\n<div class=\"fusion-video fusion-youtube fusion-aligncenter\" style=\"--awb-max-width:600px;--awb-max-height:360px;--awb-width:100%;\"><div class=\"video-shortcode\"><div class=\"fluid-width-video-wrapper\" style=\"padding-top:60%;\" ><iframe title=\"YouTube video player 7\" src=\"https:\/\/www.youtube.com\/embed\/f_ntG0LrGPs?wmode=transparent&autoplay=0&amp;rel=0 \" width=\"600\" height=\"360\" allowfullscreen allow=\"autoplay; clipboard-write; encrypted-media; gyroscope; picture-in-picture;\"><\/iframe><\/div><\/div><\/div>\n<\/div><\/div><\/div><\/div><a class=\"fusion-modal-text-link\" data-toggle=\"modal\" data-target=\".fusion-modal.v\u00eddeomiserere\" href=\"#\"><span style=\"color: #ff9900;\">[+] Pulsa aqu\u00ed para ver V\u00cdDEO<\/span><\/a><div class=\"fusion-sep-clear\"><\/div><div class=\"fusion-separator fusion-full-width-sep\" style=\"margin-left: auto;margin-right: auto;margin-top:0px;margin-bottom:0px;width:100%;\"><div class=\"fusion-separator-border sep-single sep-solid\" style=\"--awb-height:20px;--awb-amount:20px;border-color:#e0dede;border-top-width:1px;\"><\/div><\/div><div class=\"fusion-sep-clear\"><\/div><div class=\"fusion-clearfix\"><\/div><\/div><\/div><div class=\"fusion-layout-column fusion_builder_column fusion-builder-column-8 fusion_builder_column_1_3 1_3 fusion-one-third fusion-column-first\" style=\"--awb-overflow:hidden;--awb-bg-size:cover;--awb-border-color:#03a9f4;--awb-border-top:0;--awb-border-right:0;--awb-border-bottom:0;--awb-border-left:0;--awb-border-style:solid;--awb-border-radius:10px 10px 0px 0px;width:33.333333333333%;width:calc(33.333333333333% - ( ( 4% ) * 0.33333333333333 ) );margin-right: 4%;\"><div class=\"fusion-column-wrapper fusion-column-has-shadow fusion-flex-column-wrapper-legacy\"><div class=\"fusion-image-element in-legacy-container\" style=\"--awb-liftup-border-radius:0px;--awb-caption-title-font-family:var(--h2_typography-font-family);--awb-caption-title-font-weight:var(--h2_typography-font-weight);--awb-caption-title-font-style:var(--h2_typography-font-style);--awb-caption-title-size:var(--h2_typography-font-size);--awb-caption-title-transform:var(--h2_typography-text-transform);--awb-caption-title-line-height:var(--h2_typography-line-height);--awb-caption-title-letter-spacing:var(--h2_typography-letter-spacing);\"><div class=\"awb-image-frame awb-image-frame-7 imageframe-liftup\"><span class=\" fusion-imageframe imageframe-none imageframe-7\"><img decoding=\"async\" width=\"394\" height=\"240\" title=\"detripascorazon\" src=\"https:\/\/www.acebucheteatro.com\/portal\/wp-content\/uploads\/2022\/08\/detripascorazon-e1660051672441.jpg\" alt class=\"img-responsive wp-image-14797\" srcset=\"https:\/\/www.acebucheteatro.com\/portal\/wp-content\/uploads\/2022\/08\/detripascorazon-e1660051672441-200x122.jpg 200w, https:\/\/www.acebucheteatro.com\/portal\/wp-content\/uploads\/2022\/08\/detripascorazon-e1660051672441.jpg 394w\" sizes=\"(max-width: 800px) 100vw, 394px\" \/><\/span><\/div><\/div><div class=\"fusion-sep-clear\"><\/div><div class=\"fusion-separator fusion-full-width-sep\" style=\"margin-left: auto;margin-right: auto;margin-top:5px;margin-bottom:10px;width:100%;\"><\/div><div class=\"fusion-sep-clear\"><\/div><div class=\"fusion-text fusion-text-10\"><p style=\"line-height: 7px;\">27 de agosto de 2022<\/p>\n<h2 style=\"line-height: 10px;\"><strong>De tripas coraz\u00f3n \/ Entrega de premios<\/strong><\/h2>\n<p style=\"line-height: 3px;\">Garnacha Teatro (fuera de certamen)<\/p>\n<\/div><div class=\"fusion-modal modal fade modal-13 detripascorazon\" tabindex=\"-1\" role=\"dialog\" aria-labelledby=\"modal-heading-13\" aria-hidden=\"true\" style=\"--awb-border-color:#ebebeb;--awb-background:#f6f6f6;\"><div class=\"modal-dialog modal-lg\" role=\"document\"><div class=\"modal-content fusion-modal-content\"><div class=\"modal-header\"><button class=\"close\" type=\"button\" data-dismiss=\"modal\" aria-hidden=\"true\" aria-label=\"Close\">&times;<\/button><h3 class=\"modal-title\" id=\"modal-heading-13\" data-dismiss=\"modal\" aria-hidden=\"true\">DE TRIPAS CORAZ\u00d3N<\/h3><\/div><div class=\"modal-body fusion-clearfix\">\n<p style=\"line-height: 7px;\"><strong>GRUPO:<\/strong> Garnacha Teatro<\/p>\n<p style=\"line-height: 7px;\"><strong>Procedencia:<\/strong> Calamonte (Badajoz)<\/p>\n<p style=\"line-height: 7px;\"><strong>Obra:<\/strong> De tripas coraz\u00f3n<\/p>\n<p style=\"line-height: 7px;\"><strong>Autor:<\/strong> M\u00aa Jos\u00e9 Estefan\u00eda<\/p>\n<p style=\"line-height: 7px;\"><strong>G\u00e9nero:<\/strong> Comedia<\/p>\n<p style=\"line-height: 7px;\"><strong>Clasificada:<\/strong> Mayores de 14 a\u00f1os<\/p>\n<div class=\"fusion-section-separator section-separator triangle fusion-section-separator-7\" style=\"--awb-border-top:2px solid #03a9f4;--awb-spacer-height:2px;--awb-svg-margin-left:0;--awb-svg-margin-right:0;--awb-icon-color:#03a9f4;--awb-icon-top:-12px;\"><div class=\"fusion-section-separator-svg\"><div class=\"section-separator-icon icon fa-theater-masks fas\" aria-hidden=\"true\"><\/div><div class=\"divider-candy-arrow top\" style=\"bottom:2px;border-bottom-color: #f6f6f6;\"><\/div><div class=\"divider-candy top\" style=\"top:-22px;border-bottom:1px solid #03a9f4;border-left:1px solid #03a9f4;\"><\/div><\/div><div class=\"fusion-section-separator-spacer\"><div class=\"fusion-section-separator-spacer-height\"><\/div><\/div><\/div>\n<h2><strong><span style=\"color: #ff9900;\">SINOPSIS<\/span><\/strong><\/h2>\n<p>De tripas coraz\u00f3n es una inquietante y divertid\u00edsima comedia negra de Mar\u00eda Jos\u00e9 Estefan\u00eda Sastre que trata sobre la partici\u00f3n y repartici\u00f3n de los restos mortales de Teresa de Cepeda y Ahumada, m\u00e1s conocida como Santa Teresa de Jes\u00fas. Poca m\u00edstica y toda la humanidad, constructiva y destructiva, piadosa y despiadada, nos presenta la obra que entrega la Federaci\u00f3n de Asociaciones de Teatro de Extremadura (FATEX), a trav\u00e9s de unos personajes: las hermanas de Teresa; Francisca, Mari Cruz y C\u00e1ndida, que har\u00e1n lo indecible para evitar el desmembramiento de su cad\u00e1ver, y, en contraposici\u00f3n, los personajes de Abadesa, Maestro Fragoso y Mercader Girolamo que encarnar\u00e1n toda la codicia de la que somos capaces.<\/p>\n<p>Ambientada en el convento de Alba de Tormes, tres a\u00f1os despu\u00e9s de la muerte de la primera Doctora de la Iglesia, en 1582, presenta espacios interiores; cocina y refectorio sugerido; y exteriores; huerto del enterramiento secreto, caminos y veredas; a los que transitaremos \u00e1gilmente mediante proyecciones audiovisuales sobre un ciclorama, facilit\u00e1ndonos la tarea de crear toda la frialdad y la incertidumbre que precisa nuestro montaje. Es precisamente desde este enfoque ambiental de sobriedad, desde el que podremos sacarle, por llamativo contraste, toda la hilaridad que brota del texto.<\/p>\n<p>En definitiva, se desarrolla un montaje atractivo, din\u00e1mico y muy entretenido para que el p\u00fablico disfrute tanto como lo haremos nosotros, para que comulguemos todos y elevemos el alma con esta forma sagrada de cultura de la que andamos tan necesitados \u00faltimamente, aunque, a veces, no tengamos m\u00e1s remedio que hacer de tripas coraz\u00f3n.<\/p>\n<\/div><\/div><\/div><\/div><a class=\"fusion-modal-text-link\" data-toggle=\"modal\" data-target=\".fusion-modal.detripascorazon\" href=\"#\"><span style=\"color: #ff9900;\">[+] Pulsa aqu\u00ed para leer la SINOPSIS<\/span><\/a><div class=\"fusion-sep-clear\"><\/div><div class=\"fusion-separator fusion-full-width-sep\" style=\"margin-left: auto;margin-right: auto;margin-top:0px;margin-bottom:5px;width:100%;\"><\/div><div class=\"fusion-sep-clear\"><\/div><a class=\"fusion-modal-text-link\" href=\"#\"><a href=\"https:\/\/www.acebucheteatro.com\/portal\/wp-content\/uploads\/2022\/08\/Programa-de-Actos-XXXI-Certamen-Nacional-Teatro-Aceuchal-2022.pdf\" target=\"_blank\" rel=\"noopener noreferrer\"><span style=\"color: #ff9900;\">[+] Pulsa aqu\u00ed para ver el d\u00edptico de la obra<\/span><\/a><div class=\"fusion-sep-clear\"><\/div><div class=\"fusion-separator fusion-full-width-sep\" style=\"margin-left: auto;margin-right: auto;margin-top:0px;margin-bottom:5px;width:100%;\"><\/div><div class=\"fusion-sep-clear\"><\/div><div class=\"fusion-modal modal fade modal-14 v\u00eddeodetripascoraz\u00f3n\" tabindex=\"-1\" role=\"dialog\" aria-labelledby=\"modal-heading-14\" aria-hidden=\"true\" style=\"--awb-border-color:#ebebeb;--awb-background:#f6f6f6;\"><div class=\"modal-dialog modal-lg\" role=\"document\"><div class=\"modal-content fusion-modal-content\"><div class=\"modal-header\"><button class=\"close\" type=\"button\" data-dismiss=\"modal\" aria-hidden=\"true\" aria-label=\"Close\">&times;<\/button><h3 class=\"modal-title\" id=\"modal-heading-14\" data-dismiss=\"modal\" aria-hidden=\"true\">DE TRIPAS CORAZ\u00d3N<\/h3><\/div><div class=\"modal-body fusion-clearfix\"><\/div><\/div><\/div><\/div><a class=\"fusion-modal-text-link\" href=\"#\"><span style=\"color: #ff9900;\">[+] Pulsa aqu\u00ed para ver V\u00cdDEO<\/span><\/a><div class=\"fusion-sep-clear\"><\/div><div class=\"fusion-separator fusion-full-width-sep\" style=\"margin-left: auto;margin-right: auto;margin-top:0px;margin-bottom:0px;width:100%;\"><div class=\"fusion-separator-border sep-single sep-solid\" style=\"--awb-height:20px;--awb-amount:20px;border-color:#e0dede;border-top-width:1px;\"><\/div><\/div><div class=\"fusion-sep-clear\"><\/div><div class=\"fusion-clearfix\"><\/div><\/div><\/div><\/div><\/div><div class=\"fusion-fullwidth fullwidth-box fusion-builder-row-3 nonhundred-percent-fullwidth non-hundred-percent-height-scrolling\" style=\"--awb-border-radius-top-left:0px;--awb-border-radius-top-right:0px;--awb-border-radius-bottom-right:0px;--awb-border-radius-bottom-left:0px;--awb-flex-wrap:wrap;\" ><div class=\"fusion-builder-row fusion-row\"><div class=\"fusion-layout-column fusion_builder_column fusion-builder-column-9 fusion_builder_column_1_1 1_1 fusion-one-full fusion-column-first fusion-column-last\" style=\"--awb-bg-size:cover;\"><div class=\"fusion-column-wrapper fusion-flex-column-wrapper-legacy\"><div class=\"fusion-title title fusion-title-1 fusion-title-text fusion-title-size-two\" style=\"--awb-margin-top-small:0px;--awb-margin-right-small:0px;--awb-margin-bottom-small:20px;--awb-margin-left-small:0px;\"><h2 class=\"fusion-title-heading title-heading-left\" style=\"margin:0;\"><\/a><\/p>\n<p>Lea los POST relacionados con el XXXI CERTAMEN DE TEATRO DE ACEUCHAL<\/p><\/h2><span class=\"awb-title-spacer\"><\/span><div class=\"title-sep-container\"><div class=\"title-sep sep- sep-solid\" style=\"border-color:#e0dede;\"><\/div><\/div><\/div><div class=\"fusion-blog-shortcode fusion-blog-shortcode-1 fusion-blog-archive fusion-blog-layout-grid-wrapper fusion-blog-infinite\"><style type=\"text\/css\">.fusion-blog-shortcode-1 .fusion-blog-layout-grid .fusion-post-grid{padding:20px;}.fusion-blog-shortcode-1 .fusion-posts-container{margin-left: -20px !important; margin-right:-20px !important;}<\/style><div class=\"fusion-posts-container fusion-posts-container-infinite fusion-blog-rollover fusion-blog-layout-grid fusion-blog-layout-grid-3 isotope fusion-blog-equal-heights\" data-pages=\"2\" data-grid-col-space=\"40\" style=\"margin: -20px -20px 0;min-height:500px;\"><article id=\"blog-1-post-14913\" class=\"fusion-post-grid post-14913 post type-post status-publish format-standard has-post-thumbnail hentry category-certamen-teatro-aceuchal tag-acebuche-teatro tag-aceuchal tag-certamen tag-certamen-de-teatro-de-aceuchal tag-no-profesional tag-xxxi-certamen-de-teatro-de-aceuchal\">\n<div class=\"fusion-post-wrapper\" style=\"background-color:rgba(255,255,255,0);border:1px solid #ebeaea;border-bottom-width:3px;\">\n\n\t\t\t<div class=\"fusion-flexslider flexslider fusion-flexslider-loading fusion-post-slideshow\" style=\"border-color:#ebeaea;\">\n\t\t<ul class=\"slides\">\n\t\t\t\n\t\t\t\t\t\t\t\t\t\t\t\t\t\t<li><div  class=\"fusion-image-wrapper\" aria-haspopup=\"true\">\n\t\t\t\t<img decoding=\"async\" width=\"1600\" height=\"1067\" src=\"https:\/\/www.acebucheteatro.com\/portal\/wp-content\/uploads\/2022\/08\/p6rntdapbuk.jpg\" class=\"attachment-full size-full wp-post-image\" alt=\"silhouette of three performers on stage\" srcset=\"https:\/\/www.acebucheteatro.com\/portal\/wp-content\/uploads\/2022\/08\/p6rntdapbuk-200x133.jpg 200w, https:\/\/www.acebucheteatro.com\/portal\/wp-content\/uploads\/2022\/08\/p6rntdapbuk-400x267.jpg 400w, https:\/\/www.acebucheteatro.com\/portal\/wp-content\/uploads\/2022\/08\/p6rntdapbuk-600x400.jpg 600w, https:\/\/www.acebucheteatro.com\/portal\/wp-content\/uploads\/2022\/08\/p6rntdapbuk-800x534.jpg 800w, https:\/\/www.acebucheteatro.com\/portal\/wp-content\/uploads\/2022\/08\/p6rntdapbuk-1200x800.jpg 1200w, https:\/\/www.acebucheteatro.com\/portal\/wp-content\/uploads\/2022\/08\/p6rntdapbuk.jpg 1600w\" sizes=\"(min-width: 2200px) 100vw, (min-width: 784px) 340px, (min-width: 712px) 510px, (min-width: 640px) 712px, \" \/><div class=\"fusion-rollover\">\n\t<div class=\"fusion-rollover-content\">\n\n\t\t\t\t\t\t\t\t\t\t\t\t\t\t<a class=\"fusion-rollover-link\" href=\"https:\/\/www.acebucheteatro.com\/portal\/nominaciones-premios-31-certamen-nacional-de-teatro-de-aceuchal\/\">NOMINACIONES a los Premios del XXXI Certamen Nacional de Teatro de Aceuchal 2022<\/a>\n\t\t\t\n\t\t\t\t\t\t\t\t\t\t\t\t\t\t\n\t\t\t\t\t\t\t\t\n\t\t\t\t\t\t\t\t\t\t\t\t\t<div class=\"fusion-rollover-sep\"><\/div>\n\t\t\t\t\n\t\t\t\t\t\t\t\t\t\t\t\t\t\t\t\t\t\t<a class=\"fusion-rollover-gallery\" href=\"https:\/\/www.acebucheteatro.com\/portal\/wp-content\/uploads\/2022\/08\/p6rntdapbuk.jpg\" data-options=\"\" data-id=\"14913\" data-rel=\"iLightbox[gallery]\" data-title=\"Photo by Kyle Head\" data-caption=\"\">\n\t\t\t\t\t\tGaler\u00eda\t\t\t\t\t<\/a>\n\t\t\t\t\t\t\t\t\t\t\t\t\t\t\n\t\t\n\t\t\t\t\t\t\t\t\t\t\t\t<h4 class=\"fusion-rollover-title\">\n\t\t\t\t\t<a class=\"fusion-rollover-title-link\" href=\"https:\/\/www.acebucheteatro.com\/portal\/nominaciones-premios-31-certamen-nacional-de-teatro-de-aceuchal\/\">\n\t\t\t\t\t\tNOMINACIONES a los Premios del XXXI Certamen Nacional de Teatro de Aceuchal 2022\t\t\t\t\t<\/a>\n\t\t\t\t<\/h4>\n\t\t\t\n\t\t\t\t\t\t\t\t\t\t<div class=\"fusion-rollover-categories\"><a href=\"https:\/\/www.acebucheteatro.com\/portal\/category\/certamen-teatro-aceuchal\/\" rel=\"tag\">News - Certamen Nacional de Teatro de Aceuchal<\/a><\/div>\t\t\t\t\t\n\t\t\n\t\t\t\t\t\t<a class=\"fusion-link-wrapper\" href=\"https:\/\/www.acebucheteatro.com\/portal\/nominaciones-premios-31-certamen-nacional-de-teatro-de-aceuchal\/\" aria-label=\"NOMINACIONES a los Premios del XXXI Certamen Nacional de Teatro de Aceuchal 2022\"><\/a>\n\t<\/div>\n<\/div>\n<\/div>\n<\/li>\n\t\t\t\n\t\t\t\n\t\t\t\t\t\t\t\t\t\t\t\t\t\t\t\t\t\t\t\t\t\t\t\t\t\t\t\t\t\t\t\t\t\t\t\t\t\t\t\t\t\t\t\t\t\t\t\t\t\t\t\t\t\t\t\t\t\t\t\t\t\t\t\t\t\t\t\t<\/ul>\n\t<\/div>\n\t<div class=\"fusion-post-content-wrapper\" style=\"padding:30px 25px 20px 25px;\"><div class=\"fusion-post-content post-content\"><h2 class=\"blog-shortcode-post-title entry-title\"><a href=\"https:\/\/www.acebucheteatro.com\/portal\/nominaciones-premios-31-certamen-nacional-de-teatro-de-aceuchal\/\">NOMINACIONES a los Premios del XXXI Certamen Nacional de Teatro de Aceuchal 2022<\/a><\/h2><p class=\"fusion-single-line-meta\"><span class=\"vcard\" style=\"display: none;\"><span class=\"fn\"><a href=\"https:\/\/www.acebucheteatro.com\/portal\/author\/admin\/\" title=\"Entradas de Francisco Jos\u00e9 Rodr\u00edguez Velasco\" rel=\"author\">Francisco Jos\u00e9 Rodr\u00edguez Velasco<\/a><\/span><\/span><span class=\"updated\" style=\"display:none;\">2022-08-25T19:03:54+02:00<\/span><span>25 de agosto de 2022<\/span><span class=\"fusion-inline-sep\">|<\/span><\/p><div class=\"fusion-content-sep sep-double sep-solid\"><\/div><div class=\"fusion-post-content-container\"><p> Se acerca la clausura del XXXI Certamen Nacional de Teatro de Aceuchal y, por<a href=\"https:\/\/www.acebucheteatro.com\/portal\/nominaciones-premios-31-certamen-nacional-de-teatro-de-aceuchal\/\"> [...]<\/a><\/p><\/div><\/div><div class=\"fusion-meta-info\"><div class=\"fusion-alignleft\"><a class=\"fusion-read-more\" href=\"https:\/\/www.acebucheteatro.com\/portal\/nominaciones-premios-31-certamen-nacional-de-teatro-de-aceuchal\/\" aria-label=\"More on NOMINACIONES a los Premios del XXXI Certamen Nacional de Teatro de Aceuchal 2022\">Leer M\u00e1s<\/a><\/div><\/div><\/div><div class=\"fusion-clearfix\"><\/div><\/div>\n<\/article>\n<article id=\"blog-1-post-14895\" class=\"fusion-post-grid has-post-thumbnail post-14895 post type-post status-publish format-video hentry category-certamen-teatro-aceuchal tag-acebuche-teatro tag-aceuchal tag-certamen tag-certamen-de-teatro-de-aceuchal tag-jachas-teatro tag-miserere tag-no-profesional tag-xxxi-certamen-de-teatro-de-aceuchal post_format-post-format-video\">\n<div class=\"fusion-post-wrapper\" style=\"background-color:rgba(255,255,255,0);border:1px solid #ebeaea;border-bottom-width:3px;\">\n\n\t\t\t<div class=\"fusion-flexslider flexslider fusion-flexslider-loading fusion-post-slideshow\" style=\"border-color:#ebeaea;\">\n\t\t<ul class=\"slides\">\n\t\t\t\t\t\t\t<li>\n\t\t\t\t\t<div class=\"full-video\"><iframe width=\"560\" height=\"315\" src=\"https:\/\/www.youtube.com\/embed\/f_ntG0LrGPs?rel=0\" frameborder=\"0\" allow=\"accelerometer; autoplay; encrypted-media; gyroscope; picture-in-picture\" allowfullscreen><\/iframe><\/div>\n\t\t\t\t<\/li>\n\t\t\t\n\t\t\t\t\t\t\t\t\t\t\t\t\t\t<li><div  class=\"fusion-image-wrapper\" aria-haspopup=\"true\">\n\t\t\t\t<img decoding=\"async\" width=\"395\" height=\"240\" src=\"https:\/\/www.acebucheteatro.com\/portal\/wp-content\/uploads\/2022\/08\/9-scaled-e1660049606194.jpg\" class=\"attachment-full size-full wp-post-image\" alt=\"\" srcset=\"https:\/\/www.acebucheteatro.com\/portal\/wp-content\/uploads\/2022\/08\/9-scaled-e1660049606194-200x122.jpg 200w, https:\/\/www.acebucheteatro.com\/portal\/wp-content\/uploads\/2022\/08\/9-scaled-e1660049606194.jpg 395w\" sizes=\"(min-width: 2200px) 100vw, (min-width: 784px) 340px, (min-width: 712px) 510px, (min-width: 640px) 712px, \" \/><div class=\"fusion-rollover\">\n\t<div class=\"fusion-rollover-content\">\n\n\t\t\t\t\t\t\t\t\t\t\t\t\t\t<a class=\"fusion-rollover-link\" href=\"https:\/\/www.acebucheteatro.com\/portal\/21-de-agosto-miserere-de-jachas-teatro\/\">21 de agosto: \u201cMiserere\u201d, de Jachas Teatro<\/a>\n\t\t\t\n\t\t\t\t\t\t\t\t\t\t\t\t\t\t\n\t\t\t\t\t\t\t\t\n\t\t\t\t\t\t\t\t\t\t\t\t\t<div class=\"fusion-rollover-sep\"><\/div>\n\t\t\t\t\n\t\t\t\t\t\t\t\t\t\t\t\t\t\t\t\t\t\t<a class=\"fusion-rollover-gallery\" href=\"https:\/\/www.acebucheteatro.com\/portal\/wp-content\/uploads\/2022\/08\/9-scaled-e1660049606194.jpg\" data-options=\"\" data-id=\"14895\" data-rel=\"iLightbox[gallery]\" data-title=\"miserere\" data-caption=\"\">\n\t\t\t\t\t\tGaler\u00eda\t\t\t\t\t<\/a>\n\t\t\t\t\t\t\t\t\t\t\t\t\t\t\n\t\t\n\t\t\t\t\t\t\t\t\t\t\t\t<h4 class=\"fusion-rollover-title\">\n\t\t\t\t\t<a class=\"fusion-rollover-title-link\" href=\"https:\/\/www.acebucheteatro.com\/portal\/21-de-agosto-miserere-de-jachas-teatro\/\">\n\t\t\t\t\t\t21 de agosto: \u201cMiserere\u201d, de Jachas Teatro\t\t\t\t\t<\/a>\n\t\t\t\t<\/h4>\n\t\t\t\n\t\t\t\t\t\t\t\t\t\t<div class=\"fusion-rollover-categories\"><a href=\"https:\/\/www.acebucheteatro.com\/portal\/category\/certamen-teatro-aceuchal\/\" rel=\"tag\">News - Certamen Nacional de Teatro de Aceuchal<\/a><\/div>\t\t\t\t\t\n\t\t\n\t\t\t\t\t\t<a class=\"fusion-link-wrapper\" href=\"https:\/\/www.acebucheteatro.com\/portal\/21-de-agosto-miserere-de-jachas-teatro\/\" aria-label=\"21 de agosto: \u201cMiserere\u201d, de Jachas Teatro\"><\/a>\n\t<\/div>\n<\/div>\n<\/div>\n<\/li>\n\t\t\t\n\t\t\t\n\t\t\t\t\t\t\t\t\t\t\t\t\t\t\t\t\t\t\t\t\t\t\t\t\t\t\t\t\t\t\t\t\t\t\t\t\t\t\t\t\t\t\t\t\t\t\t\t\t\t\t\t\t\t\t\t\t\t\t\t\t\t\t\t\t\t\t\t<\/ul>\n\t<\/div>\n\t<div class=\"fusion-post-content-wrapper\" style=\"padding:30px 25px 20px 25px;\"><div class=\"fusion-post-content post-content\"><h2 class=\"blog-shortcode-post-title entry-title\"><a href=\"https:\/\/www.acebucheteatro.com\/portal\/21-de-agosto-miserere-de-jachas-teatro\/\">21 de agosto: \u201cMiserere\u201d, de Jachas Teatro<\/a><\/h2><p class=\"fusion-single-line-meta\"><span class=\"vcard\" style=\"display: none;\"><span class=\"fn\"><a href=\"https:\/\/www.acebucheteatro.com\/portal\/author\/admin\/\" title=\"Entradas de Francisco Jos\u00e9 Rodr\u00edguez Velasco\" rel=\"author\">Francisco Jos\u00e9 Rodr\u00edguez Velasco<\/a><\/span><\/span><span class=\"updated\" style=\"display:none;\">2022-08-17T15:34:33+02:00<\/span><span>20 de agosto de 2022<\/span><span class=\"fusion-inline-sep\">|<\/span><\/p><div class=\"fusion-content-sep sep-double sep-solid\"><\/div><div class=\"fusion-post-content-container\"><p> Ma\u00f1ana, domingo 21 de agosto, nos visitar\u00e1 el grupo Jachas Teatro, que vienen desde<a href=\"https:\/\/www.acebucheteatro.com\/portal\/21-de-agosto-miserere-de-jachas-teatro\/\"> [...]<\/a><\/p><\/div><\/div><div class=\"fusion-meta-info\"><div class=\"fusion-alignleft\"><a class=\"fusion-read-more\" href=\"https:\/\/www.acebucheteatro.com\/portal\/21-de-agosto-miserere-de-jachas-teatro\/\" aria-label=\"More on 21 de agosto: \u201cMiserere\u201d, de Jachas Teatro\">Leer M\u00e1s<\/a><\/div><\/div><\/div><div class=\"fusion-clearfix\"><\/div><\/div>\n<\/article>\n<article id=\"blog-1-post-14904\" class=\"fusion-post-grid has-post-thumbnail post-14904 post type-post status-publish format-video hentry category-certamen-teatro-aceuchal tag-acebuche-teatro tag-aceuchal tag-certamen tag-certamen-de-teatro-de-aceuchal tag-cuando-estemos-mas-tranquilas tag-la-canilla-teatro tag-no-profesional tag-xxxi-certamen-de-teatro-de-aceuchal post_format-post-format-video\">\n<div class=\"fusion-post-wrapper\" style=\"background-color:rgba(255,255,255,0);border:1px solid #ebeaea;border-bottom-width:3px;\">\n\n\t\t\t<div class=\"fusion-flexslider flexslider fusion-flexslider-loading fusion-post-slideshow\" style=\"border-color:#ebeaea;\">\n\t\t<ul class=\"slides\">\n\t\t\t\t\t\t\t<li>\n\t\t\t\t\t<div class=\"full-video\"><iframe width=\"560\" height=\"315\" src=\"https:\/\/www.youtube.com\/embed\/gMs0kgRijdc?rel=0\" frameborder=\"0\" allow=\"accelerometer; autoplay; encrypted-media; gyroscope; picture-in-picture\" allowfullscreen><\/iframe><\/div>\n\t\t\t\t<\/li>\n\t\t\t\n\t\t\t\t\t\t\t\t\t\t\t\t\t\t<li><div  class=\"fusion-image-wrapper\" aria-haspopup=\"true\">\n\t\t\t\t<img decoding=\"async\" width=\"395\" height=\"240\" src=\"https:\/\/www.acebucheteatro.com\/portal\/wp-content\/uploads\/2022\/08\/cuandomastraquilasestamos-scaled-e1660049324140.jpg\" class=\"attachment-full size-full wp-post-image\" alt=\"\" srcset=\"https:\/\/www.acebucheteatro.com\/portal\/wp-content\/uploads\/2022\/08\/cuandomastraquilasestamos-scaled-e1660049324140-200x122.jpg 200w, https:\/\/www.acebucheteatro.com\/portal\/wp-content\/uploads\/2022\/08\/cuandomastraquilasestamos-scaled-e1660049324140.jpg 395w\" sizes=\"(min-width: 2200px) 100vw, (min-width: 784px) 340px, (min-width: 712px) 510px, (min-width: 640px) 712px, \" \/><div class=\"fusion-rollover\">\n\t<div class=\"fusion-rollover-content\">\n\n\t\t\t\t\t\t\t\t\t\t\t\t\t\t<a class=\"fusion-rollover-link\" href=\"https:\/\/www.acebucheteatro.com\/portal\/20-de-agosto-cuando-estemos-mas-tranquilas-de-la-canillateatro\/\">20 de agosto: \u201cCuando estemos m\u00e1s tranquilas\u201d, de La CanillaTeatro<\/a>\n\t\t\t\n\t\t\t\t\t\t\t\t\t\t\t\t\t\t\n\t\t\t\t\t\t\t\t\n\t\t\t\t\t\t\t\t\t\t\t\t\t<div class=\"fusion-rollover-sep\"><\/div>\n\t\t\t\t\n\t\t\t\t\t\t\t\t\t\t\t\t\t\t\t\t\t\t<a class=\"fusion-rollover-gallery\" href=\"https:\/\/www.acebucheteatro.com\/portal\/wp-content\/uploads\/2022\/08\/cuandomastraquilasestamos-scaled-e1660049324140.jpg\" data-options=\"\" data-id=\"14904\" data-rel=\"iLightbox[gallery]\" data-title=\"cuandomastraquilasestamos\" data-caption=\"\">\n\t\t\t\t\t\tGaler\u00eda\t\t\t\t\t<\/a>\n\t\t\t\t\t\t\t\t\t\t\t\t\t\t\n\t\t\n\t\t\t\t\t\t\t\t\t\t\t\t<h4 class=\"fusion-rollover-title\">\n\t\t\t\t\t<a class=\"fusion-rollover-title-link\" href=\"https:\/\/www.acebucheteatro.com\/portal\/20-de-agosto-cuando-estemos-mas-tranquilas-de-la-canillateatro\/\">\n\t\t\t\t\t\t20 de agosto: \u201cCuando estemos m\u00e1s tranquilas\u201d, de La CanillaTeatro\t\t\t\t\t<\/a>\n\t\t\t\t<\/h4>\n\t\t\t\n\t\t\t\t\t\t\t\t\t\t<div class=\"fusion-rollover-categories\"><a href=\"https:\/\/www.acebucheteatro.com\/portal\/category\/certamen-teatro-aceuchal\/\" rel=\"tag\">News - Certamen Nacional de Teatro de Aceuchal<\/a><\/div>\t\t\t\t\t\n\t\t\n\t\t\t\t\t\t<a class=\"fusion-link-wrapper\" href=\"https:\/\/www.acebucheteatro.com\/portal\/20-de-agosto-cuando-estemos-mas-tranquilas-de-la-canillateatro\/\" aria-label=\"20 de agosto: \u201cCuando estemos m\u00e1s tranquilas\u201d, de La CanillaTeatro\"><\/a>\n\t<\/div>\n<\/div>\n<\/div>\n<\/li>\n\t\t\t\n\t\t\t\n\t\t\t\t\t\t\t\t\t\t\t\t\t\t\t\t\t\t\t\t\t\t\t\t\t\t\t\t\t\t\t\t\t\t\t\t\t\t\t\t\t\t\t\t\t\t\t\t\t\t\t\t\t\t\t\t\t\t\t\t\t\t\t\t\t\t\t\t<\/ul>\n\t<\/div>\n\t<div class=\"fusion-post-content-wrapper\" style=\"padding:30px 25px 20px 25px;\"><div class=\"fusion-post-content post-content\"><h2 class=\"blog-shortcode-post-title entry-title\"><a href=\"https:\/\/www.acebucheteatro.com\/portal\/20-de-agosto-cuando-estemos-mas-tranquilas-de-la-canillateatro\/\">20 de agosto: \u201cCuando estemos m\u00e1s tranquilas\u201d, de La CanillaTeatro<\/a><\/h2><p class=\"fusion-single-line-meta\"><span class=\"vcard\" style=\"display: none;\"><span class=\"fn\"><a href=\"https:\/\/www.acebucheteatro.com\/portal\/author\/admin\/\" title=\"Entradas de Francisco Jos\u00e9 Rodr\u00edguez Velasco\" rel=\"author\">Francisco Jos\u00e9 Rodr\u00edguez Velasco<\/a><\/span><\/span><span class=\"updated\" style=\"display:none;\">2022-08-17T16:50:49+02:00<\/span><span>19 de agosto de 2022<\/span><span class=\"fusion-inline-sep\">|<\/span><\/p><div class=\"fusion-content-sep sep-double sep-solid\"><\/div><div class=\"fusion-post-content-container\"><p> Ma\u00f1ana, s\u00e1bado 20 de agosto, nos visitar\u00e1 el grupo La Canilla Teatro, que vienen<a href=\"https:\/\/www.acebucheteatro.com\/portal\/20-de-agosto-cuando-estemos-mas-tranquilas-de-la-canillateatro\/\"> [...]<\/a><\/p><\/div><\/div><div class=\"fusion-meta-info\"><div class=\"fusion-alignleft\"><a class=\"fusion-read-more\" href=\"https:\/\/www.acebucheteatro.com\/portal\/20-de-agosto-cuando-estemos-mas-tranquilas-de-la-canillateatro\/\" aria-label=\"More on 20 de agosto: \u201cCuando estemos m\u00e1s tranquilas\u201d, de La CanillaTeatro\">Leer M\u00e1s<\/a><\/div><\/div><\/div><div class=\"fusion-clearfix\"><\/div><\/div>\n<\/article>\n<article id=\"blog-1-post-14898\" class=\"fusion-post-grid has-post-thumbnail post-14898 post type-post status-publish format-video hentry category-certamen-teatro-aceuchal tag-acebuche-teatro tag-aceuchal tag-certamen tag-certamen-de-teatro-de-aceuchal tag-el-credito tag-no-profesional tag-squizo-teatro tag-xxxi-certamen-de-teatro-de-aceuchal post_format-post-format-video\">\n<div class=\"fusion-post-wrapper\" style=\"background-color:rgba(255,255,255,0);border:1px solid #ebeaea;border-bottom-width:3px;\">\n\n\t\t\t<div class=\"fusion-flexslider flexslider fusion-flexslider-loading fusion-post-slideshow\" style=\"border-color:#ebeaea;\">\n\t\t<ul class=\"slides\">\n\t\t\t\t\t\t\t<li>\n\t\t\t\t\t<div class=\"full-video\"><iframe width=\"560\" height=\"315\" src=\"https:\/\/www.youtube.com\/embed\/7C3p6OOz3ZU?rel=0\" frameborder=\"0\" allow=\"accelerometer; autoplay; encrypted-media; gyroscope; picture-in-picture\" allowfullscreen><\/iframe><\/div>\n\t\t\t\t<\/li>\n\t\t\t\n\t\t\t\t\t\t\t\t\t\t\t\t\t\t<li><div  class=\"fusion-image-wrapper\" aria-haspopup=\"true\">\n\t\t\t\t<img decoding=\"async\" width=\"395\" height=\"240\" src=\"https:\/\/www.acebucheteatro.com\/portal\/wp-content\/uploads\/2022\/08\/elcredito-e1660049202159.jpg\" class=\"attachment-full size-full wp-post-image\" alt=\"\" srcset=\"https:\/\/www.acebucheteatro.com\/portal\/wp-content\/uploads\/2022\/08\/elcredito-e1660049202159-200x122.jpg 200w, https:\/\/www.acebucheteatro.com\/portal\/wp-content\/uploads\/2022\/08\/elcredito-e1660049202159.jpg 395w\" sizes=\"(min-width: 2200px) 100vw, (min-width: 784px) 340px, (min-width: 712px) 510px, (min-width: 640px) 712px, \" \/><div class=\"fusion-rollover\">\n\t<div class=\"fusion-rollover-content\">\n\n\t\t\t\t\t\t\t\t\t\t\t\t\t\t<a class=\"fusion-rollover-link\" href=\"https:\/\/www.acebucheteatro.com\/portal\/19-de-agosto-el-credito-de-squizo-teatro\/\">19 de agosto: \u201cEl Cr\u00e9dito\u201d, de Squizo Teatro<\/a>\n\t\t\t\n\t\t\t\t\t\t\t\t\t\t\t\t\t\t\n\t\t\t\t\t\t\t\t\n\t\t\t\t\t\t\t\t\t\t\t\t\t<div class=\"fusion-rollover-sep\"><\/div>\n\t\t\t\t\n\t\t\t\t\t\t\t\t\t\t\t\t\t\t\t\t\t\t<a class=\"fusion-rollover-gallery\" href=\"https:\/\/www.acebucheteatro.com\/portal\/wp-content\/uploads\/2022\/08\/elcredito-e1660049202159.jpg\" data-options=\"\" data-id=\"14898\" data-rel=\"iLightbox[gallery]\" data-title=\"elcredito\" data-caption=\"\">\n\t\t\t\t\t\tGaler\u00eda\t\t\t\t\t<\/a>\n\t\t\t\t\t\t\t\t\t\t\t\t\t\t\n\t\t\n\t\t\t\t\t\t\t\t\t\t\t\t<h4 class=\"fusion-rollover-title\">\n\t\t\t\t\t<a class=\"fusion-rollover-title-link\" href=\"https:\/\/www.acebucheteatro.com\/portal\/19-de-agosto-el-credito-de-squizo-teatro\/\">\n\t\t\t\t\t\t19 de agosto: \u201cEl Cr\u00e9dito\u201d, de Squizo Teatro\t\t\t\t\t<\/a>\n\t\t\t\t<\/h4>\n\t\t\t\n\t\t\t\t\t\t\t\t\t\t<div class=\"fusion-rollover-categories\"><a href=\"https:\/\/www.acebucheteatro.com\/portal\/category\/certamen-teatro-aceuchal\/\" rel=\"tag\">News - Certamen Nacional de Teatro de Aceuchal<\/a><\/div>\t\t\t\t\t\n\t\t\n\t\t\t\t\t\t<a class=\"fusion-link-wrapper\" href=\"https:\/\/www.acebucheteatro.com\/portal\/19-de-agosto-el-credito-de-squizo-teatro\/\" aria-label=\"19 de agosto: \u201cEl Cr\u00e9dito\u201d, de Squizo Teatro\"><\/a>\n\t<\/div>\n<\/div>\n<\/div>\n<\/li>\n\t\t\t\n\t\t\t\n\t\t\t\t\t\t\t\t\t\t\t\t\t\t\t\t\t\t\t\t\t\t\t\t\t\t\t\t\t\t\t\t\t\t\t\t\t\t\t\t\t\t\t\t\t\t\t\t\t\t\t\t\t\t\t\t\t\t\t\t\t\t\t\t\t\t\t\t<\/ul>\n\t<\/div>\n\t<div class=\"fusion-post-content-wrapper\" style=\"padding:30px 25px 20px 25px;\"><div class=\"fusion-post-content post-content\"><h2 class=\"blog-shortcode-post-title entry-title\"><a href=\"https:\/\/www.acebucheteatro.com\/portal\/19-de-agosto-el-credito-de-squizo-teatro\/\">19 de agosto: \u201cEl Cr\u00e9dito\u201d, de Squizo Teatro<\/a><\/h2><p class=\"fusion-single-line-meta\"><span class=\"vcard\" style=\"display: none;\"><span class=\"fn\"><a href=\"https:\/\/www.acebucheteatro.com\/portal\/author\/admin\/\" title=\"Entradas de Francisco Jos\u00e9 Rodr\u00edguez Velasco\" rel=\"author\">Francisco Jos\u00e9 Rodr\u00edguez Velasco<\/a><\/span><\/span><span class=\"updated\" style=\"display:none;\">2022-08-17T15:46:50+02:00<\/span><span>18 de agosto de 2022<\/span><span class=\"fusion-inline-sep\">|<\/span><\/p><div class=\"fusion-content-sep sep-double sep-solid\"><\/div><div class=\"fusion-post-content-container\"><p> Ma\u00f1ana, viernes 19 de agosto, seguimos con el XXXI Certamen Nacional de Teatro de<a href=\"https:\/\/www.acebucheteatro.com\/portal\/19-de-agosto-el-credito-de-squizo-teatro\/\"> [...]<\/a><\/p><\/div><\/div><div class=\"fusion-meta-info\"><div class=\"fusion-alignleft\"><a class=\"fusion-read-more\" href=\"https:\/\/www.acebucheteatro.com\/portal\/19-de-agosto-el-credito-de-squizo-teatro\/\" aria-label=\"More on 19 de agosto: \u201cEl Cr\u00e9dito\u201d, de Squizo Teatro\">Leer M\u00e1s<\/a><\/div><\/div><\/div><div class=\"fusion-clearfix\"><\/div><\/div>\n<\/article>\n<article id=\"blog-1-post-14879\" class=\"fusion-post-grid has-post-thumbnail post-14879 post type-post status-publish format-video hentry category-certamen-teatro-aceuchal tag-acebuche-teatro tag-aceuchal tag-acontracorriente-teatro tag-aeterna-antigona tag-certamen tag-certamen-de-teatro-de-aceuchal tag-no-profesional tag-xxxi-certamen-de-teatro-de-aceuchal post_format-post-format-video\">\n<div class=\"fusion-post-wrapper\" style=\"background-color:rgba(255,255,255,0);border:1px solid #ebeaea;border-bottom-width:3px;\">\n\n\t\t\t<div class=\"fusion-flexslider flexslider fusion-flexslider-loading fusion-post-slideshow\" style=\"border-color:#ebeaea;\">\n\t\t<ul class=\"slides\">\n\t\t\t\t\t\t\t<li>\n\t\t\t\t\t<div class=\"full-video\"><iframe width=\"560\" height=\"315\" src=\"https:\/\/www.youtube.com\/embed\/q3u0ziTYKHY?rel=0\" frameborder=\"0\" allow=\"accelerometer; autoplay; encrypted-media; gyroscope; picture-in-picture\" allowfullscreen><\/iframe><\/div>\n\t\t\t\t<\/li>\n\t\t\t\n\t\t\t\t\t\t\t\t\t\t\t\t\t\t<li><div  class=\"fusion-image-wrapper\" aria-haspopup=\"true\">\n\t\t\t\t<img decoding=\"async\" width=\"395\" height=\"240\" src=\"https:\/\/www.acebucheteatro.com\/portal\/wp-content\/uploads\/2022\/08\/agnesdedios-e1660048694413.jpg\" class=\"attachment-full size-full wp-post-image\" alt=\"\" srcset=\"https:\/\/www.acebucheteatro.com\/portal\/wp-content\/uploads\/2022\/08\/agnesdedios-e1660048694413-200x122.jpg 200w, https:\/\/www.acebucheteatro.com\/portal\/wp-content\/uploads\/2022\/08\/agnesdedios-e1660048694413.jpg 395w\" sizes=\"(min-width: 2200px) 100vw, (min-width: 784px) 340px, (min-width: 712px) 510px, (min-width: 640px) 712px, \" \/><div class=\"fusion-rollover\">\n\t<div class=\"fusion-rollover-content\">\n\n\t\t\t\t\t\t\t\t\t\t\t\t\t\t<a class=\"fusion-rollover-link\" href=\"https:\/\/www.acebucheteatro.com\/portal\/14-de-agosto-aeterna-antigona-de-acontracorriente-teatro\/\">14 de agosto: \u201cAeterna Ant\u00edgona\u201d, de Acontracorriente Teatro<\/a>\n\t\t\t\n\t\t\t\t\t\t\t\t\t\t\t\t\t\t\n\t\t\t\t\t\t\t\t\n\t\t\t\t\t\t\t\t\t\t\t\t\t<div class=\"fusion-rollover-sep\"><\/div>\n\t\t\t\t\n\t\t\t\t\t\t\t\t\t\t\t\t\t\t\t\t\t\t<a class=\"fusion-rollover-gallery\" href=\"https:\/\/www.acebucheteatro.com\/portal\/wp-content\/uploads\/2022\/08\/agnesdedios-e1660048694413.jpg\" data-options=\"\" data-id=\"14879\" data-rel=\"iLightbox[gallery]\" data-title=\"agnesdedios\" data-caption=\"\">\n\t\t\t\t\t\tGaler\u00eda\t\t\t\t\t<\/a>\n\t\t\t\t\t\t\t\t\t\t\t\t\t\t\n\t\t\n\t\t\t\t\t\t\t\t\t\t\t\t<h4 class=\"fusion-rollover-title\">\n\t\t\t\t\t<a class=\"fusion-rollover-title-link\" href=\"https:\/\/www.acebucheteatro.com\/portal\/14-de-agosto-aeterna-antigona-de-acontracorriente-teatro\/\">\n\t\t\t\t\t\t14 de agosto: \u201cAeterna Ant\u00edgona\u201d, de Acontracorriente Teatro\t\t\t\t\t<\/a>\n\t\t\t\t<\/h4>\n\t\t\t\n\t\t\t\t\t\t\t\t\t\t<div class=\"fusion-rollover-categories\"><a href=\"https:\/\/www.acebucheteatro.com\/portal\/category\/certamen-teatro-aceuchal\/\" rel=\"tag\">News - Certamen Nacional de Teatro de Aceuchal<\/a><\/div>\t\t\t\t\t\n\t\t\n\t\t\t\t\t\t<a class=\"fusion-link-wrapper\" href=\"https:\/\/www.acebucheteatro.com\/portal\/14-de-agosto-aeterna-antigona-de-acontracorriente-teatro\/\" aria-label=\"14 de agosto: \u201cAeterna Ant\u00edgona\u201d, de Acontracorriente Teatro\"><\/a>\n\t<\/div>\n<\/div>\n<\/div>\n<\/li>\n\t\t\t\n\t\t\t\n\t\t\t\t\t\t\t\t\t\t\t\t\t\t\t\t\t\t\t\t\t\t\t\t\t\t\t\t\t\t\t\t\t\t\t\t\t\t\t\t\t\t\t\t\t\t\t\t\t\t\t\t\t\t\t\t\t\t\t\t\t\t\t\t\t\t\t\t<\/ul>\n\t<\/div>\n\t<div class=\"fusion-post-content-wrapper\" style=\"padding:30px 25px 20px 25px;\"><div class=\"fusion-post-content post-content\"><h2 class=\"blog-shortcode-post-title entry-title\"><a href=\"https:\/\/www.acebucheteatro.com\/portal\/14-de-agosto-aeterna-antigona-de-acontracorriente-teatro\/\">14 de agosto: \u201cAeterna Ant\u00edgona\u201d, de Acontracorriente Teatro<\/a><\/h2><p class=\"fusion-single-line-meta\"><span class=\"vcard\" style=\"display: none;\"><span class=\"fn\"><a href=\"https:\/\/www.acebucheteatro.com\/portal\/author\/admin\/\" title=\"Entradas de Francisco Jos\u00e9 Rodr\u00edguez Velasco\" rel=\"author\">Francisco Jos\u00e9 Rodr\u00edguez Velasco<\/a><\/span><\/span><span class=\"updated\" style=\"display:none;\">2022-08-11T15:23:29+02:00<\/span><span>13 de agosto de 2022<\/span><span class=\"fusion-inline-sep\">|<\/span><\/p><div class=\"fusion-content-sep sep-double sep-solid\"><\/div><div class=\"fusion-post-content-container\"><p> Ma\u00f1ana, domingo 14 de agosto, continuamos con nuestras citas teatrales y lo hacemos con<a href=\"https:\/\/www.acebucheteatro.com\/portal\/14-de-agosto-aeterna-antigona-de-acontracorriente-teatro\/\"> [...]<\/a><\/p><\/div><\/div><div class=\"fusion-meta-info\"><div class=\"fusion-alignleft\"><a class=\"fusion-read-more\" href=\"https:\/\/www.acebucheteatro.com\/portal\/14-de-agosto-aeterna-antigona-de-acontracorriente-teatro\/\" aria-label=\"More on 14 de agosto: \u201cAeterna Ant\u00edgona\u201d, de Acontracorriente Teatro\">Leer M\u00e1s<\/a><\/div><\/div><\/div><div class=\"fusion-clearfix\"><\/div><\/div>\n<\/article>\n<article id=\"blog-1-post-14886\" class=\"fusion-post-grid has-post-thumbnail post-14886 post type-post status-publish format-video hentry category-certamen-teatro-aceuchal tag-acebuche-teatro tag-aceuchal tag-agnes-de-dios tag-arte-escenico-y-musical tag-certamen tag-certamen-de-teatro-de-aceuchal tag-no-profesional tag-xxxi-certamen-de-teatro-de-aceuchal post_format-post-format-video\">\n<div class=\"fusion-post-wrapper\" style=\"background-color:rgba(255,255,255,0);border:1px solid #ebeaea;border-bottom-width:3px;\">\n\n\t\t\t<div class=\"fusion-flexslider flexslider fusion-flexslider-loading fusion-post-slideshow\" style=\"border-color:#ebeaea;\">\n\t\t<ul class=\"slides\">\n\t\t\t\t\t\t\t<li>\n\t\t\t\t\t<div class=\"full-video\"><iframe width=\"560\" height=\"315\" src=\"https:\/\/www.youtube.com\/embed\/M7k_rm0-vxs?rel=0\" frameborder=\"0\" allow=\"accelerometer; autoplay; encrypted-media; gyroscope; picture-in-picture\" allowfullscreen><\/iframe><\/div>\n\t\t\t\t<\/li>\n\t\t\t\n\t\t\t\t\t\t\t\t\t\t\t\t\t\t<li><div  class=\"fusion-image-wrapper\" aria-haspopup=\"true\">\n\t\t\t\t<img decoding=\"async\" width=\"2560\" height=\"1280\" src=\"https:\/\/www.acebucheteatro.com\/portal\/wp-content\/uploads\/2022\/08\/Cartel-AGNES-DE-DIOS-scaled.jpg\" class=\"attachment-full size-full wp-post-image\" alt=\"\" srcset=\"https:\/\/www.acebucheteatro.com\/portal\/wp-content\/uploads\/2022\/08\/Cartel-AGNES-DE-DIOS-200x100.jpg 200w, https:\/\/www.acebucheteatro.com\/portal\/wp-content\/uploads\/2022\/08\/Cartel-AGNES-DE-DIOS-400x200.jpg 400w, https:\/\/www.acebucheteatro.com\/portal\/wp-content\/uploads\/2022\/08\/Cartel-AGNES-DE-DIOS-600x300.jpg 600w, https:\/\/www.acebucheteatro.com\/portal\/wp-content\/uploads\/2022\/08\/Cartel-AGNES-DE-DIOS-800x400.jpg 800w, https:\/\/www.acebucheteatro.com\/portal\/wp-content\/uploads\/2022\/08\/Cartel-AGNES-DE-DIOS-1200x600.jpg 1200w, https:\/\/www.acebucheteatro.com\/portal\/wp-content\/uploads\/2022\/08\/Cartel-AGNES-DE-DIOS-scaled.jpg 2560w\" sizes=\"(min-width: 2200px) 100vw, (min-width: 784px) 340px, (min-width: 712px) 510px, (min-width: 640px) 712px, \" \/><div class=\"fusion-rollover\">\n\t<div class=\"fusion-rollover-content\">\n\n\t\t\t\t\t\t\t\t\t\t\t\t\t\t<a class=\"fusion-rollover-link\" href=\"https:\/\/www.acebucheteatro.com\/portal\/13-de-agosto-agnes-de-dios-de-arte-escenico-y-musical\/\">13 de agosto: \u201cAgnes de Dios\u201d, de Arte Esc\u00e9nico y Musical<\/a>\n\t\t\t\n\t\t\t\t\t\t\t\t\t\t\t\t\t\t\n\t\t\t\t\t\t\t\t\n\t\t\t\t\t\t\t\t\t\t\t\t\t<div class=\"fusion-rollover-sep\"><\/div>\n\t\t\t\t\n\t\t\t\t\t\t\t\t\t\t\t\t\t\t\t\t\t\t<a class=\"fusion-rollover-gallery\" href=\"https:\/\/www.acebucheteatro.com\/portal\/wp-content\/uploads\/2022\/08\/Cartel-AGNES-DE-DIOS-scaled.jpg\" data-options=\"\" data-id=\"14886\" data-rel=\"iLightbox[gallery]\" data-title=\"Cartel AGNES DE DIOS\" data-caption=\"\">\n\t\t\t\t\t\tGaler\u00eda\t\t\t\t\t<\/a>\n\t\t\t\t\t\t\t\t\t\t\t\t\t\t\n\t\t\n\t\t\t\t\t\t\t\t\t\t\t\t<h4 class=\"fusion-rollover-title\">\n\t\t\t\t\t<a class=\"fusion-rollover-title-link\" href=\"https:\/\/www.acebucheteatro.com\/portal\/13-de-agosto-agnes-de-dios-de-arte-escenico-y-musical\/\">\n\t\t\t\t\t\t13 de agosto: \u201cAgnes de Dios\u201d, de Arte Esc\u00e9nico y Musical\t\t\t\t\t<\/a>\n\t\t\t\t<\/h4>\n\t\t\t\n\t\t\t\t\t\t\t\t\t\t<div class=\"fusion-rollover-categories\"><a href=\"https:\/\/www.acebucheteatro.com\/portal\/category\/certamen-teatro-aceuchal\/\" rel=\"tag\">News - Certamen Nacional de Teatro de Aceuchal<\/a><\/div>\t\t\t\t\t\n\t\t\n\t\t\t\t\t\t<a class=\"fusion-link-wrapper\" href=\"https:\/\/www.acebucheteatro.com\/portal\/13-de-agosto-agnes-de-dios-de-arte-escenico-y-musical\/\" aria-label=\"13 de agosto: \u201cAgnes de Dios\u201d, de Arte Esc\u00e9nico y Musical\"><\/a>\n\t<\/div>\n<\/div>\n<\/div>\n<\/li>\n\t\t\t\n\t\t\t\n\t\t\t\t\t\t\t\t\t\t\t\t\t\t\t\t\t\t\t\t\t\t\t\t\t\t\t\t\t\t\t\t\t\t\t\t\t\t\t\t\t\t\t\t\t\t\t\t\t\t\t\t\t\t\t\t\t\t\t\t\t\t\t\t\t\t\t\t<\/ul>\n\t<\/div>\n\t<div class=\"fusion-post-content-wrapper\" style=\"padding:30px 25px 20px 25px;\"><div class=\"fusion-post-content post-content\"><h2 class=\"blog-shortcode-post-title entry-title\"><a href=\"https:\/\/www.acebucheteatro.com\/portal\/13-de-agosto-agnes-de-dios-de-arte-escenico-y-musical\/\">13 de agosto: \u201cAgnes de Dios\u201d, de Arte Esc\u00e9nico y Musical<\/a><\/h2><p class=\"fusion-single-line-meta\"><span class=\"vcard\" style=\"display: none;\"><span class=\"fn\"><a href=\"https:\/\/www.acebucheteatro.com\/portal\/author\/admin\/\" title=\"Entradas de Francisco Jos\u00e9 Rodr\u00edguez Velasco\" rel=\"author\">Francisco Jos\u00e9 Rodr\u00edguez Velasco<\/a><\/span><\/span><span class=\"updated\" style=\"display:none;\">2022-08-11T15:24:45+02:00<\/span><span>12 de agosto de 2022<\/span><span class=\"fusion-inline-sep\">|<\/span><\/p><div class=\"fusion-content-sep sep-double sep-solid\"><\/div><div class=\"fusion-post-content-container\"><p> Ma\u00f1ana, s\u00e1bado 13 de agosto, seguimos con nuestras citas teatrales y lo hacemos con<a href=\"https:\/\/www.acebucheteatro.com\/portal\/13-de-agosto-agnes-de-dios-de-arte-escenico-y-musical\/\"> [...]<\/a><\/p><\/div><\/div><div class=\"fusion-meta-info\"><div class=\"fusion-alignleft\"><a class=\"fusion-read-more\" href=\"https:\/\/www.acebucheteatro.com\/portal\/13-de-agosto-agnes-de-dios-de-arte-escenico-y-musical\/\" aria-label=\"More on 13 de agosto: \u201cAgnes de Dios\u201d, de Arte Esc\u00e9nico y Musical\">Leer M\u00e1s<\/a><\/div><\/div><\/div><div class=\"fusion-clearfix\"><\/div><\/div>\n<\/article>\n<div class=\"fusion-clearfix\"><\/div><\/div><div class=\"fusion-infinite-scroll-trigger\"><\/div><div class=\"pagination infinite-scroll clearfix\" style=\"display:none;\"><span class=\"current\">1<\/span><a href=\"https:\/\/www.acebucheteatro.com\/portal\/wp-json\/wp\/v2\/pages\/14773\/page\/2\/\" class=\"inactive\">2<\/a><a class=\"pagination-next\" rel=\"next\" href=\"https:\/\/www.acebucheteatro.com\/portal\/wp-json\/wp\/v2\/pages\/14773\/page\/2\/\"><span class=\"page-text\">Siguiente<\/span><span class=\"page-next\"><\/span><\/a><\/div><div class=\"fusion-clearfix\"><\/div><\/div><div class=\"fusion-clearfix\"><\/div><\/div><\/div><\/div><\/div><div class=\"fusion-fullwidth fullwidth-box fusion-builder-row-4 nonhundred-percent-fullwidth non-hundred-percent-height-scrolling\" style=\"--awb-border-radius-top-left:0px;--awb-border-radius-top-right:0px;--awb-border-radius-bottom-right:0px;--awb-border-radius-bottom-left:0px;--awb-flex-wrap:wrap;\" ><div class=\"fusion-builder-row fusion-row\"><div class=\"fusion-layout-column fusion_builder_column fusion-builder-column-10 fusion_builder_column_1_1 1_1 fusion-one-full fusion-column-first fusion-column-last\" style=\"--awb-bg-size:cover;\"><div class=\"fusion-column-wrapper fusion-flex-column-wrapper-legacy\"><div class=\"fusion-title title fusion-title-2 fusion-title-text fusion-title-size-two\" style=\"--awb-margin-top-small:0px;--awb-margin-right-small:0px;--awb-margin-bottom-small:20px;--awb-margin-left-small:0px;\"><h2 class=\"fusion-title-heading title-heading-left\" style=\"margin:0;\">Empresas y Asociaciones colaboradoras<\/h2><span class=\"awb-title-spacer\"><\/span><div class=\"title-sep-container\"><div class=\"title-sep sep- sep-solid\" style=\"border-color:#e0dede;\"><\/div><\/div><\/div><div class=\"fusion-image-carousel fusion-image-carousel-fixed fusion-image-carousel-1 lightbox-enabled fusion-carousel-border\"><div class=\"awb-carousel awb-swiper awb-swiper-carousel awb-carousel--carousel awb-swiper-dots-position-bottom\" data-layout=\"carousel\" data-autoplay=\"yes\" data-autoplayspeed=\"2500\" data-autoplaypause=\"no\" data-loop=\"yes\" data-columns=\"4\" data-columnsmedium=\"1\" data-columnssmall=\"1\" data-itemmargin=\"8\" data-itemwidth=\"180\" data-touchscroll=\"no\" data-freemode=\"no\" data-imagesize=\"fixed\" data-scrollitems=\"0\" data-centeredslides=\"no\" data-rotationangle=\"50\" data-depth=\"100\" data-speed=\"500\" data-shadow=\"no\" data-pagination=\"bullets\" style=\"--awb-columns:4;--awb-column-spacing:8px;--awb-border-width:1px;--awb-border-color:#e9eaee;\"><div class=\"swiper-wrapper awb-image-carousel-wrapper fusion-flex-align-items-center\"><div class=\"swiper-slide\"><div class=\"fusion-carousel-item-wrapper\"><div class=\"fusion-image-wrapper hover-type-none\"><a data-rel=\"iLightbox[image_carousel_1]\" href=\"http:\/\/www.dulcesanantonabad.es\/\" target=\"_blank\" rel=\"noopener noreferrer\"><img decoding=\"async\" src=\"http:\/\/www.acebucheteatro.com\/portal\/wp-content\/uploads\/2015\/08\/San-Anton-Abad.jpg\" alt=\"\"\/><\/a><\/div><\/div><\/div><div class=\"swiper-slide\"><div class=\"fusion-carousel-item-wrapper\"><div class=\"fusion-image-wrapper hover-type-none\"><a data-rel=\"iLightbox[image_carousel_1]\" href=\"http:\/\/bodegaslasoledad.com\/\" target=\"_blank\" rel=\"noopener noreferrer\"><img decoding=\"async\" src=\"http:\/\/www.acebucheteatro.com\/portal\/wp-content\/uploads\/2015\/08\/la-soledad.jpg\" alt=\"\"\/><\/a><\/div><\/div><\/div><div class=\"swiper-slide\"><div class=\"fusion-carousel-item-wrapper\"><div class=\"fusion-image-wrapper hover-type-none\"><a data-rel=\"iLightbox[image_carousel_1]\" href=\"https:\/\/www.acebucheteatro.com\" target=\"_blank\" rel=\"noopener noreferrer\"><img decoding=\"async\" src=\"http:\/\/www.acebucheteatro.com\/portal\/wp-content\/uploads\/2015\/06\/copy-logotipo.gif\" alt=\"\"\/><\/a><\/div><\/div><\/div><div class=\"swiper-slide\"><div class=\"fusion-carousel-item-wrapper\"><div class=\"fusion-image-wrapper hover-type-none\"><a data-rel=\"iLightbox[image_carousel_1]\" data-title=\"ajostierradebarros\" aria-label=\"ajostierradebarros\" href=\"http:\/\/ajostierradebarros.com\/\" target=\"_blank\" rel=\"noopener noreferrer\"><img decoding=\"async\" width=\"250\" height=\"202\" src=\"https:\/\/www.acebucheteatro.com\/portal\/wp-content\/uploads\/2019\/08\/ajostierradebarros-250x202.jpg\" class=\"attachment-blog-medium size-blog-medium\" alt=\"\" \/><\/a><\/div><\/div><\/div><div class=\"swiper-slide\"><div class=\"fusion-carousel-item-wrapper\"><div class=\"fusion-image-wrapper hover-type-none\"><a data-rel=\"iLightbox[image_carousel_1]\" href=\"http:\/\/www.acebucheteatro.com\/portal\/wp-content\/uploads\/2015\/08\/acegraf.jpg\" target=\"_blank\" rel=\"noopener noreferrer\"><img decoding=\"async\" src=\"http:\/\/www.acebucheteatro.com\/portal\/wp-content\/uploads\/2015\/08\/acegraf.jpg\" alt=\"\"\/><\/a><\/div><\/div><\/div><div class=\"swiper-slide\"><div class=\"fusion-carousel-item-wrapper\"><div class=\"fusion-image-wrapper hover-type-none\"><a data-rel=\"iLightbox[image_carousel_1]\" data-title=\"El ajero\" aria-label=\"El ajero\" href=\"https:\/\/www.coajosaceuchal.es\/es\/\" target=\"_blank\" rel=\"noopener noreferrer\"><img decoding=\"async\" width=\"156\" height=\"202\" src=\"https:\/\/www.acebucheteatro.com\/portal\/wp-content\/uploads\/2019\/08\/El-ajero-156x202.jpg\" class=\"attachment-blog-medium size-blog-medium\" alt=\"\" \/><\/a><\/div><\/div><\/div><\/div><div class=\"awb-swiper-button awb-swiper-button-prev\"><i class=\"awb-icon-angle-left\" aria-hidden=\"true\"><\/i><\/div><div class=\"awb-swiper-button awb-swiper-button-next\"><i class=\"awb-icon-angle-right\" aria-hidden=\"true\"><\/i><\/div><\/div><\/div><div class=\"fusion-clearfix\"><\/div><\/div><\/div><\/div><\/div>\n<\/p>\n","protected":false},"excerpt":{"rendered":"","protected":false},"author":1,"featured_media":13365,"parent":14245,"menu_order":0,"comment_status":"open","ping_status":"closed","template":"100-width.php","meta":{"jetpack_post_was_ever_published":false,"footnotes":""},"class_list":["post-14773","page","type-page","status-publish","has-post-thumbnail","hentry"],"wppr_data":{"cwp_meta_box_check":"No","cwp_rev_product_name":"","cwp_rev_product_image":"","cwp_image_link":"image","cwp_rev_price":""},"jetpack_sharing_enabled":true,"jetpack_shortlink":"https:\/\/wp.me\/P6Bz4e-3Qh","_links":{"self":[{"href":"https:\/\/www.acebucheteatro.com\/portal\/wp-json\/wp\/v2\/pages\/14773","targetHints":{"allow":["GET"]}}],"collection":[{"href":"https:\/\/www.acebucheteatro.com\/portal\/wp-json\/wp\/v2\/pages"}],"about":[{"href":"https:\/\/www.acebucheteatro.com\/portal\/wp-json\/wp\/v2\/types\/page"}],"author":[{"embeddable":true,"href":"https:\/\/www.acebucheteatro.com\/portal\/wp-json\/wp\/v2\/users\/1"}],"replies":[{"embeddable":true,"href":"https:\/\/www.acebucheteatro.com\/portal\/wp-json\/wp\/v2\/comments?post=14773"}],"version-history":[{"count":52,"href":"https:\/\/www.acebucheteatro.com\/portal\/wp-json\/wp\/v2\/pages\/14773\/revisions"}],"predecessor-version":[{"id":14833,"href":"https:\/\/www.acebucheteatro.com\/portal\/wp-json\/wp\/v2\/pages\/14773\/revisions\/14833"}],"up":[{"embeddable":true,"href":"https:\/\/www.acebucheteatro.com\/portal\/wp-json\/wp\/v2\/pages\/14245"}],"wp:featuredmedia":[{"embeddable":true,"href":"https:\/\/www.acebucheteatro.com\/portal\/wp-json\/wp\/v2\/media\/13365"}],"wp:attachment":[{"href":"https:\/\/www.acebucheteatro.com\/portal\/wp-json\/wp\/v2\/media?parent=14773"}],"curies":[{"name":"wp","href":"https:\/\/api.w.org\/{rel}","templated":true}]}}