{"id":15000,"date":"2023-08-07T18:23:08","date_gmt":"2023-08-07T16:23:08","guid":{"rendered":"https:\/\/www.acebucheteatro.com\/portal\/?page_id=15000"},"modified":"2025-04-20T23:56:41","modified_gmt":"2025-04-20T21:56:41","slug":"32certamen","status":"publish","type":"page","link":"https:\/\/www.acebucheteatro.com\/portal\/certamen\/32certamen\/","title":{"rendered":"XXXII Certamen Nacional de Teatro de Aceuchal"},"content":{"rendered":"<p><div class=\"fusion-fullwidth fullwidth-box fusion-builder-row-1 nonhundred-percent-fullwidth non-hundred-percent-height-scrolling\" style=\"--awb-border-radius-top-left:0px;--awb-border-radius-top-right:0px;--awb-border-radius-bottom-right:0px;--awb-border-radius-bottom-left:0px;--awb-flex-wrap:wrap;\" ><div class=\"fusion-builder-row fusion-row\"><div class=\"fusion-layout-column fusion_builder_column fusion-builder-column-0 fusion_builder_column_2_5 2_5 fusion-two-fifth fusion-column-first\" style=\"--awb-overflow:hidden;--awb-bg-size:cover;--awb-border-radius:10px 10px 10px 10px;width:37.6%; margin-right: 4%;\"><div class=\"fusion-column-wrapper fusion-column-has-shadow fusion-flex-column-wrapper-legacy\"><div class=\"fusion-post-slider fusion-flexslider fusion-flexslider-loading flexslider-posts\"><ul class=\"slides\"><li><a href=\"https:\/\/www.acebucheteatro.com\/portal\/presentacion-del-34-certamen-nacional-de-teatro-de-aceuchal\/\" aria-label=\"Presentaci\u00f3n del XXXIV Certamen Nacional de Teatro de Aceuchal\"><img decoding=\"async\" width=\"1129\" height=\"652\" class=\"wp-image-15222\" src=\"https:\/\/www.acebucheteatro.com\/portal\/wp-content\/uploads\/2024\/09\/Presentacion-33-Certamen-Diputacion.png\" alt=\"\" srcset=\"https:\/\/www.acebucheteatro.com\/portal\/wp-content\/uploads\/2024\/09\/Presentacion-33-Certamen-Diputacion-200x116.png 200w, https:\/\/www.acebucheteatro.com\/portal\/wp-content\/uploads\/2024\/09\/Presentacion-33-Certamen-Diputacion-400x231.png 400w, https:\/\/www.acebucheteatro.com\/portal\/wp-content\/uploads\/2024\/09\/Presentacion-33-Certamen-Diputacion-600x347.png 600w, https:\/\/www.acebucheteatro.com\/portal\/wp-content\/uploads\/2024\/09\/Presentacion-33-Certamen-Diputacion-800x462.png 800w, https:\/\/www.acebucheteatro.com\/portal\/wp-content\/uploads\/2024\/09\/Presentacion-33-Certamen-Diputacion.png 1129w\" sizes=\"(max-width: 800px) 100vw, 600px\" \/><\/a><div class=\"slide-excerpt\"><h2><a href=\"https:\/\/www.acebucheteatro.com\/portal\/presentacion-del-34-certamen-nacional-de-teatro-de-aceuchal\/\">Presentaci\u00f3n del XXXIV Certamen Nacional de Teatro de Aceuchal<\/a><\/h2><\/div><\/li><li><a href=\"https:\/\/www.acebucheteatro.com\/portal\/bases-formulario-34-certamen-teatro-aceuchal\/\" aria-label=\"Publicadas las BASES y FORMULARIO de INSCRIPCI\u00d3N para participar en el XXXIV Certamen Nacional de Teatro de Aceuchal &#8211; 2025\"><img decoding=\"async\" width=\"1441\" height=\"868\" class=\"wp-image-14865\" src=\"https:\/\/www.acebucheteatro.com\/portal\/wp-content\/uploads\/2022\/08\/banner31certamen.png\" alt=\"\" srcset=\"https:\/\/www.acebucheteatro.com\/portal\/wp-content\/uploads\/2022\/08\/banner31certamen-200x120.png 200w, https:\/\/www.acebucheteatro.com\/portal\/wp-content\/uploads\/2022\/08\/banner31certamen-400x241.png 400w, https:\/\/www.acebucheteatro.com\/portal\/wp-content\/uploads\/2022\/08\/banner31certamen-600x361.png 600w, https:\/\/www.acebucheteatro.com\/portal\/wp-content\/uploads\/2022\/08\/banner31certamen-800x482.png 800w, https:\/\/www.acebucheteatro.com\/portal\/wp-content\/uploads\/2022\/08\/banner31certamen-1200x723.png 1200w, https:\/\/www.acebucheteatro.com\/portal\/wp-content\/uploads\/2022\/08\/banner31certamen.png 1441w\" sizes=\"(max-width: 800px) 100vw, 600px\" \/><\/a><div class=\"slide-excerpt\"><h2><a href=\"https:\/\/www.acebucheteatro.com\/portal\/bases-formulario-34-certamen-teatro-aceuchal\/\">Publicadas las BASES y FORMULARIO de INSCRIPCI\u00d3N para participar en el XXXIV Certamen Nacional de Teatro de Aceuchal &#8211; 2025<\/a><\/h2><\/div><\/li><li><a href=\"https:\/\/www.acebucheteatro.com\/portal\/presentacion-33-certamen-teatro-aceuchal\/\" aria-label=\"Presentaci\u00f3n del XXXIII Certamen Nacional de Teatro de Aceuchal\"><img decoding=\"async\" width=\"1129\" height=\"652\" class=\"wp-image-15222\" src=\"https:\/\/www.acebucheteatro.com\/portal\/wp-content\/uploads\/2024\/09\/Presentacion-33-Certamen-Diputacion.png\" alt=\"\" srcset=\"https:\/\/www.acebucheteatro.com\/portal\/wp-content\/uploads\/2024\/09\/Presentacion-33-Certamen-Diputacion-200x116.png 200w, https:\/\/www.acebucheteatro.com\/portal\/wp-content\/uploads\/2024\/09\/Presentacion-33-Certamen-Diputacion-400x231.png 400w, https:\/\/www.acebucheteatro.com\/portal\/wp-content\/uploads\/2024\/09\/Presentacion-33-Certamen-Diputacion-600x347.png 600w, https:\/\/www.acebucheteatro.com\/portal\/wp-content\/uploads\/2024\/09\/Presentacion-33-Certamen-Diputacion-800x462.png 800w, https:\/\/www.acebucheteatro.com\/portal\/wp-content\/uploads\/2024\/09\/Presentacion-33-Certamen-Diputacion.png 1129w\" sizes=\"(max-width: 800px) 100vw, 600px\" \/><\/a><div class=\"slide-excerpt\"><h2><a href=\"https:\/\/www.acebucheteatro.com\/portal\/presentacion-33-certamen-teatro-aceuchal\/\">Presentaci\u00f3n del XXXIII Certamen Nacional de Teatro de Aceuchal<\/a><\/h2><\/div><\/li><\/ul><\/div><div class=\"fusion-sep-clear\"><\/div><div class=\"fusion-separator fusion-full-width-sep\" style=\"margin-left: auto;margin-right: auto;margin-top:10px;width:100%;\"><\/div><div class=\"fusion-sep-clear\"><\/div><div class=\"fusion-text fusion-text-1\"><p><a href=\"https:\/\/www.acebucheteatro.com\/portal\/wp-content\/uploads\/2023\/08\/Programa-de-Actos-XXXII-Certamen-Nacional-Teatro-Aceuchal-2023.pdf\" target=\"_blank\" rel=\"noopener noreferrer\"><i class=\"fb-icon-element-1 fb-icon-element fontawesome-icon fa-book-reader fas circle-yes fusion-text-flow\" style=\"--awb-circlebordersize:1px;--awb-font-size:28.16px;--awb-width:56.32px;--awb-height:56.32px;--awb-line-height:54.32px;--awb-margin-right:16px;\"><\/i> Pulsa aqu\u00ed para descargar el programa de mano del XXXII Certamen Nacional de Teatro de Aceuchal<\/a><\/p>\n<\/div><div class=\"fusion-text fusion-text-2\"><p><img decoding=\"async\" class=\"wp-image-11518 alignleft\" src=\"https:\/\/www.acebucheteatro.com\/portal\/wp-content\/uploads\/layerslider\/Avada-Transparent-Header\/youtube-color.png\" alt=\"\" width=\"56\" height=\"56\" \/>Las emisiones en directo comenzar\u00e1n a las 21:50h del d\u00eda de la obra a representar a trav\u00e9s de nuestro canal en <strong>YouTube<\/strong>, as\u00ed como a trav\u00e9s del portal del Certamen.<\/p>\n<\/div><div class=\"fusion-text fusion-text-3\"><p><a href=\"https:\/\/www.acebucheteatro.com\/portal\/certamen\/sorteos\/\" target=\"_blank\" rel=\"noopener\"><img decoding=\"async\" class=\"wp-image-11518 alignleft\" src=\"https:\/\/www.acebucheteatro.com\/portal\/wp-content\/uploads\/2022\/08\/regalo-widget-icon.png\" alt=\"\" width=\"56\" height=\"56\" \/><\/a><a href=\"https:\/\/www.acebucheteatro.com\/portal\/certamen\/sorteos\/\" target=\"_blank\" rel=\"noopener\">Descubre los <strong>sorteos<\/strong> que pueden premiar tu actividad en el Certamen. Busca el regalo en nuestra web y sigue las instrucciones. Estar activos, tiene premio!<\/a><\/p>\n<\/div><div class=\"fusion-clearfix\"><\/div><\/div><\/div><div class=\"fusion-layout-column fusion_builder_column fusion-builder-column-1 fusion_builder_column_3_5 3_5 fusion-three-fifth fusion-column-last\" style=\"--awb-overflow:hidden;--awb-bg-size:cover;--awb-border-radius:10px 10px 10px 10px;width:58.4%;\"><div class=\"fusion-column-wrapper fusion-column-has-shadow fusion-flex-column-wrapper-legacy\"><div class=\"fusion-tabs fusion-tabs-1 classic nav-is-justified horizontal-tabs icon-position-left mobile-mode-accordion\" style=\"--awb-title-border-radius-top-left:0px;--awb-title-border-radius-top-right:0px;--awb-title-border-radius-bottom-right:0px;--awb-title-border-radius-bottom-left:0px;--awb-alignment:start;--awb-inactive-color:#f1f2f2;--awb-background-color:#ffffff;--awb-border-color:#ebeaea;--awb-active-border-color:#1a80b6;\"><div class=\"nav\"><ul class=\"nav-tabs nav-justified\" role=\"tablist\" aria-orientation=\"horizontal\"><li class=\"active\" role=\"presentation\"><a class=\"tab-link\" data-toggle=\"tab\" role=\"tab\" aria-controls=\"tab-27c36b9029baa32389a\" aria-selected=\"true\" tabindex=\"0\" id=\"fusion-tab-27c36b9029baa32389a\" href=\"#tab-27c36b9029baa32389a\"><h4 class=\"fusion-tab-heading\"><i class=\"fontawesome-icon fa-youtube fab\" aria-hidden=\"true\" style=\"font-size:13px;\"><\/i>Retransmisi\u00f3n online<\/h4><\/a><\/li><li  role=\"presentation\"><a class=\"tab-link\" data-toggle=\"tab\" role=\"tab\" aria-controls=\"tab-a62057e3b7404bb0a21\" aria-selected=\"false\" tabindex=\"-1\" id=\"fusion-tab-a62057e3b7404bb0a21\" href=\"#tab-a62057e3b7404bb0a21\"><h4 class=\"fusion-tab-heading\"><i class=\"fontawesome-icon fa-video fas\" aria-hidden=\"true\" style=\"font-size:13px;\"><\/i>SPOT V\u00eddeo<\/h4><\/a><\/li><li  role=\"presentation\"><a class=\"tab-link\" data-toggle=\"tab\" role=\"tab\" aria-controls=\"tab-56e013c057b2a6b2a52\" aria-selected=\"false\" tabindex=\"-1\" id=\"fusion-tab-56e013c057b2a6b2a52\" href=\"#tab-56e013c057b2a6b2a52\"><h4 class=\"fusion-tab-heading\"><i class=\"fontawesome-icon fa-clock fas\" aria-hidden=\"true\" style=\"font-size:13px;\"><\/i>Horarios<\/h4><\/a><\/li><li  role=\"presentation\"><a class=\"tab-link\" data-toggle=\"tab\" role=\"tab\" aria-controls=\"tab-7d14247c42dd11150a2\" aria-selected=\"false\" tabindex=\"-1\" id=\"fusion-tab-7d14247c42dd11150a2\" href=\"#tab-7d14247c42dd11150a2\"><h4 class=\"fusion-tab-heading\"><i class=\"fontawesome-icon fa-info-circle fas\" aria-hidden=\"true\" style=\"font-size:13px;\"><\/i>Informaci\u00f3n \u00fatil<\/h4><\/a><\/li><\/ul><\/div><div class=\"tab-content\"><div class=\"nav fusion-mobile-tab-nav\"><ul class=\"nav-tabs nav-justified\" role=\"tablist\" aria-orientation=\"horizontal\"><li class=\"active\" role=\"presentation\"><a class=\"tab-link\" data-toggle=\"tab\" role=\"tab\" aria-controls=\"tab-27c36b9029baa32389a\" aria-selected=\"true\" tabindex=\"0\" id=\"mobile-fusion-tab-27c36b9029baa32389a\" href=\"#tab-27c36b9029baa32389a\"><h4 class=\"fusion-tab-heading\"><i class=\"fontawesome-icon fa-youtube fab\" aria-hidden=\"true\" style=\"font-size:13px;\"><\/i>Retransmisi\u00f3n online<\/h4><\/a><\/li><\/ul><\/div><div class=\"tab-pane fade fusion-clearfix in active\" role=\"tabpanel\" tabindex=\"0\" aria-labelledby=\"fusion-tab-27c36b9029baa32389a\" id=\"tab-27c36b9029baa32389a\">\n<p>Comience la reproducci\u00f3n en directo haciendo <span style=\"color: #ff0000;\"><strong>clic en el bot\u00f3n<\/strong><\/span> que aparece en la parte <span style=\"color: #ff0000;\"><strong>central<\/strong><\/span> de la emisi\u00f3n.<\/p>\n<div class=\"epyt-video-wrapper\"><iframe  id=\"_ytid_99470\"  width=\"1100\" height=\"619\"  data-origwidth=\"1100\" data-origheight=\"619\"  data-relstop=\"1\" src=\"https:\/\/www.youtube.com\/embed\/live_stream?enablejsapi=1&channel=UCk5Iuo34XicCyf_gsd3X7nQ&autoplay=0&cc_load_policy=0&cc_lang_pref=&iv_load_policy=1&rel=0&fs=1&playsinline=0&autohide=2&theme=dark&color=red&controls=1&disablekb=0&\" class=\"__youtube_prefs__  epyt-live-channel  no-lazyload\" title=\"YouTube player\"  allow=\"fullscreen; accelerometer; autoplay; clipboard-write; encrypted-media; gyroscope; picture-in-picture; web-share\" referrerpolicy=\"strict-origin-when-cross-origin\" allowfullscreen data-no-lazy=\"1\" data-skipgform_ajax_framebjll=\"\"><\/iframe><\/div>\n<\/div><div class=\"nav fusion-mobile-tab-nav\"><ul class=\"nav-tabs nav-justified\" role=\"tablist\" aria-orientation=\"horizontal\"><li  role=\"presentation\"><a class=\"tab-link\" data-toggle=\"tab\" role=\"tab\" aria-controls=\"tab-a62057e3b7404bb0a21\" aria-selected=\"false\" tabindex=\"-1\" id=\"mobile-fusion-tab-a62057e3b7404bb0a21\" href=\"#tab-a62057e3b7404bb0a21\"><h4 class=\"fusion-tab-heading\"><i class=\"fontawesome-icon fa-video fas\" aria-hidden=\"true\" style=\"font-size:13px;\"><\/i>SPOT V\u00eddeo<\/h4><\/a><\/li><\/ul><\/div><div class=\"tab-pane fade fusion-clearfix\" role=\"tabpanel\" tabindex=\"0\" aria-labelledby=\"fusion-tab-a62057e3b7404bb0a21\" id=\"tab-a62057e3b7404bb0a21\">\n<div class=\"fusion-video fusion-youtube fusion-aligncenter\" style=\"--awb-max-width:600px;--awb-max-height:360px;--awb-width:100%;\"><div class=\"video-shortcode\"><div class=\"fluid-width-video-wrapper\" style=\"padding-top:60%;\" ><iframe title=\"YouTube video player 1\" src=\"https:\/\/www.youtube.com\/embed\/h-xx-4huR2k?wmode=transparent&autoplay=0&amp;rel=0\" width=\"600\" height=\"360\" allowfullscreen allow=\"autoplay; clipboard-write; encrypted-media; gyroscope; picture-in-picture;\"><\/iframe><\/div><\/div><\/div>\n<\/div><div class=\"nav fusion-mobile-tab-nav\"><ul class=\"nav-tabs nav-justified\" role=\"tablist\" aria-orientation=\"horizontal\"><li  role=\"presentation\"><a class=\"tab-link\" data-toggle=\"tab\" role=\"tab\" aria-controls=\"tab-56e013c057b2a6b2a52\" aria-selected=\"false\" tabindex=\"-1\" id=\"mobile-fusion-tab-56e013c057b2a6b2a52\" href=\"#tab-56e013c057b2a6b2a52\"><h4 class=\"fusion-tab-heading\"><i class=\"fontawesome-icon fa-clock fas\" aria-hidden=\"true\" style=\"font-size:13px;\"><\/i>Horarios<\/h4><\/a><\/li><\/ul><\/div><div class=\"tab-pane fade fusion-clearfix\" role=\"tabpanel\" tabindex=\"0\" aria-labelledby=\"fusion-tab-56e013c057b2a6b2a52\" id=\"tab-56e013c057b2a6b2a52\">\n<h2><span style=\"color: #ff6600;\">HORARIO DE ESPECT\u00c1CULOS<\/span><\/h2>\n<p>22:00 horas<br \/>\nEl teatro abrir\u00e1 a las 21:30 horas.<\/p>\n<h2><span style=\"color: #ff6600;\">TAQUILLAS EN ACEUCHAL<\/span><\/h2>\n<p>Taquilla Casa de Cultura \u00abC\u00e1ndido Sanz Vera\u00bb.<br \/>\nC\/ Juan Carlos I, Aceuchal.<\/p>\n<p><strong>Horario de jueves a domingo:<\/strong><br \/>\nTardes de 21:00h-22:15h.<br \/>\n<strong>Lunes, martes y mi\u00e9rcoles cerrado.<\/strong><\/p>\n<\/div><div class=\"nav fusion-mobile-tab-nav\"><ul class=\"nav-tabs nav-justified\" role=\"tablist\" aria-orientation=\"horizontal\"><li  role=\"presentation\"><a class=\"tab-link\" data-toggle=\"tab\" role=\"tab\" aria-controls=\"tab-7d14247c42dd11150a2\" aria-selected=\"false\" tabindex=\"-1\" id=\"mobile-fusion-tab-7d14247c42dd11150a2\" href=\"#tab-7d14247c42dd11150a2\"><h4 class=\"fusion-tab-heading\"><i class=\"fontawesome-icon fa-info-circle fas\" aria-hidden=\"true\" style=\"font-size:13px;\"><\/i>Informaci\u00f3n \u00fatil<\/h4><\/a><\/li><\/ul><\/div><div class=\"tab-pane fade fusion-clearfix\" role=\"tabpanel\" tabindex=\"0\" aria-labelledby=\"fusion-tab-7d14247c42dd11150a2\" id=\"tab-7d14247c42dd11150a2\">\n<h2><span style=\"color: #ff6600;\">CONDICIONES DE ENTRADA<\/span><\/h2>\n<ol>\n<li>No se admitir\u00e1n devoluciones o cambios de entradas. La adquisici\u00f3n de la misma se considera firme. La Organizaci\u00f3n no se responsabiliza de cualquier p\u00e9rdida de entradas por sus particulares.<\/li>\n<li>Es obligatorio conservar la entrada hasta el final del evento como documento que avale sus derechos.<\/li>\n<li>Toda entrada enmendada, rota o con indicios de falsificaci\u00f3n autorizar\u00e1 a la Organizaci\u00f3n a privar a su portador del acceso al recinto.<\/li>\n<li>Se reserva el derecho de admisi\u00f3n, condicionado al hecho de disponer de la entrada completa y en buenas condiciones y de que el portador asuma y se obligue a respetar las normas de la Organizaci\u00f3n y del recinto, as\u00ed como cualquier motivo exigible por razones de seguridad general.<\/li>\n<li>Se proh\u00edbe la entrada de animales al recinto a excepci\u00f3n de perros gu\u00edas.<\/li>\n<li>Una vez comenzada la representaci\u00f3n (a las 22:15h) no se permitir\u00e1 el acceso a la Sala.<\/li>\n<li>Al entrar al recinto, no se permitir\u00e1 la entrada de objetos que puedan ser considerados peligrosos por la Organizaci\u00f3n o est\u00e9n prohibidos por la normativa vigente.<\/li>\n<li>Queda prohibida cualquier filmaci\u00f3n, grabaci\u00f3n o reproducci\u00f3n en el interior del recinto, salvo fines informativos autorizados previamente por la Organizaci\u00f3n.<\/li>\n<li>Queda terminantemente prohibido realizar fotograf\u00edas con flash.<\/li>\n<li>Se proh\u00edbe fumar en todo el recinto.<\/li>\n<li>El horario del evento podr\u00e1 ser modificado por la Organizaci\u00f3n en el caso de considerarlo necesario.<\/li>\n<li>La Organizaci\u00f3n se reserva el derecho de modificar el reparto art\u00edstico de las obras programada en casos necesarios.<\/li>\n<\/ol>\n<\/div><\/div><\/div><div class=\"fusion-clearfix\"><\/div><\/div><\/div><\/div><\/div><div class=\"fusion-fullwidth fullwidth-box fusion-builder-row-2 nonhundred-percent-fullwidth non-hundred-percent-height-scrolling\" style=\"--awb-border-radius-top-left:0px;--awb-border-radius-top-right:0px;--awb-border-radius-bottom-right:0px;--awb-border-radius-bottom-left:0px;--awb-margin-bottom:30px;--awb-flex-wrap:wrap;\" ><div class=\"fusion-builder-row fusion-row\"><div class=\"fusion-layout-column fusion_builder_column fusion-builder-column-2 fusion_builder_column_1_3 1_3 fusion-one-third fusion-column-first\" style=\"--awb-overflow:hidden;--awb-bg-size:cover;--awb-border-color:#03a9f4;--awb-border-top:0;--awb-border-right:0;--awb-border-bottom:0;--awb-border-left:0;--awb-border-style:solid;--awb-border-radius:10px 10px 0px 0px;width:33.333333333333%;width:calc(33.333333333333% - ( ( 4% + 4% ) * 0.33333333333333 ) );margin-right: 4%;\"><div class=\"fusion-column-wrapper fusion-column-has-shadow fusion-flex-column-wrapper-legacy\"><div class=\"fusion-image-element in-legacy-container\" style=\"--awb-liftup-border-radius:0px;--awb-caption-title-font-family:var(--h2_typography-font-family);--awb-caption-title-font-weight:var(--h2_typography-font-weight);--awb-caption-title-font-style:var(--h2_typography-font-style);--awb-caption-title-size:var(--h2_typography-font-size);--awb-caption-title-transform:var(--h2_typography-text-transform);--awb-caption-title-line-height:var(--h2_typography-line-height);--awb-caption-title-letter-spacing:var(--h2_typography-letter-spacing);\"><div class=\"awb-image-frame awb-image-frame-1 imageframe-liftup\"><span class=\" fusion-imageframe imageframe-none imageframe-1\"><img decoding=\"async\" width=\"395\" height=\"240\" title=\"Testigo de Cargo\" src=\"https:\/\/www.acebucheteatro.com\/portal\/wp-content\/uploads\/2023\/08\/Testigo-de-Cargo-scaled-e1691259404522.jpg\" alt class=\"img-responsive wp-image-15004\" srcset=\"https:\/\/www.acebucheteatro.com\/portal\/wp-content\/uploads\/2023\/08\/Testigo-de-Cargo-scaled-e1691259404522-200x122.jpg 200w, https:\/\/www.acebucheteatro.com\/portal\/wp-content\/uploads\/2023\/08\/Testigo-de-Cargo-scaled-e1691259404522.jpg 395w\" sizes=\"(max-width: 800px) 100vw, 395px\" \/><\/span><\/div><\/div><div class=\"fusion-sep-clear\"><\/div><div class=\"fusion-separator fusion-full-width-sep\" style=\"margin-left: auto;margin-right: auto;margin-top:5px;margin-bottom:10px;width:100%;\"><\/div><div class=\"fusion-sep-clear\"><\/div><div class=\"fusion-text fusion-text-4\"><p style=\"line-height: 7px;\">11 de agosto de 2023<\/p>\n<h2 style=\"line-height: 10px;\"><strong>Testigo de Cargo<\/strong><\/h2>\n<p style=\"line-height: 3px;\">La Lengua Teatro<\/p>\n<\/div><div class=\"fusion-modal modal fade modal-1 testigodecargo\" tabindex=\"-1\" role=\"dialog\" aria-labelledby=\"modal-heading-1\" aria-hidden=\"true\" style=\"--awb-border-color:#ebebeb;--awb-background:#f6f6f6;\"><div class=\"modal-dialog modal-lg\" role=\"document\"><div class=\"modal-content fusion-modal-content\"><div class=\"modal-header\"><button class=\"close\" type=\"button\" data-dismiss=\"modal\" aria-hidden=\"true\" aria-label=\"Close\">&times;<\/button><h3 class=\"modal-title\" id=\"modal-heading-1\" data-dismiss=\"modal\" aria-hidden=\"true\">TESTIGO DE CARGO<\/h3><\/div><div class=\"modal-body fusion-clearfix\">\n<p style=\"line-height: 7px;\"><strong>GRUPO:<\/strong> La Lengua Teatro<\/p>\n<p style=\"line-height: 7px;\"><strong>Procedencia:<\/strong> Salamanca (Salamanca)<\/p>\n<p style=\"line-height: 7px;\"><strong>Obra:<\/strong> Testigo de Cargo<\/p>\n<p style=\"line-height: 7px;\"><strong>Autor:<\/strong> Agatha Christie<\/p>\n<p style=\"line-height: 7px;\"><strong>G\u00e9nero:<\/strong> Suspense<\/p>\n<p style=\"line-height: 7px;\"><strong>Clasificada:<\/strong> Mayores de 14 a\u00f1os<\/p>\n<div class=\"fusion-section-separator section-separator triangle fusion-section-separator-1\" style=\"--awb-border-top:2px solid #03a9f4;--awb-spacer-height:2px;--awb-svg-margin-left:0;--awb-svg-margin-right:0;--awb-icon-color:#03a9f4;--awb-icon-top:-12px;\"><div class=\"fusion-section-separator-svg\"><div class=\"section-separator-icon icon fa-theater-masks fas\" aria-hidden=\"true\"><\/div><div class=\"divider-candy-arrow top\" style=\"bottom:2px;border-bottom-color: #f6f6f6;\"><\/div><div class=\"divider-candy top\" style=\"top:-22px;border-bottom:1px solid #03a9f4;border-left:1px solid #03a9f4;\"><\/div><\/div><div class=\"fusion-section-separator-spacer\"><div class=\"fusion-section-separator-spacer-height\"><\/div><\/div><\/div>\n<h2><strong><span style=\"color: #ff9900;\">SINOPSIS<\/span><\/strong><\/h2>\n<p>Cuando uno trata de cerca a alguien tan encantador como el joven Leonard Vole, nadie dir\u00eda que se encuentra ante un presunto asesino de mujeres. Y sin embargo, es el \u00fanico sospechoso del asesinato de Emily French. Tiene todas las evidencias en su contra. A favor, la tenacidad de un abogado orgulloso y gru\u00f1\u00f3n que lucha contra sus propios prejuicios y con una grave enfermedad del coraz\u00f3n. En medio est\u00e1 Christine, la esposa enamorada, dispuesta a declarar lo que sea con tal de salvar a su marido. Pero \u00bfEs esta una ayuda realmente fiable? \u00bfO hay alguna siniestra maniobra bajo las apariencias?<\/p>\n<p>LA LENGUA TEATRO nos presenta este cl\u00e1sico del suspense y la s\u00e1tira de costumbres, famoso adem\u00e1s por su adaptaci\u00f3n al cine, pero que a\u00fan guarda secretos por descubrir y cartas ocultas por jugar&#8230;<\/p>\n<\/div><\/div><\/div><\/div><a class=\"fusion-modal-text-link\" data-toggle=\"modal\" data-target=\".fusion-modal.testigodecargo\" href=\"#\"><span style=\"color: #ff9900;\">[+] Pulsa aqu\u00ed para leer la SINOPSIS<\/span><\/a><div class=\"fusion-sep-clear\"><\/div><div class=\"fusion-separator fusion-full-width-sep\" style=\"margin-left: auto;margin-right: auto;margin-top:0px;margin-bottom:5px;width:100%;\"><\/div><div class=\"fusion-sep-clear\"><\/div><a class=\"fusion-modal-text-link\" href=\"#\"><a href=\"https:\/\/www.acebucheteatro.com\/portal\/wp-content\/uploads\/2023\/08\/Programa-TESTIGO-DE-CARGO.pdf\" target=\"_blank\" rel=\"noopener noreferrer\"><span style=\"color: #ff9900;\">[+] Pulsa aqu\u00ed para ver el d\u00edptico de la obra<\/span><\/a><div class=\"fusion-sep-clear\"><\/div><div class=\"fusion-separator fusion-full-width-sep\" style=\"margin-left: auto;margin-right: auto;margin-top:0px;margin-bottom:5px;width:100%;\"><\/div><div class=\"fusion-sep-clear\"><\/div><div class=\"fusion-modal modal fade modal-2 v\u00eddeotestigodecargo\" tabindex=\"-1\" role=\"dialog\" aria-labelledby=\"modal-heading-2\" aria-hidden=\"true\" style=\"--awb-border-color:#ebebeb;--awb-background:#f6f6f6;\"><div class=\"modal-dialog modal-lg\" role=\"document\"><div class=\"modal-content fusion-modal-content\"><div class=\"modal-header\"><button class=\"close\" type=\"button\" data-dismiss=\"modal\" aria-hidden=\"true\" aria-label=\"Close\">&times;<\/button><h3 class=\"modal-title\" id=\"modal-heading-2\" data-dismiss=\"modal\" aria-hidden=\"true\">TESTIGO DE CARGO<\/h3><\/div><div class=\"modal-body fusion-clearfix\"><\/a><\/p>\n<p style=\"text-align: left;\"><div class=\"fusion-video fusion-youtube fusion-aligncenter\" style=\"--awb-max-width:600px;--awb-max-height:360px;--awb-width:100%;\"><div class=\"video-shortcode\"><div class=\"fluid-width-video-wrapper\" style=\"padding-top:60%;\" ><iframe title=\"YouTube video player 2\" src=\"https:\/\/www.youtube.com\/embed\/HnbUPIExzFA?wmode=transparent&autoplay=0&amp;rel=0\" width=\"600\" height=\"360\" allowfullscreen allow=\"autoplay; clipboard-write; encrypted-media; gyroscope; picture-in-picture;\"><\/iframe><\/div><\/div><\/div>\n<\/div><\/div><\/div><\/div><a class=\"fusion-modal-text-link\" data-toggle=\"modal\" data-target=\".fusion-modal.v\u00eddeotestigodecargo\" href=\"#\"><span style=\"color: #ff9900;\">[+] Pulsa aqu\u00ed para ver V\u00cdDEO<\/span><\/a><div class=\"fusion-sep-clear\"><\/div><div class=\"fusion-separator fusion-full-width-sep\" style=\"margin-left: auto;margin-right: auto;margin-top:0px;margin-bottom:0px;width:100%;\"><div class=\"fusion-separator-border sep-single sep-solid\" style=\"--awb-height:20px;--awb-amount:20px;border-color:#e0dede;border-top-width:1px;\"><\/div><\/div><div class=\"fusion-sep-clear\"><\/div><div class=\"fusion-clearfix\"><\/div><\/div><\/div><div class=\"fusion-layout-column fusion_builder_column fusion-builder-column-3 fusion_builder_column_1_3 1_3 fusion-one-third\" style=\"--awb-overflow:hidden;--awb-bg-size:cover;--awb-border-color:#03a9f4;--awb-border-top:0;--awb-border-right:0;--awb-border-bottom:0;--awb-border-left:0;--awb-border-style:solid;--awb-border-radius:10px 10px 0px 0px;width:33.333333333333%;width:calc(33.333333333333% - ( ( 4% + 4% ) * 0.33333333333333 ) );margin-right: 4%;\"><div class=\"fusion-column-wrapper fusion-column-has-shadow fusion-flex-column-wrapper-legacy\"><div class=\"fusion-image-element in-legacy-container\" style=\"--awb-liftup-border-radius:0px;--awb-caption-title-font-family:var(--h2_typography-font-family);--awb-caption-title-font-weight:var(--h2_typography-font-weight);--awb-caption-title-font-style:var(--h2_typography-font-style);--awb-caption-title-size:var(--h2_typography-font-size);--awb-caption-title-transform:var(--h2_typography-text-transform);--awb-caption-title-line-height:var(--h2_typography-line-height);--awb-caption-title-letter-spacing:var(--h2_typography-letter-spacing);\"><div class=\"awb-image-frame awb-image-frame-2 imageframe-liftup\"><span class=\" fusion-imageframe imageframe-none imageframe-2\"><img decoding=\"async\" width=\"395\" height=\"240\" title=\"La Visitante\" src=\"https:\/\/www.acebucheteatro.com\/portal\/wp-content\/uploads\/2023\/08\/La-Visitante-e1691259565334.jpg\" alt class=\"img-responsive wp-image-15006\" srcset=\"https:\/\/www.acebucheteatro.com\/portal\/wp-content\/uploads\/2023\/08\/La-Visitante-e1691259565334-200x122.jpg 200w, https:\/\/www.acebucheteatro.com\/portal\/wp-content\/uploads\/2023\/08\/La-Visitante-e1691259565334.jpg 395w\" sizes=\"(max-width: 800px) 100vw, 395px\" \/><\/span><\/div><\/div><div class=\"fusion-sep-clear\"><\/div><div class=\"fusion-separator fusion-full-width-sep\" style=\"margin-left: auto;margin-right: auto;margin-top:5px;margin-bottom:10px;width:100%;\"><\/div><div class=\"fusion-sep-clear\"><\/div><div class=\"fusion-text fusion-text-5\"><p style=\"line-height: 7px;\">12 de agosto de 2023<\/p>\n<h2 style=\"line-height: 10px;\"><strong>La Visitante<\/strong><\/h2>\n<p style=\"line-height: 3px;\">Mam\u00e1ntula Producciones<\/p>\n<\/div><div class=\"fusion-modal modal fade modal-3 lavisitante\" tabindex=\"-1\" role=\"dialog\" aria-labelledby=\"modal-heading-3\" aria-hidden=\"true\" style=\"--awb-border-color:#ebebeb;--awb-background:#f6f6f6;\"><div class=\"modal-dialog modal-lg\" role=\"document\"><div class=\"modal-content fusion-modal-content\"><div class=\"modal-header\"><button class=\"close\" type=\"button\" data-dismiss=\"modal\" aria-hidden=\"true\" aria-label=\"Close\">&times;<\/button><h3 class=\"modal-title\" id=\"modal-heading-3\" data-dismiss=\"modal\" aria-hidden=\"true\">LA VISITANTE<\/h3><\/div><div class=\"modal-body fusion-clearfix\">\n<p style=\"line-height: 7px;\"><strong>GRUPO:<\/strong> Mam\u00e1ntula Producciones<\/p>\n<p style=\"line-height: 7px;\"><strong>Procedencia:<\/strong> Rivas Vaciamadrid (Madrid)<\/p>\n<p style=\"line-height: 7px;\"><strong>Obra:<\/strong> La Visitante<\/p>\n<p style=\"line-height: 7px;\"><strong>Autor:<\/strong> Hern\u00e1n Brave<\/p>\n<p style=\"line-height: 7px;\"><strong>G\u00e9nero:<\/strong> Comedia<\/p>\n<p style=\"line-height: 7px;\"><strong>Clasificada:<\/strong> Mayores de 14 a\u00f1os<\/p>\n<div class=\"fusion-section-separator section-separator triangle fusion-section-separator-2\" style=\"--awb-border-top:2px solid #03a9f4;--awb-spacer-height:2px;--awb-svg-margin-left:0;--awb-svg-margin-right:0;--awb-icon-color:#03a9f4;--awb-icon-top:-12px;\"><div class=\"fusion-section-separator-svg\"><div class=\"section-separator-icon icon fa-theater-masks fas\" aria-hidden=\"true\"><\/div><div class=\"divider-candy-arrow top\" style=\"bottom:2px;border-bottom-color: #f6f6f6;\"><\/div><div class=\"divider-candy top\" style=\"top:-22px;border-bottom:1px solid #03a9f4;border-left:1px solid #03a9f4;\"><\/div><\/div><div class=\"fusion-section-separator-spacer\"><div class=\"fusion-section-separator-spacer-height\"><\/div><\/div><\/div>\n<h2><strong><span style=\"color: #ff9900;\">SINOPSIS<\/span><\/strong><\/h2>\n<p>Miguel, un ex empresario, y Alex, t\u00e9cnica de biblioteca, son una pareja reci\u00e9n casada que por problemas econ\u00f3micos se ha visto obligada a mudarse a un diminuto piso en el centro de la ciudad. Su relaci\u00f3n no pasa por su mejor momento debido a la decisi\u00f3n repentina de Miguel de dejarlo todo para luchar por conseguir su sue\u00f1o y convertirse en un escritor best seller.<\/p>\n<p>Una noche algo interrumpe su ya mon\u00f3tona convivencia. Sole, una se\u00f1ora mayor que vive encerrada en la casa de arriba al cuidado de su padre enfermo, decide bajar a visitar a la pareja y hacerles una propuesta que cambiar\u00e1 sus vidas para siempre.<\/p>\n<\/div><\/div><\/div><\/div><a class=\"fusion-modal-text-link\" data-toggle=\"modal\" data-target=\".fusion-modal.lavisitante\" href=\"#\"><span style=\"color: #ff9900;\">[+] Pulsa aqu\u00ed para leer la SINOPSIS<\/span><\/a><div class=\"fusion-sep-clear\"><\/div><div class=\"fusion-separator fusion-full-width-sep\" style=\"margin-left: auto;margin-right: auto;margin-top:0px;margin-bottom:5px;width:100%;\"><\/div><div class=\"fusion-sep-clear\"><\/div><a class=\"fusion-modal-text-link\" href=\"#\"><a href=\"https:\/\/www.acebucheteatro.com\/portal\/wp-content\/uploads\/2023\/08\/Programa-LA-VISITANTE.pdf\" target=\"_blank\" rel=\"noopener noreferrer\"><span style=\"color: #ff9900;\">[+] Pulsa aqu\u00ed para ver el d\u00edptico de la obra<\/span><\/a><div class=\"fusion-sep-clear\"><\/div><div class=\"fusion-separator fusion-full-width-sep\" style=\"margin-left: auto;margin-right: auto;margin-top:0px;margin-bottom:5px;width:100%;\"><\/div><div class=\"fusion-sep-clear\"><\/div><div class=\"fusion-modal modal fade modal-4 v\u00eddeolavisitante\" tabindex=\"-1\" role=\"dialog\" aria-labelledby=\"modal-heading-4\" aria-hidden=\"true\" style=\"--awb-border-color:#ebebeb;--awb-background:#f6f6f6;\"><div class=\"modal-dialog modal-lg\" role=\"document\"><div class=\"modal-content fusion-modal-content\"><div class=\"modal-header\"><button class=\"close\" type=\"button\" data-dismiss=\"modal\" aria-hidden=\"true\" aria-label=\"Close\">&times;<\/button><h3 class=\"modal-title\" id=\"modal-heading-4\" data-dismiss=\"modal\" aria-hidden=\"true\">LA VISITANTE<\/h3><\/div><div class=\"modal-body fusion-clearfix\"><\/a><\/p>\n<div class=\"fusion-video fusion-youtube fusion-aligncenter\" style=\"--awb-max-width:600px;--awb-max-height:360px;--awb-width:100%;\"><div class=\"video-shortcode\"><div class=\"fluid-width-video-wrapper\" style=\"padding-top:60%;\" ><iframe title=\"YouTube video player 3\" src=\"https:\/\/www.youtube.com\/embed\/lTe7_to95U0?wmode=transparent&autoplay=0&amp;rel=0 \" width=\"600\" height=\"360\" allowfullscreen allow=\"autoplay; clipboard-write; encrypted-media; gyroscope; picture-in-picture;\"><\/iframe><\/div><\/div><\/div>\n<\/div><\/div><\/div><\/div><a class=\"fusion-modal-text-link\" data-toggle=\"modal\" data-target=\".fusion-modal.v\u00eddeolavisitante\" href=\"#\"><span style=\"color: #ff9900;\">[+] Pulsa aqu\u00ed para ver V\u00cdDEO<\/span><\/a><div class=\"fusion-sep-clear\"><\/div><div class=\"fusion-separator fusion-full-width-sep\" style=\"margin-left: auto;margin-right: auto;margin-top:0px;margin-bottom:0px;width:100%;\"><div class=\"fusion-separator-border sep-single sep-solid\" style=\"--awb-height:20px;--awb-amount:20px;border-color:#e0dede;border-top-width:1px;\"><\/div><\/div><div class=\"fusion-sep-clear\"><\/div><div class=\"fusion-clearfix\"><\/div><\/div><\/div><div class=\"fusion-layout-column fusion_builder_column fusion-builder-column-4 fusion_builder_column_1_3 1_3 fusion-one-third fusion-column-last\" style=\"--awb-overflow:hidden;--awb-bg-size:cover;--awb-border-color:#03a9f4;--awb-border-top:0;--awb-border-right:0;--awb-border-bottom:0;--awb-border-left:0;--awb-border-style:solid;--awb-border-radius:10px 10px 0px 0px;width:33.333333333333%;width:calc(33.333333333333% - ( ( 4% + 4% ) * 0.33333333333333 ) );\"><div class=\"fusion-column-wrapper fusion-column-has-shadow fusion-flex-column-wrapper-legacy\"><div class=\"fusion-image-element in-legacy-container\" style=\"--awb-liftup-border-radius:0px;--awb-caption-title-font-family:var(--h2_typography-font-family);--awb-caption-title-font-weight:var(--h2_typography-font-weight);--awb-caption-title-font-style:var(--h2_typography-font-style);--awb-caption-title-size:var(--h2_typography-font-size);--awb-caption-title-transform:var(--h2_typography-text-transform);--awb-caption-title-line-height:var(--h2_typography-line-height);--awb-caption-title-letter-spacing:var(--h2_typography-letter-spacing);\"><div class=\"awb-image-frame awb-image-frame-3 imageframe-liftup\"><span class=\" fusion-imageframe imageframe-none imageframe-3\"><img decoding=\"async\" width=\"395\" height=\"240\" title=\"Cuando no ves la Luz\" src=\"https:\/\/www.acebucheteatro.com\/portal\/wp-content\/uploads\/2023\/08\/Cuando-no-ves-la-Luz-e1691259966323.jpg\" alt class=\"img-responsive wp-image-15007\" srcset=\"https:\/\/www.acebucheteatro.com\/portal\/wp-content\/uploads\/2023\/08\/Cuando-no-ves-la-Luz-e1691259966323-200x122.jpg 200w, https:\/\/www.acebucheteatro.com\/portal\/wp-content\/uploads\/2023\/08\/Cuando-no-ves-la-Luz-e1691259966323.jpg 395w\" sizes=\"(max-width: 800px) 100vw, 395px\" \/><\/span><\/div><\/div><div class=\"fusion-sep-clear\"><\/div><div class=\"fusion-separator fusion-full-width-sep\" style=\"margin-left: auto;margin-right: auto;margin-top:5px;margin-bottom:10px;width:100%;\"><\/div><div class=\"fusion-sep-clear\"><\/div><div class=\"fusion-text fusion-text-6\"><p style=\"line-height: 7px;\">13 de agosto de 2023<\/p>\n<h2 style=\"line-height: 10px;\"><strong>Cuando no ves la luz<\/strong><\/h2>\n<p style=\"line-height: 3px;\">Twister Teatro<\/p>\n<\/div><div class=\"fusion-modal modal fade modal-5 cuandonoveslaluz\" tabindex=\"-1\" role=\"dialog\" aria-labelledby=\"modal-heading-5\" aria-hidden=\"true\" style=\"--awb-border-color:#ebebeb;--awb-background:#f6f6f6;\"><div class=\"modal-dialog modal-lg\" role=\"document\"><div class=\"modal-content fusion-modal-content\"><div class=\"modal-header\"><button class=\"close\" type=\"button\" data-dismiss=\"modal\" aria-hidden=\"true\" aria-label=\"Close\">&times;<\/button><h3 class=\"modal-title\" id=\"modal-heading-5\" data-dismiss=\"modal\" aria-hidden=\"true\">CUANDO NO VES LA LUZ<\/h3><\/div><div class=\"modal-body fusion-clearfix\">\n<p style=\"line-height: 7px;\"><strong>GRUPO:<\/strong> Twister Teatro<\/p>\n<p style=\"line-height: 7px;\"><strong>Procedencia:<\/strong> Rivas Vaciamadrid (Madrid)<\/p>\n<p style=\"line-height: 7px;\"><strong>Obra:<\/strong> Cuando no ves la luz<\/p>\n<p style=\"line-height: 7px;\"><strong>Autor:<\/strong> Hern\u00e1n Brave<\/p>\n<p style=\"line-height: 7px;\"><strong>G\u00e9nero:<\/strong> Drama<\/p>\n<p style=\"line-height: 7px;\"><strong>Clasificada:<\/strong> Mayores de 14 a\u00f1os<\/p>\n<div class=\"fusion-section-separator section-separator triangle fusion-section-separator-3\" style=\"--awb-border-top:2px solid #03a9f4;--awb-spacer-height:2px;--awb-svg-margin-left:0;--awb-svg-margin-right:0;--awb-icon-color:#03a9f4;--awb-icon-top:-12px;\"><div class=\"fusion-section-separator-svg\"><div class=\"section-separator-icon icon fa-theater-masks fas\" aria-hidden=\"true\"><\/div><div class=\"divider-candy-arrow top\" style=\"bottom:2px;border-bottom-color: #f6f6f6;\"><\/div><div class=\"divider-candy top\" style=\"top:-22px;border-bottom:1px solid #03a9f4;border-left:1px solid #03a9f4;\"><\/div><\/div><div class=\"fusion-section-separator-spacer\"><div class=\"fusion-section-separator-spacer-height\"><\/div><\/div><\/div>\n<h2><strong><span style=\"color: #ff9900;\">SINOPSIS<\/span><\/strong><\/h2>\n<p>Todo parece normal: unas mujeres entran, otras salen y otras saben que esta ser\u00e1 su casa hasta el final de sus d\u00edas. Hoy Julia, una de las presas m\u00e1s respetadas y problem\u00e1ticas del centro, va a recibir una noticia inesperada y que la causalidad har\u00e1 caer en manos de la \u00fanica persona que puede ayudarle a salir de este lugar.<\/p>\n<p>El trato es sencillo: Julia ser\u00e1 libre si est\u00e1 dispuesta a conceder un \u00fanico deseo a la se\u00f1orita de la Rouse, un deseo que no solo cambiar\u00e1 su vida, sino tambi\u00e9n la de Manuela, la Princesa y la Babas (compa\u00f1eras de celda) y las de dos funcionarias, la autoritaria do\u00f1a Matilde y la dulce Adela.<\/p>\n<\/div><\/div><\/div><\/div><a class=\"fusion-modal-text-link\" data-toggle=\"modal\" data-target=\".fusion-modal.cuandonoveslaluz\" href=\"#\"><span style=\"color: #ff9900;\">[+] Pulsa aqu\u00ed para leer la SINOPSIS<\/span><\/a><div class=\"fusion-sep-clear\"><\/div><div class=\"fusion-separator fusion-full-width-sep\" style=\"margin-left: auto;margin-right: auto;margin-top:0px;margin-bottom:5px;width:100%;\"><\/div><div class=\"fusion-sep-clear\"><\/div><a class=\"fusion-modal-text-link\" href=\"#\"><a href=\"https:\/\/www.acebucheteatro.com\/portal\/wp-content\/uploads\/2023\/08\/Programa-CUANDO-NO-VES-LA-LUZ.pdf\" target=\"_blank\" rel=\"noopener noreferrer\"><span style=\"color: #ff9900;\">[+] Pulsa aqu\u00ed para ver el d\u00edptico de la obra<\/span><\/a><div class=\"fusion-sep-clear\"><\/div><div class=\"fusion-separator fusion-full-width-sep\" style=\"margin-left: auto;margin-right: auto;margin-top:0px;margin-bottom:5px;width:100%;\"><\/div><div class=\"fusion-sep-clear\"><\/div><div class=\"fusion-modal modal fade modal-6 v\u00eddeocuandonoveslaluz\" tabindex=\"-1\" role=\"dialog\" aria-labelledby=\"modal-heading-6\" aria-hidden=\"true\" style=\"--awb-border-color:#ebebeb;--awb-background:#f6f6f6;\"><div class=\"modal-dialog modal-lg\" role=\"document\"><div class=\"modal-content fusion-modal-content\"><div class=\"modal-header\"><button class=\"close\" type=\"button\" data-dismiss=\"modal\" aria-hidden=\"true\" aria-label=\"Close\">&times;<\/button><h3 class=\"modal-title\" id=\"modal-heading-6\" data-dismiss=\"modal\" aria-hidden=\"true\">CUANDO NO VES LA LUZ<\/h3><\/div><div class=\"modal-body fusion-clearfix\"><\/a><\/p>\n<div class=\"fusion-video fusion-youtube fusion-aligncenter\" style=\"--awb-max-width:600px;--awb-max-height:360px;--awb-width:100%;\"><div class=\"video-shortcode\"><div class=\"fluid-width-video-wrapper\" style=\"padding-top:60%;\" ><iframe title=\"YouTube video player 4\" src=\"https:\/\/www.youtube.com\/embed\/-3Q2Gj2bKxc?wmode=transparent&autoplay=0&amp;rel=0 \" width=\"600\" height=\"360\" allowfullscreen allow=\"autoplay; clipboard-write; encrypted-media; gyroscope; picture-in-picture;\"><\/iframe><\/div><\/div><\/div>\n<\/div><\/div><\/div><\/div><a class=\"fusion-modal-text-link\" data-toggle=\"modal\" data-target=\".fusion-modal.v\u00eddeocuandonoveslaluz\" href=\"#\"><span style=\"color: #ff9900;\">[+] Pulsa aqu\u00ed para ver V\u00cdDEO<\/span><\/a><div class=\"fusion-sep-clear\"><\/div><div class=\"fusion-separator fusion-full-width-sep\" style=\"margin-left: auto;margin-right: auto;margin-top:0px;margin-bottom:0px;width:100%;\"><div class=\"fusion-separator-border sep-single sep-solid\" style=\"--awb-height:20px;--awb-amount:20px;border-color:#e0dede;border-top-width:1px;\"><\/div><\/div><div class=\"fusion-sep-clear\"><\/div><div class=\"fusion-clearfix\"><\/div><\/div><\/div><div class=\"fusion-layout-column fusion_builder_column fusion-builder-column-5 fusion_builder_column_1_3 1_3 fusion-one-third fusion-column-first\" style=\"--awb-overflow:hidden;--awb-bg-size:cover;--awb-border-color:#03a9f4;--awb-border-top:0;--awb-border-right:0;--awb-border-bottom:0;--awb-border-left:0;--awb-border-style:solid;--awb-border-radius:10px 10px 0px 0px;width:33.333333333333%;width:calc(33.333333333333% - ( ( 4% + 4% ) * 0.33333333333333 ) );margin-right: 4%;\"><div class=\"fusion-column-wrapper fusion-column-has-shadow fusion-flex-column-wrapper-legacy\"><div class=\"fusion-image-element in-legacy-container\" style=\"--awb-liftup-border-radius:0px;--awb-caption-title-font-family:var(--h2_typography-font-family);--awb-caption-title-font-weight:var(--h2_typography-font-weight);--awb-caption-title-font-style:var(--h2_typography-font-style);--awb-caption-title-size:var(--h2_typography-font-size);--awb-caption-title-transform:var(--h2_typography-text-transform);--awb-caption-title-line-height:var(--h2_typography-line-height);--awb-caption-title-letter-spacing:var(--h2_typography-letter-spacing);\"><div class=\"awb-image-frame awb-image-frame-4 imageframe-liftup\"><span class=\" fusion-imageframe imageframe-none imageframe-4\"><img decoding=\"async\" width=\"395\" height=\"240\" title=\"Atraco a las tres\" src=\"https:\/\/www.acebucheteatro.com\/portal\/wp-content\/uploads\/2023\/08\/Atraco-a-las-tres-scaled-e1691260134746.jpg\" alt class=\"img-responsive wp-image-15008\" srcset=\"https:\/\/www.acebucheteatro.com\/portal\/wp-content\/uploads\/2023\/08\/Atraco-a-las-tres-scaled-e1691260134746-200x122.jpg 200w, https:\/\/www.acebucheteatro.com\/portal\/wp-content\/uploads\/2023\/08\/Atraco-a-las-tres-scaled-e1691260134746.jpg 395w\" sizes=\"(max-width: 800px) 100vw, 395px\" \/><\/span><\/div><\/div><div class=\"fusion-sep-clear\"><\/div><div class=\"fusion-separator fusion-full-width-sep\" style=\"margin-left: auto;margin-right: auto;margin-top:5px;margin-bottom:10px;width:100%;\"><\/div><div class=\"fusion-sep-clear\"><\/div><div class=\"fusion-text fusion-text-7\"><p style=\"line-height: 7px;\">18 de agosto de 2023<\/p>\n<h2 style=\"line-height: 10px;\"><strong>Atraco a las Tres<\/strong><\/h2>\n<p style=\"line-height: 3px;\">Todo sobre Eva<\/p>\n<\/div><div class=\"fusion-modal modal fade modal-7 atracoalastres\" tabindex=\"-1\" role=\"dialog\" aria-labelledby=\"modal-heading-7\" aria-hidden=\"true\" style=\"--awb-border-color:#ebebeb;--awb-background:#f6f6f6;\"><div class=\"modal-dialog modal-lg\" role=\"document\"><div class=\"modal-content fusion-modal-content\"><div class=\"modal-header\"><button class=\"close\" type=\"button\" data-dismiss=\"modal\" aria-hidden=\"true\" aria-label=\"Close\">&times;<\/button><h3 class=\"modal-title\" id=\"modal-heading-7\" data-dismiss=\"modal\" aria-hidden=\"true\">ATRACO A LAS TRES<\/h3><\/div><div class=\"modal-body fusion-clearfix\">\n<p style=\"line-height: 7px;\"><strong>GRUPO:<\/strong> Todo sobre Eva<\/p>\n<p style=\"line-height: 7px;\"><strong>Procedencia:<\/strong> Elche (Alicante)<\/p>\n<p style=\"line-height: 7px;\"><strong>Obra:<\/strong> Atraco a las Tres<\/p>\n<p style=\"line-height: 7px;\"><strong>Autor:<\/strong> Vicent Bonmat\u00ed<\/p>\n<p style=\"line-height: 7px;\"><strong>G\u00e9nero:<\/strong> Comedia<\/p>\n<p style=\"line-height: 7px;\"><strong>Clasificada:<\/strong> Mayores de 14 a\u00f1os<\/p>\n<div class=\"fusion-section-separator section-separator triangle fusion-section-separator-4\" style=\"--awb-border-top:2px solid #03a9f4;--awb-spacer-height:2px;--awb-svg-margin-left:0;--awb-svg-margin-right:0;--awb-icon-color:#03a9f4;--awb-icon-top:-12px;\"><div class=\"fusion-section-separator-svg\"><div class=\"section-separator-icon icon fa-theater-masks fas\" aria-hidden=\"true\"><\/div><div class=\"divider-candy-arrow top\" style=\"bottom:2px;border-bottom-color: #f6f6f6;\"><\/div><div class=\"divider-candy top\" style=\"top:-22px;border-bottom:1px solid #03a9f4;border-left:1px solid #03a9f4;\"><\/div><\/div><div class=\"fusion-section-separator-spacer\"><div class=\"fusion-section-separator-spacer-height\"><\/div><\/div><\/div>\n<h2><strong><span style=\"color: #ff9900;\">SINOPSIS<\/span><\/strong><\/h2>\n<p>La obra se desarrolla en una oficina bancaria espa\u00f1ola de los a\u00f1os sesenta. Tras el injusto despido de su director, seis empleados, liderados por el implacable Galindo, deciden escenificar un falso atraco para desvalijar la sucursal y as\u00ed resarcirse de sus sueldos miserables y malas condiciones laborales.<\/p>\n<p>Planear\u00e1n minuciosamente su golpe, inspirados por las pel\u00edculas del cine negro de la \u00e9poca, pero no todo saldr\u00e1 seg\u00fan lo previsto. Al fin y al cabo, en palabras de Galindo: \u201cAficionados, son todos unos aficionados\u201d.<\/p>\n<\/div><\/div><\/div><\/div><a class=\"fusion-modal-text-link\" data-toggle=\"modal\" data-target=\".fusion-modal.atracoalastres\" href=\"#\"><span style=\"color: #ff9900;\">[+] Pulsa aqu\u00ed para leer la SINOPSIS<\/span><\/a><div class=\"fusion-sep-clear\"><\/div><div class=\"fusion-separator fusion-full-width-sep\" style=\"margin-left: auto;margin-right: auto;margin-top:0px;margin-bottom:5px;width:100%;\"><\/div><div class=\"fusion-sep-clear\"><\/div><a class=\"fusion-modal-text-link\" href=\"#\"><a href=\"https:\/\/www.acebucheteatro.com\/portal\/wp-content\/uploads\/2023\/08\/Programa-ATRACO-A-LAS-3.pdf\" target=\"_blank\" rel=\"noopener noreferrer\"><span style=\"color: #ff9900;\">[+] Pulsa aqu\u00ed para ver el d\u00edptico de la obra<\/span><\/a><div class=\"fusion-sep-clear\"><\/div><div class=\"fusion-separator fusion-full-width-sep\" style=\"margin-left: auto;margin-right: auto;margin-top:0px;margin-bottom:5px;width:100%;\"><\/div><div class=\"fusion-sep-clear\"><\/div><div class=\"fusion-modal modal fade modal-8 v\u00eddeoatracoalastres\" tabindex=\"-1\" role=\"dialog\" aria-labelledby=\"modal-heading-8\" aria-hidden=\"true\" style=\"--awb-border-color:#ebebeb;--awb-background:#f6f6f6;\"><div class=\"modal-dialog modal-lg\" role=\"document\"><div class=\"modal-content fusion-modal-content\"><div class=\"modal-header\"><button class=\"close\" type=\"button\" data-dismiss=\"modal\" aria-hidden=\"true\" aria-label=\"Close\">&times;<\/button><h3 class=\"modal-title\" id=\"modal-heading-8\" data-dismiss=\"modal\" aria-hidden=\"true\">ATRACO A LAS TRES<\/h3><\/div><div class=\"modal-body fusion-clearfix\"><\/a><\/p>\n<div class=\"fusion-video fusion-youtube fusion-aligncenter\" style=\"--awb-max-width:600px;--awb-max-height:360px;--awb-width:100%;\"><div class=\"video-shortcode\"><div class=\"fluid-width-video-wrapper\" style=\"padding-top:60%;\" ><iframe title=\"YouTube video player 5\" src=\"https:\/\/www.youtube.com\/embed\/Eo9qCif9kSQ?wmode=transparent&autoplay=0&amp;rel=0 \" width=\"600\" height=\"360\" allowfullscreen allow=\"autoplay; clipboard-write; encrypted-media; gyroscope; picture-in-picture;\"><\/iframe><\/div><\/div><\/div>\n<\/div><\/div><\/div><\/div><a class=\"fusion-modal-text-link\" data-toggle=\"modal\" data-target=\".fusion-modal.v\u00eddeoatracoalastres\" href=\"#\"><span style=\"color: #ff9900;\">[+] Pulsa aqu\u00ed para ver V\u00cdDEO<\/span><\/a><div class=\"fusion-sep-clear\"><\/div><div class=\"fusion-separator fusion-full-width-sep\" style=\"margin-left: auto;margin-right: auto;margin-top:0px;margin-bottom:0px;width:100%;\"><div class=\"fusion-separator-border sep-single sep-solid\" style=\"--awb-height:20px;--awb-amount:20px;border-color:#e0dede;border-top-width:1px;\"><\/div><\/div><div class=\"fusion-sep-clear\"><\/div><div class=\"fusion-clearfix\"><\/div><\/div><\/div><div class=\"fusion-layout-column fusion_builder_column fusion-builder-column-6 fusion_builder_column_1_3 1_3 fusion-one-third\" style=\"--awb-overflow:hidden;--awb-bg-size:cover;--awb-border-color:#03a9f4;--awb-border-top:0;--awb-border-right:0;--awb-border-bottom:0;--awb-border-left:0;--awb-border-style:solid;--awb-border-radius:10px 10px 0px 0px;width:33.333333333333%;width:calc(33.333333333333% - ( ( 4% + 4% ) * 0.33333333333333 ) );margin-right: 4%;\"><div class=\"fusion-column-wrapper fusion-column-has-shadow fusion-flex-column-wrapper-legacy\"><div class=\"fusion-image-element in-legacy-container\" style=\"--awb-liftup-border-radius:0px;--awb-caption-title-font-family:var(--h2_typography-font-family);--awb-caption-title-font-weight:var(--h2_typography-font-weight);--awb-caption-title-font-style:var(--h2_typography-font-style);--awb-caption-title-size:var(--h2_typography-font-size);--awb-caption-title-transform:var(--h2_typography-text-transform);--awb-caption-title-line-height:var(--h2_typography-line-height);--awb-caption-title-letter-spacing:var(--h2_typography-letter-spacing);\"><div class=\"awb-image-frame awb-image-frame-5 imageframe-liftup\"><span class=\" fusion-imageframe imageframe-none imageframe-5\"><img decoding=\"async\" width=\"394\" height=\"240\" title=\"Volpone\" src=\"https:\/\/www.acebucheteatro.com\/portal\/wp-content\/uploads\/2023\/08\/Volpone-scaled-e1691260247741.jpg\" alt class=\"img-responsive wp-image-15009\" srcset=\"https:\/\/www.acebucheteatro.com\/portal\/wp-content\/uploads\/2023\/08\/Volpone-scaled-e1691260247741-200x122.jpg 200w, https:\/\/www.acebucheteatro.com\/portal\/wp-content\/uploads\/2023\/08\/Volpone-scaled-e1691260247741.jpg 394w\" sizes=\"(max-width: 800px) 100vw, 394px\" \/><\/span><\/div><\/div><div class=\"fusion-sep-clear\"><\/div><div class=\"fusion-separator fusion-full-width-sep\" style=\"margin-left: auto;margin-right: auto;margin-top:5px;margin-bottom:10px;width:100%;\"><\/div><div class=\"fusion-sep-clear\"><\/div><div class=\"fusion-text fusion-text-8\"><p style=\"line-height: 7px;\">19 de agosto de 2023<\/p>\n<h2 style=\"line-height: 10px;\"><strong>Volpone<\/strong><\/h2>\n<p style=\"line-height: 3px;\">Teatro en Obras<\/p>\n<\/div><div class=\"fusion-modal modal fade modal-9 volpone\" tabindex=\"-1\" role=\"dialog\" aria-labelledby=\"modal-heading-9\" aria-hidden=\"true\" style=\"--awb-border-color:#ebebeb;--awb-background:#f6f6f6;\"><div class=\"modal-dialog modal-lg\" role=\"document\"><div class=\"modal-content fusion-modal-content\"><div class=\"modal-header\"><button class=\"close\" type=\"button\" data-dismiss=\"modal\" aria-hidden=\"true\" aria-label=\"Close\">&times;<\/button><h3 class=\"modal-title\" id=\"modal-heading-9\" data-dismiss=\"modal\" aria-hidden=\"true\">VOLPONE<\/h3><\/div><div class=\"modal-body fusion-clearfix\">\n<p style=\"line-height: 7px;\"><strong>GRUPO:<\/strong> Teatro en Obras<\/p>\n<p style=\"line-height: 7px;\"><strong>Procedencia:<\/strong> La Robla (Le\u00f3n)<\/p>\n<p style=\"line-height: 7px;\"><strong>Obra:<\/strong> Volpone<\/p>\n<p style=\"line-height: 7px;\"><strong>Autor:<\/strong> Ben Jonson<\/p>\n<p style=\"line-height: 7px;\"><strong>G\u00e9nero:<\/strong> Comedia<\/p>\n<p style=\"line-height: 7px;\"><strong>Clasificada:<\/strong> Mayores de 14 a\u00f1os<\/p>\n<div class=\"fusion-section-separator section-separator triangle fusion-section-separator-5\" style=\"--awb-border-top:2px solid #03a9f4;--awb-spacer-height:2px;--awb-svg-margin-left:0;--awb-svg-margin-right:0;--awb-icon-color:#03a9f4;--awb-icon-top:-12px;\"><div class=\"fusion-section-separator-svg\"><div class=\"section-separator-icon icon fa-theater-masks fas\" aria-hidden=\"true\"><\/div><div class=\"divider-candy-arrow top\" style=\"bottom:2px;border-bottom-color: #f6f6f6;\"><\/div><div class=\"divider-candy top\" style=\"top:-22px;border-bottom:1px solid #03a9f4;border-left:1px solid #03a9f4;\"><\/div><\/div><div class=\"fusion-section-separator-spacer\"><div class=\"fusion-section-separator-spacer-height\"><\/div><\/div><\/div>\n<h2><strong><span style=\"color: #ff9900;\">SINOPSIS<\/span><\/strong><\/h2>\n<p>Volpone, un noble veneciano, sin herederos finge estar en su lecho de muerte despu\u00e9s de una larga enfermedad con el fin de enga\u00f1ar a sus vecinos, que, mediante favores y obsequios, tratar\u00e1n de hacerse un hueco en su testamento y heredar su fortuna.<\/p>\n<p>El ritmo de la obra atrapa al espectador que no dejar\u00e1 de sorprenderse con sus giros. Avaricia, enga\u00f1os, traiciones, secretos y justicia bailan en esta comedia que no dejar\u00e1 a nadie indiferente.<\/p>\n<\/div><\/div><\/div><\/div><a class=\"fusion-modal-text-link\" data-toggle=\"modal\" data-target=\".fusion-modal.volpone\" href=\"#\"><span style=\"color: #ff9900;\">[+] Pulsa aqu\u00ed para leer la SINOPSIS<\/span><\/a><div class=\"fusion-sep-clear\"><\/div><div class=\"fusion-separator fusion-full-width-sep\" style=\"margin-left: auto;margin-right: auto;margin-top:0px;margin-bottom:5px;width:100%;\"><\/div><div class=\"fusion-sep-clear\"><\/div><a class=\"fusion-modal-text-link\" href=\"#\"><a href=\"https:\/\/www.acebucheteatro.com\/portal\/wp-content\/uploads\/2023\/08\/Programa-VOLPONE.pdf\" target=\"_blank\" rel=\"noopener noreferrer\"><span style=\"color: #ff9900;\">[+] Pulsa aqu\u00ed para ver el d\u00edptico de la obra<\/span><\/a><div class=\"fusion-sep-clear\"><\/div><div class=\"fusion-separator fusion-full-width-sep\" style=\"margin-left: auto;margin-right: auto;margin-top:0px;margin-bottom:5px;width:100%;\"><\/div><div class=\"fusion-sep-clear\"><\/div><div class=\"fusion-modal modal fade modal-10 v\u00eddeovolpone\" tabindex=\"-1\" role=\"dialog\" aria-labelledby=\"modal-heading-10\" aria-hidden=\"true\" style=\"--awb-border-color:#ebebeb;--awb-background:#f6f6f6;\"><div class=\"modal-dialog modal-lg\" role=\"document\"><div class=\"modal-content fusion-modal-content\"><div class=\"modal-header\"><button class=\"close\" type=\"button\" data-dismiss=\"modal\" aria-hidden=\"true\" aria-label=\"Close\">&times;<\/button><h3 class=\"modal-title\" id=\"modal-heading-10\" data-dismiss=\"modal\" aria-hidden=\"true\">VOLPONE<\/h3><\/div><div class=\"modal-body fusion-clearfix\"><\/a><\/p>\n<div class=\"fusion-video fusion-youtube fusion-aligncenter\" style=\"--awb-max-width:600px;--awb-max-height:360px;--awb-width:100%;\"><div class=\"video-shortcode\"><div class=\"fluid-width-video-wrapper\" style=\"padding-top:60%;\" ><iframe title=\"YouTube video player 6\" src=\"https:\/\/www.youtube.com\/embed\/E-M3tky4oi0?wmode=transparent&autoplay=0&amp;rel=0 \" width=\"600\" height=\"360\" allowfullscreen allow=\"autoplay; clipboard-write; encrypted-media; gyroscope; picture-in-picture;\"><\/iframe><\/div><\/div><\/div>\n<\/div><\/div><\/div><\/div><a class=\"fusion-modal-text-link\" data-toggle=\"modal\" data-target=\".fusion-modal.v\u00eddeovolpone\" href=\"#\"><span style=\"color: #ff9900;\">[+] Pulsa aqu\u00ed para ver V\u00cdDEO<\/span><\/a><div class=\"fusion-sep-clear\"><\/div><div class=\"fusion-separator fusion-full-width-sep\" style=\"margin-left: auto;margin-right: auto;margin-top:0px;margin-bottom:0px;width:100%;\"><div class=\"fusion-separator-border sep-single sep-solid\" style=\"--awb-height:20px;--awb-amount:20px;border-color:#e0dede;border-top-width:1px;\"><\/div><\/div><div class=\"fusion-sep-clear\"><\/div><div class=\"fusion-clearfix\"><\/div><\/div><\/div><div class=\"fusion-layout-column fusion_builder_column fusion-builder-column-7 fusion_builder_column_1_3 1_3 fusion-one-third fusion-column-last\" style=\"--awb-overflow:hidden;--awb-bg-size:cover;--awb-border-color:#03a9f4;--awb-border-top:0;--awb-border-right:0;--awb-border-bottom:0;--awb-border-left:0;--awb-border-style:solid;--awb-border-radius:10px 10px 0px 0px;width:33.333333333333%;width:calc(33.333333333333% - ( ( 4% + 4% ) * 0.33333333333333 ) );\"><div class=\"fusion-column-wrapper fusion-column-has-shadow fusion-flex-column-wrapper-legacy\"><div class=\"fusion-image-element in-legacy-container\" style=\"--awb-liftup-border-radius:0px;--awb-caption-title-font-family:var(--h2_typography-font-family);--awb-caption-title-font-weight:var(--h2_typography-font-weight);--awb-caption-title-font-style:var(--h2_typography-font-style);--awb-caption-title-size:var(--h2_typography-font-size);--awb-caption-title-transform:var(--h2_typography-text-transform);--awb-caption-title-line-height:var(--h2_typography-line-height);--awb-caption-title-letter-spacing:var(--h2_typography-letter-spacing);\"><div class=\"awb-image-frame awb-image-frame-6 imageframe-liftup\"><span class=\" fusion-imageframe imageframe-none imageframe-6\"><img decoding=\"async\" width=\"395\" height=\"240\" title=\"Madrid 19-67\" src=\"https:\/\/www.acebucheteatro.com\/portal\/wp-content\/uploads\/2023\/08\/Madrid-19-67-e1691260354806.jpg\" alt class=\"img-responsive wp-image-15010\" srcset=\"https:\/\/www.acebucheteatro.com\/portal\/wp-content\/uploads\/2023\/08\/Madrid-19-67-e1691260354806-200x122.jpg 200w, https:\/\/www.acebucheteatro.com\/portal\/wp-content\/uploads\/2023\/08\/Madrid-19-67-e1691260354806.jpg 395w\" sizes=\"(max-width: 800px) 100vw, 395px\" \/><\/span><\/div><\/div><div class=\"fusion-sep-clear\"><\/div><div class=\"fusion-separator fusion-full-width-sep\" style=\"margin-left: auto;margin-right: auto;margin-top:5px;margin-bottom:10px;width:100%;\"><\/div><div class=\"fusion-sep-clear\"><\/div><div class=\"fusion-text fusion-text-9\"><p style=\"line-height: 7px;\">20 de agosto de 2023<\/p>\n<h2 style=\"line-height: 10px;\"><strong>Madrid 19-67<\/strong><\/h2>\n<p style=\"line-height: 3px;\">Paraskenia Teatro<\/p>\n<\/div><div class=\"fusion-modal modal fade modal-11 madrid19-67\" tabindex=\"-1\" role=\"dialog\" aria-labelledby=\"modal-heading-11\" aria-hidden=\"true\" style=\"--awb-border-color:#ebebeb;--awb-background:#f6f6f6;\"><div class=\"modal-dialog modal-lg\" role=\"document\"><div class=\"modal-content fusion-modal-content\"><div class=\"modal-header\"><button class=\"close\" type=\"button\" data-dismiss=\"modal\" aria-hidden=\"true\" aria-label=\"Close\">&times;<\/button><h3 class=\"modal-title\" id=\"modal-heading-11\" data-dismiss=\"modal\" aria-hidden=\"true\">MADRID 19-67<\/h3><\/div><div class=\"modal-body fusion-clearfix\">\n<p style=\"line-height: 7px;\"><strong>GRUPO:<\/strong> Paraskenia Teatro<\/p>\n<p style=\"line-height: 7px;\"><strong>Procedencia:<\/strong> Talavera de la Reina (Toledo)<\/p>\n<p style=\"line-height: 7px;\"><strong>Obra:<\/strong> Madrid 19-67<\/p>\n<p style=\"line-height: 7px;\"><strong>Autor:<\/strong> Roberto Jifer<\/p>\n<p style=\"line-height: 7px;\"><strong>G\u00e9nero:<\/strong> Drama<\/p>\n<p style=\"line-height: 7px;\"><strong>Clasificada:<\/strong> Mayores de 14 a\u00f1os<\/p>\n<div class=\"fusion-section-separator section-separator triangle fusion-section-separator-6\" style=\"--awb-border-top:2px solid #03a9f4;--awb-spacer-height:2px;--awb-svg-margin-left:0;--awb-svg-margin-right:0;--awb-icon-color:#03a9f4;--awb-icon-top:-12px;\"><div class=\"fusion-section-separator-svg\"><div class=\"section-separator-icon icon fa-theater-masks fas\" aria-hidden=\"true\"><\/div><div class=\"divider-candy-arrow top\" style=\"bottom:2px;border-bottom-color: #f6f6f6;\"><\/div><div class=\"divider-candy top\" style=\"top:-22px;border-bottom:1px solid #03a9f4;border-left:1px solid #03a9f4;\"><\/div><\/div><div class=\"fusion-section-separator-spacer\"><div class=\"fusion-section-separator-spacer-height\"><\/div><\/div><\/div>\n<h2><strong><span style=\"color: #ff9900;\">SINOPSIS<\/span><\/strong><\/h2>\n<p>Madrid es el escenario de la nueva obra escrita, dirigida e interpretada por Prado Amor y Roberto Jifer. Pero no solo es la ciudad donde transcurre la acci\u00f3n de la historia.<\/p>\n<p>Madrid 19-67 es el t\u00edtulo de unas memorias, unos recuerdos, una vida esperando a ser editada y le\u00edda por lectores curiosos. En estas l\u00edneas se cuela Carlos, nieto de la Ana, escritora de la novela, que vuelve para quedarse un largo tiempo (o no) con su a\u00f1orada abuela despu\u00e9s de estar un largo periodo trabajando en el extranjero.<\/p>\n<p>Este encuentro se ver\u00e1 truncado por los recuerdos del pasado y un presente y un futuro pendiente de ser escrito.<\/p>\n<\/div><\/div><\/div><\/div><a class=\"fusion-modal-text-link\" data-toggle=\"modal\" data-target=\".fusion-modal.madrid19-67\" href=\"#\"><span style=\"color: #ff9900;\">[+] Pulsa aqu\u00ed para leer la SINOPSIS<\/span><\/a><div class=\"fusion-sep-clear\"><\/div><div class=\"fusion-separator fusion-full-width-sep\" style=\"margin-left: auto;margin-right: auto;margin-top:0px;margin-bottom:5px;width:100%;\"><\/div><div class=\"fusion-sep-clear\"><\/div><a class=\"fusion-modal-text-link\" href=\"#\"><a href=\"https:\/\/www.acebucheteatro.com\/portal\/wp-content\/uploads\/2023\/08\/Programa-MADRID-19-67.pdf\" target=\"_blank\" rel=\"noopener noreferrer\"><span style=\"color: #ff9900;\">[+] Pulsa aqu\u00ed para ver el d\u00edptico de la obra<\/span><\/a><div class=\"fusion-sep-clear\"><\/div><div class=\"fusion-separator fusion-full-width-sep\" style=\"margin-left: auto;margin-right: auto;margin-top:0px;margin-bottom:5px;width:100%;\"><\/div><div class=\"fusion-sep-clear\"><\/div><div class=\"fusion-modal modal fade modal-12 v\u00eddeomadrid19-67\" tabindex=\"-1\" role=\"dialog\" aria-labelledby=\"modal-heading-12\" aria-hidden=\"true\" style=\"--awb-border-color:#ebebeb;--awb-background:#f6f6f6;\"><div class=\"modal-dialog modal-lg\" role=\"document\"><div class=\"modal-content fusion-modal-content\"><div class=\"modal-header\"><button class=\"close\" type=\"button\" data-dismiss=\"modal\" aria-hidden=\"true\" aria-label=\"Close\">&times;<\/button><h3 class=\"modal-title\" id=\"modal-heading-12\" data-dismiss=\"modal\" aria-hidden=\"true\">MADRID 19-67<\/h3><\/div><div class=\"modal-body fusion-clearfix\"><\/a><\/p>\n<div class=\"fusion-video fusion-youtube fusion-aligncenter\" style=\"--awb-max-width:600px;--awb-max-height:360px;--awb-width:100%;\"><div class=\"video-shortcode\"><div class=\"fluid-width-video-wrapper\" style=\"padding-top:60%;\" ><iframe title=\"YouTube video player 7\" src=\"https:\/\/www.youtube.com\/embed\/ruADlzW_lKI?wmode=transparent&autoplay=0&amp;rel=0 \" width=\"600\" height=\"360\" allowfullscreen allow=\"autoplay; clipboard-write; encrypted-media; gyroscope; picture-in-picture;\"><\/iframe><\/div><\/div><\/div>\n<\/div><\/div><\/div><\/div><a class=\"fusion-modal-text-link\" data-toggle=\"modal\" data-target=\".fusion-modal.v\u00eddeomadrid19-67\" href=\"#\"><span style=\"color: #ff9900;\">[+] Pulsa aqu\u00ed para ver V\u00cdDEO<\/span><\/a><div class=\"fusion-sep-clear\"><\/div><div class=\"fusion-separator fusion-full-width-sep\" style=\"margin-left: auto;margin-right: auto;margin-top:0px;margin-bottom:0px;width:100%;\"><div class=\"fusion-separator-border sep-single sep-solid\" style=\"--awb-height:20px;--awb-amount:20px;border-color:#e0dede;border-top-width:1px;\"><\/div><\/div><div class=\"fusion-sep-clear\"><\/div><div class=\"fusion-clearfix\"><\/div><\/div><\/div><div class=\"fusion-layout-column fusion_builder_column fusion-builder-column-8 fusion_builder_column_1_3 1_3 fusion-one-third fusion-column-first\" style=\"--awb-overflow:hidden;--awb-bg-size:cover;--awb-border-color:#03a9f4;--awb-border-top:0;--awb-border-right:0;--awb-border-bottom:0;--awb-border-left:0;--awb-border-style:solid;--awb-border-radius:10px 10px 0px 0px;width:33.333333333333%;width:calc(33.333333333333% - ( ( 4% ) * 0.33333333333333 ) );margin-right: 4%;\"><div class=\"fusion-column-wrapper fusion-column-has-shadow fusion-flex-column-wrapper-legacy\"><div class=\"fusion-image-element in-legacy-container\" style=\"--awb-liftup-border-radius:0px;--awb-caption-title-font-family:var(--h2_typography-font-family);--awb-caption-title-font-weight:var(--h2_typography-font-weight);--awb-caption-title-font-style:var(--h2_typography-font-style);--awb-caption-title-size:var(--h2_typography-font-size);--awb-caption-title-transform:var(--h2_typography-text-transform);--awb-caption-title-line-height:var(--h2_typography-line-height);--awb-caption-title-letter-spacing:var(--h2_typography-letter-spacing);\"><div class=\"awb-image-frame awb-image-frame-7 imageframe-liftup\"><span class=\" fusion-imageframe imageframe-none imageframe-7\"><img decoding=\"async\" width=\"394\" height=\"240\" title=\"Entre Mujeres\" src=\"https:\/\/www.acebucheteatro.com\/portal\/wp-content\/uploads\/2023\/08\/Entre-Mujeres-e1691262097569.jpg\" alt class=\"img-responsive wp-image-15016\" srcset=\"https:\/\/www.acebucheteatro.com\/portal\/wp-content\/uploads\/2023\/08\/Entre-Mujeres-e1691262097569-200x122.jpg 200w, https:\/\/www.acebucheteatro.com\/portal\/wp-content\/uploads\/2023\/08\/Entre-Mujeres-e1691262097569.jpg 394w\" sizes=\"(max-width: 800px) 100vw, 394px\" \/><\/span><\/div><\/div><div class=\"fusion-sep-clear\"><\/div><div class=\"fusion-separator fusion-full-width-sep\" style=\"margin-left: auto;margin-right: auto;margin-top:5px;margin-bottom:10px;width:100%;\"><\/div><div class=\"fusion-sep-clear\"><\/div><div class=\"fusion-text fusion-text-10\"><p style=\"line-height: 7px;\">26 de agosto de 2023<\/p>\n<h2 style=\"line-height: 10px;\"><strong>Entre Mujeres \/ Entrega de premios<\/strong><\/h2>\n<p style=\"line-height: 3px;\">Crea Escena Manzanares (fuera de certamen)<\/p>\n<\/div><div class=\"fusion-modal modal fade modal-13 entremujeres\" tabindex=\"-1\" role=\"dialog\" aria-labelledby=\"modal-heading-13\" aria-hidden=\"true\" style=\"--awb-border-color:#ebebeb;--awb-background:#f6f6f6;\"><div class=\"modal-dialog modal-lg\" role=\"document\"><div class=\"modal-content fusion-modal-content\"><div class=\"modal-header\"><button class=\"close\" type=\"button\" data-dismiss=\"modal\" aria-hidden=\"true\" aria-label=\"Close\">&times;<\/button><h3 class=\"modal-title\" id=\"modal-heading-13\" data-dismiss=\"modal\" aria-hidden=\"true\">ENTRE MUJERES<\/h3><\/div><div class=\"modal-body fusion-clearfix\">\n<p style=\"line-height: 7px;\"><strong>GRUPO:<\/strong> Crea Escena Manzanares<\/p>\n<p style=\"line-height: 7px;\"><strong>Procedencia:<\/strong> Manzanares (Ciudad Real)<\/p>\n<p style=\"line-height: 7px;\"><strong>Obra:<\/strong> Entre Mujeres<\/p>\n<p style=\"line-height: 7px;\"><strong>Autor:<\/strong> Santiago Moncada<\/p>\n<p style=\"line-height: 7px;\"><strong>G\u00e9nero:<\/strong> Comedia<\/p>\n<p style=\"line-height: 7px;\"><strong>Clasificada:<\/strong> Mayores de 14 a\u00f1os<\/p>\n<div class=\"fusion-section-separator section-separator triangle fusion-section-separator-7\" style=\"--awb-border-top:2px solid #03a9f4;--awb-spacer-height:2px;--awb-svg-margin-left:0;--awb-svg-margin-right:0;--awb-icon-color:#03a9f4;--awb-icon-top:-12px;\"><div class=\"fusion-section-separator-svg\"><div class=\"section-separator-icon icon fa-theater-masks fas\" aria-hidden=\"true\"><\/div><div class=\"divider-candy-arrow top\" style=\"bottom:2px;border-bottom-color: #f6f6f6;\"><\/div><div class=\"divider-candy top\" style=\"top:-22px;border-bottom:1px solid #03a9f4;border-left:1px solid #03a9f4;\"><\/div><\/div><div class=\"fusion-section-separator-spacer\"><div class=\"fusion-section-separator-spacer-height\"><\/div><\/div><\/div>\n<h2><strong><span style=\"color: #ff9900;\">SINOPSIS<\/span><\/strong><\/h2>\n<p>Tras 25 a\u00f1os de separaci\u00f3n, cinco mujeres, todas ellas antiguas alumnas de un colegio religioso, se reencuentran en casa de una de ellas, lo que les permitir\u00e1 relatar su trayectoria vital y evocar su estancia en la escuela, percibida de modo distinto por cada una de ellas.<\/p>\n<\/div><\/div><\/div><\/div><a class=\"fusion-modal-text-link\" data-toggle=\"modal\" data-target=\".fusion-modal.entremujeres\" href=\"#\"><span style=\"color: #ff9900;\">[+] Pulsa aqu\u00ed para leer la SINOPSIS<\/span><\/a><div class=\"fusion-sep-clear\"><\/div><div class=\"fusion-separator fusion-full-width-sep\" style=\"margin-left: auto;margin-right: auto;margin-top:0px;margin-bottom:5px;width:100%;\"><\/div><div class=\"fusion-sep-clear\"><\/div><a class=\"fusion-modal-text-link\" href=\"#\"><a href=\"https:\/\/www.acebucheteatro.com\/portal\/wp-content\/uploads\/2023\/08\/Programa-ENTRE-MUJERES.pdf\" target=\"_blank\" rel=\"noopener noreferrer\"><span style=\"color: #ff9900;\">[+] Pulsa aqu\u00ed para ver el d\u00edptico de la obra<\/span><\/a><div class=\"fusion-sep-clear\"><\/div><div class=\"fusion-separator fusion-full-width-sep\" style=\"margin-left: auto;margin-right: auto;margin-top:0px;margin-bottom:5px;width:100%;\"><\/div><div class=\"fusion-sep-clear\"><\/div><div class=\"fusion-modal modal fade modal-14 v\u00eddeoentremujeres\" tabindex=\"-1\" role=\"dialog\" aria-labelledby=\"modal-heading-14\" aria-hidden=\"true\" style=\"--awb-border-color:#ebebeb;--awb-background:#f6f6f6;\"><div class=\"modal-dialog modal-lg\" role=\"document\"><div class=\"modal-content fusion-modal-content\"><div class=\"modal-header\"><button class=\"close\" type=\"button\" data-dismiss=\"modal\" aria-hidden=\"true\" aria-label=\"Close\">&times;<\/button><h3 class=\"modal-title\" id=\"modal-heading-14\" data-dismiss=\"modal\" aria-hidden=\"true\">ENTRE MUJERES<\/h3><\/div><div class=\"modal-body fusion-clearfix\"><\/a><\/p>\n<div class=\"fusion-video fusion-youtube fusion-aligncenter\" style=\"--awb-max-width:600px;--awb-max-height:360px;--awb-width:100%;\"><div class=\"video-shortcode\"><div class=\"fluid-width-video-wrapper\" style=\"padding-top:60%;\" ><iframe title=\"YouTube video player 8\" src=\"https:\/\/www.youtube.com\/embed\/p_VzEKJ55Pg?wmode=transparent&autoplay=0&amp;rel=0 \" width=\"600\" height=\"360\" allowfullscreen allow=\"autoplay; clipboard-write; encrypted-media; gyroscope; picture-in-picture;\"><\/iframe><\/div><\/div><\/div>\n<\/div><\/div><\/div><\/div><a class=\"fusion-modal-text-link\" data-toggle=\"modal\" data-target=\".fusion-modal.v\u00eddeoentremujeres\" href=\"#\"><span style=\"color: #ff9900;\">[+] Pulsa aqu\u00ed para ver V\u00cdDEO<\/span><\/a><div class=\"fusion-sep-clear\"><\/div><div class=\"fusion-separator fusion-full-width-sep\" style=\"margin-left: auto;margin-right: auto;margin-top:0px;margin-bottom:0px;width:100%;\"><div class=\"fusion-separator-border sep-single sep-solid\" style=\"--awb-height:20px;--awb-amount:20px;border-color:#e0dede;border-top-width:1px;\"><\/div><\/div><div class=\"fusion-sep-clear\"><\/div><div class=\"fusion-clearfix\"><\/div><\/div><\/div><\/div><\/div><div class=\"fusion-fullwidth fullwidth-box fusion-builder-row-3 nonhundred-percent-fullwidth non-hundred-percent-height-scrolling\" style=\"--awb-border-radius-top-left:0px;--awb-border-radius-top-right:0px;--awb-border-radius-bottom-right:0px;--awb-border-radius-bottom-left:0px;--awb-flex-wrap:wrap;\" ><div class=\"fusion-builder-row fusion-row\"><div class=\"fusion-layout-column fusion_builder_column fusion-builder-column-9 fusion_builder_column_1_1 1_1 fusion-one-full fusion-column-first fusion-column-last\" style=\"--awb-bg-size:cover;\"><div class=\"fusion-column-wrapper fusion-flex-column-wrapper-legacy\"><div class=\"fusion-title title fusion-title-1 fusion-title-text fusion-title-size-two\" style=\"--awb-margin-top-small:0px;--awb-margin-right-small:0px;--awb-margin-bottom-small:20px;--awb-margin-left-small:0px;\"><h2 class=\"fusion-title-heading title-heading-left\" style=\"margin:0;\">Lea los POST relacionados con el XXXII CERTAMEN DE TEATRO DE ACEUCHAL<\/h2><span class=\"awb-title-spacer\"><\/span><div class=\"title-sep-container\"><div class=\"title-sep sep- sep-solid\" style=\"border-color:#e0dede;\"><\/div><\/div><\/div><div class=\"fusion-blog-shortcode fusion-blog-shortcode-1 fusion-blog-archive fusion-blog-layout-grid-wrapper fusion-blog-infinite\"><style type=\"text\/css\">.fusion-blog-shortcode-1 .fusion-blog-layout-grid .fusion-post-grid{padding:20px;}.fusion-blog-shortcode-1 .fusion-posts-container{margin-left: -20px !important; margin-right:-20px !important;}<\/style><div class=\"fusion-posts-container fusion-posts-container-infinite fusion-blog-rollover fusion-blog-layout-grid fusion-blog-layout-grid-3 isotope fusion-blog-equal-heights\" data-pages=\"2\" data-grid-col-space=\"40\" style=\"margin: -20px -20px 0;min-height:500px;\"><article id=\"blog-1-post-15094\" class=\"fusion-post-grid has-post-thumbnail post-15094 post type-post status-publish format-video hentry category-certamen-teatro-aceuchal tag-32-certamen tag-acebuche-teatro tag-aceuchal tag-certamen tag-certamen-de-teatro-de-aceuchal tag-crea-escena-manzanares tag-entre-mujeres tag-no-profesional tag-xxxii-certamen-de-teatro-de-aceuchal post_format-post-format-video\">\n<div class=\"fusion-post-wrapper\" style=\"background-color:rgba(255,255,255,0);border:1px solid #ebeaea;border-bottom-width:3px;\">\n\n\t\t\t<div class=\"fusion-flexslider flexslider fusion-flexslider-loading fusion-post-slideshow\" style=\"border-color:#ebeaea;\">\n\t\t<ul class=\"slides\">\n\t\t\t\t\t\t\t<li>\n\t\t\t\t\t<div class=\"full-video\"><iframe width=\"560\" height=\"315\" src=\"https:\/\/www.youtube.com\/embed\/p_VzEKJ55Pg?rel=0\" frameborder=\"0\" allow=\"accelerometer; autoplay; encrypted-media; gyroscope; picture-in-picture\" allowfullscreen><\/iframe><\/div>\n\t\t\t\t<\/li>\n\t\t\t\n\t\t\t\t\t\t\t\t\t\t\t\t\t\t<li><div  class=\"fusion-image-wrapper\" aria-haspopup=\"true\">\n\t\t\t\t<img decoding=\"async\" width=\"394\" height=\"240\" src=\"https:\/\/www.acebucheteatro.com\/portal\/wp-content\/uploads\/2023\/08\/Entre-Mujeres-e1691262097569.jpg\" class=\"attachment-full size-full wp-post-image\" alt=\"\" srcset=\"https:\/\/www.acebucheteatro.com\/portal\/wp-content\/uploads\/2023\/08\/Entre-Mujeres-e1691262097569-200x122.jpg 200w, https:\/\/www.acebucheteatro.com\/portal\/wp-content\/uploads\/2023\/08\/Entre-Mujeres-e1691262097569.jpg 394w\" sizes=\"(min-width: 2200px) 100vw, (min-width: 784px) 340px, (min-width: 712px) 510px, (min-width: 640px) 712px, \" \/><div class=\"fusion-rollover\">\n\t<div class=\"fusion-rollover-content\">\n\n\t\t\t\t\t\t\t\t\t\t\t\t\t\t<a class=\"fusion-rollover-link\" href=\"https:\/\/www.acebucheteatro.com\/portal\/26-de-agosto-2023-entre-mujeres-de-crea-escena-manzanares\/\">26 de agosto 2023: \u201cEntre mujeres\u201d, de Crea Escena Manzanares<\/a>\n\t\t\t\n\t\t\t\t\t\t\t\t\t\t\t\t\t\t\n\t\t\t\t\t\t\t\t\n\t\t\t\t\t\t\t\t\t\t\t\t\t<div class=\"fusion-rollover-sep\"><\/div>\n\t\t\t\t\n\t\t\t\t\t\t\t\t\t\t\t\t\t\t\t\t\t\t<a class=\"fusion-rollover-gallery\" href=\"https:\/\/www.acebucheteatro.com\/portal\/wp-content\/uploads\/2023\/08\/Entre-Mujeres-e1691262097569.jpg\" data-options=\"\" data-id=\"15094\" data-rel=\"iLightbox[gallery]\" data-title=\"Entre Mujeres\" data-caption=\"\">\n\t\t\t\t\t\tGaler\u00eda\t\t\t\t\t<\/a>\n\t\t\t\t\t\t\t\t\t\t\t\t\t\t\n\t\t\n\t\t\t\t\t\t\t\t\t\t\t\t<h4 class=\"fusion-rollover-title\">\n\t\t\t\t\t<a class=\"fusion-rollover-title-link\" href=\"https:\/\/www.acebucheteatro.com\/portal\/26-de-agosto-2023-entre-mujeres-de-crea-escena-manzanares\/\">\n\t\t\t\t\t\t26 de agosto 2023: \u201cEntre mujeres\u201d, de Crea Escena Manzanares\t\t\t\t\t<\/a>\n\t\t\t\t<\/h4>\n\t\t\t\n\t\t\t\t\t\t\t\t\t\t<div class=\"fusion-rollover-categories\"><a href=\"https:\/\/www.acebucheteatro.com\/portal\/category\/certamen-teatro-aceuchal\/\" rel=\"tag\">News - Certamen Nacional de Teatro de Aceuchal<\/a><\/div>\t\t\t\t\t\n\t\t\n\t\t\t\t\t\t<a class=\"fusion-link-wrapper\" href=\"https:\/\/www.acebucheteatro.com\/portal\/26-de-agosto-2023-entre-mujeres-de-crea-escena-manzanares\/\" aria-label=\"26 de agosto 2023: \u201cEntre mujeres\u201d, de Crea Escena Manzanares\"><\/a>\n\t<\/div>\n<\/div>\n<\/div>\n<\/li>\n\t\t\t\n\t\t\t\n\t\t\t\t\t\t\t\t\t\t\t\t\t\t\t\t\t\t\t\t\t\t\t\t\t\t\t\t\t\t\t\t\t\t\t\t\t\t\t\t\t\t\t\t\t\t\t\t\t\t\t\t\t\t\t\t\t\t\t\t\t\t\t\t\t\t\t\t<\/ul>\n\t<\/div>\n\t<div class=\"fusion-post-content-wrapper\" style=\"padding:30px 25px 20px 25px;\"><div class=\"fusion-post-content post-content\"><h2 class=\"blog-shortcode-post-title entry-title\"><a href=\"https:\/\/www.acebucheteatro.com\/portal\/26-de-agosto-2023-entre-mujeres-de-crea-escena-manzanares\/\">26 de agosto 2023: \u201cEntre mujeres\u201d, de Crea Escena Manzanares<\/a><\/h2><p class=\"fusion-single-line-meta\"><span class=\"vcard\" style=\"display: none;\"><span class=\"fn\"><a href=\"https:\/\/www.acebucheteatro.com\/portal\/author\/admin\/\" title=\"Entradas de Francisco Jos\u00e9 Rodr\u00edguez Velasco\" rel=\"author\">Francisco Jos\u00e9 Rodr\u00edguez Velasco<\/a><\/span><\/span><span class=\"updated\" style=\"display:none;\">2023-08-18T19:16:31+02:00<\/span><span>26 de agosto de 2023<\/span><span class=\"fusion-inline-sep\">|<\/span><\/p><div class=\"fusion-content-sep sep-double sep-solid\"><\/div><div class=\"fusion-post-content-container\"><p> Noche de clausura, de entrega de premios, de reencuentro entre grupos de teatro y<a href=\"https:\/\/www.acebucheteatro.com\/portal\/26-de-agosto-2023-entre-mujeres-de-crea-escena-manzanares\/\"> [...]<\/a><\/p><\/div><\/div><div class=\"fusion-meta-info\"><div class=\"fusion-alignleft\"><a class=\"fusion-read-more\" href=\"https:\/\/www.acebucheteatro.com\/portal\/26-de-agosto-2023-entre-mujeres-de-crea-escena-manzanares\/\" aria-label=\"More on 26 de agosto 2023: \u201cEntre mujeres\u201d, de Crea Escena Manzanares\">Leer M\u00e1s<\/a><\/div><\/div><\/div><div class=\"fusion-clearfix\"><\/div><\/div>\n<\/article>\n<article id=\"blog-1-post-15091\" class=\"fusion-post-grid has-post-thumbnail post-15091 post type-post status-publish format-video hentry category-certamen-teatro-aceuchal tag-32-certamen tag-acebuche-teatro tag-aceuchal tag-certamen tag-certamen-de-teatro-de-aceuchal tag-madrid-19-67 tag-no-profesional tag-paraskenia-teatro tag-xxxii-certamen-de-teatro-de-aceuchal post_format-post-format-video\">\n<div class=\"fusion-post-wrapper\" style=\"background-color:rgba(255,255,255,0);border:1px solid #ebeaea;border-bottom-width:3px;\">\n\n\t\t\t<div class=\"fusion-flexslider flexslider fusion-flexslider-loading fusion-post-slideshow\" style=\"border-color:#ebeaea;\">\n\t\t<ul class=\"slides\">\n\t\t\t\t\t\t\t<li>\n\t\t\t\t\t<div class=\"full-video\"><iframe width=\"560\" height=\"315\" src=\"https:\/\/www.youtube.com\/embed\/ruADlzW_lKI?rel=0\" frameborder=\"0\" allow=\"accelerometer; autoplay; encrypted-media; gyroscope; picture-in-picture\" allowfullscreen><\/iframe><\/div>\n\t\t\t\t<\/li>\n\t\t\t\n\t\t\t\t\t\t\t\t\t\t\t\t\t\t<li><div  class=\"fusion-image-wrapper\" aria-haspopup=\"true\">\n\t\t\t\t<img decoding=\"async\" width=\"395\" height=\"240\" src=\"https:\/\/www.acebucheteatro.com\/portal\/wp-content\/uploads\/2023\/08\/Madrid-19-67-e1691260354806.jpg\" class=\"attachment-full size-full wp-post-image\" alt=\"\" srcset=\"https:\/\/www.acebucheteatro.com\/portal\/wp-content\/uploads\/2023\/08\/Madrid-19-67-e1691260354806-200x122.jpg 200w, https:\/\/www.acebucheteatro.com\/portal\/wp-content\/uploads\/2023\/08\/Madrid-19-67-e1691260354806.jpg 395w\" sizes=\"(min-width: 2200px) 100vw, (min-width: 784px) 340px, (min-width: 712px) 510px, (min-width: 640px) 712px, \" \/><div class=\"fusion-rollover\">\n\t<div class=\"fusion-rollover-content\">\n\n\t\t\t\t\t\t\t\t\t\t\t\t\t\t<a class=\"fusion-rollover-link\" href=\"https:\/\/www.acebucheteatro.com\/portal\/20-de-agosto-2023-madrid-19-67-de-paraskenia-teatro\/\">20 de agosto 2023: \u201cMadrid 19-67\u201d, de Paraskenia Teatro<\/a>\n\t\t\t\n\t\t\t\t\t\t\t\t\t\t\t\t\t\t\n\t\t\t\t\t\t\t\t\n\t\t\t\t\t\t\t\t\t\t\t\t\t<div class=\"fusion-rollover-sep\"><\/div>\n\t\t\t\t\n\t\t\t\t\t\t\t\t\t\t\t\t\t\t\t\t\t\t<a class=\"fusion-rollover-gallery\" href=\"https:\/\/www.acebucheteatro.com\/portal\/wp-content\/uploads\/2023\/08\/Madrid-19-67-e1691260354806.jpg\" data-options=\"\" data-id=\"15091\" data-rel=\"iLightbox[gallery]\" data-title=\"Madrid 19-67\" data-caption=\"\">\n\t\t\t\t\t\tGaler\u00eda\t\t\t\t\t<\/a>\n\t\t\t\t\t\t\t\t\t\t\t\t\t\t\n\t\t\n\t\t\t\t\t\t\t\t\t\t\t\t<h4 class=\"fusion-rollover-title\">\n\t\t\t\t\t<a class=\"fusion-rollover-title-link\" href=\"https:\/\/www.acebucheteatro.com\/portal\/20-de-agosto-2023-madrid-19-67-de-paraskenia-teatro\/\">\n\t\t\t\t\t\t20 de agosto 2023: \u201cMadrid 19-67\u201d, de Paraskenia Teatro\t\t\t\t\t<\/a>\n\t\t\t\t<\/h4>\n\t\t\t\n\t\t\t\t\t\t\t\t\t\t<div class=\"fusion-rollover-categories\"><a href=\"https:\/\/www.acebucheteatro.com\/portal\/category\/certamen-teatro-aceuchal\/\" rel=\"tag\">News - Certamen Nacional de Teatro de Aceuchal<\/a><\/div>\t\t\t\t\t\n\t\t\n\t\t\t\t\t\t<a class=\"fusion-link-wrapper\" href=\"https:\/\/www.acebucheteatro.com\/portal\/20-de-agosto-2023-madrid-19-67-de-paraskenia-teatro\/\" aria-label=\"20 de agosto 2023: \u201cMadrid 19-67\u201d, de Paraskenia Teatro\"><\/a>\n\t<\/div>\n<\/div>\n<\/div>\n<\/li>\n\t\t\t\n\t\t\t\n\t\t\t\t\t\t\t\t\t\t\t\t\t\t\t\t\t\t\t\t\t\t\t\t\t\t\t\t\t\t\t\t\t\t\t\t\t\t\t\t\t\t\t\t\t\t\t\t\t\t\t\t\t\t\t\t\t\t\t\t\t\t\t\t\t\t\t\t<\/ul>\n\t<\/div>\n\t<div class=\"fusion-post-content-wrapper\" style=\"padding:30px 25px 20px 25px;\"><div class=\"fusion-post-content post-content\"><h2 class=\"blog-shortcode-post-title entry-title\"><a href=\"https:\/\/www.acebucheteatro.com\/portal\/20-de-agosto-2023-madrid-19-67-de-paraskenia-teatro\/\">20 de agosto 2023: \u201cMadrid 19-67\u201d, de Paraskenia Teatro<\/a><\/h2><p class=\"fusion-single-line-meta\"><span class=\"vcard\" style=\"display: none;\"><span class=\"fn\"><a href=\"https:\/\/www.acebucheteatro.com\/portal\/author\/admin\/\" title=\"Entradas de Francisco Jos\u00e9 Rodr\u00edguez Velasco\" rel=\"author\">Francisco Jos\u00e9 Rodr\u00edguez Velasco<\/a><\/span><\/span><span class=\"updated\" style=\"display:none;\">2023-08-18T19:10:57+02:00<\/span><span>20 de agosto de 2023<\/span><span class=\"fusion-inline-sep\">|<\/span><\/p><div class=\"fusion-content-sep sep-double sep-solid\"><\/div><div class=\"fusion-post-content-container\"><p> \u00daltimo d\u00eda de certamen antes de la Clausura. Hoy, 20 de agosto, nos visita<a href=\"https:\/\/www.acebucheteatro.com\/portal\/20-de-agosto-2023-madrid-19-67-de-paraskenia-teatro\/\"> [...]<\/a><\/p><\/div><\/div><div class=\"fusion-meta-info\"><div class=\"fusion-alignleft\"><a class=\"fusion-read-more\" href=\"https:\/\/www.acebucheteatro.com\/portal\/20-de-agosto-2023-madrid-19-67-de-paraskenia-teatro\/\" aria-label=\"More on 20 de agosto 2023: \u201cMadrid 19-67\u201d, de Paraskenia Teatro\">Leer M\u00e1s<\/a><\/div><\/div><\/div><div class=\"fusion-clearfix\"><\/div><\/div>\n<\/article>\n<article id=\"blog-1-post-15088\" class=\"fusion-post-grid has-post-thumbnail post-15088 post type-post status-publish format-video hentry category-certamen-teatro-aceuchal tag-32-certamen tag-acebuche-teatro tag-aceuchal tag-certamen tag-certamen-de-teatro-de-aceuchal tag-no-profesional tag-teatro-enobras tag-volpone tag-xxxii-certamen-de-teatro-de-aceuchal post_format-post-format-video\">\n<div class=\"fusion-post-wrapper\" style=\"background-color:rgba(255,255,255,0);border:1px solid #ebeaea;border-bottom-width:3px;\">\n\n\t\t\t<div class=\"fusion-flexslider flexslider fusion-flexslider-loading fusion-post-slideshow\" style=\"border-color:#ebeaea;\">\n\t\t<ul class=\"slides\">\n\t\t\t\t\t\t\t<li>\n\t\t\t\t\t<div class=\"full-video\"><iframe width=\"560\" height=\"315\" src=\"https:\/\/www.youtube.com\/embed\/E-M3tky4oi0?rel=0\" frameborder=\"0\" allow=\"accelerometer; autoplay; encrypted-media; gyroscope; picture-in-picture\" allowfullscreen><\/iframe><\/div>\n\t\t\t\t<\/li>\n\t\t\t\n\t\t\t\t\t\t\t\t\t\t\t\t\t\t<li><div  class=\"fusion-image-wrapper\" aria-haspopup=\"true\">\n\t\t\t\t<img decoding=\"async\" width=\"394\" height=\"240\" src=\"https:\/\/www.acebucheteatro.com\/portal\/wp-content\/uploads\/2023\/08\/Volpone-scaled-e1691260247741.jpg\" class=\"attachment-full size-full wp-post-image\" alt=\"\" srcset=\"https:\/\/www.acebucheteatro.com\/portal\/wp-content\/uploads\/2023\/08\/Volpone-scaled-e1691260247741-200x122.jpg 200w, https:\/\/www.acebucheteatro.com\/portal\/wp-content\/uploads\/2023\/08\/Volpone-scaled-e1691260247741.jpg 394w\" sizes=\"(min-width: 2200px) 100vw, (min-width: 784px) 340px, (min-width: 712px) 510px, (min-width: 640px) 712px, \" \/><div class=\"fusion-rollover\">\n\t<div class=\"fusion-rollover-content\">\n\n\t\t\t\t\t\t\t\t\t\t\t\t\t\t<a class=\"fusion-rollover-link\" href=\"https:\/\/www.acebucheteatro.com\/portal\/19-de-agosto-volpone-de-teatro-enobras\/\">19 de agosto 2023: \u201cVolpone\u201d, de Teatro EnObras<\/a>\n\t\t\t\n\t\t\t\t\t\t\t\t\t\t\t\t\t\t\n\t\t\t\t\t\t\t\t\n\t\t\t\t\t\t\t\t\t\t\t\t\t<div class=\"fusion-rollover-sep\"><\/div>\n\t\t\t\t\n\t\t\t\t\t\t\t\t\t\t\t\t\t\t\t\t\t\t<a class=\"fusion-rollover-gallery\" href=\"https:\/\/www.acebucheteatro.com\/portal\/wp-content\/uploads\/2023\/08\/Volpone-scaled-e1691260247741.jpg\" data-options=\"\" data-id=\"15088\" data-rel=\"iLightbox[gallery]\" data-title=\"Volpone\" data-caption=\"\">\n\t\t\t\t\t\tGaler\u00eda\t\t\t\t\t<\/a>\n\t\t\t\t\t\t\t\t\t\t\t\t\t\t\n\t\t\n\t\t\t\t\t\t\t\t\t\t\t\t<h4 class=\"fusion-rollover-title\">\n\t\t\t\t\t<a class=\"fusion-rollover-title-link\" href=\"https:\/\/www.acebucheteatro.com\/portal\/19-de-agosto-volpone-de-teatro-enobras\/\">\n\t\t\t\t\t\t19 de agosto 2023: \u201cVolpone\u201d, de Teatro EnObras\t\t\t\t\t<\/a>\n\t\t\t\t<\/h4>\n\t\t\t\n\t\t\t\t\t\t\t\t\t\t<div class=\"fusion-rollover-categories\"><a href=\"https:\/\/www.acebucheteatro.com\/portal\/category\/certamen-teatro-aceuchal\/\" rel=\"tag\">News - Certamen Nacional de Teatro de Aceuchal<\/a><\/div>\t\t\t\t\t\n\t\t\n\t\t\t\t\t\t<a class=\"fusion-link-wrapper\" href=\"https:\/\/www.acebucheteatro.com\/portal\/19-de-agosto-volpone-de-teatro-enobras\/\" aria-label=\"19 de agosto 2023: \u201cVolpone\u201d, de Teatro EnObras\"><\/a>\n\t<\/div>\n<\/div>\n<\/div>\n<\/li>\n\t\t\t\n\t\t\t\n\t\t\t\t\t\t\t\t\t\t\t\t\t\t\t\t\t\t\t\t\t\t\t\t\t\t\t\t\t\t\t\t\t\t\t\t\t\t\t\t\t\t\t\t\t\t\t\t\t\t\t\t\t\t\t\t\t\t\t\t\t\t\t\t\t\t\t\t<\/ul>\n\t<\/div>\n\t<div class=\"fusion-post-content-wrapper\" style=\"padding:30px 25px 20px 25px;\"><div class=\"fusion-post-content post-content\"><h2 class=\"blog-shortcode-post-title entry-title\"><a href=\"https:\/\/www.acebucheteatro.com\/portal\/19-de-agosto-volpone-de-teatro-enobras\/\">19 de agosto 2023: \u201cVolpone\u201d, de Teatro EnObras<\/a><\/h2><p class=\"fusion-single-line-meta\"><span class=\"vcard\" style=\"display: none;\"><span class=\"fn\"><a href=\"https:\/\/www.acebucheteatro.com\/portal\/author\/admin\/\" title=\"Entradas de Francisco Jos\u00e9 Rodr\u00edguez Velasco\" rel=\"author\">Francisco Jos\u00e9 Rodr\u00edguez Velasco<\/a><\/span><\/span><span class=\"updated\" style=\"display:none;\">2023-08-18T18:58:18+02:00<\/span><span>19 de agosto de 2023<\/span><span class=\"fusion-inline-sep\">|<\/span><\/p><div class=\"fusion-content-sep sep-double sep-solid\"><\/div><div class=\"fusion-post-content-container\"><p> Quinto d\u00eda del certamen y continuamos en tono de comedia con los amigos y<a href=\"https:\/\/www.acebucheteatro.com\/portal\/19-de-agosto-volpone-de-teatro-enobras\/\"> [...]<\/a><\/p><\/div><\/div><div class=\"fusion-meta-info\"><div class=\"fusion-alignleft\"><a class=\"fusion-read-more\" href=\"https:\/\/www.acebucheteatro.com\/portal\/19-de-agosto-volpone-de-teatro-enobras\/\" aria-label=\"More on 19 de agosto 2023: \u201cVolpone\u201d, de Teatro EnObras\">Leer M\u00e1s<\/a><\/div><\/div><\/div><div class=\"fusion-clearfix\"><\/div><\/div>\n<\/article>\n<article id=\"blog-1-post-15085\" class=\"fusion-post-grid has-post-thumbnail post-15085 post type-post status-publish format-video hentry category-certamen-teatro-aceuchal tag-32-certamen tag-acebuche-teatro tag-aceuchal tag-atraco-a-las-tres tag-certamen tag-certamen-de-teatro-de-aceuchal tag-no-profesional tag-todo-sobre-eva tag-xxxii-certamen-de-teatro-de-aceuchal post_format-post-format-video\">\n<div class=\"fusion-post-wrapper\" style=\"background-color:rgba(255,255,255,0);border:1px solid #ebeaea;border-bottom-width:3px;\">\n\n\t\t\t<div class=\"fusion-flexslider flexslider fusion-flexslider-loading fusion-post-slideshow\" style=\"border-color:#ebeaea;\">\n\t\t<ul class=\"slides\">\n\t\t\t\t\t\t\t<li>\n\t\t\t\t\t<div class=\"full-video\"><iframe width=\"560\" height=\"315\" src=\"https:\/\/www.youtube.com\/embed\/Eo9qCif9kSQ?rel=0\" frameborder=\"0\" allow=\"accelerometer; autoplay; encrypted-media; gyroscope; picture-in-picture\" allowfullscreen><\/iframe><\/div>\n\t\t\t\t<\/li>\n\t\t\t\n\t\t\t\t\t\t\t\t\t\t\t\t\t\t<li><div  class=\"fusion-image-wrapper\" aria-haspopup=\"true\">\n\t\t\t\t<img decoding=\"async\" width=\"395\" height=\"240\" src=\"https:\/\/www.acebucheteatro.com\/portal\/wp-content\/uploads\/2023\/08\/Atraco-a-las-tres-scaled-e1691260134746.jpg\" class=\"attachment-full size-full wp-post-image\" alt=\"\" srcset=\"https:\/\/www.acebucheteatro.com\/portal\/wp-content\/uploads\/2023\/08\/Atraco-a-las-tres-scaled-e1691260134746-200x122.jpg 200w, https:\/\/www.acebucheteatro.com\/portal\/wp-content\/uploads\/2023\/08\/Atraco-a-las-tres-scaled-e1691260134746.jpg 395w\" sizes=\"(min-width: 2200px) 100vw, (min-width: 784px) 340px, (min-width: 712px) 510px, (min-width: 640px) 712px, \" \/><div class=\"fusion-rollover\">\n\t<div class=\"fusion-rollover-content\">\n\n\t\t\t\t\t\t\t\t\t\t\t\t\t\t<a class=\"fusion-rollover-link\" href=\"https:\/\/www.acebucheteatro.com\/portal\/18-de-agosto-2023-atraco-a-las-tres-de-todo-sobre-eva\/\">18 de agosto 2023: \u201cAtraco a las Tres\u201d, de Todo sobre Eva<\/a>\n\t\t\t\n\t\t\t\t\t\t\t\t\t\t\t\t\t\t\n\t\t\t\t\t\t\t\t\n\t\t\t\t\t\t\t\t\t\t\t\t\t<div class=\"fusion-rollover-sep\"><\/div>\n\t\t\t\t\n\t\t\t\t\t\t\t\t\t\t\t\t\t\t\t\t\t\t<a class=\"fusion-rollover-gallery\" href=\"https:\/\/www.acebucheteatro.com\/portal\/wp-content\/uploads\/2023\/08\/Atraco-a-las-tres-scaled-e1691260134746.jpg\" data-options=\"\" data-id=\"15085\" data-rel=\"iLightbox[gallery]\" data-title=\"Atraco a las tres\" data-caption=\"\">\n\t\t\t\t\t\tGaler\u00eda\t\t\t\t\t<\/a>\n\t\t\t\t\t\t\t\t\t\t\t\t\t\t\n\t\t\n\t\t\t\t\t\t\t\t\t\t\t\t<h4 class=\"fusion-rollover-title\">\n\t\t\t\t\t<a class=\"fusion-rollover-title-link\" href=\"https:\/\/www.acebucheteatro.com\/portal\/18-de-agosto-2023-atraco-a-las-tres-de-todo-sobre-eva\/\">\n\t\t\t\t\t\t18 de agosto 2023: \u201cAtraco a las Tres\u201d, de Todo sobre Eva\t\t\t\t\t<\/a>\n\t\t\t\t<\/h4>\n\t\t\t\n\t\t\t\t\t\t\t\t\t\t<div class=\"fusion-rollover-categories\"><a href=\"https:\/\/www.acebucheteatro.com\/portal\/category\/certamen-teatro-aceuchal\/\" rel=\"tag\">News - Certamen Nacional de Teatro de Aceuchal<\/a><\/div>\t\t\t\t\t\n\t\t\n\t\t\t\t\t\t<a class=\"fusion-link-wrapper\" href=\"https:\/\/www.acebucheteatro.com\/portal\/18-de-agosto-2023-atraco-a-las-tres-de-todo-sobre-eva\/\" aria-label=\"18 de agosto 2023: \u201cAtraco a las Tres\u201d, de Todo sobre Eva\"><\/a>\n\t<\/div>\n<\/div>\n<\/div>\n<\/li>\n\t\t\t\n\t\t\t\n\t\t\t\t\t\t\t\t\t\t\t\t\t\t\t\t\t\t\t\t\t\t\t\t\t\t\t\t\t\t\t\t\t\t\t\t\t\t\t\t\t\t\t\t\t\t\t\t\t\t\t\t\t\t\t\t\t\t\t\t\t\t\t\t\t\t\t\t<\/ul>\n\t<\/div>\n\t<div class=\"fusion-post-content-wrapper\" style=\"padding:30px 25px 20px 25px;\"><div class=\"fusion-post-content post-content\"><h2 class=\"blog-shortcode-post-title entry-title\"><a href=\"https:\/\/www.acebucheteatro.com\/portal\/18-de-agosto-2023-atraco-a-las-tres-de-todo-sobre-eva\/\">18 de agosto 2023: \u201cAtraco a las Tres\u201d, de Todo sobre Eva<\/a><\/h2><p class=\"fusion-single-line-meta\"><span class=\"vcard\" style=\"display: none;\"><span class=\"fn\"><a href=\"https:\/\/www.acebucheteatro.com\/portal\/author\/admin\/\" title=\"Entradas de Francisco Jos\u00e9 Rodr\u00edguez Velasco\" rel=\"author\">Francisco Jos\u00e9 Rodr\u00edguez Velasco<\/a><\/span><\/span><span class=\"updated\" style=\"display:none;\">2023-08-18T11:02:07+02:00<\/span><span>18 de agosto de 2023<\/span><span class=\"fusion-inline-sep\">|<\/span><\/p><div class=\"fusion-content-sep sep-double sep-solid\"><\/div><div class=\"fusion-post-content-container\"><p> Retomamos este 18 de agosto nuestra actividad teatral en Aceuchal. \u00bfQu\u00e9 nos espera la<a href=\"https:\/\/www.acebucheteatro.com\/portal\/18-de-agosto-2023-atraco-a-las-tres-de-todo-sobre-eva\/\"> [...]<\/a><\/p><\/div><\/div><div class=\"fusion-meta-info\"><div class=\"fusion-alignleft\"><a class=\"fusion-read-more\" href=\"https:\/\/www.acebucheteatro.com\/portal\/18-de-agosto-2023-atraco-a-las-tres-de-todo-sobre-eva\/\" aria-label=\"More on 18 de agosto 2023: \u201cAtraco a las Tres\u201d, de Todo sobre Eva\">Leer M\u00e1s<\/a><\/div><\/div><\/div><div class=\"fusion-clearfix\"><\/div><\/div>\n<\/article>\n<article id=\"blog-1-post-15082\" class=\"fusion-post-grid has-post-thumbnail post-15082 post type-post status-publish format-video hentry category-certamen-teatro-aceuchal tag-32-certamen tag-acebuche-teatro tag-aceuchal tag-certamen tag-certamen-de-teatro-de-aceuchal tag-cuando-no-ves-la-luz tag-no-profesional tag-twister-teatro tag-xxxii-certamen-de-teatro-de-aceuchal post_format-post-format-video\">\n<div class=\"fusion-post-wrapper\" style=\"background-color:rgba(255,255,255,0);border:1px solid #ebeaea;border-bottom-width:3px;\">\n\n\t\t\t<div class=\"fusion-flexslider flexslider fusion-flexslider-loading fusion-post-slideshow\" style=\"border-color:#ebeaea;\">\n\t\t<ul class=\"slides\">\n\t\t\t\t\t\t\t<li>\n\t\t\t\t\t<div class=\"full-video\"><iframe width=\"560\" height=\"315\" src=\"https:\/\/www.youtube.com\/embed\/-3Q2Gj2bKxc?rel=0\" frameborder=\"0\" allow=\"accelerometer; autoplay; encrypted-media; gyroscope; picture-in-picture\" allowfullscreen><\/iframe><\/div>\n\t\t\t\t<\/li>\n\t\t\t\n\t\t\t\t\t\t\t\t\t\t\t\t\t\t<li><div  class=\"fusion-image-wrapper\" aria-haspopup=\"true\">\n\t\t\t\t<img decoding=\"async\" width=\"395\" height=\"240\" src=\"https:\/\/www.acebucheteatro.com\/portal\/wp-content\/uploads\/2023\/08\/Cuando-no-ves-la-Luz-e1691259966323.jpg\" class=\"attachment-full size-full wp-post-image\" alt=\"\" srcset=\"https:\/\/www.acebucheteatro.com\/portal\/wp-content\/uploads\/2023\/08\/Cuando-no-ves-la-Luz-e1691259966323-200x122.jpg 200w, https:\/\/www.acebucheteatro.com\/portal\/wp-content\/uploads\/2023\/08\/Cuando-no-ves-la-Luz-e1691259966323.jpg 395w\" sizes=\"(min-width: 2200px) 100vw, (min-width: 784px) 340px, (min-width: 712px) 510px, (min-width: 640px) 712px, \" \/><div class=\"fusion-rollover\">\n\t<div class=\"fusion-rollover-content\">\n\n\t\t\t\t\t\t\t\t\t\t\t\t\t\t<a class=\"fusion-rollover-link\" href=\"https:\/\/www.acebucheteatro.com\/portal\/13-de-agosto-2023-cuando-no-ves-la-luz-de-twister-teatro\/\">13 de agosto 2023: \u201cCuando no ves la luz\u201d, de Twister Teatro<\/a>\n\t\t\t\n\t\t\t\t\t\t\t\t\t\t\t\t\t\t\n\t\t\t\t\t\t\t\t\n\t\t\t\t\t\t\t\t\t\t\t\t\t<div class=\"fusion-rollover-sep\"><\/div>\n\t\t\t\t\n\t\t\t\t\t\t\t\t\t\t\t\t\t\t\t\t\t\t<a class=\"fusion-rollover-gallery\" href=\"https:\/\/www.acebucheteatro.com\/portal\/wp-content\/uploads\/2023\/08\/Cuando-no-ves-la-Luz-e1691259966323.jpg\" data-options=\"\" data-id=\"15082\" data-rel=\"iLightbox[gallery]\" data-title=\"Cuando no ves la Luz\" data-caption=\"\">\n\t\t\t\t\t\tGaler\u00eda\t\t\t\t\t<\/a>\n\t\t\t\t\t\t\t\t\t\t\t\t\t\t\n\t\t\n\t\t\t\t\t\t\t\t\t\t\t\t<h4 class=\"fusion-rollover-title\">\n\t\t\t\t\t<a class=\"fusion-rollover-title-link\" href=\"https:\/\/www.acebucheteatro.com\/portal\/13-de-agosto-2023-cuando-no-ves-la-luz-de-twister-teatro\/\">\n\t\t\t\t\t\t13 de agosto 2023: \u201cCuando no ves la luz\u201d, de Twister Teatro\t\t\t\t\t<\/a>\n\t\t\t\t<\/h4>\n\t\t\t\n\t\t\t\t\t\t\t\t\t\t<div class=\"fusion-rollover-categories\"><a href=\"https:\/\/www.acebucheteatro.com\/portal\/category\/certamen-teatro-aceuchal\/\" rel=\"tag\">News - Certamen Nacional de Teatro de Aceuchal<\/a><\/div>\t\t\t\t\t\n\t\t\n\t\t\t\t\t\t<a class=\"fusion-link-wrapper\" href=\"https:\/\/www.acebucheteatro.com\/portal\/13-de-agosto-2023-cuando-no-ves-la-luz-de-twister-teatro\/\" aria-label=\"13 de agosto 2023: \u201cCuando no ves la luz\u201d, de Twister Teatro\"><\/a>\n\t<\/div>\n<\/div>\n<\/div>\n<\/li>\n\t\t\t\n\t\t\t\n\t\t\t\t\t\t\t\t\t\t\t\t\t\t\t\t\t\t\t\t\t\t\t\t\t\t\t\t\t\t\t\t\t\t\t\t\t\t\t\t\t\t\t\t\t\t\t\t\t\t\t\t\t\t\t\t\t\t\t\t\t\t\t\t\t\t\t\t<\/ul>\n\t<\/div>\n\t<div class=\"fusion-post-content-wrapper\" style=\"padding:30px 25px 20px 25px;\"><div class=\"fusion-post-content post-content\"><h2 class=\"blog-shortcode-post-title entry-title\"><a href=\"https:\/\/www.acebucheteatro.com\/portal\/13-de-agosto-2023-cuando-no-ves-la-luz-de-twister-teatro\/\">13 de agosto 2023: \u201cCuando no ves la luz\u201d, de Twister Teatro<\/a><\/h2><p class=\"fusion-single-line-meta\"><span class=\"vcard\" style=\"display: none;\"><span class=\"fn\"><a href=\"https:\/\/www.acebucheteatro.com\/portal\/author\/admin\/\" title=\"Entradas de Francisco Jos\u00e9 Rodr\u00edguez Velasco\" rel=\"author\">Francisco Jos\u00e9 Rodr\u00edguez Velasco<\/a><\/span><\/span><span class=\"updated\" style=\"display:none;\">2023-08-12T13:30:39+02:00<\/span><span>12 de agosto de 2023<\/span><span class=\"fusion-inline-sep\">|<\/span><\/p><div class=\"fusion-content-sep sep-double sep-solid\"><\/div><div class=\"fusion-post-content-container\"><p> Ma\u00f1ana 13 de agosto de 2023, domingo, cerramos el primer fin de semana de<a href=\"https:\/\/www.acebucheteatro.com\/portal\/13-de-agosto-2023-cuando-no-ves-la-luz-de-twister-teatro\/\"> [...]<\/a><\/p><\/div><\/div><div class=\"fusion-meta-info\"><div class=\"fusion-alignleft\"><a class=\"fusion-read-more\" href=\"https:\/\/www.acebucheteatro.com\/portal\/13-de-agosto-2023-cuando-no-ves-la-luz-de-twister-teatro\/\" aria-label=\"More on 13 de agosto 2023: \u201cCuando no ves la luz\u201d, de Twister Teatro\">Leer M\u00e1s<\/a><\/div><\/div><\/div><div class=\"fusion-clearfix\"><\/div><\/div>\n<\/article>\n<article id=\"blog-1-post-15079\" class=\"fusion-post-grid has-post-thumbnail post-15079 post type-post status-publish format-video hentry category-certamen-teatro-aceuchal tag-32-certamen tag-acebuche-teatro tag-aceuchal tag-certamen tag-certamen-de-teatro-de-aceuchal tag-la-visitante tag-mamantula-producciones tag-no-profesional tag-xxxii-certamen-de-teatro-de-aceuchal post_format-post-format-video\">\n<div class=\"fusion-post-wrapper\" style=\"background-color:rgba(255,255,255,0);border:1px solid #ebeaea;border-bottom-width:3px;\">\n\n\t\t\t<div class=\"fusion-flexslider flexslider fusion-flexslider-loading fusion-post-slideshow\" style=\"border-color:#ebeaea;\">\n\t\t<ul class=\"slides\">\n\t\t\t\t\t\t\t<li>\n\t\t\t\t\t<div class=\"full-video\"><iframe width=\"560\" height=\"315\" src=\"https:\/\/www.youtube.com\/embed\/lTe7_to95U0?rel=0\" frameborder=\"0\" allow=\"accelerometer; autoplay; encrypted-media; gyroscope; picture-in-picture\" allowfullscreen><\/iframe><\/div>\n\t\t\t\t<\/li>\n\t\t\t\n\t\t\t\t\t\t\t\t\t\t\t\t\t\t<li><div  class=\"fusion-image-wrapper\" aria-haspopup=\"true\">\n\t\t\t\t<img decoding=\"async\" width=\"395\" height=\"240\" src=\"https:\/\/www.acebucheteatro.com\/portal\/wp-content\/uploads\/2023\/08\/La-Visitante-e1691259565334.jpg\" class=\"attachment-full size-full wp-post-image\" alt=\"\" srcset=\"https:\/\/www.acebucheteatro.com\/portal\/wp-content\/uploads\/2023\/08\/La-Visitante-e1691259565334-200x122.jpg 200w, https:\/\/www.acebucheteatro.com\/portal\/wp-content\/uploads\/2023\/08\/La-Visitante-e1691259565334.jpg 395w\" sizes=\"(min-width: 2200px) 100vw, (min-width: 784px) 340px, (min-width: 712px) 510px, (min-width: 640px) 712px, \" \/><div class=\"fusion-rollover\">\n\t<div class=\"fusion-rollover-content\">\n\n\t\t\t\t\t\t\t\t\t\t\t\t\t\t<a class=\"fusion-rollover-link\" href=\"https:\/\/www.acebucheteatro.com\/portal\/12-de-agosto-2023-la-visitante-de-mamantula-producciones\/\">12 de agosto 2023: \u201cLa Visitante\u201d, de Mam\u00e1ntula Producciones<\/a>\n\t\t\t\n\t\t\t\t\t\t\t\t\t\t\t\t\t\t\n\t\t\t\t\t\t\t\t\n\t\t\t\t\t\t\t\t\t\t\t\t\t<div class=\"fusion-rollover-sep\"><\/div>\n\t\t\t\t\n\t\t\t\t\t\t\t\t\t\t\t\t\t\t\t\t\t\t<a class=\"fusion-rollover-gallery\" href=\"https:\/\/www.acebucheteatro.com\/portal\/wp-content\/uploads\/2023\/08\/La-Visitante-e1691259565334.jpg\" data-options=\"\" data-id=\"15079\" data-rel=\"iLightbox[gallery]\" data-title=\"La Visitante\" data-caption=\"\">\n\t\t\t\t\t\tGaler\u00eda\t\t\t\t\t<\/a>\n\t\t\t\t\t\t\t\t\t\t\t\t\t\t\n\t\t\n\t\t\t\t\t\t\t\t\t\t\t\t<h4 class=\"fusion-rollover-title\">\n\t\t\t\t\t<a class=\"fusion-rollover-title-link\" href=\"https:\/\/www.acebucheteatro.com\/portal\/12-de-agosto-2023-la-visitante-de-mamantula-producciones\/\">\n\t\t\t\t\t\t12 de agosto 2023: \u201cLa Visitante\u201d, de Mam\u00e1ntula Producciones\t\t\t\t\t<\/a>\n\t\t\t\t<\/h4>\n\t\t\t\n\t\t\t\t\t\t\t\t\t\t<div class=\"fusion-rollover-categories\"><a href=\"https:\/\/www.acebucheteatro.com\/portal\/category\/certamen-teatro-aceuchal\/\" rel=\"tag\">News - Certamen Nacional de Teatro de Aceuchal<\/a><\/div>\t\t\t\t\t\n\t\t\n\t\t\t\t\t\t<a class=\"fusion-link-wrapper\" href=\"https:\/\/www.acebucheteatro.com\/portal\/12-de-agosto-2023-la-visitante-de-mamantula-producciones\/\" aria-label=\"12 de agosto 2023: \u201cLa Visitante\u201d, de Mam\u00e1ntula Producciones\"><\/a>\n\t<\/div>\n<\/div>\n<\/div>\n<\/li>\n\t\t\t\n\t\t\t\n\t\t\t\t\t\t\t\t\t\t\t\t\t\t\t\t\t\t\t\t\t\t\t\t\t\t\t\t\t\t\t\t\t\t\t\t\t\t\t\t\t\t\t\t\t\t\t\t\t\t\t\t\t\t\t\t\t\t\t\t\t\t\t\t\t\t\t\t<\/ul>\n\t<\/div>\n\t<div class=\"fusion-post-content-wrapper\" style=\"padding:30px 25px 20px 25px;\"><div class=\"fusion-post-content post-content\"><h2 class=\"blog-shortcode-post-title entry-title\"><a href=\"https:\/\/www.acebucheteatro.com\/portal\/12-de-agosto-2023-la-visitante-de-mamantula-producciones\/\">12 de agosto 2023: \u201cLa Visitante\u201d, de Mam\u00e1ntula Producciones<\/a><\/h2><p class=\"fusion-single-line-meta\"><span class=\"vcard\" style=\"display: none;\"><span class=\"fn\"><a href=\"https:\/\/www.acebucheteatro.com\/portal\/author\/admin\/\" title=\"Entradas de Francisco Jos\u00e9 Rodr\u00edguez Velasco\" rel=\"author\">Francisco Jos\u00e9 Rodr\u00edguez Velasco<\/a><\/span><\/span><span class=\"updated\" style=\"display:none;\">2023-08-11T14:00:17+02:00<\/span><span>11 de agosto de 2023<\/span><span class=\"fusion-inline-sep\">|<\/span><\/p><div class=\"fusion-content-sep sep-double sep-solid\"><\/div><div class=\"fusion-post-content-container\"><p> Continuamos el 12 de agosto con otra propuesta interesante. Esta vez, cambiamos de g\u00e9nero<a href=\"https:\/\/www.acebucheteatro.com\/portal\/12-de-agosto-2023-la-visitante-de-mamantula-producciones\/\"> [...]<\/a><\/p><\/div><\/div><div class=\"fusion-meta-info\"><div class=\"fusion-alignleft\"><a class=\"fusion-read-more\" href=\"https:\/\/www.acebucheteatro.com\/portal\/12-de-agosto-2023-la-visitante-de-mamantula-producciones\/\" aria-label=\"More on 12 de agosto 2023: \u201cLa Visitante\u201d, de Mam\u00e1ntula Producciones\">Leer M\u00e1s<\/a><\/div><\/div><\/div><div class=\"fusion-clearfix\"><\/div><\/div>\n<\/article>\n<div class=\"fusion-clearfix\"><\/div><\/div><div class=\"fusion-infinite-scroll-trigger\"><\/div><div class=\"pagination infinite-scroll clearfix\" style=\"display:none;\"><span class=\"current\">1<\/span><a href=\"https:\/\/www.acebucheteatro.com\/portal\/wp-json\/wp\/v2\/pages\/15000\/page\/2\/\" class=\"inactive\">2<\/a><a class=\"pagination-next\" rel=\"next\" href=\"https:\/\/www.acebucheteatro.com\/portal\/wp-json\/wp\/v2\/pages\/15000\/page\/2\/\"><span class=\"page-text\">Siguiente<\/span><span class=\"page-next\"><\/span><\/a><\/div><div class=\"fusion-clearfix\"><\/div><\/div><div class=\"fusion-clearfix\"><\/div><\/div><\/div><\/div><\/div><div class=\"fusion-fullwidth fullwidth-box fusion-builder-row-4 nonhundred-percent-fullwidth non-hundred-percent-height-scrolling\" style=\"--awb-border-radius-top-left:0px;--awb-border-radius-top-right:0px;--awb-border-radius-bottom-right:0px;--awb-border-radius-bottom-left:0px;--awb-flex-wrap:wrap;\" ><div class=\"fusion-builder-row fusion-row\"><div class=\"fusion-layout-column fusion_builder_column fusion-builder-column-10 fusion_builder_column_1_1 1_1 fusion-one-full fusion-column-first fusion-column-last\" style=\"--awb-bg-size:cover;\"><div class=\"fusion-column-wrapper fusion-flex-column-wrapper-legacy\"><div class=\"fusion-title title fusion-title-2 fusion-title-text fusion-title-size-two\" style=\"--awb-margin-top-small:0px;--awb-margin-right-small:0px;--awb-margin-bottom-small:20px;--awb-margin-left-small:0px;\"><h2 class=\"fusion-title-heading title-heading-left\" style=\"margin:0;\">Empresas y Asociaciones colaboradoras<\/h2><span class=\"awb-title-spacer\"><\/span><div class=\"title-sep-container\"><div class=\"title-sep sep- sep-solid\" style=\"border-color:#e0dede;\"><\/div><\/div><\/div><div class=\"fusion-image-carousel fusion-image-carousel-fixed fusion-image-carousel-1 lightbox-enabled fusion-carousel-border\"><div class=\"awb-carousel awb-swiper awb-swiper-carousel awb-carousel--carousel awb-swiper-dots-position-bottom\" data-layout=\"carousel\" data-autoplay=\"yes\" data-autoplayspeed=\"2500\" data-autoplaypause=\"no\" data-loop=\"yes\" data-columns=\"4\" data-columnsmedium=\"1\" data-columnssmall=\"1\" data-itemmargin=\"8\" data-itemwidth=\"180\" data-touchscroll=\"no\" data-freemode=\"no\" data-imagesize=\"fixed\" data-scrollitems=\"0\" data-centeredslides=\"no\" data-rotationangle=\"50\" data-depth=\"100\" data-speed=\"500\" data-shadow=\"no\" data-pagination=\"bullets\" style=\"--awb-columns:4;--awb-column-spacing:8px;--awb-border-width:1px;--awb-border-color:#e9eaee;\"><div class=\"swiper-wrapper awb-image-carousel-wrapper fusion-flex-align-items-center\"><div class=\"swiper-slide\"><div class=\"fusion-carousel-item-wrapper\"><div class=\"fusion-image-wrapper hover-type-none\"><a data-rel=\"iLightbox[image_carousel_1]\" href=\"http:\/\/www.dulcesanantonabad.es\/\" target=\"_blank\" rel=\"noopener noreferrer\"><img decoding=\"async\" src=\"http:\/\/www.acebucheteatro.com\/portal\/wp-content\/uploads\/2015\/08\/San-Anton-Abad.jpg\" alt=\"\"\/><\/a><\/div><\/div><\/div><div class=\"swiper-slide\"><div class=\"fusion-carousel-item-wrapper\"><div class=\"fusion-image-wrapper hover-type-none\"><a data-rel=\"iLightbox[image_carousel_1]\" href=\"http:\/\/bodegaslasoledad.com\/\" target=\"_blank\" rel=\"noopener noreferrer\"><img decoding=\"async\" src=\"http:\/\/www.acebucheteatro.com\/portal\/wp-content\/uploads\/2015\/08\/la-soledad.jpg\" alt=\"\"\/><\/a><\/div><\/div><\/div><div class=\"swiper-slide\"><div class=\"fusion-carousel-item-wrapper\"><div class=\"fusion-image-wrapper hover-type-none\"><a data-rel=\"iLightbox[image_carousel_1]\" href=\"https:\/\/www.acebucheteatro.com\" target=\"_blank\" rel=\"noopener noreferrer\"><img decoding=\"async\" src=\"http:\/\/www.acebucheteatro.com\/portal\/wp-content\/uploads\/2015\/06\/copy-logotipo.gif\" alt=\"\"\/><\/a><\/div><\/div><\/div><div class=\"swiper-slide\"><div class=\"fusion-carousel-item-wrapper\"><div class=\"fusion-image-wrapper hover-type-none\"><a data-rel=\"iLightbox[image_carousel_1]\" data-title=\"ajostierradebarros\" aria-label=\"ajostierradebarros\" href=\"http:\/\/ajostierradebarros.com\/\" target=\"_blank\" rel=\"noopener noreferrer\"><img decoding=\"async\" width=\"250\" height=\"202\" src=\"https:\/\/www.acebucheteatro.com\/portal\/wp-content\/uploads\/2019\/08\/ajostierradebarros-250x202.jpg\" class=\"attachment-blog-medium size-blog-medium\" alt=\"\" \/><\/a><\/div><\/div><\/div><div class=\"swiper-slide\"><div class=\"fusion-carousel-item-wrapper\"><div class=\"fusion-image-wrapper hover-type-none\"><a data-rel=\"iLightbox[image_carousel_1]\" href=\"http:\/\/www.acebucheteatro.com\/portal\/wp-content\/uploads\/2015\/08\/acegraf.jpg\" target=\"_blank\" rel=\"noopener noreferrer\"><img decoding=\"async\" src=\"http:\/\/www.acebucheteatro.com\/portal\/wp-content\/uploads\/2015\/08\/acegraf.jpg\" alt=\"\"\/><\/a><\/div><\/div><\/div><div class=\"swiper-slide\"><div class=\"fusion-carousel-item-wrapper\"><div class=\"fusion-image-wrapper hover-type-none\"><a data-rel=\"iLightbox[image_carousel_1]\" data-title=\"El ajero\" aria-label=\"El ajero\" href=\"https:\/\/www.coajosaceuchal.es\/es\/\" target=\"_blank\" rel=\"noopener noreferrer\"><img decoding=\"async\" width=\"156\" height=\"202\" src=\"https:\/\/www.acebucheteatro.com\/portal\/wp-content\/uploads\/2019\/08\/El-ajero-156x202.jpg\" class=\"attachment-blog-medium size-blog-medium\" alt=\"\" \/><\/a><\/div><\/div><\/div><\/div><div class=\"awb-swiper-button awb-swiper-button-prev\"><i class=\"awb-icon-angle-left\" aria-hidden=\"true\"><\/i><\/div><div class=\"awb-swiper-button awb-swiper-button-next\"><i class=\"awb-icon-angle-right\" aria-hidden=\"true\"><\/i><\/div><\/div><\/div><div class=\"fusion-clearfix\"><\/div><\/div><\/div><\/div><\/div>\n<\/p>\n","protected":false},"excerpt":{"rendered":"","protected":false},"author":1,"featured_media":13365,"parent":14245,"menu_order":0,"comment_status":"open","ping_status":"closed","template":"100-width.php","meta":{"jetpack_post_was_ever_published":false,"footnotes":""},"class_list":["post-15000","page","type-page","status-publish","has-post-thumbnail","hentry"],"wppr_data":{"cwp_meta_box_check":"No","cwp_rev_product_name":"","cwp_rev_product_image":"","cwp_image_link":"image","cwp_rev_price":""},"jetpack_sharing_enabled":true,"jetpack_shortlink":"https:\/\/wp.me\/P6Bz4e-3TW","_links":{"self":[{"href":"https:\/\/www.acebucheteatro.com\/portal\/wp-json\/wp\/v2\/pages\/15000","targetHints":{"allow":["GET"]}}],"collection":[{"href":"https:\/\/www.acebucheteatro.com\/portal\/wp-json\/wp\/v2\/pages"}],"about":[{"href":"https:\/\/www.acebucheteatro.com\/portal\/wp-json\/wp\/v2\/types\/page"}],"author":[{"embeddable":true,"href":"https:\/\/www.acebucheteatro.com\/portal\/wp-json\/wp\/v2\/users\/1"}],"replies":[{"embeddable":true,"href":"https:\/\/www.acebucheteatro.com\/portal\/wp-json\/wp\/v2\/comments?post=15000"}],"version-history":[{"count":35,"href":"https:\/\/www.acebucheteatro.com\/portal\/wp-json\/wp\/v2\/pages\/15000\/revisions"}],"predecessor-version":[{"id":15052,"href":"https:\/\/www.acebucheteatro.com\/portal\/wp-json\/wp\/v2\/pages\/15000\/revisions\/15052"}],"up":[{"embeddable":true,"href":"https:\/\/www.acebucheteatro.com\/portal\/wp-json\/wp\/v2\/pages\/14245"}],"wp:featuredmedia":[{"embeddable":true,"href":"https:\/\/www.acebucheteatro.com\/portal\/wp-json\/wp\/v2\/media\/13365"}],"wp:attachment":[{"href":"https:\/\/www.acebucheteatro.com\/portal\/wp-json\/wp\/v2\/media?parent=15000"}],"curies":[{"name":"wp","href":"https:\/\/api.w.org\/{rel}","templated":true}]}}