{"id":15268,"date":"2025-04-09T23:11:11","date_gmt":"2025-04-09T21:11:11","guid":{"rendered":"https:\/\/www.acebucheteatro.com\/portal\/?page_id=15268"},"modified":"2025-11-03T12:01:15","modified_gmt":"2025-11-03T11:01:15","slug":"lacaduta","status":"publish","type":"page","link":"https:\/\/www.acebucheteatro.com\/portal\/lacaduta\/","title":{"rendered":"La Caduta"},"content":{"rendered":"<div class=\"fusion-fullwidth fullwidth-box fusion-builder-row-1 hundred-percent-fullwidth non-hundred-percent-height-scrolling\" style=\"--awb-border-radius-top-left:0px;--awb-border-radius-top-right:0px;--awb-border-radius-bottom-right:0px;--awb-border-radius-bottom-left:0px;--awb-overflow:visible;--awb-flex-wrap:wrap;\" ><div class=\"fusion-builder-row fusion-row\"><div class=\"fusion-layout-column fusion_builder_column fusion-builder-column-0 fusion_builder_column_2_5 2_5 fusion-two-fifth fusion-column-first\" style=\"--awb-bg-size:cover;width:37.6%; margin-right: 4%;\"><div class=\"fusion-column-wrapper fusion-flex-column-wrapper-legacy\"><div class=\"fusion-image-element fusion-image-align-center in-legacy-container\" style=\"text-align:center;--awb-bottom-shadow-color:rgba(0,0,0,0.4);--awb-caption-title-font-family:var(--h2_typography-font-family);--awb-caption-title-font-weight:var(--h2_typography-font-weight);--awb-caption-title-font-style:var(--h2_typography-font-style);--awb-caption-title-size:var(--h2_typography-font-size);--awb-caption-title-transform:var(--h2_typography-text-transform);--awb-caption-title-line-height:var(--h2_typography-line-height);--awb-caption-title-letter-spacing:var(--h2_typography-letter-spacing);\"><div class=\"imageframe-align-center\"><div class=\"awb-image-frame awb-image-frame-1 imageframe-liftup awb-bottomshadow\"><span class=\" fusion-imageframe imageframe-bottomshadow imageframe-1\"><img decoding=\"async\" width=\"1810\" height=\"2560\" title=\"Cartel La Caduta\" src=\"https:\/\/www.acebucheteatro.com\/portal\/wp-content\/uploads\/2025\/04\/Cartel-La-Caduta-impresion-scaled.jpg\" alt class=\"img-responsive wp-image-15270\" srcset=\"https:\/\/www.acebucheteatro.com\/portal\/wp-content\/uploads\/2025\/04\/Cartel-La-Caduta-impresion-200x283.jpg 200w, https:\/\/www.acebucheteatro.com\/portal\/wp-content\/uploads\/2025\/04\/Cartel-La-Caduta-impresion-400x566.jpg 400w, https:\/\/www.acebucheteatro.com\/portal\/wp-content\/uploads\/2025\/04\/Cartel-La-Caduta-impresion-600x849.jpg 600w, https:\/\/www.acebucheteatro.com\/portal\/wp-content\/uploads\/2025\/04\/Cartel-La-Caduta-impresion-800x1131.jpg 800w, https:\/\/www.acebucheteatro.com\/portal\/wp-content\/uploads\/2025\/04\/Cartel-La-Caduta-impresion-1200x1697.jpg 1200w, https:\/\/www.acebucheteatro.com\/portal\/wp-content\/uploads\/2025\/04\/Cartel-La-Caduta-impresion-scaled.jpg 1810w\" sizes=\"(max-width: 800px) 100vw, 600px\" \/><\/span><svg xmlns=\"http:\/\/www.w3.org\/2000\/svg\" version=\"1.1\" width=\"100%\" viewBox=\"0 0 600 28\" preserveAspectRatio=\"none\"><g clip-path=\"url(#a)\"><mask id=\"b\" style=\"mask-type:luminance\" maskUnits=\"userSpaceOnUse\" x=\"0\" y=\"0\" width=\"600\" height=\"28\"><path d=\"M0 0h600v28H0V0Z\" fill=\"#fff\"\/><\/mask><g filter=\"url(#c)\" mask=\"url(#b)\"><path d=\"M16.439-18.667h567.123v30.8S438.961-8.4 300-8.4C161.04-8.4 16.438 12.133 16.438 12.133v-30.8Z\" fill=\"#000\"\/><\/g><\/g><defs><clipPath id=\"a\"><path fill=\"#fff\" d=\"M0 0h600v28H0z\"\/><\/clipPath><filter id=\"c\" x=\"5.438\" y=\"-29.667\" width=\"589.123\" height=\"52.8\" filterUnits=\"userSpaceOnUse\" color-interpolation-filters=\"sRGB\"><feFlood flood-opacity=\"0\" result=\"BackgroundImageFix\"\/><feBlend in=\"SourceGraphic\" in2=\"BackgroundImageFix\" result=\"shape\"\/><feGaussianBlur stdDeviation=\"5.5\" result=\"effect1_foregroundBlur_3983_183\"\/><\/filter><\/defs><\/svg><\/div><\/div><\/div><div class=\"fusion-clearfix\"><\/div><\/div><\/div><div class=\"fusion-layout-column fusion_builder_column fusion-builder-column-1 fusion_builder_column_3_5 3_5 fusion-three-fifth fusion-column-last\" style=\"--awb-bg-size:cover;width:58.4%;\"><div class=\"fusion-column-wrapper fusion-flex-column-wrapper-legacy\"><div class=\"fusion-tabs fusion-tabs-1 classic nav-is-justified horizontal-tabs icon-position-left mobile-mode-accordion\" style=\"--awb-title-border-radius-top-left:0px;--awb-title-border-radius-top-right:0px;--awb-title-border-radius-bottom-right:0px;--awb-title-border-radius-bottom-left:0px;--awb-alignment:start;--awb-inactive-color:#f1f2f2;--awb-background-color:#ffffff;--awb-border-color:#ebeaea;--awb-active-border-color:#1a80b6;\"><div class=\"nav\"><ul class=\"nav-tabs nav-justified\" role=\"tablist\" aria-orientation=\"horizontal\"><li class=\"active\" role=\"presentation\"><a class=\"tab-link\" data-toggle=\"tab\" role=\"tab\" aria-controls=\"tab-fe54addae72fb08796d\" aria-selected=\"true\" tabindex=\"0\" id=\"fusion-tab-fe54addae72fb08796d\" href=\"#tab-fe54addae72fb08796d\"><h4 class=\"fusion-tab-heading\"><i class=\"fontawesome-icon fa-file-alt far\" aria-hidden=\"true\" style=\"font-size:13px;\"><\/i>Sinopsis<\/h4><\/a><\/li><li  role=\"presentation\"><a class=\"tab-link\" data-toggle=\"tab\" role=\"tab\" aria-controls=\"tab-ed6ef46427c05732e90\" aria-selected=\"false\" tabindex=\"-1\" id=\"fusion-tab-ed6ef46427c05732e90\" href=\"#tab-ed6ef46427c05732e90\"><h4 class=\"fusion-tab-heading\"><i class=\"fontawesome-icon fa-user fas\" aria-hidden=\"true\" style=\"font-size:13px;\"><\/i>Palabras del Director<\/h4><\/a><\/li><li  role=\"presentation\"><a class=\"tab-link\" data-toggle=\"tab\" role=\"tab\" aria-controls=\"tab-fee54d8c63bdbe06fd3\" aria-selected=\"false\" tabindex=\"-1\" id=\"fusion-tab-fee54d8c63bdbe06fd3\" href=\"#tab-fee54d8c63bdbe06fd3\"><h4 class=\"fusion-tab-heading\"><i class=\"fontawesome-icon fa-calendar-alt fas\" aria-hidden=\"true\" style=\"font-size:13px;\"><\/i>Pr\u00f3ximas actuaciones<\/h4><\/a><\/li><li  role=\"presentation\"><a class=\"tab-link\" data-toggle=\"tab\" role=\"tab\" aria-controls=\"tab-ca246f21e7564c77bad\" aria-selected=\"false\" tabindex=\"-1\" id=\"fusion-tab-ca246f21e7564c77bad\" href=\"#tab-ca246f21e7564c77bad\"><h4 class=\"fusion-tab-heading\"><i class=\"fontawesome-icon fa-trophy fas\" aria-hidden=\"true\" style=\"font-size:13px;\"><\/i>Logros conseguidos<\/h4><\/a><\/li><\/ul><\/div><div class=\"tab-content\"><div class=\"nav fusion-mobile-tab-nav\"><ul class=\"nav-tabs nav-justified\" role=\"tablist\" aria-orientation=\"horizontal\"><li class=\"active\" role=\"presentation\"><a class=\"tab-link\" data-toggle=\"tab\" role=\"tab\" aria-controls=\"tab-fe54addae72fb08796d\" aria-selected=\"true\" tabindex=\"0\" id=\"mobile-fusion-tab-fe54addae72fb08796d\" href=\"#tab-fe54addae72fb08796d\"><h4 class=\"fusion-tab-heading\"><i class=\"fontawesome-icon fa-file-alt far\" aria-hidden=\"true\" style=\"font-size:13px;\"><\/i>Sinopsis<\/h4><\/a><\/li><\/ul><\/div><div class=\"tab-pane fade fusion-clearfix in active\" role=\"tabpanel\" tabindex=\"0\" aria-labelledby=\"fusion-tab-fe54addae72fb08796d\" id=\"tab-fe54addae72fb08796d\">\n<p>El fanatismo jode a nuestro mundo. El plato est\u00e1 repleto de caos, de fr\u00edo, de vac\u00edo. Cal\u00edgula se da cuenta de su vertiginosa ca\u00edda a la nada, no lo confundas con un demente chiflado. Cal\u00edgula no soporta la sinraz\u00f3n del nihilismo, pero bracea en \u00e9l. Enajenaci\u00f3n. Corrupci\u00f3n. Oscuridad. Espejo del miedo. Implacable tirano. Delirio. Autodestrucci\u00f3n. Abismo existencial. Juego. Reto. Ternura atenazada. Nostalgia. Soledad. Luna enga\u00f1osa. Espantajo. Jinetes de la hecatombe. Insaciable hambre de poder. Desquiciado<\/p>\n<p><em>\u201cQu\u00e9 amargo es hacerse hombre en este juego de siempre\u201d<\/em>.<\/p>\n<div class=\"fusion-button-wrapper fusion-alignleft\"><a class=\"fusion-button button-flat fusion-button-default-size button-default fusion-button-default button-1 fusion-button-default-span fusion-button-default-type\" target=\"_blank\" rel=\"noopener noreferrer\" href=\"https:\/\/www.acebucheteatro.com\/portal\/wp-content\/uploads\/2025\/04\/Programa_de_mano_LA_CADUTA.pdf\"><span class=\"fusion-button-text awb-button__text awb-button__text--default\">Programa de mano<\/span><\/a><\/div>\n<\/div><div class=\"nav fusion-mobile-tab-nav\"><ul class=\"nav-tabs nav-justified\" role=\"tablist\" aria-orientation=\"horizontal\"><li  role=\"presentation\"><a class=\"tab-link\" data-toggle=\"tab\" role=\"tab\" aria-controls=\"tab-ed6ef46427c05732e90\" aria-selected=\"false\" tabindex=\"-1\" id=\"mobile-fusion-tab-ed6ef46427c05732e90\" href=\"#tab-ed6ef46427c05732e90\"><h4 class=\"fusion-tab-heading\"><i class=\"fontawesome-icon fa-user fas\" aria-hidden=\"true\" style=\"font-size:13px;\"><\/i>Palabras del Director<\/h4><\/a><\/li><\/ul><\/div><div class=\"tab-pane fade fusion-clearfix\" role=\"tabpanel\" tabindex=\"0\" aria-labelledby=\"fusion-tab-ed6ef46427c05732e90\" id=\"tab-ed6ef46427c05732e90\">\n<p style=\"text-align: right;\"><img decoding=\"async\" class=\"alignright wp-image-11887 size-thumbnail\" src=\"http:\/\/www.acebucheteatro.com\/portal\/wp-content\/uploads\/2013\/05\/AntonioRodr--guez-150x150.png\" alt=\"AntonioRodr\u00edguez\" width=\"150\" height=\"150\" \/><\/p>\n<blockquote>\n<p style=\"text-align: right;\"><em>No estaba enajenado. Al remover el agua, surgieron muchas lunas, no sab\u00eda cu\u00e1l era la verdadera. Necesitaba lo inalcanzable,\u00a0matar\u00a0la\u00a0nada.<\/em><\/p>\n<\/blockquote>\n<p style=\"text-align: left;\">En la puesta en escena de <strong>La Caduta<\/strong>, <strong>ACEBUCHE-TEATRO<\/strong> se enfrenta a un montaje con una trama de contenido duro, crudo, donde se manejan cordeles de existencialismos ante unos personajes [Agripina, Quereas, Cesonia, Nevia, Fulvia, \u2026 Drusila] movidos por Cal\u00edgula [\u00bfdemente?], al que le gusta jugar, mover hilos fat\u00eddicos.<\/p>\n<p style=\"text-align: left;\">He querido contar con una escenograf\u00eda sencilla, abierta, atemporal. El mobiliario, el atrezo, la imagen, la ambientaci\u00f3n musical, como el tratamiento de la iluminaci\u00f3n forman un todo que envuelve a los personajes, los adentra en la profundidad e intenciones simb\u00f3licas que requiere mi propuesta esc\u00e9nica y -al mismo tiempo- ara\u00f1a la patente realidad de la trama.<\/p>\n<p style=\"text-align: left;\">Quer\u00eda un vestuario casi indeterminado, que reflejara la \u00e9poca y reflejara otras \u00e9pocas. <strong>Cal\u00edgula<\/strong> es eterno, est\u00e1 en todas las generaciones. He huido del t\u00f3pico romano trillado, de la tragedia de la espada, la daga, la capa t\u00f3pica, del escudo\u2026<\/p>\n<p style=\"text-align: left;\">Mi objetivo era y es crear unos personajes humanos ansiosos de poder, soberbias, corrupciones, aborrecimientos, ambiciones, rencores\u2026 la repugnancia de \u00e9pocas pasadas y la prevenci\u00f3n, deshumanizaci\u00f3n actual, con alg\u00fan que otro toque de ternura.<\/p>\n<p style=\"text-align: left;\">La trama fue escrita no como una versi\u00f3n ni adaptaci\u00f3n, sino una <strong>propuesta de direcci\u00f3n<\/strong> [Antonio Rodr\u00edguez Gord\u00f3n]. Llevarla al cl\u00e1sico sin adornos, sin siquiera coros [apenas], sin siquiera danzas [apenas], sac\u00e1ndola del t\u00f3pico [un intento].<\/p>\n<p style=\"text-align: left;\"><em>\u00abEl fanatismo jode a nuestro mundo. T\u00fa y yo sabemos el ambiente que respiramos, donde nos movemos, no nos enga\u00f1emos\u00bb<\/em>.<\/p>\n<p style=\"text-align: left;\"><strong>Cal\u00edgula<\/strong> se da cuenta de su vertiginosa ca\u00edda a la nada; pero no lo confundas con un demente chiflado, sabe lo que hace.<\/p>\n<p style=\"text-align: left;\">Dice <strong>Cal\u00edgula<\/strong>: <em>\u201cQu\u00e9 amargo es hacerse hombre en este juego de siempre\u201d<\/em>.<\/p>\n<p style=\"text-align: left;\">Poner en escena <strong>La Caduta<\/strong> ha sido -para todo el grupo- un trabajo duro, eficiente y, sobre todo, digno.<\/p>\n<p style=\"text-align: right;\">Antonio Rodr\u00edguez Gord\u00f3n<\/p>\n<\/div><div class=\"nav fusion-mobile-tab-nav\"><ul class=\"nav-tabs nav-justified\" role=\"tablist\" aria-orientation=\"horizontal\"><li  role=\"presentation\"><a class=\"tab-link\" data-toggle=\"tab\" role=\"tab\" aria-controls=\"tab-fee54d8c63bdbe06fd3\" aria-selected=\"false\" tabindex=\"-1\" id=\"mobile-fusion-tab-fee54d8c63bdbe06fd3\" href=\"#tab-fee54d8c63bdbe06fd3\"><h4 class=\"fusion-tab-heading\"><i class=\"fontawesome-icon fa-calendar-alt fas\" aria-hidden=\"true\" style=\"font-size:13px;\"><\/i>Pr\u00f3ximas actuaciones<\/h4><\/a><\/li><\/ul><\/div><div class=\"tab-pane fade fusion-clearfix\" role=\"tabpanel\" tabindex=\"0\" aria-labelledby=\"fusion-tab-fee54d8c63bdbe06fd3\" id=\"tab-fee54d8c63bdbe06fd3\">\n\n<\/div><div class=\"nav fusion-mobile-tab-nav\"><ul class=\"nav-tabs nav-justified\" role=\"tablist\" aria-orientation=\"horizontal\"><li  role=\"presentation\"><a class=\"tab-link\" data-toggle=\"tab\" role=\"tab\" aria-controls=\"tab-ca246f21e7564c77bad\" aria-selected=\"false\" tabindex=\"-1\" id=\"mobile-fusion-tab-ca246f21e7564c77bad\" href=\"#tab-ca246f21e7564c77bad\"><h4 class=\"fusion-tab-heading\"><i class=\"fontawesome-icon fa-trophy fas\" aria-hidden=\"true\" style=\"font-size:13px;\"><\/i>Logros conseguidos<\/h4><\/a><\/li><\/ul><\/div><div class=\"tab-pane fade fusion-clearfix\" role=\"tabpanel\" tabindex=\"0\" aria-labelledby=\"fusion-tab-ca246f21e7564c77bad\" id=\"tab-ca246f21e7564c77bad\">\n<h3>XXXIII Certamen Nacional de Teatro Aficionado \u00abRa\u00fal Moreno Molero\u00bb (Torrejoncillo &#8211; C\u00e1ceres &#8211; 2025)<\/h3>\n<ul>\n<li><strong>2\u00ba Premio a Mejor Montaje.<\/strong><\/li>\n<li>\n<div dir=\"auto\"><strong>Premio a Mejor Actriz de Reparto<\/strong> para Mara Amo Buenavida.<\/div>\n<\/li>\n<li><strong>Premio a Mejor Espacio Esc\u00e9nico<\/strong> (iluminaci\u00f3n, sonido, escenograf\u00eda).<\/li>\n<li>Nominaci\u00f3n a <strong>Mejor Direcci\u00f3n<\/strong>, de Antonio R. Gord\u00f3n.<\/li>\n<li>Nominaci\u00f3n a <strong>Mejor Actor Principal <\/strong>para Barto Garc\u00eda.<\/li>\n<li>Nominaci\u00f3n a <strong>Mejor Actriz Principal<\/strong> para Blanca Barrantes.<\/li>\n<li>Nominaci\u00f3n a<strong> Mejor Actriz de Reparto<\/strong> para Mar\u00eda Rodr\u00edguez Velasco.<\/li>\n<li>Nominaci\u00f3n a<strong>\u00a0Mejor Actor de Reparto<\/strong> para Juli\u00e1n Garc\u00eda.<\/li>\n<\/ul>\n<h3>VIII Muestra de Teatro de Legan\u00e9s (Legan\u00e9s &#8211; Madrid &#8211; 2025)<\/h3>\n<ul>\n<li><strong>Premio a Mejor Espacio Esc\u00e9nico<\/strong> (iluminaci\u00f3n, sonido, escenograf\u00eda).<\/li>\n<li><strong>Premio a Mejor Actor Principal <\/strong>para Barto Garc\u00eda.<\/li>\n<li>\n<div dir=\"auto\"><strong>Premio a Mejor Actriz de Reparto<\/strong> para para Mar\u00eda Rodr\u00edguez Velasco.<\/div>\n<\/li>\n<li>Nominaci\u00f3n a <strong>Mejor Espect\u00e1culo<\/strong>.<\/li>\n<li>Nominaci\u00f3n a <strong>Mejor Direcci\u00f3n<\/strong>, de Antonio R. Gord\u00f3n.<\/li>\n<li>\n<div dir=\"auto\">Nominaci\u00f3n a <strong>Premio Especial del P\u00fablico<\/strong>.<\/div>\n<\/li>\n<li>Nominaci\u00f3n a <strong>Mejor Dramaturgia<\/strong>.<\/li>\n<li>Nominaci\u00f3n a <strong>Premio Especial del P\u00fablico<\/strong>.<\/li>\n<li>Nominaci\u00f3n a <strong>Mejor Actriz Principal<\/strong> para Blanca Barrantes.<\/li>\n<li>Nominaci\u00f3n a<strong>\u00a0Mejor Actor de Reparto<\/strong> para Juli\u00e1n Garc\u00eda.<\/li>\n<li>Nominaci\u00f3n a <strong>Mejor Vestuario<\/strong>.<\/li>\n<li>Nominaci\u00f3n a <strong>Mejor Caracterizaci\u00f3n<\/strong>.<\/li>\n<\/ul>\n<h3>XVIII Certamen Nacional \u00abLagasca\u00bb (El Barco de \u00c1vila &#8211; \u00c1vila &#8211; 2025)<\/h3>\n<ul>\n<li><strong>Primer Premio.<\/strong><\/li>\n<li><strong>Premio al Mejor Montaje Esc\u00e9nico<\/strong> (iluminaci\u00f3n, sonido, escenograf\u00eda).<\/li>\n<li><strong>Premio a Mejor Direcci\u00f3n<\/strong>, de Antonio R. Gord\u00f3n.<\/li>\n<li><strong>Premio a Mejor Actor Principal <\/strong>para Barto Garc\u00eda.<\/li>\n<li>\n<div dir=\"auto\"><strong>Premio a Mejor Actriz de Reparto<\/strong> para para Mar\u00eda Rodr\u00edguez Velasco.<\/div>\n<\/li>\n<li>\n<div dir=\"auto\"><strong>Premio a Mejor V\u00eddeo Promo<\/strong>.<\/div>\n<\/li>\n<li>\n<div dir=\"auto\">Nominaci\u00f3n a <strong>Premio Especial del P\u00fablico<\/strong>.<\/div>\n<\/li>\n<\/ul>\n<h3>27\u00ba Certamen Nacional \u00abVilla de Mora\u00bb (Mora &#8211; Toledo &#8211; 2025)<\/h3>\n<ul>\n<li>Segundo <strong>Premio al Mejor Montaje<\/strong>.<\/li>\n<li><strong>Premio a Mejor Actor Protagonista<\/strong> para Barto Garc\u00eda.<\/li>\n<li>\n<div dir=\"auto\">Nominaci\u00f3n a <strong>Mejor Actriz Principal<\/strong>, para Blanca Barrantes, con el papel de Cesonia.<\/div>\n<\/li>\n<li>\n<div dir=\"auto\">Nominaci\u00f3n a <strong>Mejor Actriz de Reparto<\/strong>, para Mara Amo, con el papel de Drusila.<\/div>\n<\/li>\n<li>\n<div dir=\"auto\">Nominaci\u00f3n a <strong>Mejor Direcci\u00f3n<\/strong>, de Antonio R. Gord\u00f3n.<\/div>\n<\/li>\n<li>\n<div dir=\"auto\">Nominaci\u00f3n a <strong>Mejor Escenograf\u00eda<\/strong>.<\/div>\n<\/li>\n<li>\n<div dir=\"auto\">Nominaci\u00f3n a <strong>Mejor Vestuario, Maquillaje y Caracterizaci\u00f3n<\/strong>.<\/div>\n<\/li>\n<\/ul>\n<h3>XI PREMIOS \u00abJuan Mayorga\u00bb DE LAS ARTES ESC\u00c9NICAS (Manzanares &#8211; 2025)<\/h3>\n<ul>\n<li><strong>Premio a la Mejor actriz de reparto<\/strong>\u00a0para Mar\u00eda Rodr\u00edguez Velasco.<\/li>\n<li>Nominaci\u00f3n a <strong>Mejor Espect\u00e1culo<\/strong>.<\/li>\n<li>Nominaci\u00f3n a <strong>Mejor Direcci\u00f3n<\/strong>.<\/li>\n<li>Nominaci\u00f3n a <strong>Mejor Cartel<\/strong>.<\/li>\n<li>Nominaci\u00f3n a <strong>Mejor Actor Protagonista<\/strong> para Barto Garc\u00eda.<\/li>\n<li>Nominaci\u00f3n a <strong>Mejor Fotograf\u00eda<\/strong>.<\/li>\n<\/ul>\n<\/div><\/div><\/div><div class=\"fusion-image-carousel fusion-image-carousel-auto fusion-image-carousel-1 lightbox-enabled fusion-carousel-border\"><div class=\"awb-carousel awb-swiper awb-swiper-carousel awb-carousel--carousel awb-swiper-dots-position-bottom\" data-layout=\"carousel\" data-autoplay=\"yes\" data-autoplayspeed=\"2500\" data-autoplaypause=\"no\" data-loop=\"yes\" data-columns=\"5\" data-columnsmedium=\"1\" data-columnssmall=\"1\" data-itemmargin=\"13\" data-itemwidth=\"180\" data-touchscroll=\"no\" data-freemode=\"no\" data-imagesize=\"auto\" data-scrollitems=\"0\" data-centeredslides=\"no\" data-rotationangle=\"50\" data-depth=\"100\" data-speed=\"500\" data-shadow=\"no\" data-pagination=\"bullets\" style=\"--awb-border-width:1px;--awb-border-color:#e9eaee;\"><div class=\"swiper-wrapper awb-image-carousel-wrapper fusion-flex-align-items-center\"><div class=\"swiper-slide\"><div class=\"fusion-carousel-item-wrapper\"><div class=\"fusion-image-wrapper hover-type-zoomin\"><a data-rel=\"iLightbox[image_carousel_1]\" data-title=\"La Caduta &#8211; fotos (1)\" aria-label=\"La Caduta &#8211; fotos (1)\" href=\"https:\/\/www.acebucheteatro.com\/portal\/wp-content\/uploads\/2025\/04\/La-Caduta-fotos-1-scaled.jpg\" target=\"_self\"><img decoding=\"async\" width=\"2560\" height=\"2560\" src=\"https:\/\/www.acebucheteatro.com\/portal\/wp-content\/uploads\/2025\/04\/La-Caduta-fotos-1-scaled.jpg\" class=\"attachment-full size-full\" alt=\"\" srcset=\"https:\/\/www.acebucheteatro.com\/portal\/wp-content\/uploads\/2025\/04\/La-Caduta-fotos-1-200x200.jpg 200w, https:\/\/www.acebucheteatro.com\/portal\/wp-content\/uploads\/2025\/04\/La-Caduta-fotos-1-400x400.jpg 400w, https:\/\/www.acebucheteatro.com\/portal\/wp-content\/uploads\/2025\/04\/La-Caduta-fotos-1-600x600.jpg 600w, https:\/\/www.acebucheteatro.com\/portal\/wp-content\/uploads\/2025\/04\/La-Caduta-fotos-1-800x800.jpg 800w, https:\/\/www.acebucheteatro.com\/portal\/wp-content\/uploads\/2025\/04\/La-Caduta-fotos-1-1200x1200.jpg 1200w, https:\/\/www.acebucheteatro.com\/portal\/wp-content\/uploads\/2025\/04\/La-Caduta-fotos-1-scaled.jpg 2560w\" sizes=\"(min-width: 2200px) 100vw, (min-width: 928px) 210px, (min-width: 856px) 262px, (min-width: 784px) 349px, (min-width: 712px) 524px, (min-width: 640px) 712px, \" \/><\/a><\/div><\/div><\/div><div class=\"swiper-slide\"><div class=\"fusion-carousel-item-wrapper\"><div class=\"fusion-image-wrapper hover-type-zoomin\"><a data-rel=\"iLightbox[image_carousel_1]\" data-title=\"La Caduta &#8211; fotos (2)\" aria-label=\"La Caduta &#8211; fotos (2)\" href=\"https:\/\/www.acebucheteatro.com\/portal\/wp-content\/uploads\/2025\/04\/La-Caduta-fotos-2-scaled.jpg\" target=\"_self\"><img decoding=\"async\" width=\"2560\" height=\"1446\" src=\"https:\/\/www.acebucheteatro.com\/portal\/wp-content\/uploads\/2025\/04\/La-Caduta-fotos-2-scaled.jpg\" class=\"attachment-full size-full\" alt=\"\" srcset=\"https:\/\/www.acebucheteatro.com\/portal\/wp-content\/uploads\/2025\/04\/La-Caduta-fotos-2-200x113.jpg 200w, https:\/\/www.acebucheteatro.com\/portal\/wp-content\/uploads\/2025\/04\/La-Caduta-fotos-2-400x226.jpg 400w, https:\/\/www.acebucheteatro.com\/portal\/wp-content\/uploads\/2025\/04\/La-Caduta-fotos-2-600x339.jpg 600w, https:\/\/www.acebucheteatro.com\/portal\/wp-content\/uploads\/2025\/04\/La-Caduta-fotos-2-800x452.jpg 800w, https:\/\/www.acebucheteatro.com\/portal\/wp-content\/uploads\/2025\/04\/La-Caduta-fotos-2-1200x678.jpg 1200w, https:\/\/www.acebucheteatro.com\/portal\/wp-content\/uploads\/2025\/04\/La-Caduta-fotos-2-scaled.jpg 2560w\" sizes=\"(min-width: 2200px) 100vw, (min-width: 928px) 210px, (min-width: 856px) 262px, (min-width: 784px) 349px, (min-width: 712px) 524px, (min-width: 640px) 712px, \" \/><\/a><\/div><\/div><\/div><div class=\"swiper-slide\"><div class=\"fusion-carousel-item-wrapper\"><div class=\"fusion-image-wrapper hover-type-zoomin\"><a data-rel=\"iLightbox[image_carousel_1]\" data-title=\"La Caduta &#8211; fotos (3)\" aria-label=\"La Caduta &#8211; fotos (3)\" href=\"https:\/\/www.acebucheteatro.com\/portal\/wp-content\/uploads\/2025\/04\/La-Caduta-fotos-3-scaled.jpg\" target=\"_self\"><img decoding=\"async\" width=\"2560\" height=\"2560\" src=\"https:\/\/www.acebucheteatro.com\/portal\/wp-content\/uploads\/2025\/04\/La-Caduta-fotos-3-scaled.jpg\" class=\"attachment-full size-full\" alt=\"\" srcset=\"https:\/\/www.acebucheteatro.com\/portal\/wp-content\/uploads\/2025\/04\/La-Caduta-fotos-3-200x200.jpg 200w, https:\/\/www.acebucheteatro.com\/portal\/wp-content\/uploads\/2025\/04\/La-Caduta-fotos-3-400x400.jpg 400w, https:\/\/www.acebucheteatro.com\/portal\/wp-content\/uploads\/2025\/04\/La-Caduta-fotos-3-600x600.jpg 600w, https:\/\/www.acebucheteatro.com\/portal\/wp-content\/uploads\/2025\/04\/La-Caduta-fotos-3-800x800.jpg 800w, https:\/\/www.acebucheteatro.com\/portal\/wp-content\/uploads\/2025\/04\/La-Caduta-fotos-3-1200x1200.jpg 1200w, https:\/\/www.acebucheteatro.com\/portal\/wp-content\/uploads\/2025\/04\/La-Caduta-fotos-3-scaled.jpg 2560w\" sizes=\"(min-width: 2200px) 100vw, (min-width: 928px) 210px, (min-width: 856px) 262px, (min-width: 784px) 349px, (min-width: 712px) 524px, (min-width: 640px) 712px, \" \/><\/a><\/div><\/div><\/div><div class=\"swiper-slide\"><div class=\"fusion-carousel-item-wrapper\"><div class=\"fusion-image-wrapper hover-type-zoomin\"><a data-rel=\"iLightbox[image_carousel_1]\" data-title=\"La Caduta &#8211; fotos (4)\" aria-label=\"La Caduta &#8211; fotos (4)\" href=\"https:\/\/www.acebucheteatro.com\/portal\/wp-content\/uploads\/2025\/04\/La-Caduta-fotos-4-scaled.jpg\" target=\"_self\"><img decoding=\"async\" width=\"1707\" height=\"2560\" src=\"https:\/\/www.acebucheteatro.com\/portal\/wp-content\/uploads\/2025\/04\/La-Caduta-fotos-4-scaled.jpg\" class=\"attachment-full size-full\" alt=\"\" srcset=\"https:\/\/www.acebucheteatro.com\/portal\/wp-content\/uploads\/2025\/04\/La-Caduta-fotos-4-200x300.jpg 200w, https:\/\/www.acebucheteatro.com\/portal\/wp-content\/uploads\/2025\/04\/La-Caduta-fotos-4-400x600.jpg 400w, https:\/\/www.acebucheteatro.com\/portal\/wp-content\/uploads\/2025\/04\/La-Caduta-fotos-4-600x900.jpg 600w, https:\/\/www.acebucheteatro.com\/portal\/wp-content\/uploads\/2025\/04\/La-Caduta-fotos-4-800x1200.jpg 800w, https:\/\/www.acebucheteatro.com\/portal\/wp-content\/uploads\/2025\/04\/La-Caduta-fotos-4-1200x1800.jpg 1200w, https:\/\/www.acebucheteatro.com\/portal\/wp-content\/uploads\/2025\/04\/La-Caduta-fotos-4-scaled.jpg 1707w\" sizes=\"(min-width: 2200px) 100vw, (min-width: 928px) 210px, (min-width: 856px) 262px, (min-width: 784px) 349px, (min-width: 712px) 524px, (min-width: 640px) 712px, \" \/><\/a><\/div><\/div><\/div><div class=\"swiper-slide\"><div class=\"fusion-carousel-item-wrapper\"><div class=\"fusion-image-wrapper hover-type-zoomin\"><a data-rel=\"iLightbox[image_carousel_1]\" data-title=\"La Caduta &#8211; fotos (5)\" aria-label=\"La Caduta &#8211; fotos (5)\" href=\"https:\/\/www.acebucheteatro.com\/portal\/wp-content\/uploads\/2025\/04\/La-Caduta-fotos-5-scaled.jpg\" target=\"_self\"><img decoding=\"async\" width=\"2560\" height=\"1706\" src=\"https:\/\/www.acebucheteatro.com\/portal\/wp-content\/uploads\/2025\/04\/La-Caduta-fotos-5-scaled.jpg\" class=\"attachment-full size-full\" alt=\"\" srcset=\"https:\/\/www.acebucheteatro.com\/portal\/wp-content\/uploads\/2025\/04\/La-Caduta-fotos-5-200x133.jpg 200w, https:\/\/www.acebucheteatro.com\/portal\/wp-content\/uploads\/2025\/04\/La-Caduta-fotos-5-400x267.jpg 400w, https:\/\/www.acebucheteatro.com\/portal\/wp-content\/uploads\/2025\/04\/La-Caduta-fotos-5-600x400.jpg 600w, https:\/\/www.acebucheteatro.com\/portal\/wp-content\/uploads\/2025\/04\/La-Caduta-fotos-5-800x533.jpg 800w, https:\/\/www.acebucheteatro.com\/portal\/wp-content\/uploads\/2025\/04\/La-Caduta-fotos-5-1200x800.jpg 1200w, https:\/\/www.acebucheteatro.com\/portal\/wp-content\/uploads\/2025\/04\/La-Caduta-fotos-5-scaled.jpg 2560w\" sizes=\"(min-width: 2200px) 100vw, (min-width: 928px) 210px, (min-width: 856px) 262px, (min-width: 784px) 349px, (min-width: 712px) 524px, (min-width: 640px) 712px, \" \/><\/a><\/div><\/div><\/div><div class=\"swiper-slide\"><div class=\"fusion-carousel-item-wrapper\"><div class=\"fusion-image-wrapper hover-type-zoomin\"><a data-rel=\"iLightbox[image_carousel_1]\" data-title=\"La Caduta &#8211; fotos (6)\" aria-label=\"La Caduta &#8211; fotos (6)\" href=\"https:\/\/www.acebucheteatro.com\/portal\/wp-content\/uploads\/2025\/04\/La-Caduta-fotos-6-scaled.jpg\" target=\"_self\"><img decoding=\"async\" width=\"2560\" height=\"2560\" src=\"https:\/\/www.acebucheteatro.com\/portal\/wp-content\/uploads\/2025\/04\/La-Caduta-fotos-6-scaled.jpg\" class=\"attachment-full size-full\" alt=\"\" srcset=\"https:\/\/www.acebucheteatro.com\/portal\/wp-content\/uploads\/2025\/04\/La-Caduta-fotos-6-200x200.jpg 200w, https:\/\/www.acebucheteatro.com\/portal\/wp-content\/uploads\/2025\/04\/La-Caduta-fotos-6-400x400.jpg 400w, https:\/\/www.acebucheteatro.com\/portal\/wp-content\/uploads\/2025\/04\/La-Caduta-fotos-6-600x600.jpg 600w, https:\/\/www.acebucheteatro.com\/portal\/wp-content\/uploads\/2025\/04\/La-Caduta-fotos-6-800x800.jpg 800w, https:\/\/www.acebucheteatro.com\/portal\/wp-content\/uploads\/2025\/04\/La-Caduta-fotos-6-1200x1200.jpg 1200w, https:\/\/www.acebucheteatro.com\/portal\/wp-content\/uploads\/2025\/04\/La-Caduta-fotos-6-scaled.jpg 2560w\" sizes=\"(min-width: 2200px) 100vw, (min-width: 928px) 210px, (min-width: 856px) 262px, (min-width: 784px) 349px, (min-width: 712px) 524px, (min-width: 640px) 712px, \" \/><\/a><\/div><\/div><\/div><div class=\"swiper-slide\"><div class=\"fusion-carousel-item-wrapper\"><div class=\"fusion-image-wrapper hover-type-zoomin\"><a data-rel=\"iLightbox[image_carousel_1]\" data-title=\"La Caduta &#8211; fotos (7)\" aria-label=\"La Caduta &#8211; fotos (7)\" href=\"https:\/\/www.acebucheteatro.com\/portal\/wp-content\/uploads\/2025\/04\/La-Caduta-fotos-7-scaled.jpg\" target=\"_self\"><img decoding=\"async\" width=\"2560\" height=\"1707\" src=\"https:\/\/www.acebucheteatro.com\/portal\/wp-content\/uploads\/2025\/04\/La-Caduta-fotos-7-scaled.jpg\" class=\"attachment-full size-full\" alt=\"\" srcset=\"https:\/\/www.acebucheteatro.com\/portal\/wp-content\/uploads\/2025\/04\/La-Caduta-fotos-7-200x133.jpg 200w, https:\/\/www.acebucheteatro.com\/portal\/wp-content\/uploads\/2025\/04\/La-Caduta-fotos-7-400x267.jpg 400w, https:\/\/www.acebucheteatro.com\/portal\/wp-content\/uploads\/2025\/04\/La-Caduta-fotos-7-600x400.jpg 600w, https:\/\/www.acebucheteatro.com\/portal\/wp-content\/uploads\/2025\/04\/La-Caduta-fotos-7-800x533.jpg 800w, https:\/\/www.acebucheteatro.com\/portal\/wp-content\/uploads\/2025\/04\/La-Caduta-fotos-7-1200x800.jpg 1200w, https:\/\/www.acebucheteatro.com\/portal\/wp-content\/uploads\/2025\/04\/La-Caduta-fotos-7-scaled.jpg 2560w\" sizes=\"(min-width: 2200px) 100vw, (min-width: 928px) 210px, (min-width: 856px) 262px, (min-width: 784px) 349px, (min-width: 712px) 524px, (min-width: 640px) 712px, \" \/><\/a><\/div><\/div><\/div><div class=\"swiper-slide\"><div class=\"fusion-carousel-item-wrapper\"><div class=\"fusion-image-wrapper hover-type-zoomin\"><a data-rel=\"iLightbox[image_carousel_1]\" data-title=\"La Caduta &#8211; fotos (8)\" aria-label=\"La Caduta &#8211; fotos (8)\" href=\"https:\/\/www.acebucheteatro.com\/portal\/wp-content\/uploads\/2025\/04\/La-Caduta-fotos-8-scaled.jpg\" target=\"_self\"><img decoding=\"async\" width=\"2560\" height=\"1100\" src=\"https:\/\/www.acebucheteatro.com\/portal\/wp-content\/uploads\/2025\/04\/La-Caduta-fotos-8-scaled.jpg\" class=\"attachment-full size-full\" alt=\"\" srcset=\"https:\/\/www.acebucheteatro.com\/portal\/wp-content\/uploads\/2025\/04\/La-Caduta-fotos-8-200x86.jpg 200w, https:\/\/www.acebucheteatro.com\/portal\/wp-content\/uploads\/2025\/04\/La-Caduta-fotos-8-400x172.jpg 400w, https:\/\/www.acebucheteatro.com\/portal\/wp-content\/uploads\/2025\/04\/La-Caduta-fotos-8-600x258.jpg 600w, https:\/\/www.acebucheteatro.com\/portal\/wp-content\/uploads\/2025\/04\/La-Caduta-fotos-8-800x344.jpg 800w, https:\/\/www.acebucheteatro.com\/portal\/wp-content\/uploads\/2025\/04\/La-Caduta-fotos-8-1200x516.jpg 1200w, https:\/\/www.acebucheteatro.com\/portal\/wp-content\/uploads\/2025\/04\/La-Caduta-fotos-8-scaled.jpg 2560w\" sizes=\"(min-width: 2200px) 100vw, (min-width: 928px) 210px, (min-width: 856px) 262px, (min-width: 784px) 349px, (min-width: 712px) 524px, (min-width: 640px) 712px, \" \/><\/a><\/div><\/div><\/div><div class=\"swiper-slide\"><div class=\"fusion-carousel-item-wrapper\"><div class=\"fusion-image-wrapper hover-type-zoomin\"><a data-rel=\"iLightbox[image_carousel_1]\" data-title=\"La Caduta &#8211; fotos (9)\" aria-label=\"La Caduta &#8211; fotos (9)\" href=\"https:\/\/www.acebucheteatro.com\/portal\/wp-content\/uploads\/2025\/04\/La-Caduta-fotos-9-scaled.jpg\" target=\"_self\"><img decoding=\"async\" width=\"2560\" height=\"1707\" src=\"https:\/\/www.acebucheteatro.com\/portal\/wp-content\/uploads\/2025\/04\/La-Caduta-fotos-9-scaled.jpg\" class=\"attachment-full size-full\" alt=\"\" srcset=\"https:\/\/www.acebucheteatro.com\/portal\/wp-content\/uploads\/2025\/04\/La-Caduta-fotos-9-200x133.jpg 200w, https:\/\/www.acebucheteatro.com\/portal\/wp-content\/uploads\/2025\/04\/La-Caduta-fotos-9-400x267.jpg 400w, https:\/\/www.acebucheteatro.com\/portal\/wp-content\/uploads\/2025\/04\/La-Caduta-fotos-9-600x400.jpg 600w, https:\/\/www.acebucheteatro.com\/portal\/wp-content\/uploads\/2025\/04\/La-Caduta-fotos-9-800x533.jpg 800w, https:\/\/www.acebucheteatro.com\/portal\/wp-content\/uploads\/2025\/04\/La-Caduta-fotos-9-1200x800.jpg 1200w, https:\/\/www.acebucheteatro.com\/portal\/wp-content\/uploads\/2025\/04\/La-Caduta-fotos-9-scaled.jpg 2560w\" sizes=\"(min-width: 2200px) 100vw, (min-width: 928px) 210px, (min-width: 856px) 262px, (min-width: 784px) 349px, (min-width: 712px) 524px, (min-width: 640px) 712px, \" \/><\/a><\/div><\/div><\/div><div class=\"swiper-slide\"><div class=\"fusion-carousel-item-wrapper\"><div class=\"fusion-image-wrapper hover-type-zoomin\"><a data-rel=\"iLightbox[image_carousel_1]\" data-title=\"La Caduta &#8211; fotos (10)\" aria-label=\"La Caduta &#8211; fotos (10)\" href=\"https:\/\/www.acebucheteatro.com\/portal\/wp-content\/uploads\/2025\/04\/La-Caduta-fotos-10-scaled.jpg\" target=\"_self\"><img decoding=\"async\" width=\"2560\" height=\"2560\" src=\"https:\/\/www.acebucheteatro.com\/portal\/wp-content\/uploads\/2025\/04\/La-Caduta-fotos-10-scaled.jpg\" class=\"attachment-full size-full\" alt=\"\" srcset=\"https:\/\/www.acebucheteatro.com\/portal\/wp-content\/uploads\/2025\/04\/La-Caduta-fotos-10-200x200.jpg 200w, https:\/\/www.acebucheteatro.com\/portal\/wp-content\/uploads\/2025\/04\/La-Caduta-fotos-10-400x400.jpg 400w, https:\/\/www.acebucheteatro.com\/portal\/wp-content\/uploads\/2025\/04\/La-Caduta-fotos-10-600x600.jpg 600w, https:\/\/www.acebucheteatro.com\/portal\/wp-content\/uploads\/2025\/04\/La-Caduta-fotos-10-800x800.jpg 800w, https:\/\/www.acebucheteatro.com\/portal\/wp-content\/uploads\/2025\/04\/La-Caduta-fotos-10-1200x1200.jpg 1200w, https:\/\/www.acebucheteatro.com\/portal\/wp-content\/uploads\/2025\/04\/La-Caduta-fotos-10-scaled.jpg 2560w\" sizes=\"(min-width: 2200px) 100vw, (min-width: 928px) 210px, (min-width: 856px) 262px, (min-width: 784px) 349px, (min-width: 712px) 524px, (min-width: 640px) 712px, \" \/><\/a><\/div><\/div><\/div><div class=\"swiper-slide\"><div class=\"fusion-carousel-item-wrapper\"><div class=\"fusion-image-wrapper hover-type-zoomin\"><a data-rel=\"iLightbox[image_carousel_1]\" data-title=\"La Caduta &#8211; fotos (11)\" aria-label=\"La Caduta &#8211; fotos (11)\" href=\"https:\/\/www.acebucheteatro.com\/portal\/wp-content\/uploads\/2025\/04\/La-Caduta-fotos-11-scaled.jpg\" target=\"_self\"><img decoding=\"async\" width=\"2560\" height=\"2560\" src=\"https:\/\/www.acebucheteatro.com\/portal\/wp-content\/uploads\/2025\/04\/La-Caduta-fotos-11-scaled.jpg\" class=\"attachment-full size-full\" alt=\"\" srcset=\"https:\/\/www.acebucheteatro.com\/portal\/wp-content\/uploads\/2025\/04\/La-Caduta-fotos-11-200x200.jpg 200w, https:\/\/www.acebucheteatro.com\/portal\/wp-content\/uploads\/2025\/04\/La-Caduta-fotos-11-400x400.jpg 400w, https:\/\/www.acebucheteatro.com\/portal\/wp-content\/uploads\/2025\/04\/La-Caduta-fotos-11-600x600.jpg 600w, https:\/\/www.acebucheteatro.com\/portal\/wp-content\/uploads\/2025\/04\/La-Caduta-fotos-11-800x800.jpg 800w, https:\/\/www.acebucheteatro.com\/portal\/wp-content\/uploads\/2025\/04\/La-Caduta-fotos-11-1200x1200.jpg 1200w, https:\/\/www.acebucheteatro.com\/portal\/wp-content\/uploads\/2025\/04\/La-Caduta-fotos-11-scaled.jpg 2560w\" sizes=\"(min-width: 2200px) 100vw, (min-width: 928px) 210px, (min-width: 856px) 262px, (min-width: 784px) 349px, (min-width: 712px) 524px, (min-width: 640px) 712px, \" \/><\/a><\/div><\/div><\/div><div class=\"swiper-slide\"><div class=\"fusion-carousel-item-wrapper\"><div class=\"fusion-image-wrapper hover-type-zoomin\"><a data-rel=\"iLightbox[image_carousel_1]\" data-title=\"La Caduta &#8211; fotos (12)\" aria-label=\"La Caduta &#8211; fotos (12)\" href=\"https:\/\/www.acebucheteatro.com\/portal\/wp-content\/uploads\/2025\/04\/La-Caduta-fotos-12-scaled.jpg\" target=\"_self\"><img decoding=\"async\" width=\"2560\" height=\"1706\" src=\"https:\/\/www.acebucheteatro.com\/portal\/wp-content\/uploads\/2025\/04\/La-Caduta-fotos-12-scaled.jpg\" class=\"attachment-full size-full\" alt=\"\" srcset=\"https:\/\/www.acebucheteatro.com\/portal\/wp-content\/uploads\/2025\/04\/La-Caduta-fotos-12-200x133.jpg 200w, https:\/\/www.acebucheteatro.com\/portal\/wp-content\/uploads\/2025\/04\/La-Caduta-fotos-12-400x267.jpg 400w, https:\/\/www.acebucheteatro.com\/portal\/wp-content\/uploads\/2025\/04\/La-Caduta-fotos-12-600x400.jpg 600w, https:\/\/www.acebucheteatro.com\/portal\/wp-content\/uploads\/2025\/04\/La-Caduta-fotos-12-800x533.jpg 800w, https:\/\/www.acebucheteatro.com\/portal\/wp-content\/uploads\/2025\/04\/La-Caduta-fotos-12-1200x800.jpg 1200w, https:\/\/www.acebucheteatro.com\/portal\/wp-content\/uploads\/2025\/04\/La-Caduta-fotos-12-scaled.jpg 2560w\" sizes=\"(min-width: 2200px) 100vw, (min-width: 928px) 210px, (min-width: 856px) 262px, (min-width: 784px) 349px, (min-width: 712px) 524px, (min-width: 640px) 712px, \" \/><\/a><\/div><\/div><\/div><div class=\"swiper-slide\"><div class=\"fusion-carousel-item-wrapper\"><div class=\"fusion-image-wrapper hover-type-zoomin\"><a data-rel=\"iLightbox[image_carousel_1]\" data-title=\"La Caduta &#8211; fotos (13)\" aria-label=\"La Caduta &#8211; fotos (13)\" href=\"https:\/\/www.acebucheteatro.com\/portal\/wp-content\/uploads\/2025\/04\/La-Caduta-fotos-13-scaled.jpg\" target=\"_self\"><img decoding=\"async\" width=\"2560\" height=\"1707\" src=\"https:\/\/www.acebucheteatro.com\/portal\/wp-content\/uploads\/2025\/04\/La-Caduta-fotos-13-scaled.jpg\" class=\"attachment-full size-full\" alt=\"\" srcset=\"https:\/\/www.acebucheteatro.com\/portal\/wp-content\/uploads\/2025\/04\/La-Caduta-fotos-13-200x133.jpg 200w, https:\/\/www.acebucheteatro.com\/portal\/wp-content\/uploads\/2025\/04\/La-Caduta-fotos-13-400x267.jpg 400w, https:\/\/www.acebucheteatro.com\/portal\/wp-content\/uploads\/2025\/04\/La-Caduta-fotos-13-600x400.jpg 600w, https:\/\/www.acebucheteatro.com\/portal\/wp-content\/uploads\/2025\/04\/La-Caduta-fotos-13-800x533.jpg 800w, https:\/\/www.acebucheteatro.com\/portal\/wp-content\/uploads\/2025\/04\/La-Caduta-fotos-13-1200x800.jpg 1200w, https:\/\/www.acebucheteatro.com\/portal\/wp-content\/uploads\/2025\/04\/La-Caduta-fotos-13-scaled.jpg 2560w\" sizes=\"(min-width: 2200px) 100vw, (min-width: 928px) 210px, (min-width: 856px) 262px, (min-width: 784px) 349px, (min-width: 712px) 524px, (min-width: 640px) 712px, \" \/><\/a><\/div><\/div><\/div><div class=\"swiper-slide\"><div class=\"fusion-carousel-item-wrapper\"><div class=\"fusion-image-wrapper hover-type-zoomin\"><a data-rel=\"iLightbox[image_carousel_1]\" data-title=\"La Caduta &#8211; fotos (14)\" aria-label=\"La Caduta &#8211; fotos (14)\" href=\"https:\/\/www.acebucheteatro.com\/portal\/wp-content\/uploads\/2025\/04\/La-Caduta-fotos-14-scaled.jpg\" target=\"_self\"><img decoding=\"async\" width=\"2560\" height=\"1707\" src=\"https:\/\/www.acebucheteatro.com\/portal\/wp-content\/uploads\/2025\/04\/La-Caduta-fotos-14-scaled.jpg\" class=\"attachment-full size-full\" alt=\"\" srcset=\"https:\/\/www.acebucheteatro.com\/portal\/wp-content\/uploads\/2025\/04\/La-Caduta-fotos-14-200x133.jpg 200w, https:\/\/www.acebucheteatro.com\/portal\/wp-content\/uploads\/2025\/04\/La-Caduta-fotos-14-400x267.jpg 400w, https:\/\/www.acebucheteatro.com\/portal\/wp-content\/uploads\/2025\/04\/La-Caduta-fotos-14-600x400.jpg 600w, https:\/\/www.acebucheteatro.com\/portal\/wp-content\/uploads\/2025\/04\/La-Caduta-fotos-14-800x533.jpg 800w, https:\/\/www.acebucheteatro.com\/portal\/wp-content\/uploads\/2025\/04\/La-Caduta-fotos-14-1200x800.jpg 1200w, https:\/\/www.acebucheteatro.com\/portal\/wp-content\/uploads\/2025\/04\/La-Caduta-fotos-14-scaled.jpg 2560w\" sizes=\"(min-width: 2200px) 100vw, (min-width: 928px) 210px, (min-width: 856px) 262px, (min-width: 784px) 349px, (min-width: 712px) 524px, (min-width: 640px) 712px, \" \/><\/a><\/div><\/div><\/div><div class=\"swiper-slide\"><div class=\"fusion-carousel-item-wrapper\"><div class=\"fusion-image-wrapper hover-type-zoomin\"><a data-rel=\"iLightbox[image_carousel_1]\" data-title=\"La Caduta &#8211; fotos (15)\" aria-label=\"La Caduta &#8211; fotos (15)\" href=\"https:\/\/www.acebucheteatro.com\/portal\/wp-content\/uploads\/2025\/04\/La-Caduta-fotos-15-scaled.jpg\" target=\"_self\"><img decoding=\"async\" width=\"2560\" height=\"1707\" src=\"https:\/\/www.acebucheteatro.com\/portal\/wp-content\/uploads\/2025\/04\/La-Caduta-fotos-15-scaled.jpg\" class=\"attachment-full size-full\" alt=\"\" srcset=\"https:\/\/www.acebucheteatro.com\/portal\/wp-content\/uploads\/2025\/04\/La-Caduta-fotos-15-200x133.jpg 200w, https:\/\/www.acebucheteatro.com\/portal\/wp-content\/uploads\/2025\/04\/La-Caduta-fotos-15-400x267.jpg 400w, https:\/\/www.acebucheteatro.com\/portal\/wp-content\/uploads\/2025\/04\/La-Caduta-fotos-15-600x400.jpg 600w, https:\/\/www.acebucheteatro.com\/portal\/wp-content\/uploads\/2025\/04\/La-Caduta-fotos-15-800x533.jpg 800w, https:\/\/www.acebucheteatro.com\/portal\/wp-content\/uploads\/2025\/04\/La-Caduta-fotos-15-1200x800.jpg 1200w, https:\/\/www.acebucheteatro.com\/portal\/wp-content\/uploads\/2025\/04\/La-Caduta-fotos-15-scaled.jpg 2560w\" sizes=\"(min-width: 2200px) 100vw, (min-width: 928px) 210px, (min-width: 856px) 262px, (min-width: 784px) 349px, (min-width: 712px) 524px, (min-width: 640px) 712px, \" \/><\/a><\/div><\/div><\/div><div class=\"swiper-slide\"><div class=\"fusion-carousel-item-wrapper\"><div class=\"fusion-image-wrapper hover-type-zoomin\"><a data-rel=\"iLightbox[image_carousel_1]\" data-title=\"La Caduta &#8211; fotos (10)\" aria-label=\"La Caduta &#8211; fotos (10)\" href=\"https:\/\/www.acebucheteatro.com\/portal\/wp-content\/uploads\/2025\/04\/La-Caduta-fotos-10-scaled.jpg\" target=\"_self\"><img decoding=\"async\" width=\"2560\" height=\"2560\" src=\"https:\/\/www.acebucheteatro.com\/portal\/wp-content\/uploads\/2025\/04\/La-Caduta-fotos-10-scaled.jpg\" class=\"attachment-full size-full\" alt=\"\" srcset=\"https:\/\/www.acebucheteatro.com\/portal\/wp-content\/uploads\/2025\/04\/La-Caduta-fotos-10-200x200.jpg 200w, https:\/\/www.acebucheteatro.com\/portal\/wp-content\/uploads\/2025\/04\/La-Caduta-fotos-10-400x400.jpg 400w, https:\/\/www.acebucheteatro.com\/portal\/wp-content\/uploads\/2025\/04\/La-Caduta-fotos-10-600x600.jpg 600w, https:\/\/www.acebucheteatro.com\/portal\/wp-content\/uploads\/2025\/04\/La-Caduta-fotos-10-800x800.jpg 800w, https:\/\/www.acebucheteatro.com\/portal\/wp-content\/uploads\/2025\/04\/La-Caduta-fotos-10-1200x1200.jpg 1200w, https:\/\/www.acebucheteatro.com\/portal\/wp-content\/uploads\/2025\/04\/La-Caduta-fotos-10-scaled.jpg 2560w\" sizes=\"(min-width: 2200px) 100vw, (min-width: 928px) 210px, (min-width: 856px) 262px, (min-width: 784px) 349px, (min-width: 712px) 524px, (min-width: 640px) 712px, \" \/><\/a><\/div><\/div><\/div><\/div><div class=\"awb-swiper-button awb-swiper-button-prev\"><i class=\"awb-icon-angle-left\" aria-hidden=\"true\"><\/i><\/div><div class=\"awb-swiper-button awb-swiper-button-next\"><i class=\"awb-icon-angle-right\" aria-hidden=\"true\"><\/i><\/div><\/div><\/div><div class=\"fusion-clearfix\"><\/div><\/div><\/div><div class=\"fusion-layout-column fusion_builder_column fusion-builder-column-2 fusion_builder_column_1_1 1_1 fusion-one-full fusion-column-first fusion-column-last fusion-column-no-min-height\" style=\"--awb-bg-size:cover;--awb-margin-bottom:0px;\"><div class=\"fusion-column-wrapper fusion-flex-column-wrapper-legacy\"><div class=\"fusion-title title fusion-title-1 fusion-title-text fusion-title-size-two\" style=\"--awb-margin-top-small:0px;--awb-margin-right-small:0px;--awb-margin-bottom-small:20px;--awb-margin-left-small:0px;\"><h2 class=\"fusion-title-heading title-heading-left\" style=\"margin:0;\">V\u00eddeos destacados<\/h2><span class=\"awb-title-spacer\"><\/span><div class=\"title-sep-container\"><div class=\"title-sep sep- sep-solid\" style=\"border-color:#e0dede;\"><\/div><\/div><\/div><div class=\"fusion-clearfix\"><\/div><\/div><\/div><div class=\"fusion-layout-column fusion_builder_column fusion-builder-column-3 fusion_builder_column_1_3 1_3 fusion-one-third fusion-column-first\" style=\"--awb-bg-size:cover;width:30.6666%; margin-right: 4%;\"><div class=\"fusion-column-wrapper fusion-flex-column-wrapper-legacy\"><div class=\"fusion-video fusion-youtube fusion-aligncenter\" style=\"--awb-max-width:600px;--awb-max-height:350px;--awb-width:100%;\"><div class=\"video-shortcode\"><div class=\"fluid-width-video-wrapper\" style=\"padding-top:58.33%;\" ><iframe title=\"YouTube video player 1\" src=\"https:\/\/www.youtube.com\/embed\/NR97wKHMUxM?wmode=transparent&autoplay=0&amp;rel=0\" width=\"600\" height=\"350\" allowfullscreen allow=\"autoplay; clipboard-write; encrypted-media; gyroscope; picture-in-picture;\"><\/iframe><\/div><\/div><\/div><div class=\"fusion-clearfix\"><\/div><\/div><\/div><div class=\"fusion-layout-column fusion_builder_column fusion-builder-column-4 fusion_builder_column_1_1 1_1 fusion-one-full fusion-column-last fusion-column-no-min-height\" style=\"--awb-bg-size:cover;--awb-margin-bottom:0px;\"><div class=\"fusion-column-wrapper fusion-flex-column-wrapper-legacy\"><div class=\"fusion-sep-clear\"><\/div><div class=\"fusion-separator fusion-full-width-sep\" style=\"margin-left: auto;margin-right: auto;margin-top:10px;width:100%;\"><\/div><div class=\"fusion-sep-clear\"><\/div><div class=\"fusion-clearfix\"><\/div><\/div><\/div><div class=\"fusion-layout-column fusion_builder_column fusion-builder-column-5 fusion_builder_column_1_1 1_1 fusion-one-full fusion-column-first fusion-column-last\" style=\"--awb-bg-size:cover;\"><div class=\"fusion-column-wrapper fusion-flex-column-wrapper-legacy\"><div class=\"fusion-title title fusion-title-2 fusion-title-text fusion-title-size-two\" style=\"--awb-margin-top-small:0px;--awb-margin-right-small:0px;--awb-margin-bottom-small:20px;--awb-margin-left-small:0px;\"><h2 class=\"fusion-title-heading title-heading-left\" style=\"margin:0;\">Lea los POST relacionados con LA CADUTA<\/h2><span class=\"awb-title-spacer\"><\/span><div class=\"title-sep-container\"><div class=\"title-sep sep- sep-solid\" style=\"border-color:#e0dede;\"><\/div><\/div><\/div><div class=\"fusion-blog-shortcode fusion-blog-shortcode-1 fusion-blog-archive fusion-blog-layout-grid-wrapper fusion-blog-infinite\"><style type=\"text\/css\">.fusion-blog-shortcode-1 .fusion-blog-layout-grid .fusion-post-grid{padding:20px;}.fusion-blog-shortcode-1 .fusion-posts-container{margin-left: -20px !important; margin-right:-20px !important;}<\/style><div class=\"fusion-posts-container fusion-posts-container-infinite fusion-blog-rollover fusion-blog-layout-grid fusion-blog-layout-grid-3 isotope\" data-pages=\"1\" data-grid-col-space=\"40\" style=\"margin: -20px -20px 0;min-height:500px;\"><article id=\"blog-1-post-15521\" class=\"fusion-post-grid post-15521 post type-post status-publish format-standard has-post-thumbnail hentry category-news-la-caduta tag-acebuche-teatro tag-caligula tag-el-barco-de-avila tag-entrega-de-premios tag-la-caduta tag-lagasca tag-premio\">\n<div class=\"fusion-post-wrapper\" style=\"background-color:rgba(255,255,255,0);border:1px solid #ebeaea;border-bottom-width:3px;\">\n\n\t\t\t<div class=\"fusion-flexslider flexslider fusion-flexslider-loading fusion-post-slideshow\" style=\"border-color:#ebeaea;\">\n\t\t<ul class=\"slides\">\n\t\t\t\n\t\t\t\t\t\t\t\t\t\t\t\t\t\t<li><div  class=\"fusion-image-wrapper\" aria-haspopup=\"true\">\n\t\t\t\t<img decoding=\"async\" width=\"2045\" height=\"1180\" src=\"https:\/\/www.acebucheteatro.com\/portal\/wp-content\/uploads\/2025\/09\/18certamenlagasca00b-e1757850524846.jpg\" class=\"attachment-full size-full wp-post-image\" alt=\"\" srcset=\"https:\/\/www.acebucheteatro.com\/portal\/wp-content\/uploads\/2025\/09\/18certamenlagasca00b-e1757850524846-200x115.jpg 200w, https:\/\/www.acebucheteatro.com\/portal\/wp-content\/uploads\/2025\/09\/18certamenlagasca00b-e1757850524846-400x231.jpg 400w, https:\/\/www.acebucheteatro.com\/portal\/wp-content\/uploads\/2025\/09\/18certamenlagasca00b-e1757850524846-600x346.jpg 600w, https:\/\/www.acebucheteatro.com\/portal\/wp-content\/uploads\/2025\/09\/18certamenlagasca00b-e1757850524846-800x462.jpg 800w, https:\/\/www.acebucheteatro.com\/portal\/wp-content\/uploads\/2025\/09\/18certamenlagasca00b-e1757850524846-1200x692.jpg 1200w, https:\/\/www.acebucheteatro.com\/portal\/wp-content\/uploads\/2025\/09\/18certamenlagasca00b-e1757850524846.jpg 2045w\" sizes=\"(min-width: 2200px) 100vw, (min-width: 784px) 340px, (min-width: 712px) 510px, (min-width: 640px) 712px, \" \/><div class=\"fusion-rollover\">\n\t<div class=\"fusion-rollover-content\">\n\n\t\t\t\t\t\t\t\t\t\t\t\t\t\t<a class=\"fusion-rollover-link\" href=\"https:\/\/www.acebucheteatro.com\/portal\/un-triunfo-inolvidable-en-el-xviii-certamen-lagasca\/\">\u00a1Un triunfo inolvidable en el XVIII Certamen Lagasca!<\/a>\n\t\t\t\n\t\t\t\t\t\t\t\t\t\t\t\t\t\t\n\t\t\t\t\t\t\t\t\n\t\t\t\t\t\t\t\t\t\t\t\t\t<div class=\"fusion-rollover-sep\"><\/div>\n\t\t\t\t\n\t\t\t\t\t\t\t\t\t\t\t\t\t\t\t\t\t\t<a class=\"fusion-rollover-gallery\" href=\"https:\/\/www.acebucheteatro.com\/portal\/wp-content\/uploads\/2025\/09\/18certamenlagasca00b-e1757850524846.jpg\" data-options=\"\" data-id=\"15521\" data-rel=\"iLightbox[gallery]\" data-title=\"18certamenlagasca00b\" data-caption=\"\">\n\t\t\t\t\t\tGaler\u00eda\t\t\t\t\t<\/a>\n\t\t\t\t\t\t\t\t\t\t\t\t\t\t\n\t\t\n\t\t\t\t\t\t\t\t\t\t\t\t<h4 class=\"fusion-rollover-title\">\n\t\t\t\t\t<a class=\"fusion-rollover-title-link\" href=\"https:\/\/www.acebucheteatro.com\/portal\/un-triunfo-inolvidable-en-el-xviii-certamen-lagasca\/\">\n\t\t\t\t\t\t\u00a1Un triunfo inolvidable en el XVIII Certamen Lagasca!\t\t\t\t\t<\/a>\n\t\t\t\t<\/h4>\n\t\t\t\n\t\t\t\t\t\t\t\t\t\t<div class=\"fusion-rollover-categories\"><a href=\"https:\/\/www.acebucheteatro.com\/portal\/category\/news-la-caduta\/\" rel=\"tag\">News - La Caduta<\/a><\/div>\t\t\t\t\t\n\t\t\n\t\t\t\t\t\t<a class=\"fusion-link-wrapper\" href=\"https:\/\/www.acebucheteatro.com\/portal\/un-triunfo-inolvidable-en-el-xviii-certamen-lagasca\/\" aria-label=\"\u00a1Un triunfo inolvidable en el XVIII Certamen Lagasca!\"><\/a>\n\t<\/div>\n<\/div>\n<\/div>\n<\/li>\n\t\t\t\n\t\t\t\n\t\t\t\t\t\t\t\t\t\t\t\t\t\t\t\t\t\t\t\t\t\t\t\t\t\t\t\t\t\t\t\t\t\t\t\t\t\t\t\t\t\t\t\t\t\t\t\t\t\t\t\t\t\t\t\t\t\t\t\t\t\t\t\t\t\t\t\t<\/ul>\n\t<\/div>\n\t<div class=\"fusion-post-content-wrapper\" style=\"padding:30px 25px 20px 25px;\"><div class=\"fusion-post-content post-content\"><h2 class=\"blog-shortcode-post-title entry-title\"><a href=\"https:\/\/www.acebucheteatro.com\/portal\/un-triunfo-inolvidable-en-el-xviii-certamen-lagasca\/\">\u00a1Un triunfo inolvidable en el XVIII Certamen Lagasca!<\/a><\/h2><p class=\"fusion-single-line-meta\">Por <span class=\"vcard\"><span class=\"fn\"><a href=\"https:\/\/www.acebucheteatro.com\/portal\/author\/admin\/\" title=\"Entradas de Francisco Jos\u00e9 Rodr\u00edguez Velasco\" rel=\"author\">Francisco Jos\u00e9 Rodr\u00edguez Velasco<\/a><\/span><\/span><span class=\"fusion-inline-sep\">|<\/span><span class=\"updated\" style=\"display:none;\">2025-09-14T13:55:12+02:00<\/span><span>22 de junio de 2025<\/span><span class=\"fusion-inline-sep\">|<\/span>Categor\u00edas: <a href=\"https:\/\/www.acebucheteatro.com\/portal\/category\/news-la-caduta\/\" rel=\"category tag\">News - La Caduta<\/a><span class=\"fusion-inline-sep\">|<\/span><span class=\"meta-tags\">Etiquetas: <a href=\"https:\/\/www.acebucheteatro.com\/portal\/tag\/acebuche-teatro\/\" rel=\"tag\">acebuche teatro<\/a>, <a href=\"https:\/\/www.acebucheteatro.com\/portal\/tag\/caligula\/\" rel=\"tag\">cal\u00edgula<\/a>, <a href=\"https:\/\/www.acebucheteatro.com\/portal\/tag\/el-barco-de-avila\/\" rel=\"tag\">El Barco de \u00c1vila<\/a>, <a href=\"https:\/\/www.acebucheteatro.com\/portal\/tag\/entrega-de-premios\/\" rel=\"tag\">entrega de premios<\/a>, <a href=\"https:\/\/www.acebucheteatro.com\/portal\/tag\/la-caduta\/\" rel=\"tag\">La Caduta<\/a>, <a href=\"https:\/\/www.acebucheteatro.com\/portal\/tag\/lagasca\/\" rel=\"tag\">Lagasca<\/a>, <a href=\"https:\/\/www.acebucheteatro.com\/portal\/tag\/premio\/\" rel=\"tag\">premio<\/a><\/span><span class=\"fusion-inline-sep\">|<\/span><\/p><div class=\"fusion-content-sep sep-double sep-solid\"><\/div><div class=\"fusion-post-content-container\"><p> \u00a1Espl\u00e9ndidas noticias! Ayer, s\u00e1bado 21 de junio, vivimos una velada m\u00e1gica en la gala de entrega de premios del XVIII Certamen Lagasca, donde nuestra obra \u00abLa Caduta\u00bb, presentada el pasado 14 de junio, fue<a href=\"https:\/\/www.acebucheteatro.com\/portal\/un-triunfo-inolvidable-en-el-xviii-certamen-lagasca\/\"> [...]<\/a><\/p><\/div><\/div><div class=\"fusion-meta-info\"><div class=\"fusion-alignleft\"><a class=\"fusion-read-more\" href=\"https:\/\/www.acebucheteatro.com\/portal\/un-triunfo-inolvidable-en-el-xviii-certamen-lagasca\/\" aria-label=\"More on \u00a1Un triunfo inolvidable en el XVIII Certamen Lagasca!\">Leer M\u00e1s<\/a><\/div><div class=\"fusion-alignright\"><a href=\"https:\/\/www.acebucheteatro.com\/portal\/un-triunfo-inolvidable-en-el-xviii-certamen-lagasca\/#respond\"><i class=\"awb-icon-bubbles\" aria-hidden=\"true\"><\/i>&nbsp;0<\/a><\/div><\/div><\/div><div class=\"fusion-clearfix\"><\/div><\/div>\n<\/article>\n<article id=\"blog-1-post-15340\" class=\"fusion-post-grid post-15340 post type-post status-publish format-standard has-post-thumbnail hentry category-news-la-caduta tag-acebuche-teatro tag-certamen tag-la-caduta tag-villa-de-mora\">\n<div class=\"fusion-post-wrapper\" style=\"background-color:rgba(255,255,255,0);border:1px solid #ebeaea;border-bottom-width:3px;\">\n\n\t\t\t<div class=\"fusion-flexslider flexslider fusion-flexslider-loading fusion-post-slideshow\" style=\"border-color:#ebeaea;\">\n\t\t<ul class=\"slides\">\n\t\t\t\n\t\t\t\t\t\t\t\t\t\t\t\t\t\t<li><div  class=\"fusion-image-wrapper\" aria-haspopup=\"true\">\n\t\t\t\t<img decoding=\"async\" width=\"1024\" height=\"493\" src=\"https:\/\/www.acebucheteatro.com\/portal\/wp-content\/uploads\/2025\/04\/mora-2025-01.jpg\" class=\"attachment-full size-full wp-post-image\" alt=\"\" srcset=\"https:\/\/www.acebucheteatro.com\/portal\/wp-content\/uploads\/2025\/04\/mora-2025-01-200x96.jpg 200w, https:\/\/www.acebucheteatro.com\/portal\/wp-content\/uploads\/2025\/04\/mora-2025-01-400x193.jpg 400w, https:\/\/www.acebucheteatro.com\/portal\/wp-content\/uploads\/2025\/04\/mora-2025-01-600x289.jpg 600w, https:\/\/www.acebucheteatro.com\/portal\/wp-content\/uploads\/2025\/04\/mora-2025-01-800x385.jpg 800w, https:\/\/www.acebucheteatro.com\/portal\/wp-content\/uploads\/2025\/04\/mora-2025-01.jpg 1024w\" sizes=\"(min-width: 2200px) 100vw, (min-width: 784px) 340px, (min-width: 712px) 510px, (min-width: 640px) 712px, \" \/><div class=\"fusion-rollover\">\n\t<div class=\"fusion-rollover-content\">\n\n\t\t\t\t\t\t\t\t\t\t\t\t\t\t<a class=\"fusion-rollover-link\" href=\"https:\/\/www.acebucheteatro.com\/portal\/certamen_mora_2025\/\">ACEBUCHE-TEATRO pas\u00f3 por el Certamen Nacional de Teatro Villa de Mora (Toledo)<\/a>\n\t\t\t\n\t\t\t\t\t\t\t\t\t\t\t\t\t\t\n\t\t\t\t\t\t\t\t\n\t\t\t\t\t\t\t\t\t\t\t\t\t<div class=\"fusion-rollover-sep\"><\/div>\n\t\t\t\t\n\t\t\t\t\t\t\t\t\t\t\t\t\t\t\t\t\t\t<a class=\"fusion-rollover-gallery\" href=\"https:\/\/www.acebucheteatro.com\/portal\/wp-content\/uploads\/2025\/04\/mora-2025-01.jpg\" data-options=\"\" data-id=\"15340\" data-rel=\"iLightbox[gallery]\" data-title=\"Angel Diaz-Delgado\" data-caption=\"\">\n\t\t\t\t\t\tGaler\u00eda\t\t\t\t\t<\/a>\n\t\t\t\t\t\t\t\t\t\t\t\t\t\t\n\t\t\n\t\t\t\t\t\t\t\t\t\t\t\t<h4 class=\"fusion-rollover-title\">\n\t\t\t\t\t<a class=\"fusion-rollover-title-link\" href=\"https:\/\/www.acebucheteatro.com\/portal\/certamen_mora_2025\/\">\n\t\t\t\t\t\tACEBUCHE-TEATRO pas\u00f3 por el Certamen Nacional de Teatro Villa de Mora (Toledo)\t\t\t\t\t<\/a>\n\t\t\t\t<\/h4>\n\t\t\t\n\t\t\t\t\t\t\t\t\t\t<div class=\"fusion-rollover-categories\"><a href=\"https:\/\/www.acebucheteatro.com\/portal\/category\/news-la-caduta\/\" rel=\"tag\">News - La Caduta<\/a><\/div>\t\t\t\t\t\n\t\t\n\t\t\t\t\t\t<a class=\"fusion-link-wrapper\" href=\"https:\/\/www.acebucheteatro.com\/portal\/certamen_mora_2025\/\" aria-label=\"ACEBUCHE-TEATRO pas\u00f3 por el Certamen Nacional de Teatro Villa de Mora (Toledo)\"><\/a>\n\t<\/div>\n<\/div>\n<\/div>\n<\/li>\n\t\t\t\n\t\t\t\n\t\t\t\t\t\t\t\t\t\t\t\t\t\t\t\t\t\t\t\t\t\t\t\t\t\t\t\t\t\t\t\t\t\t\t\t\t\t\t\t\t\t\t\t\t\t\t\t\t\t\t\t\t\t\t\t\t\t\t\t\t\t\t\t\t\t\t\t<\/ul>\n\t<\/div>\n\t<div class=\"fusion-post-content-wrapper\" style=\"padding:30px 25px 20px 25px;\"><div class=\"fusion-post-content post-content\"><h2 class=\"blog-shortcode-post-title entry-title\"><a href=\"https:\/\/www.acebucheteatro.com\/portal\/certamen_mora_2025\/\">ACEBUCHE-TEATRO pas\u00f3 por el Certamen Nacional de Teatro Villa de Mora (Toledo)<\/a><\/h2><p class=\"fusion-single-line-meta\">Por <span class=\"vcard\"><span class=\"fn\"><a href=\"https:\/\/www.acebucheteatro.com\/portal\/author\/admin\/\" title=\"Entradas de Francisco Jos\u00e9 Rodr\u00edguez Velasco\" rel=\"author\">Francisco Jos\u00e9 Rodr\u00edguez Velasco<\/a><\/span><\/span><span class=\"fusion-inline-sep\">|<\/span><span class=\"updated\" style=\"display:none;\">2025-04-18T20:24:16+02:00<\/span><span>18 de abril de 2025<\/span><span class=\"fusion-inline-sep\">|<\/span>Categor\u00edas: <a href=\"https:\/\/www.acebucheteatro.com\/portal\/category\/news-la-caduta\/\" rel=\"category tag\">News - La Caduta<\/a><span class=\"fusion-inline-sep\">|<\/span><span class=\"meta-tags\">Etiquetas: <a href=\"https:\/\/www.acebucheteatro.com\/portal\/tag\/acebuche-teatro\/\" rel=\"tag\">acebuche teatro<\/a>, <a href=\"https:\/\/www.acebucheteatro.com\/portal\/tag\/certamen\/\" rel=\"tag\">CERTAMEN<\/a>, <a href=\"https:\/\/www.acebucheteatro.com\/portal\/tag\/la-caduta\/\" rel=\"tag\">La Caduta<\/a>, <a href=\"https:\/\/www.acebucheteatro.com\/portal\/tag\/villa-de-mora\/\" rel=\"tag\">Villa de Mora<\/a><\/span><span class=\"fusion-inline-sep\">|<\/span><\/p><div class=\"fusion-content-sep sep-double sep-solid\"><\/div><div class=\"fusion-post-content-container\"><p> Cada a\u00f1o, como un ritual, escrib\u00edamos al Certamen Nacional de Teatro Aficionado \u201cVilla de Mora\u201d. Enviamos varios montajes, como \u201cEsparranco\u201d o \u201cLa Siega\u201d. Sab\u00edamos que \u00e9ramos muchos los grupos que solicit\u00e1bamos participar en \u00e9l,<a href=\"https:\/\/www.acebucheteatro.com\/portal\/certamen_mora_2025\/\"> [...]<\/a><\/p><\/div><\/div><div class=\"fusion-meta-info\"><div class=\"fusion-alignleft\"><a class=\"fusion-read-more\" href=\"https:\/\/www.acebucheteatro.com\/portal\/certamen_mora_2025\/\" aria-label=\"More on ACEBUCHE-TEATRO pas\u00f3 por el Certamen Nacional de Teatro Villa de Mora (Toledo)\">Leer M\u00e1s<\/a><\/div><div class=\"fusion-alignright\"><a href=\"https:\/\/www.acebucheteatro.com\/portal\/certamen_mora_2025\/#respond\"><i class=\"awb-icon-bubbles\" aria-hidden=\"true\"><\/i>&nbsp;0<\/a><\/div><\/div><\/div><div class=\"fusion-clearfix\"><\/div><\/div>\n<\/article>\n<article id=\"blog-1-post-15331\" class=\"fusion-post-grid post-15331 post type-post status-publish format-standard has-post-thumbnail hentry category-news-la-caduta tag-acebuche-teatro tag-escenamateur tag-juan-mayorga tag-la-caduta tag-premios-de-las-artes-escenicas\">\n<div class=\"fusion-post-wrapper\" style=\"background-color:rgba(255,255,255,0);border:1px solid #ebeaea;border-bottom-width:3px;\">\n\n\t\t\t<div class=\"fusion-flexslider flexslider fusion-flexslider-loading fusion-post-slideshow\" style=\"border-color:#ebeaea;\">\n\t\t<ul class=\"slides\">\n\t\t\t\n\t\t\t\t\t\t\t\t\t\t\t\t\t\t<li><div  class=\"fusion-image-wrapper\" aria-haspopup=\"true\">\n\t\t\t\t<img decoding=\"async\" width=\"1536\" height=\"1056\" src=\"https:\/\/www.acebucheteatro.com\/portal\/wp-content\/uploads\/2025\/04\/Premios-Juan-Mayorga-2025.jpg\" class=\"attachment-full size-full wp-post-image\" alt=\"\" srcset=\"https:\/\/www.acebucheteatro.com\/portal\/wp-content\/uploads\/2025\/04\/Premios-Juan-Mayorga-2025-200x138.jpg 200w, https:\/\/www.acebucheteatro.com\/portal\/wp-content\/uploads\/2025\/04\/Premios-Juan-Mayorga-2025-400x275.jpg 400w, https:\/\/www.acebucheteatro.com\/portal\/wp-content\/uploads\/2025\/04\/Premios-Juan-Mayorga-2025-600x413.jpg 600w, https:\/\/www.acebucheteatro.com\/portal\/wp-content\/uploads\/2025\/04\/Premios-Juan-Mayorga-2025-800x550.jpg 800w, https:\/\/www.acebucheteatro.com\/portal\/wp-content\/uploads\/2025\/04\/Premios-Juan-Mayorga-2025-1200x825.jpg 1200w, https:\/\/www.acebucheteatro.com\/portal\/wp-content\/uploads\/2025\/04\/Premios-Juan-Mayorga-2025.jpg 1536w\" sizes=\"(min-width: 2200px) 100vw, (min-width: 784px) 340px, (min-width: 712px) 510px, (min-width: 640px) 712px, \" \/><div class=\"fusion-rollover\">\n\t<div class=\"fusion-rollover-content\">\n\n\t\t\t\t\t\t\t\t\t\t\t\t\t\t<a class=\"fusion-rollover-link\" href=\"https:\/\/www.acebucheteatro.com\/portal\/premios-escenamateur_2025\/\">ACEBUCHE-TEATRO obtiene el Premio a la Mejor Actriz de Reparto y 5 Nominaciones en los XII Premios ESCENAMATEUR de las Artes Esc\u00e9nicas<\/a>\n\t\t\t\n\t\t\t\t\t\t\t\t\t\t\t\t\t\t\n\t\t\t\t\t\t\t\t\n\t\t\t\t\t\t\t\t\t\t\t\t\t<div class=\"fusion-rollover-sep\"><\/div>\n\t\t\t\t\n\t\t\t\t\t\t\t\t\t\t\t\t\t\t\t\t\t\t<a class=\"fusion-rollover-gallery\" href=\"https:\/\/www.acebucheteatro.com\/portal\/wp-content\/uploads\/2025\/04\/Premios-Juan-Mayorga-2025.jpg\" data-options=\"\" data-id=\"15331\" data-rel=\"iLightbox[gallery]\" data-title=\"Premios-Juan-Mayorga-2025\" data-caption=\"\">\n\t\t\t\t\t\tGaler\u00eda\t\t\t\t\t<\/a>\n\t\t\t\t\t\t\t\t\t\t\t\t\t\t\n\t\t\n\t\t\t\t\t\t\t\t\t\t\t\t<h4 class=\"fusion-rollover-title\">\n\t\t\t\t\t<a class=\"fusion-rollover-title-link\" href=\"https:\/\/www.acebucheteatro.com\/portal\/premios-escenamateur_2025\/\">\n\t\t\t\t\t\tACEBUCHE-TEATRO obtiene el Premio a la Mejor Actriz de Reparto y 5 Nominaciones en los XII Premios ESCENAMATEUR de las Artes Esc\u00e9nicas\t\t\t\t\t<\/a>\n\t\t\t\t<\/h4>\n\t\t\t\n\t\t\t\t\t\t\t\t\t\t<div class=\"fusion-rollover-categories\"><a href=\"https:\/\/www.acebucheteatro.com\/portal\/category\/news-la-caduta\/\" rel=\"tag\">News - La Caduta<\/a><\/div>\t\t\t\t\t\n\t\t\n\t\t\t\t\t\t<a class=\"fusion-link-wrapper\" href=\"https:\/\/www.acebucheteatro.com\/portal\/premios-escenamateur_2025\/\" aria-label=\"ACEBUCHE-TEATRO obtiene el Premio a la Mejor Actriz de Reparto y 5 Nominaciones en los XII Premios ESCENAMATEUR de las Artes Esc\u00e9nicas\"><\/a>\n\t<\/div>\n<\/div>\n<\/div>\n<\/li>\n\t\t\t\n\t\t\t\n\t\t\t\t\t\t\t\t\t\t\t\t\t\t\t\t\t\t\t\t\t\t\t\t\t\t\t\t\t\t\t\t\t\t\t\t\t\t\t\t\t\t\t\t\t\t\t\t\t\t\t\t\t\t\t\t\t\t\t\t\t\t\t\t\t\t\t\t<\/ul>\n\t<\/div>\n\t<div class=\"fusion-post-content-wrapper\" style=\"padding:30px 25px 20px 25px;\"><div class=\"fusion-post-content post-content\"><h2 class=\"blog-shortcode-post-title entry-title\"><a href=\"https:\/\/www.acebucheteatro.com\/portal\/premios-escenamateur_2025\/\">ACEBUCHE-TEATRO obtiene el Premio a la Mejor Actriz de Reparto y 5 Nominaciones en los XII Premios ESCENAMATEUR de las Artes Esc\u00e9nicas<\/a><\/h2><p class=\"fusion-single-line-meta\">Por <span class=\"vcard\"><span class=\"fn\"><a href=\"https:\/\/www.acebucheteatro.com\/portal\/author\/admin\/\" title=\"Entradas de Francisco Jos\u00e9 Rodr\u00edguez Velasco\" rel=\"author\">Francisco Jos\u00e9 Rodr\u00edguez Velasco<\/a><\/span><\/span><span class=\"fusion-inline-sep\">|<\/span><span class=\"updated\" style=\"display:none;\">2025-04-18T21:02:05+02:00<\/span><span>30 de marzo de 2025<\/span><span class=\"fusion-inline-sep\">|<\/span>Categor\u00edas: <a href=\"https:\/\/www.acebucheteatro.com\/portal\/category\/news-la-caduta\/\" rel=\"category tag\">News - La Caduta<\/a><span class=\"fusion-inline-sep\">|<\/span><span class=\"meta-tags\">Etiquetas: <a href=\"https:\/\/www.acebucheteatro.com\/portal\/tag\/acebuche-teatro\/\" rel=\"tag\">acebuche teatro<\/a>, <a href=\"https:\/\/www.acebucheteatro.com\/portal\/tag\/escenamateur\/\" rel=\"tag\">escenamateur<\/a>, <a href=\"https:\/\/www.acebucheteatro.com\/portal\/tag\/juan-mayorga\/\" rel=\"tag\">juan mayorga<\/a>, <a href=\"https:\/\/www.acebucheteatro.com\/portal\/tag\/la-caduta\/\" rel=\"tag\">La Caduta<\/a>, <a href=\"https:\/\/www.acebucheteatro.com\/portal\/tag\/premios-de-las-artes-escenicas\/\" rel=\"tag\">premios de las artes esc\u00e9nicas<\/a><\/span><span class=\"fusion-inline-sep\">|<\/span><\/p><div class=\"fusion-content-sep sep-double sep-solid\"><\/div><div class=\"fusion-post-content-container\"><p> El pasado 29 de marzo, tuvimos el enorme gusto de asistir a los XII Premios Juan Mayorga de las Artes Esc\u00e9nicas, en los que hemos recibido cinco nominaciones, y nuestra compa\u00f1era Mar\u00eda Rodr\u00edguez Velasco<a href=\"https:\/\/www.acebucheteatro.com\/portal\/premios-escenamateur_2025\/\"> [...]<\/a><\/p><\/div><\/div><div class=\"fusion-meta-info\"><div class=\"fusion-alignleft\"><a class=\"fusion-read-more\" href=\"https:\/\/www.acebucheteatro.com\/portal\/premios-escenamateur_2025\/\" aria-label=\"More on ACEBUCHE-TEATRO obtiene el Premio a la Mejor Actriz de Reparto y 5 Nominaciones en los XII Premios ESCENAMATEUR de las Artes Esc\u00e9nicas\">Leer M\u00e1s<\/a><\/div><div class=\"fusion-alignright\"><a href=\"https:\/\/www.acebucheteatro.com\/portal\/premios-escenamateur_2025\/#respond\"><i class=\"awb-icon-bubbles\" aria-hidden=\"true\"><\/i>&nbsp;0<\/a><\/div><\/div><\/div><div class=\"fusion-clearfix\"><\/div><\/div>\n<\/article>\n<div class=\"fusion-clearfix\"><\/div><\/div><\/div><div class=\"fusion-clearfix\"><\/div><\/div><\/div><\/div><\/div>\n","protected":false},"excerpt":{"rendered":"","protected":false},"author":1,"featured_media":15270,"parent":0,"menu_order":0,"comment_status":"open","ping_status":"closed","template":"","meta":{"jetpack_post_was_ever_published":false,"footnotes":""},"class_list":["post-15268","page","type-page","status-publish","has-post-thumbnail","hentry"],"wppr_data":{"cwp_meta_box_check":"No","cwp_rev_product_name":"","cwp_rev_product_image":"","cwp_image_link":"image","cwp_rev_price":""},"jetpack_sharing_enabled":true,"jetpack_shortlink":"https:\/\/wp.me\/P6Bz4e-3Yg","_links":{"self":[{"href":"https:\/\/www.acebucheteatro.com\/portal\/wp-json\/wp\/v2\/pages\/15268","targetHints":{"allow":["GET"]}}],"collection":[{"href":"https:\/\/www.acebucheteatro.com\/portal\/wp-json\/wp\/v2\/pages"}],"about":[{"href":"https:\/\/www.acebucheteatro.com\/portal\/wp-json\/wp\/v2\/types\/page"}],"author":[{"embeddable":true,"href":"https:\/\/www.acebucheteatro.com\/portal\/wp-json\/wp\/v2\/users\/1"}],"replies":[{"embeddable":true,"href":"https:\/\/www.acebucheteatro.com\/portal\/wp-json\/wp\/v2\/comments?post=15268"}],"version-history":[{"count":24,"href":"https:\/\/www.acebucheteatro.com\/portal\/wp-json\/wp\/v2\/pages\/15268\/revisions"}],"predecessor-version":[{"id":15556,"href":"https:\/\/www.acebucheteatro.com\/portal\/wp-json\/wp\/v2\/pages\/15268\/revisions\/15556"}],"wp:featuredmedia":[{"embeddable":true,"href":"https:\/\/www.acebucheteatro.com\/portal\/wp-json\/wp\/v2\/media\/15270"}],"wp:attachment":[{"href":"https:\/\/www.acebucheteatro.com\/portal\/wp-json\/wp\/v2\/media?parent=15268"}],"curies":[{"name":"wp","href":"https:\/\/api.w.org\/{rel}","templated":true}]}}